{"id":102654,"date":"2017-02-02T14:54:39","date_gmt":"2017-02-02T13:54:39","guid":{"rendered":"http:\/\/www.visit-ulcinj.com\/blog\/wp-content\/uploads\/2017\/02\/Dhjet\u00eb-mij\u00eb-euro-investime-t\u00eb-reja-n\u00eb-Shkoll\u00ebn-e-Mesme-V\u00ebllaz\u00ebrim-Bashkim-t\u00eb-Ulqinit-1-1.jpg"},"modified":"2017-02-02T14:54:39","modified_gmt":"2017-02-02T13:54:39","slug":"dhjete-mije-euro-investime-te-reja-ne-shkollen-e-mesme-vellazerim-bashkim-te-ulqinit-1","status":"inherit","type":"attachment","link":"https:\/\/www.visit-ulcinj.com\/blog\/2017\/02\/02\/dhjete-mije-euro-investime-te-reja-ne-shkollen-e-mesme-vellazerim-bashkim-te-ulqinit\/dhjete-mije-euro-investime-te-reja-ne-shkollen-e-mesme-vellazerim-bashkim-te-ulqinit-1\/","title":{"rendered":"Dhjet\u00eb mij\u00eb euro investime t\u00eb reja n\u00eb Shkoll\u00ebn e Mesme V\u00ebllaz\u00ebrim-Bashkim t\u00eb Ulqinit-1"},"author":1,"comment_status":"closed","ping_status":"closed","template":"","meta":{"spay_email":""},"yoast_head":"<!-- This site is optimized with the Yoast SEO plugin v19.1 - https:\/\/yoast.com\/wordpress\/plugins\/seo\/ -->\n<title>Dhjet\u00eb mij\u00eb euro investime t\u00eb reja n\u00eb Shkoll\u00ebn e Mesme V\u00ebllaz\u00ebrim-Bashkim t\u00eb Ulqinit-1 - Lajme nga Ulqini<\/title>\n<meta name=\"robots\" content=\"index, follow, max-snippet:-1, max-image-preview:large, max-video-preview:-1\" \/>\n<link rel=\"canonical\" href=\"https:\/\/www.visit-ulcinj.com\/blog\/wp-content\/uploads\/2017\/02\/Dhjet\u00eb-mij\u00eb-euro-investime-t\u00eb-reja-n\u00eb-Shkoll\u00ebn-e-Mesme-V\u00ebllaz\u00ebrim-Bashkim-t\u00eb-Ulqinit-1-1.jpg\" \/>\n<meta property=\"og:locale\" content=\"en_US\" \/>\n<meta property=\"og:type\" content=\"article\" \/>\n<meta property=\"og:title\" content=\"Dhjet\u00eb mij\u00eb euro investime t\u00eb reja n\u00eb Shkoll\u00ebn e Mesme V\u00ebllaz\u00ebrim-Bashkim t\u00eb Ulqinit-1 - Lajme nga Ulqini\" \/>\n<meta property=\"og:url\" content=\"https:\/\/www.visit-ulcinj.com\/blog\/wp-content\/uploads\/2017\/02\/Dhjet\u00eb-mij\u00eb-euro-investime-t\u00eb-reja-n\u00eb-Shkoll\u00ebn-e-Mesme-V\u00ebllaz\u00ebrim-Bashkim-t\u00eb-Ulqinit-1-1.jpg\" \/>\n<meta property=\"og:site_name\" content=\"Lajme nga Ulqini\" \/>\n<meta property=\"og:image\" content=\"https:\/\/www.visit-ulcinj.com\/blog\/wp-content\/uploads\/2017\/02\/Dhjet\u00eb-mij\u00eb-euro-investime-t\u00eb-reja-n\u00eb-Shkoll\u00ebn-e-Mesme-V\u00ebllaz\u00ebrim-Bashkim-t\u00eb-Ulqinit-1-1.jpg\" \/>\n\t<meta property=\"og:image:width\" content=\"371\" \/>\n\t<meta property=\"og:image:height\" content=\"618\" \/>\n\t<meta property=\"og:image:type\" content=\"image\/jpeg\" \/>\n<script type=\"application\/ld+json\" class=\"yoast-schema-graph\">{\"@context\":\"https:\/\/schema.org\",\"@graph\":[{\"@type\":\"WebSite\",\"@id\":\"https:\/\/www.visit-ulcinj.com\/blog\/#website\",\"url\":\"https:\/\/www.visit-ulcinj.com\/blog\/\",\"name\":\"Lajme nga Ulqini\",\"description\":\"Lajme,Vijesti,Ulqini,Ulqin,Crna Gora,Mali i Zi\",\"potentialAction\":[{\"@type\":\"SearchAction\",\"target\":{\"@type\":\"EntryPoint\",\"urlTemplate\":\"https:\/\/www.visit-ulcinj.com\/blog\/?s={search_term_string}\"},\"query-input\":\"required name=search_term_string\"}],\"inLanguage\":\"en-US\"},{\"@type\":\"WebPage\",\"@id\":\"https:\/\/www.visit-ulcinj.com\/blog\/wp-content\/uploads\/2017\/02\/Dhjet\u00eb-mij\u00eb-euro-investime-t\u00eb-reja-n\u00eb-Shkoll\u00ebn-e-Mesme-V\u00ebllaz\u00ebrim-Bashkim-t\u00eb-Ulqinit-1-1.jpg#webpage\",\"url\":\"https:\/\/www.visit-ulcinj.com\/blog\/wp-content\/uploads\/2017\/02\/Dhjet\u00eb-mij\u00eb-euro-investime-t\u00eb-reja-n\u00eb-Shkoll\u00ebn-e-Mesme-V\u00ebllaz\u00ebrim-Bashkim-t\u00eb-Ulqinit-1-1.jpg\",\"name\":\"Dhjet\u00eb mij\u00eb euro investime t\u00eb reja n\u00eb Shkoll\u00ebn e Mesme V\u00ebllaz\u00ebrim-Bashkim t\u00eb Ulqinit-1 - Lajme nga Ulqini\",\"isPartOf\":{\"@id\":\"https:\/\/www.visit-ulcinj.com\/blog\/#website\"},\"datePublished\":\"2017-02-02T13:54:39+00:00\",\"dateModified\":\"2017-02-02T13:54:39+00:00\",\"breadcrumb\":{\"@id\":\"https:\/\/www.visit-ulcinj.com\/blog\/wp-content\/uploads\/2017\/02\/Dhjet\u00eb-mij\u00eb-euro-investime-t\u00eb-reja-n\u00eb-Shkoll\u00ebn-e-Mesme-V\u00ebllaz\u00ebrim-Bashkim-t\u00eb-Ulqinit-1-1.jpg#breadcrumb\"},\"inLanguage\":\"en-US\",\"potentialAction\":[{\"@type\":\"ReadAction\",\"target\":[\"https:\/\/www.visit-ulcinj.com\/blog\/wp-content\/uploads\/2017\/02\/Dhjet\u00eb-mij\u00eb-euro-investime-t\u00eb-reja-n\u00eb-Shkoll\u00ebn-e-Mesme-V\u00ebllaz\u00ebrim-Bashkim-t\u00eb-Ulqinit-1-1.jpg\"]}]},{\"@type\":\"BreadcrumbList\",\"@id\":\"https:\/\/www.visit-ulcinj.com\/blog\/wp-content\/uploads\/2017\/02\/Dhjet\u00eb-mij\u00eb-euro-investime-t\u00eb-reja-n\u00eb-Shkoll\u00ebn-e-Mesme-V\u00ebllaz\u00ebrim-Bashkim-t\u00eb-Ulqinit-1-1.jpg#breadcrumb\",\"itemListElement\":[{\"@type\":\"ListItem\",\"position\":1,\"name\":\"Dhjet\u00eb mij\u00eb euro investime t\u00eb reja n\u00eb Shkoll\u00ebn e Mesme \u201c V\u00ebllaz\u00ebrim-Bashkim t\u00eb Ulqinit\",\"item\":\"https:\/\/www.visit-ulcinj.com\/blog\/2017\/02\/02\/dhjete-mije-euro-investime-te-reja-ne-shkollen-e-mesme-vellazerim-bashkim-te-ulqinit\/\"},{\"@type\":\"ListItem\",\"position\":2,\"name\":\"Dhjet\u00eb mij\u00eb euro investime t\u00eb reja n\u00eb Shkoll\u00ebn e Mesme V\u00ebllaz\u00ebrim-Bashkim t\u00eb Ulqinit-1\"}]}]}<\/script>\n<!-- \/ Yoast SEO plugin. -->","yoast_head_json":{"title":"Dhjet\u00eb mij\u00eb euro investime t\u00eb reja n\u00eb Shkoll\u00ebn e Mesme V\u00ebllaz\u00ebrim-Bashkim t\u00eb Ulqinit-1 - Lajme nga Ulqini","robots":{"index":"index","follow":"follow","max-snippet":"max-snippet:-1","max-image-preview":"max-image-preview:large","max-video-preview":"max-video-preview:-1"},"canonical":"https:\/\/www.visit-ulcinj.com\/blog\/wp-content\/uploads\/2017\/02\/Dhjet\u00eb-mij\u00eb-euro-investime-t\u00eb-reja-n\u00eb-Shkoll\u00ebn-e-Mesme-V\u00ebllaz\u00ebrim-Bashkim-t\u00eb-Ulqinit-1-1.jpg","og_locale":"en_US","og_type":"article","og_title":"Dhjet\u00eb mij\u00eb euro investime t\u00eb reja n\u00eb Shkoll\u00ebn e Mesme V\u00ebllaz\u00ebrim-Bashkim t\u00eb Ulqinit-1 - Lajme nga Ulqini","og_url":"https:\/\/www.visit-ulcinj.com\/blog\/wp-content\/uploads\/2017\/02\/Dhjet\u00eb-mij\u00eb-euro-investime-t\u00eb-reja-n\u00eb-Shkoll\u00ebn-e-Mesme-V\u00ebllaz\u00ebrim-Bashkim-t\u00eb-Ulqinit-1-1.jpg","og_site_name":"Lajme nga Ulqini","og_image":[{"width":371,"height":618,"url":"https:\/\/www.visit-ulcinj.com\/blog\/wp-content\/uploads\/2017\/02\/Dhjet\u00eb-mij\u00eb-euro-investime-t\u00eb-reja-n\u00eb-Shkoll\u00ebn-e-Mesme-V\u00ebllaz\u00ebrim-Bashkim-t\u00eb-Ulqinit-1-1.jpg","type":"image\/jpeg"}],"schema":{"@context":"https:\/\/schema.org","@graph":[{"@type":"WebSite","@id":"https:\/\/www.visit-ulcinj.com\/blog\/#website","url":"https:\/\/www.visit-ulcinj.com\/blog\/","name":"Lajme nga Ulqini","description":"Lajme,Vijesti,Ulqini,Ulqin,Crna Gora,Mali i Zi","potentialAction":[{"@type":"SearchAction","target":{"@type":"EntryPoint","urlTemplate":"https:\/\/www.visit-ulcinj.com\/blog\/?s={search_term_string}"},"query-input":"required name=search_term_string"}],"inLanguage":"en-US"},{"@type":"WebPage","@id":"https:\/\/www.visit-ulcinj.com\/blog\/wp-content\/uploads\/2017\/02\/Dhjet\u00eb-mij\u00eb-euro-investime-t\u00eb-reja-n\u00eb-Shkoll\u00ebn-e-Mesme-V\u00ebllaz\u00ebrim-Bashkim-t\u00eb-Ulqinit-1-1.jpg#webpage","url":"https:\/\/www.visit-ulcinj.com\/blog\/wp-content\/uploads\/2017\/02\/Dhjet\u00eb-mij\u00eb-euro-investime-t\u00eb-reja-n\u00eb-Shkoll\u00ebn-e-Mesme-V\u00ebllaz\u00ebrim-Bashkim-t\u00eb-Ulqinit-1-1.jpg","name":"Dhjet\u00eb mij\u00eb euro investime t\u00eb reja n\u00eb Shkoll\u00ebn e Mesme V\u00ebllaz\u00ebrim-Bashkim t\u00eb Ulqinit-1 - Lajme nga Ulqini","isPartOf":{"@id":"https:\/\/www.visit-ulcinj.com\/blog\/#website"},"datePublished":"2017-02-02T13:54:39+00:00","dateModified":"2017-02-02T13:54:39+00:00","breadcrumb":{"@id":"https:\/\/www.visit-ulcinj.com\/blog\/wp-content\/uploads\/2017\/02\/Dhjet\u00eb-mij\u00eb-euro-investime-t\u00eb-reja-n\u00eb-Shkoll\u00ebn-e-Mesme-V\u00ebllaz\u00ebrim-Bashkim-t\u00eb-Ulqinit-1-1.jpg#breadcrumb"},"inLanguage":"en-US","potentialAction":[{"@type":"ReadAction","target":["https:\/\/www.visit-ulcinj.com\/blog\/wp-content\/uploads\/2017\/02\/Dhjet\u00eb-mij\u00eb-euro-investime-t\u00eb-reja-n\u00eb-Shkoll\u00ebn-e-Mesme-V\u00ebllaz\u00ebrim-Bashkim-t\u00eb-Ulqinit-1-1.jpg"]}]},{"@type":"BreadcrumbList","@id":"https:\/\/www.visit-ulcinj.com\/blog\/wp-content\/uploads\/2017\/02\/Dhjet\u00eb-mij\u00eb-euro-investime-t\u00eb-reja-n\u00eb-Shkoll\u00ebn-e-Mesme-V\u00ebllaz\u00ebrim-Bashkim-t\u00eb-Ulqinit-1-1.jpg#breadcrumb","itemListElement":[{"@type":"ListItem","position":1,"name":"Dhjet\u00eb mij\u00eb euro investime t\u00eb reja n\u00eb Shkoll\u00ebn e Mesme \u201c V\u00ebllaz\u00ebrim-Bashkim t\u00eb Ulqinit","item":"https:\/\/www.visit-ulcinj.com\/blog\/2017\/02\/02\/dhjete-mije-euro-investime-te-reja-ne-shkollen-e-mesme-vellazerim-bashkim-te-ulqinit\/"},{"@type":"ListItem","position":2,"name":"Dhjet\u00eb mij\u00eb euro investime t\u00eb reja n\u00eb Shkoll\u00ebn e Mesme V\u00ebllaz\u00ebrim-Bashkim t\u00eb Ulqinit-1"}]}]}},"jetpack_sharing_enabled":true,"jetpack_shortlink":"https:\/\/wp.me\/ae6lTn-qHI","description":{"rendered":"<p class=\"attachment\"><a href='https:\/\/www.visit-ulcinj.com\/blog\/wp-content\/uploads\/2017\/02\/Dhjet\u00eb-mij\u00eb-euro-investime-t\u00eb-reja-n\u00eb-Shkoll\u00ebn-e-Mesme-V\u00ebllaz\u00ebrim-Bashkim-t\u00eb-Ulqinit-1-1.jpg'><img width=\"180\" height=\"300\" src=\"https:\/\/www.visit-ulcinj.com\/blog\/wp-content\/uploads\/2017\/02\/Dhjet\u00eb-mij\u00eb-euro-investime-t\u00eb-reja-n\u00eb-Shkoll\u00ebn-e-Mesme-V\u00ebllaz\u00ebrim-Bashkim-t\u00eb-Ulqinit-1-1-180x300.jpg\" class=\"attachment-medium size-medium\" alt=\"\" loading=\"lazy\" srcset=\"https:\/\/www.visit-ulcinj.com\/blog\/wp-content\/uploads\/2017\/02\/Dhjet\u00eb-mij\u00eb-euro-investime-t\u00eb-reja-n\u00eb-Shkoll\u00ebn-e-Mesme-V\u00ebllaz\u00ebrim-Bashkim-t\u00eb-Ulqinit-1-1-180x300.jpg 180w, https:\/\/www.visit-ulcinj.com\/blog\/wp-content\/uploads\/2017\/02\/Dhjet\u00eb-mij\u00eb-euro-investime-t\u00eb-reja-n\u00eb-Shkoll\u00ebn-e-Mesme-V\u00ebllaz\u00ebrim-Bashkim-t\u00eb-Ulqinit-1-1.jpg 371w\" sizes=\"(max-width: 180px) 100vw, 180px\" \/><\/a><\/p>\n"},"caption":{"rendered":""},"alt_text":"","media_type":"image","mime_type":"image\/jpeg","media_details":{"width":371,"height":618,"file":"2017\/02\/Dhjet\u00eb-mij\u00eb-euro-investime-t\u00eb-reja-n\u00eb-Shkoll\u00ebn-e-Mesme-V\u00ebllaz\u00ebrim-Bashkim-t\u00eb-Ulqinit-1-1.jpg","sizes":{"thumbnail":{"file":"Dhjet\u00eb-mij\u00eb-euro-investime-t\u00eb-reja-n\u00eb-Shkoll\u00ebn-e-Mesme-V\u00ebllaz\u00ebrim-Bashkim-t\u00eb-Ulqinit-1-1-150x150.jpg","width":150,"height":150,"mime_type":"image\/jpeg","source_url":"https:\/\/www.visit-ulcinj.com\/blog\/wp-content\/uploads\/2017\/02\/Dhjet\u00eb-mij\u00eb-euro-investime-t\u00eb-reja-n\u00eb-Shkoll\u00ebn-e-Mesme-V\u00ebllaz\u00ebrim-Bashkim-t\u00eb-Ulqinit-1-1-150x150.jpg"},"medium":{"file":"Dhjet\u00eb-mij\u00eb-euro-investime-t\u00eb-reja-n\u00eb-Shkoll\u00ebn-e-Mesme-V\u00ebllaz\u00ebrim-Bashkim-t\u00eb-Ulqinit-1-1-180x300.jpg","width":180,"height":300,"mime_type":"image\/jpeg","source_url":"https:\/\/www.visit-ulcinj.com\/blog\/wp-content\/uploads\/2017\/02\/Dhjet\u00eb-mij\u00eb-euro-investime-t\u00eb-reja-n\u00eb-Shkoll\u00ebn-e-Mesme-V\u00ebllaz\u00ebrim-Bashkim-t\u00eb-Ulqinit-1-1-180x300.jpg"},"full":{"file":"Dhjet\u00eb-mij\u00eb-euro-investime-t\u00eb-reja-n\u00eb-Shkoll\u00ebn-e-Mesme-V\u00ebllaz\u00ebrim-Bashkim-t\u00eb-Ulqinit-1-1.jpg","width":371,"height":618,"mime_type":"image\/jpeg","source_url":"https:\/\/www.visit-ulcinj.com\/blog\/wp-content\/uploads\/2017\/02\/Dhjet\u00eb-mij\u00eb-euro-investime-t\u00eb-reja-n\u00eb-Shkoll\u00ebn-e-Mesme-V\u00ebllaz\u00ebrim-Bashkim-t\u00eb-Ulqinit-1-1.jpg"}},"image_meta":{"aperture":"0","credit":"","camera":"","caption":"","created_timestamp":"0","copyright":"","focal_length":"0","iso":"0","shutter_speed":"0","title":"","orientation":"0","keywords":[]}},"post":102649,"source_url":"https:\/\/www.visit-ulcinj.com\/blog\/wp-content\/uploads\/2017\/02\/Dhjet\u00eb-mij\u00eb-euro-investime-t\u00eb-reja-n\u00eb-Shkoll\u00ebn-e-Mesme-V\u00ebllaz\u00ebrim-Bashkim-t\u00eb-Ulqinit-1-1.jpg","_links":{"self":[{"href":"https:\/\/www.visit-ulcinj.com\/blog\/wp-json\/wp\/v2\/media\/102654"}],"collection":[{"href":"https:\/\/www.visit-ulcinj.com\/blog\/wp-json\/wp\/v2\/media"}],"about":[{"href":"https:\/\/www.visit-ulcinj.com\/blog\/wp-json\/wp\/v2\/types\/attachment"}],"author":[{"embeddable":true,"href":"https:\/\/www.visit-ulcinj.com\/blog\/wp-json\/wp\/v2\/users\/1"}],"replies":[{"embeddable":true,"href":"https:\/\/www.visit-ulcinj.com\/blog\/wp-json\/wp\/v2\/comments?post=102654"}]}}