{"id":36453,"date":"2010-08-27T14:49:07","date_gmt":"2010-08-27T12:49:07","guid":{"rendered":"http:\/\/www.visit-ulcinj.com\/blog\/wp-content\/uploads\/2009\/05\/A-Ubytov\u00e1n\u00ed-Ulcinj-5\u20ac-\u2013-7\u20ac-noc_cierna-Hora.jpg"},"modified":"2010-08-27T14:49:07","modified_gmt":"2010-08-27T12:49:07","slug":"a-ubytovani-ulcinj-5e-%e2%80%93-7e-noc_cierna-hora","status":"inherit","type":"attachment","link":"https:\/\/www.visit-ulcinj.com\/blog\/2009\/05\/03\/a-ubytovani-ulcinj-5-e-noc\/a-ubytovani-ulcinj-5e-%e2%80%93-7e-noc_cierna-hora\/","title":{"rendered":"A Ubytov\u00e1n\u00ed Ulcinj 5\u20ac \u2013 7\u20ac noc_cierna Hora,pokoj, Priv\u00e1t, rezervace ubytov\u00e1n\u00ed, Ubytov\u00e1n\u00ed ulcinj, Velk\u00e1 pl\u00e1\u017e ulcinj, Ubytov\u00e1n\u00ed Ulcinj. Levn\u011b hotely, hostely, penziony, apartm\u00e1ny ulcinj, \u010cern\u00e1 Hora, ubytov\u00e1n\u00ed na priv\u00e1tu, Rezervace, Velk\u00e1 pl\u00e1\u017e ulcinj, A Ubytov\u00e1n\u00ed Ulcinj 6\u20ac \u2013 7\u20ac noc, Dovolenka Ulcinj, Ulcinj \u2013 Hotel,apartm\u00e1ny Velika Pla\u017ea, Ulcinjsk\u00e1 rivi\u00e9ra &#8211; \u010cierna Hora, \u010cierna Hora Ulcinj Dovolenka,"},"author":1,"comment_status":"open","ping_status":"closed","template":"","meta":{"spay_email":""},"yoast_head":"<!-- This site is optimized with the Yoast SEO plugin v19.1 - https:\/\/yoast.com\/wordpress\/plugins\/seo\/ -->\n<title>A Ubytov\u00e1n\u00ed Ulcinj 5\u20ac \u2013 7\u20ac noc_cierna Hora,pokoj, Priv\u00e1t, rezervace ubytov\u00e1n\u00ed, Ubytov\u00e1n\u00ed ulcinj, Velk\u00e1 pl\u00e1\u017e ulcinj, Ubytov\u00e1n\u00ed Ulcinj. Levn\u011b hotely, hostely, penziony, apartm\u00e1ny ulcinj, \u010cern\u00e1 Hora, ubytov\u00e1n\u00ed na priv\u00e1tu, Rezervace, Velk\u00e1 pl\u00e1\u017e ulcinj, A Ubytov\u00e1n\u00ed Ulcinj 6\u20ac \u2013 7\u20ac noc, Dovolenka Ulcinj, Ulcinj \u2013 Hotel,apartm\u00e1ny Velika Pla\u017ea, Ulcinjsk\u00e1 rivi\u00e9ra - \u010cierna Hora, \u010cierna Hora Ulcinj Dovolenka, - Lajme nga Ulqini<\/title>\n<meta name=\"robots\" content=\"index, follow, max-snippet:-1, max-image-preview:large, max-video-preview:-1\" \/>\n<link rel=\"canonical\" href=\"https:\/\/www.visit-ulcinj.com\/blog\/wp-content\/uploads\/2009\/05\/A-Ubytov\u00e1n\u00ed-Ulcinj-5\u20ac-\u2013-7\u20ac-noc_cierna-Hora.jpg\" \/>\n<meta property=\"og:locale\" content=\"en_US\" \/>\n<meta property=\"og:type\" content=\"article\" \/>\n<meta property=\"og:title\" content=\"A Ubytov\u00e1n\u00ed Ulcinj 5\u20ac \u2013 7\u20ac noc_cierna Hora,pokoj, Priv\u00e1t, rezervace ubytov\u00e1n\u00ed, Ubytov\u00e1n\u00ed ulcinj, Velk\u00e1 pl\u00e1\u017e ulcinj, Ubytov\u00e1n\u00ed Ulcinj. Levn\u011b hotely, hostely, penziony, apartm\u00e1ny ulcinj, \u010cern\u00e1 Hora, ubytov\u00e1n\u00ed na priv\u00e1tu, Rezervace, Velk\u00e1 pl\u00e1\u017e ulcinj, A Ubytov\u00e1n\u00ed Ulcinj 6\u20ac \u2013 7\u20ac noc, Dovolenka Ulcinj, Ulcinj \u2013 Hotel,apartm\u00e1ny Velika Pla\u017ea, Ulcinjsk\u00e1 rivi\u00e9ra - \u010cierna Hora, \u010cierna Hora Ulcinj Dovolenka, - Lajme nga Ulqini\" \/>\n<meta property=\"og:url\" content=\"https:\/\/www.visit-ulcinj.com\/blog\/wp-content\/uploads\/2009\/05\/A-Ubytov\u00e1n\u00ed-Ulcinj-5\u20ac-\u2013-7\u20ac-noc_cierna-Hora.jpg\" \/>\n<meta property=\"og:site_name\" content=\"Lajme nga Ulqini\" \/>\n<meta property=\"og:image\" content=\"https:\/\/www.visit-ulcinj.com\/blog\/wp-content\/uploads\/2009\/05\/A-Ubytov\u00e1n\u00ed-Ulcinj-5\u20ac-\u2013-7\u20ac-noc_cierna-Hora.jpg\" \/>\n\t<meta property=\"og:image:width\" content=\"350\" \/>\n\t<meta property=\"og:image:height\" content=\"136\" \/>\n\t<meta property=\"og:image:type\" content=\"image\/jpeg\" \/>\n<script type=\"application\/ld+json\" class=\"yoast-schema-graph\">{\"@context\":\"https:\/\/schema.org\",\"@graph\":[{\"@type\":\"WebSite\",\"@id\":\"https:\/\/www.visit-ulcinj.com\/blog\/#website\",\"url\":\"https:\/\/www.visit-ulcinj.com\/blog\/\",\"name\":\"Lajme nga Ulqini\",\"description\":\"Lajme,Vijesti,Ulqini,Ulqin,Crna Gora,Mali i Zi\",\"potentialAction\":[{\"@type\":\"SearchAction\",\"target\":{\"@type\":\"EntryPoint\",\"urlTemplate\":\"https:\/\/www.visit-ulcinj.com\/blog\/?s={search_term_string}\"},\"query-input\":\"required name=search_term_string\"}],\"inLanguage\":\"en-US\"},{\"@type\":\"WebPage\",\"@id\":\"https:\/\/www.visit-ulcinj.com\/blog\/wp-content\/uploads\/2009\/05\/A-Ubytov\u00e1n\u00ed-Ulcinj-5\u20ac-\u2013-7\u20ac-noc_cierna-Hora.jpg#webpage\",\"url\":\"https:\/\/www.visit-ulcinj.com\/blog\/wp-content\/uploads\/2009\/05\/A-Ubytov\u00e1n\u00ed-Ulcinj-5\u20ac-\u2013-7\u20ac-noc_cierna-Hora.jpg\",\"name\":\"A Ubytov\u00e1n\u00ed Ulcinj 5\u20ac \u2013 7\u20ac noc_cierna Hora,pokoj, Priv\u00e1t, rezervace ubytov\u00e1n\u00ed, Ubytov\u00e1n\u00ed ulcinj, Velk\u00e1 pl\u00e1\u017e ulcinj, Ubytov\u00e1n\u00ed Ulcinj. Levn\u011b hotely, hostely, penziony, apartm\u00e1ny ulcinj, \u010cern\u00e1 Hora, ubytov\u00e1n\u00ed na priv\u00e1tu, Rezervace, Velk\u00e1 pl\u00e1\u017e ulcinj, A Ubytov\u00e1n\u00ed Ulcinj 6\u20ac \u2013 7\u20ac noc, Dovolenka Ulcinj, Ulcinj \u2013 Hotel,apartm\u00e1ny Velika Pla\u017ea, Ulcinjsk\u00e1 rivi\u00e9ra - \u010cierna Hora, \u010cierna Hora Ulcinj Dovolenka, - Lajme nga Ulqini\",\"isPartOf\":{\"@id\":\"https:\/\/www.visit-ulcinj.com\/blog\/#website\"},\"datePublished\":\"2010-08-27T12:49:07+00:00\",\"dateModified\":\"2010-08-27T12:49:07+00:00\",\"breadcrumb\":{\"@id\":\"https:\/\/www.visit-ulcinj.com\/blog\/wp-content\/uploads\/2009\/05\/A-Ubytov\u00e1n\u00ed-Ulcinj-5\u20ac-\u2013-7\u20ac-noc_cierna-Hora.jpg#breadcrumb\"},\"inLanguage\":\"en-US\",\"potentialAction\":[{\"@type\":\"ReadAction\",\"target\":[\"https:\/\/www.visit-ulcinj.com\/blog\/wp-content\/uploads\/2009\/05\/A-Ubytov\u00e1n\u00ed-Ulcinj-5\u20ac-\u2013-7\u20ac-noc_cierna-Hora.jpg\"]}]},{\"@type\":\"BreadcrumbList\",\"@id\":\"https:\/\/www.visit-ulcinj.com\/blog\/wp-content\/uploads\/2009\/05\/A-Ubytov\u00e1n\u00ed-Ulcinj-5\u20ac-\u2013-7\u20ac-noc_cierna-Hora.jpg#breadcrumb\",\"itemListElement\":[{\"@type\":\"ListItem\",\"position\":1,\"name\":\"A Ubytov\u00e1n\u00ed Ulcinj 7\u20ac &#8211; 9\u20ac noc\",\"item\":\"https:\/\/www.visit-ulcinj.com\/blog\/2009\/05\/03\/a-ubytovani-ulcinj-5-e-noc\/\"},{\"@type\":\"ListItem\",\"position\":2,\"name\":\"A Ubytov\u00e1n\u00ed Ulcinj 5\u20ac \u2013 7\u20ac noc_cierna Hora,pokoj, Priv\u00e1t, rezervace ubytov\u00e1n\u00ed, Ubytov\u00e1n\u00ed ulcinj, Velk\u00e1 pl\u00e1\u017e ulcinj, Ubytov\u00e1n\u00ed Ulcinj. Levn\u011b hotely, hostely, penziony, apartm\u00e1ny ulcinj, \u010cern\u00e1 Hora, ubytov\u00e1n\u00ed na priv\u00e1tu, Rezervace, Velk\u00e1 pl\u00e1\u017e ulcinj, A Ubytov\u00e1n\u00ed Ulcinj 6\u20ac \u2013 7\u20ac noc, Dovolenka Ulcinj, Ulcinj \u2013 Hotel,apartm\u00e1ny Velika Pla\u017ea, Ulcinjsk\u00e1 rivi\u00e9ra &#8211; \u010cierna Hora, \u010cierna Hora Ulcinj Dovolenka,\"}]}]}<\/script>\n<!-- \/ Yoast SEO plugin. -->","yoast_head_json":{"title":"A Ubytov\u00e1n\u00ed Ulcinj 5\u20ac \u2013 7\u20ac noc_cierna Hora,pokoj, Priv\u00e1t, rezervace ubytov\u00e1n\u00ed, Ubytov\u00e1n\u00ed ulcinj, Velk\u00e1 pl\u00e1\u017e ulcinj, Ubytov\u00e1n\u00ed Ulcinj. Levn\u011b hotely, hostely, penziony, apartm\u00e1ny ulcinj, \u010cern\u00e1 Hora, ubytov\u00e1n\u00ed na priv\u00e1tu, Rezervace, Velk\u00e1 pl\u00e1\u017e ulcinj, A Ubytov\u00e1n\u00ed Ulcinj 6\u20ac \u2013 7\u20ac noc, Dovolenka Ulcinj, Ulcinj \u2013 Hotel,apartm\u00e1ny Velika Pla\u017ea, Ulcinjsk\u00e1 rivi\u00e9ra - \u010cierna Hora, \u010cierna Hora Ulcinj Dovolenka, - Lajme nga Ulqini","robots":{"index":"index","follow":"follow","max-snippet":"max-snippet:-1","max-image-preview":"max-image-preview:large","max-video-preview":"max-video-preview:-1"},"canonical":"https:\/\/www.visit-ulcinj.com\/blog\/wp-content\/uploads\/2009\/05\/A-Ubytov\u00e1n\u00ed-Ulcinj-5\u20ac-\u2013-7\u20ac-noc_cierna-Hora.jpg","og_locale":"en_US","og_type":"article","og_title":"A Ubytov\u00e1n\u00ed Ulcinj 5\u20ac \u2013 7\u20ac noc_cierna Hora,pokoj, Priv\u00e1t, rezervace ubytov\u00e1n\u00ed, Ubytov\u00e1n\u00ed ulcinj, Velk\u00e1 pl\u00e1\u017e ulcinj, Ubytov\u00e1n\u00ed Ulcinj. Levn\u011b hotely, hostely, penziony, apartm\u00e1ny ulcinj, \u010cern\u00e1 Hora, ubytov\u00e1n\u00ed na priv\u00e1tu, Rezervace, Velk\u00e1 pl\u00e1\u017e ulcinj, A Ubytov\u00e1n\u00ed Ulcinj 6\u20ac \u2013 7\u20ac noc, Dovolenka Ulcinj, Ulcinj \u2013 Hotel,apartm\u00e1ny Velika Pla\u017ea, Ulcinjsk\u00e1 rivi\u00e9ra - \u010cierna Hora, \u010cierna Hora Ulcinj Dovolenka, - Lajme nga Ulqini","og_url":"https:\/\/www.visit-ulcinj.com\/blog\/wp-content\/uploads\/2009\/05\/A-Ubytov\u00e1n\u00ed-Ulcinj-5\u20ac-\u2013-7\u20ac-noc_cierna-Hora.jpg","og_site_name":"Lajme nga Ulqini","og_image":[{"width":"350","height":"136","url":"https:\/\/www.visit-ulcinj.com\/blog\/wp-content\/uploads\/2009\/05\/A-Ubytov\u00e1n\u00ed-Ulcinj-5\u20ac-\u2013-7\u20ac-noc_cierna-Hora.jpg","type":"image\/jpeg"}],"schema":{"@context":"https:\/\/schema.org","@graph":[{"@type":"WebSite","@id":"https:\/\/www.visit-ulcinj.com\/blog\/#website","url":"https:\/\/www.visit-ulcinj.com\/blog\/","name":"Lajme nga Ulqini","description":"Lajme,Vijesti,Ulqini,Ulqin,Crna Gora,Mali i Zi","potentialAction":[{"@type":"SearchAction","target":{"@type":"EntryPoint","urlTemplate":"https:\/\/www.visit-ulcinj.com\/blog\/?s={search_term_string}"},"query-input":"required name=search_term_string"}],"inLanguage":"en-US"},{"@type":"WebPage","@id":"https:\/\/www.visit-ulcinj.com\/blog\/wp-content\/uploads\/2009\/05\/A-Ubytov\u00e1n\u00ed-Ulcinj-5\u20ac-\u2013-7\u20ac-noc_cierna-Hora.jpg#webpage","url":"https:\/\/www.visit-ulcinj.com\/blog\/wp-content\/uploads\/2009\/05\/A-Ubytov\u00e1n\u00ed-Ulcinj-5\u20ac-\u2013-7\u20ac-noc_cierna-Hora.jpg","name":"A Ubytov\u00e1n\u00ed Ulcinj 5\u20ac \u2013 7\u20ac noc_cierna Hora,pokoj, Priv\u00e1t, rezervace ubytov\u00e1n\u00ed, Ubytov\u00e1n\u00ed ulcinj, Velk\u00e1 pl\u00e1\u017e ulcinj, Ubytov\u00e1n\u00ed Ulcinj. Levn\u011b hotely, hostely, penziony, apartm\u00e1ny ulcinj, \u010cern\u00e1 Hora, ubytov\u00e1n\u00ed na priv\u00e1tu, Rezervace, Velk\u00e1 pl\u00e1\u017e ulcinj, A Ubytov\u00e1n\u00ed Ulcinj 6\u20ac \u2013 7\u20ac noc, Dovolenka Ulcinj, Ulcinj \u2013 Hotel,apartm\u00e1ny Velika Pla\u017ea, Ulcinjsk\u00e1 rivi\u00e9ra - \u010cierna Hora, \u010cierna Hora Ulcinj Dovolenka, - Lajme nga Ulqini","isPartOf":{"@id":"https:\/\/www.visit-ulcinj.com\/blog\/#website"},"datePublished":"2010-08-27T12:49:07+00:00","dateModified":"2010-08-27T12:49:07+00:00","breadcrumb":{"@id":"https:\/\/www.visit-ulcinj.com\/blog\/wp-content\/uploads\/2009\/05\/A-Ubytov\u00e1n\u00ed-Ulcinj-5\u20ac-\u2013-7\u20ac-noc_cierna-Hora.jpg#breadcrumb"},"inLanguage":"en-US","potentialAction":[{"@type":"ReadAction","target":["https:\/\/www.visit-ulcinj.com\/blog\/wp-content\/uploads\/2009\/05\/A-Ubytov\u00e1n\u00ed-Ulcinj-5\u20ac-\u2013-7\u20ac-noc_cierna-Hora.jpg"]}]},{"@type":"BreadcrumbList","@id":"https:\/\/www.visit-ulcinj.com\/blog\/wp-content\/uploads\/2009\/05\/A-Ubytov\u00e1n\u00ed-Ulcinj-5\u20ac-\u2013-7\u20ac-noc_cierna-Hora.jpg#breadcrumb","itemListElement":[{"@type":"ListItem","position":1,"name":"A Ubytov\u00e1n\u00ed Ulcinj 7\u20ac &#8211; 9\u20ac noc","item":"https:\/\/www.visit-ulcinj.com\/blog\/2009\/05\/03\/a-ubytovani-ulcinj-5-e-noc\/"},{"@type":"ListItem","position":2,"name":"A Ubytov\u00e1n\u00ed Ulcinj 5\u20ac \u2013 7\u20ac noc_cierna Hora,pokoj, Priv\u00e1t, rezervace ubytov\u00e1n\u00ed, Ubytov\u00e1n\u00ed ulcinj, Velk\u00e1 pl\u00e1\u017e ulcinj, Ubytov\u00e1n\u00ed Ulcinj. Levn\u011b hotely, hostely, penziony, apartm\u00e1ny ulcinj, \u010cern\u00e1 Hora, ubytov\u00e1n\u00ed na priv\u00e1tu, Rezervace, Velk\u00e1 pl\u00e1\u017e ulcinj, A Ubytov\u00e1n\u00ed Ulcinj 6\u20ac \u2013 7\u20ac noc, Dovolenka Ulcinj, Ulcinj \u2013 Hotel,apartm\u00e1ny Velika Pla\u017ea, Ulcinjsk\u00e1 rivi\u00e9ra &#8211; \u010cierna Hora, \u010cierna Hora Ulcinj Dovolenka,"}]}]}},"jetpack_sharing_enabled":true,"jetpack_shortlink":"https:\/\/wp.me\/ae6lTn-9tX","description":{"rendered":"<p class=\"attachment\"><a href='https:\/\/www.visit-ulcinj.com\/blog\/wp-content\/uploads\/2009\/05\/A-Ubytov\u00e1n\u00ed-Ulcinj-5\u20ac-\u2013-7\u20ac-noc_cierna-Hora.jpg'><img width=\"300\" height=\"116\" src=\"https:\/\/www.visit-ulcinj.com\/blog\/wp-content\/uploads\/2009\/05\/A-Ubytov\u00e1n\u00ed-Ulcinj-5\u20ac-\u2013-7\u20ac-noc_cierna-Hora-300x116.jpg\" class=\"attachment-medium size-medium\" alt=\"\" loading=\"lazy\" srcset=\"https:\/\/www.visit-ulcinj.com\/blog\/wp-content\/uploads\/2009\/05\/A-Ubytov\u00e1n\u00ed-Ulcinj-5\u20ac-\u2013-7\u20ac-noc_cierna-Hora-300x116.jpg 300w, https:\/\/www.visit-ulcinj.com\/blog\/wp-content\/uploads\/2009\/05\/A-Ubytov\u00e1n\u00ed-Ulcinj-5\u20ac-\u2013-7\u20ac-noc_cierna-Hora.jpg 350w\" sizes=\"(max-width: 300px) 100vw, 300px\" \/><\/a><\/p>\n"},"caption":{"rendered":""},"alt_text":"","media_type":"image","mime_type":"image\/jpeg","media_details":{"width":"350","height":"136","hwstring_small":"height='49' width='128'","file":"2009\/05\/A-Ubytov\u00e1n\u00ed-Ulcinj-5\u20ac-\u2013-7\u20ac-noc_cierna-Hora.jpg","sizes":{"thumbnail":{"file":"A-Ubytov\u00e1n\u00ed-Ulcinj-5\u20ac-\u2013-7\u20ac-noc_cierna-Hora-150x136.jpg","width":"150","height":"136","source_url":"https:\/\/www.visit-ulcinj.com\/blog\/wp-content\/uploads\/2009\/05\/A-Ubytov\u00e1n\u00ed-Ulcinj-5\u20ac-\u2013-7\u20ac-noc_cierna-Hora-150x136.jpg"},"medium":{"file":"A-Ubytov\u00e1n\u00ed-Ulcinj-5\u20ac-\u2013-7\u20ac-noc_cierna-Hora-300x116.jpg","width":"300","height":"116","source_url":"https:\/\/www.visit-ulcinj.com\/blog\/wp-content\/uploads\/2009\/05\/A-Ubytov\u00e1n\u00ed-Ulcinj-5\u20ac-\u2013-7\u20ac-noc_cierna-Hora-300x116.jpg"},"full":{"file":"A-Ubytov\u00e1n\u00ed-Ulcinj-5\u20ac-\u2013-7\u20ac-noc_cierna-Hora.jpg","width":350,"height":136,"mime_type":"image\/jpeg","source_url":"https:\/\/www.visit-ulcinj.com\/blog\/wp-content\/uploads\/2009\/05\/A-Ubytov\u00e1n\u00ed-Ulcinj-5\u20ac-\u2013-7\u20ac-noc_cierna-Hora.jpg"}},"image_meta":{"aperture":"0","credit":"","camera":"","caption":"","created_timestamp":"0","copyright":"","focal_length":"0","iso":"0","shutter_speed":"0","title":""}},"post":19996,"source_url":"https:\/\/www.visit-ulcinj.com\/blog\/wp-content\/uploads\/2009\/05\/A-Ubytov\u00e1n\u00ed-Ulcinj-5\u20ac-\u2013-7\u20ac-noc_cierna-Hora.jpg","_links":{"self":[{"href":"https:\/\/www.visit-ulcinj.com\/blog\/wp-json\/wp\/v2\/media\/36453"}],"collection":[{"href":"https:\/\/www.visit-ulcinj.com\/blog\/wp-json\/wp\/v2\/media"}],"about":[{"href":"https:\/\/www.visit-ulcinj.com\/blog\/wp-json\/wp\/v2\/types\/attachment"}],"author":[{"embeddable":true,"href":"https:\/\/www.visit-ulcinj.com\/blog\/wp-json\/wp\/v2\/users\/1"}],"replies":[{"embeddable":true,"href":"https:\/\/www.visit-ulcinj.com\/blog\/wp-json\/wp\/v2\/comments?post=36453"}]}}