{"id":39466,"date":"2010-11-08T14:55:44","date_gmt":"2010-11-08T13:55:44","guid":{"rendered":"http:\/\/www.visit-ulcinj.com\/blog\/wp-content\/uploads\/2010\/11\/Shaqir-Elezoviqi-nga-Ulqini.jpg"},"modified":"2010-11-08T14:55:44","modified_gmt":"2010-11-08T13:55:44","slug":"shaqir-elezoviqi-nga-ulqini","status":"inherit","type":"attachment","link":"https:\/\/www.visit-ulcinj.com\/blog\/2010\/11\/08\/ndihme-familjes-elezoviq-nga-ulqini\/shaqir-elezoviqi-nga-ulqini\/","title":{"rendered":"Shaqir Elezoviqi nga Ulqini,SOS,ndihm\u00eb,pomoc,ndihm humanitare,solidaritet,Shaqir,elezovic,elezoviq,ulqini,ulqin,mali i zi,Kllezna e Nalt, Kllezna e Poshtme, Krytha, Milla, Kosiqi, Bojku, Suma, Lulejt, Zenelejt Katerkolla, Shasi, Amulli, Fraskanjeli, Lisna Bora, Selita, Gjonzaj, Dragina, Sukobina, \u00c7apraj, Brajsha, Rashtisha, Kravari,crna gora,solidarnost,ulcinjanin,ndihm ulqinakut,taxi,radio ulqini,rtv teuta,radio elita,koha javore,pelinku,ulcinj,bolesnik,dy kambet,ja pren,podgorica,koncert humanitar,lajme nga ulqini,Amulli, Shasi, Bojku, Brajsha, Bratica, Darza, Dragaj, Fraskanjeli, Kalimani, Kat\u00ebrkolla, Kosiqi, Kravari, Krytha, Leskoci, Megjure\u00e7i, Brisku, Milla, Mozhura, sukubina, Qurkaj, Rrastisha, Re\u00e7i, Sal\u00e7i,help,"},"author":1,"comment_status":"open","ping_status":"closed","template":"","meta":{"spay_email":""},"yoast_head":"<!-- This site is optimized with the Yoast SEO plugin v19.1 - https:\/\/yoast.com\/wordpress\/plugins\/seo\/ -->\n<title>Shaqir Elezoviqi nga Ulqini,SOS,ndihm\u00eb,pomoc,ndihm humanitare,solidaritet,Shaqir,elezovic,elezoviq,ulqini,ulqin,mali i zi,Kllezna e Nalt, Kllezna e Poshtme, Krytha, Milla, Kosiqi, Bojku, Suma, Lulejt, Zenelejt Katerkolla, Shasi, Amulli, Fraskanjeli, Lisna Bora, Selita, Gjonzaj, Dragina, Sukobina, \u00c7apraj, Brajsha, Rashtisha, Kravari,crna gora,solidarnost,ulcinjanin,ndihm ulqinakut,taxi,radio ulqini,rtv teuta,radio elita,koha javore,pelinku,ulcinj,bolesnik,dy kambet,ja pren,podgorica,koncert humanitar,lajme nga ulqini,Amulli, Shasi, Bojku, Brajsha, Bratica, Darza, Dragaj, Fraskanjeli, Kalimani, Kat\u00ebrkolla, Kosiqi, Kravari, Krytha, Leskoci, Megjure\u00e7i, Brisku, Milla, Mozhura, sukubina, Qurkaj, Rrastisha, Re\u00e7i, Sal\u00e7i,help, - Lajme nga Ulqini<\/title>\n<meta name=\"robots\" content=\"index, follow, max-snippet:-1, max-image-preview:large, max-video-preview:-1\" \/>\n<link rel=\"canonical\" href=\"https:\/\/www.visit-ulcinj.com\/blog\/wp-content\/uploads\/2010\/11\/Shaqir-Elezoviqi-nga-Ulqini.jpg\" \/>\n<meta property=\"og:locale\" content=\"en_US\" \/>\n<meta property=\"og:type\" content=\"article\" \/>\n<meta property=\"og:title\" content=\"Shaqir Elezoviqi nga Ulqini,SOS,ndihm\u00eb,pomoc,ndihm humanitare,solidaritet,Shaqir,elezovic,elezoviq,ulqini,ulqin,mali i zi,Kllezna e Nalt, Kllezna e Poshtme, Krytha, Milla, Kosiqi, Bojku, Suma, Lulejt, Zenelejt Katerkolla, Shasi, Amulli, Fraskanjeli, Lisna Bora, Selita, Gjonzaj, Dragina, Sukobina, \u00c7apraj, Brajsha, Rashtisha, Kravari,crna gora,solidarnost,ulcinjanin,ndihm ulqinakut,taxi,radio ulqini,rtv teuta,radio elita,koha javore,pelinku,ulcinj,bolesnik,dy kambet,ja pren,podgorica,koncert humanitar,lajme nga ulqini,Amulli, Shasi, Bojku, Brajsha, Bratica, Darza, Dragaj, Fraskanjeli, Kalimani, Kat\u00ebrkolla, Kosiqi, Kravari, Krytha, Leskoci, Megjure\u00e7i, Brisku, Milla, Mozhura, sukubina, Qurkaj, Rrastisha, Re\u00e7i, Sal\u00e7i,help, - Lajme nga Ulqini\" \/>\n<meta property=\"og:description\" content=\"Ndihm\u00eb familjes Elezoviq nga Ulqini T\u00eb nderuar bashk\u00ebatdhetar Ftojm\u00eb gjith\u00eb shqiptar\u00ebt me pun\u00eb dhe q\u00ebndrim n\u00eb diaspor dhe Ulqin, shoqatat, klubet, bashk\u00ebsit\u00eb fetare, intelektual\u00ebt, shoq\u00ebrit\u00eb afariste, firmat shqiptare donator\u00ebt individual e institucional pa dallim moshe, gjinie, krahine e feje q\u00eb t\u00eb kontribuojn\u00eb n\u00eb k\u00ebt\u00eb aksion humanitar p\u00ebr ndihm\u00eb bashk\u00ebatdhetarit t\u00eb jon\u00eb nga Ulqini Shaqir Elezoviqit [&hellip;]\" \/>\n<meta property=\"og:url\" content=\"https:\/\/www.visit-ulcinj.com\/blog\/wp-content\/uploads\/2010\/11\/Shaqir-Elezoviqi-nga-Ulqini.jpg\" \/>\n<meta property=\"og:site_name\" content=\"Lajme nga Ulqini\" \/>\n<meta property=\"og:image\" content=\"https:\/\/www.visit-ulcinj.com\/blog\/wp-content\/uploads\/2010\/11\/Shaqir-Elezoviqi-nga-Ulqini.jpg\" \/>\n\t<meta property=\"og:image:width\" content=\"720\" \/>\n\t<meta property=\"og:image:height\" content=\"539\" \/>\n\t<meta property=\"og:image:type\" content=\"image\/jpeg\" \/>\n<meta name=\"twitter:label1\" content=\"Est. reading time\" \/>\n\t<meta name=\"twitter:data1\" content=\"3 minutes\" \/>\n<script type=\"application\/ld+json\" class=\"yoast-schema-graph\">{\"@context\":\"https:\/\/schema.org\",\"@graph\":[{\"@type\":\"WebSite\",\"@id\":\"https:\/\/www.visit-ulcinj.com\/blog\/#website\",\"url\":\"https:\/\/www.visit-ulcinj.com\/blog\/\",\"name\":\"Lajme nga Ulqini\",\"description\":\"Lajme,Vijesti,Ulqini,Ulqin,Crna Gora,Mali i Zi\",\"potentialAction\":[{\"@type\":\"SearchAction\",\"target\":{\"@type\":\"EntryPoint\",\"urlTemplate\":\"https:\/\/www.visit-ulcinj.com\/blog\/?s={search_term_string}\"},\"query-input\":\"required name=search_term_string\"}],\"inLanguage\":\"en-US\"},{\"@type\":\"WebPage\",\"@id\":\"https:\/\/www.visit-ulcinj.com\/blog\/wp-content\/uploads\/2010\/11\/Shaqir-Elezoviqi-nga-Ulqini.jpg#webpage\",\"url\":\"https:\/\/www.visit-ulcinj.com\/blog\/wp-content\/uploads\/2010\/11\/Shaqir-Elezoviqi-nga-Ulqini.jpg\",\"name\":\"Shaqir Elezoviqi nga Ulqini,SOS,ndihm\u00eb,pomoc,ndihm humanitare,solidaritet,Shaqir,elezovic,elezoviq,ulqini,ulqin,mali i zi,Kllezna e Nalt, Kllezna e Poshtme, Krytha, Milla, Kosiqi, Bojku, Suma, Lulejt, Zenelejt Katerkolla, Shasi, Amulli, Fraskanjeli, Lisna Bora, Selita, Gjonzaj, Dragina, Sukobina, \u00c7apraj, Brajsha, Rashtisha, Kravari,crna gora,solidarnost,ulcinjanin,ndihm ulqinakut,taxi,radio ulqini,rtv teuta,radio elita,koha javore,pelinku,ulcinj,bolesnik,dy kambet,ja pren,podgorica,koncert humanitar,lajme nga ulqini,Amulli, Shasi, Bojku, Brajsha, Bratica, Darza, Dragaj, Fraskanjeli, Kalimani, Kat\u00ebrkolla, Kosiqi, Kravari, Krytha, Leskoci, Megjure\u00e7i, Brisku, Milla, Mozhura, sukubina, Qurkaj, Rrastisha, Re\u00e7i, Sal\u00e7i,help, - Lajme nga Ulqini\",\"isPartOf\":{\"@id\":\"https:\/\/www.visit-ulcinj.com\/blog\/#website\"},\"datePublished\":\"2010-11-08T13:55:44+00:00\",\"dateModified\":\"2010-11-08T13:55:44+00:00\",\"breadcrumb\":{\"@id\":\"https:\/\/www.visit-ulcinj.com\/blog\/wp-content\/uploads\/2010\/11\/Shaqir-Elezoviqi-nga-Ulqini.jpg#breadcrumb\"},\"inLanguage\":\"en-US\",\"potentialAction\":[{\"@type\":\"ReadAction\",\"target\":[\"https:\/\/www.visit-ulcinj.com\/blog\/wp-content\/uploads\/2010\/11\/Shaqir-Elezoviqi-nga-Ulqini.jpg\"]}]},{\"@type\":\"BreadcrumbList\",\"@id\":\"https:\/\/www.visit-ulcinj.com\/blog\/wp-content\/uploads\/2010\/11\/Shaqir-Elezoviqi-nga-Ulqini.jpg#breadcrumb\",\"itemListElement\":[{\"@type\":\"ListItem\",\"position\":1,\"name\":\"Ndihm\u00eb familjes Elezoviq nga Ulqini\",\"item\":\"https:\/\/www.visit-ulcinj.com\/blog\/2010\/11\/08\/ndihme-familjes-elezoviq-nga-ulqini\/\"},{\"@type\":\"ListItem\",\"position\":2,\"name\":\"Shaqir Elezoviqi nga Ulqini,SOS,ndihm\u00eb,pomoc,ndihm humanitare,solidaritet,Shaqir,elezovic,elezoviq,ulqini,ulqin,mali i zi,Kllezna e Nalt, Kllezna e Poshtme, Krytha, Milla, Kosiqi, Bojku, Suma, Lulejt, Zenelejt Katerkolla, Shasi, Amulli, Fraskanjeli, Lisna Bora, Selita, Gjonzaj, Dragina, Sukobina, \u00c7apraj, Brajsha, Rashtisha, Kravari,crna gora,solidarnost,ulcinjanin,ndihm ulqinakut,taxi,radio ulqini,rtv teuta,radio elita,koha javore,pelinku,ulcinj,bolesnik,dy kambet,ja pren,podgorica,koncert humanitar,lajme nga ulqini,Amulli, Shasi, Bojku, Brajsha, Bratica, Darza, Dragaj, Fraskanjeli, Kalimani, Kat\u00ebrkolla, Kosiqi, Kravari, Krytha, Leskoci, Megjure\u00e7i, Brisku, Milla, Mozhura, sukubina, Qurkaj, Rrastisha, Re\u00e7i, Sal\u00e7i,help,\"}]}]}<\/script>\n<!-- \/ Yoast SEO plugin. -->","yoast_head_json":{"title":"Shaqir Elezoviqi nga Ulqini,SOS,ndihm\u00eb,pomoc,ndihm humanitare,solidaritet,Shaqir,elezovic,elezoviq,ulqini,ulqin,mali i zi,Kllezna e Nalt, Kllezna e Poshtme, Krytha, Milla, Kosiqi, Bojku, Suma, Lulejt, Zenelejt Katerkolla, Shasi, Amulli, Fraskanjeli, Lisna Bora, Selita, Gjonzaj, Dragina, Sukobina, \u00c7apraj, Brajsha, Rashtisha, Kravari,crna gora,solidarnost,ulcinjanin,ndihm ulqinakut,taxi,radio ulqini,rtv teuta,radio elita,koha javore,pelinku,ulcinj,bolesnik,dy kambet,ja pren,podgorica,koncert humanitar,lajme nga ulqini,Amulli, Shasi, Bojku, Brajsha, Bratica, Darza, Dragaj, Fraskanjeli, Kalimani, Kat\u00ebrkolla, Kosiqi, Kravari, Krytha, Leskoci, Megjure\u00e7i, Brisku, Milla, Mozhura, sukubina, Qurkaj, Rrastisha, Re\u00e7i, Sal\u00e7i,help, - Lajme nga Ulqini","robots":{"index":"index","follow":"follow","max-snippet":"max-snippet:-1","max-image-preview":"max-image-preview:large","max-video-preview":"max-video-preview:-1"},"canonical":"https:\/\/www.visit-ulcinj.com\/blog\/wp-content\/uploads\/2010\/11\/Shaqir-Elezoviqi-nga-Ulqini.jpg","og_locale":"en_US","og_type":"article","og_title":"Shaqir Elezoviqi nga Ulqini,SOS,ndihm\u00eb,pomoc,ndihm humanitare,solidaritet,Shaqir,elezovic,elezoviq,ulqini,ulqin,mali i zi,Kllezna e Nalt, Kllezna e Poshtme, Krytha, Milla, Kosiqi, Bojku, Suma, Lulejt, Zenelejt Katerkolla, Shasi, Amulli, Fraskanjeli, Lisna Bora, Selita, Gjonzaj, Dragina, Sukobina, \u00c7apraj, Brajsha, Rashtisha, Kravari,crna gora,solidarnost,ulcinjanin,ndihm ulqinakut,taxi,radio ulqini,rtv teuta,radio elita,koha javore,pelinku,ulcinj,bolesnik,dy kambet,ja pren,podgorica,koncert humanitar,lajme nga ulqini,Amulli, Shasi, Bojku, Brajsha, Bratica, Darza, Dragaj, Fraskanjeli, Kalimani, Kat\u00ebrkolla, Kosiqi, Kravari, Krytha, Leskoci, Megjure\u00e7i, Brisku, Milla, Mozhura, sukubina, Qurkaj, Rrastisha, Re\u00e7i, Sal\u00e7i,help, - Lajme nga Ulqini","og_description":"Ndihm\u00eb familjes Elezoviq nga Ulqini T\u00eb nderuar bashk\u00ebatdhetar Ftojm\u00eb gjith\u00eb shqiptar\u00ebt me pun\u00eb dhe q\u00ebndrim n\u00eb diaspor dhe Ulqin, shoqatat, klubet, bashk\u00ebsit\u00eb fetare, intelektual\u00ebt, shoq\u00ebrit\u00eb afariste, firmat shqiptare donator\u00ebt individual e institucional pa dallim moshe, gjinie, krahine e feje q\u00eb t\u00eb kontribuojn\u00eb n\u00eb k\u00ebt\u00eb aksion humanitar p\u00ebr ndihm\u00eb bashk\u00ebatdhetarit t\u00eb jon\u00eb nga Ulqini Shaqir Elezoviqit [&hellip;]","og_url":"https:\/\/www.visit-ulcinj.com\/blog\/wp-content\/uploads\/2010\/11\/Shaqir-Elezoviqi-nga-Ulqini.jpg","og_site_name":"Lajme nga Ulqini","og_image":[{"width":"720","height":"539","url":"https:\/\/www.visit-ulcinj.com\/blog\/wp-content\/uploads\/2010\/11\/Shaqir-Elezoviqi-nga-Ulqini.jpg","type":"image\/jpeg"}],"twitter_misc":{"Est. reading time":"3 minutes"},"schema":{"@context":"https:\/\/schema.org","@graph":[{"@type":"WebSite","@id":"https:\/\/www.visit-ulcinj.com\/blog\/#website","url":"https:\/\/www.visit-ulcinj.com\/blog\/","name":"Lajme nga Ulqini","description":"Lajme,Vijesti,Ulqini,Ulqin,Crna Gora,Mali i Zi","potentialAction":[{"@type":"SearchAction","target":{"@type":"EntryPoint","urlTemplate":"https:\/\/www.visit-ulcinj.com\/blog\/?s={search_term_string}"},"query-input":"required name=search_term_string"}],"inLanguage":"en-US"},{"@type":"WebPage","@id":"https:\/\/www.visit-ulcinj.com\/blog\/wp-content\/uploads\/2010\/11\/Shaqir-Elezoviqi-nga-Ulqini.jpg#webpage","url":"https:\/\/www.visit-ulcinj.com\/blog\/wp-content\/uploads\/2010\/11\/Shaqir-Elezoviqi-nga-Ulqini.jpg","name":"Shaqir Elezoviqi nga Ulqini,SOS,ndihm\u00eb,pomoc,ndihm humanitare,solidaritet,Shaqir,elezovic,elezoviq,ulqini,ulqin,mali i zi,Kllezna e Nalt, Kllezna e Poshtme, Krytha, Milla, Kosiqi, Bojku, Suma, Lulejt, Zenelejt Katerkolla, Shasi, Amulli, Fraskanjeli, Lisna Bora, Selita, Gjonzaj, Dragina, Sukobina, \u00c7apraj, Brajsha, Rashtisha, Kravari,crna gora,solidarnost,ulcinjanin,ndihm ulqinakut,taxi,radio ulqini,rtv teuta,radio elita,koha javore,pelinku,ulcinj,bolesnik,dy kambet,ja pren,podgorica,koncert humanitar,lajme nga ulqini,Amulli, Shasi, Bojku, Brajsha, Bratica, Darza, Dragaj, Fraskanjeli, Kalimani, Kat\u00ebrkolla, Kosiqi, Kravari, Krytha, Leskoci, Megjure\u00e7i, Brisku, Milla, Mozhura, sukubina, Qurkaj, Rrastisha, Re\u00e7i, Sal\u00e7i,help, - Lajme nga Ulqini","isPartOf":{"@id":"https:\/\/www.visit-ulcinj.com\/blog\/#website"},"datePublished":"2010-11-08T13:55:44+00:00","dateModified":"2010-11-08T13:55:44+00:00","breadcrumb":{"@id":"https:\/\/www.visit-ulcinj.com\/blog\/wp-content\/uploads\/2010\/11\/Shaqir-Elezoviqi-nga-Ulqini.jpg#breadcrumb"},"inLanguage":"en-US","potentialAction":[{"@type":"ReadAction","target":["https:\/\/www.visit-ulcinj.com\/blog\/wp-content\/uploads\/2010\/11\/Shaqir-Elezoviqi-nga-Ulqini.jpg"]}]},{"@type":"BreadcrumbList","@id":"https:\/\/www.visit-ulcinj.com\/blog\/wp-content\/uploads\/2010\/11\/Shaqir-Elezoviqi-nga-Ulqini.jpg#breadcrumb","itemListElement":[{"@type":"ListItem","position":1,"name":"Ndihm\u00eb familjes Elezoviq nga Ulqini","item":"https:\/\/www.visit-ulcinj.com\/blog\/2010\/11\/08\/ndihme-familjes-elezoviq-nga-ulqini\/"},{"@type":"ListItem","position":2,"name":"Shaqir Elezoviqi nga Ulqini,SOS,ndihm\u00eb,pomoc,ndihm humanitare,solidaritet,Shaqir,elezovic,elezoviq,ulqini,ulqin,mali i zi,Kllezna e Nalt, Kllezna e Poshtme, Krytha, Milla, Kosiqi, Bojku, Suma, Lulejt, Zenelejt Katerkolla, Shasi, Amulli, Fraskanjeli, Lisna Bora, Selita, Gjonzaj, Dragina, Sukobina, \u00c7apraj, Brajsha, Rashtisha, Kravari,crna gora,solidarnost,ulcinjanin,ndihm ulqinakut,taxi,radio ulqini,rtv teuta,radio elita,koha javore,pelinku,ulcinj,bolesnik,dy kambet,ja pren,podgorica,koncert humanitar,lajme nga ulqini,Amulli, Shasi, Bojku, Brajsha, Bratica, Darza, Dragaj, Fraskanjeli, Kalimani, Kat\u00ebrkolla, Kosiqi, Kravari, Krytha, Leskoci, Megjure\u00e7i, Brisku, Milla, Mozhura, sukubina, Qurkaj, Rrastisha, Re\u00e7i, Sal\u00e7i,help,"}]}]}},"jetpack_sharing_enabled":true,"jetpack_shortlink":"https:\/\/wp.me\/ae6lTn-agy","description":{"rendered":"<p class=\"attachment\"><a href='https:\/\/www.visit-ulcinj.com\/blog\/wp-content\/uploads\/2010\/11\/Shaqir-Elezoviqi-nga-Ulqini.jpg'><img width=\"300\" height=\"224\" src=\"https:\/\/www.visit-ulcinj.com\/blog\/wp-content\/uploads\/2010\/11\/Shaqir-Elezoviqi-nga-Ulqini-300x224.jpg\" class=\"attachment-medium size-medium\" alt=\"\" loading=\"lazy\" srcset=\"https:\/\/www.visit-ulcinj.com\/blog\/wp-content\/uploads\/2010\/11\/Shaqir-Elezoviqi-nga-Ulqini-300x224.jpg 300w, https:\/\/www.visit-ulcinj.com\/blog\/wp-content\/uploads\/2010\/11\/Shaqir-Elezoviqi-nga-Ulqini.jpg 720w\" sizes=\"(max-width: 300px) 100vw, 300px\" \/><\/a><\/p>\n<p>Ndihm\u00eb familjes Elezoviq nga Ulqini<br \/>\nT\u00eb nderuar bashk\u00ebatdhetar<br \/>\nFtojm\u00eb gjith\u00eb shqiptar\u00ebt me pun\u00eb dhe q\u00ebndrim n\u00eb diaspor dhe Ulqin, shoqatat, klubet, bashk\u00ebsit\u00eb fetare, intelektual\u00ebt, shoq\u00ebrit\u00eb afariste, firmat shqiptare donator\u00ebt individual e institucional pa dallim moshe, gjinie, krahine e feje q\u00eb t\u00eb kontribuojn\u00eb n\u00eb k\u00ebt\u00eb aksion humanitar p\u00ebr ndihm\u00eb bashk\u00ebatdhetarit t\u00eb jon\u00eb nga Ulqini Shaqir Elezoviqit (41) babai i 4 femij\u00ebve . Do t\u00eb fillojm\u00eb jav\u00ebn e solidaritetit p\u00ebr grumbullimin e fondeve p\u00ebr t\u00eb ndihmuar Shaqir Elezoviqin dhe familjen e tij\u00eb t\u00eb cil\u00ebt p\u00ebrjetuan shok\u00eb emocianal dhe shpirtnor  gjat\u00eb humbjes t\u00eb dyja k\u00ebmb\u00ebve q\u00eb psoj\u00eb n\u00eb operacion,kurse gjendja sh\u00ebndetsore e Shaqir Elezoviqit ,41 vje\u00e7arit q\u00eb ka  p\u00ebsuar opercion n\u00eb Podgoric\u00eb ku i humbi te dyja k\u00ebmbet,asht\u00eb dobsuar dhe q\u00ebndron n\u00eb gjendje kritike<br \/>\n.<br \/>\nT\u00eb gjitha t\u00eb hollat q\u00eb do t\u00eb mblidhen nga t\u00eb gjith\u00eb bashk\u00ebatdhetar\u00ebt tan ku jan\u00eb, do t\u2019i dedikohen sh\u00ebrimit dhe ndim\u00ebs s\u00eb familjes t\u00eb 41 vje\u00e7arit Shaqir Elezoviqit nga Pelinku.<br \/>\nNe shpresojm\u00eb se qytetar\u00ebt e Ulqinit dhe t\u00eb tjer\u00ebt do t\u00eb jen\u00eb n\u00eb nivel t\u00eb aktiviteteve, n\u00eb nivelin e m\u00ebparsh\u00ebm t\u00eb ndihmave q\u00eb kan\u00eb ofruar edhe p\u00ebr raste t\u00eb tjera dhe do t\u00eb vijn\u00eb n\u00eb k\u00ebt\u00eb familje q\u00eb t\u2019i ndihmojm\u00eb Shaqir Elezoviqin babai i 4 femij\u00ebve.<br \/>\nBesoj edhe ju keni t\u00eb nj\u00ebjtin shqet\u00ebsim se si do t\u00eb b\u00ebhet me familjen e Shaqirit. Kjo k\u00ebrkon nj\u00eb p\u00ebrkushtim m\u00eb afatgjat\u00eb. Ajo familje ka nevoj\u00eb p\u00ebr gjith\u00e7ka; atyre u mungon gjith\u00e7ka \u2013 pa m\u00ebdyshje edhe buka.<\/p>\n<p>Lajme nga Ulqini u b\u00ebn thirrje bashkatdhetar\u00ebve tan\u00eb, jo vet\u00ebm n\u00eb diaspor, por dhe gjith\u00eb atyre q\u00eb kan\u00eb vullnet t\u00eb mir\u00eb, q\u00eb me mjetet tona t\u2019ua leht\u00ebsojm\u00eb v\u00ebshtir\u00ebsit\u00eb  k\u00ebsaj familje, t\u00eb cil\u00ebt k\u00ebto dit\u00eb po kalojn\u00eb nj\u00eb situat\u00eb tep\u00ebr t\u00eb r\u00ebnd\u00eb.<br \/>\nNga stafi drejtues \u00bbLajme nga Ulqini \u00bb shpresojm\u00eb se as k\u00ebsaj here nuk do t\u00eb mungoj\u00eb solidariteti yn\u00eb, ashtu si\u00e7 nuk ka munguar edhe her\u00eb t\u00eb tjera,qoft\u00eb duke ia leht\u00ebsuar varf\u00ebrin\u00eb dikujt, apo dikujt tjet\u00ebr duke i siguruar para p\u00ebr sh\u00ebrim.<\/p>\n<p>Kush d\u00ebshiron t\u00eb ndihmoj n\u00eb mynyr direkte n\u00eb Ulqin,sht\u00ebpia e Shaqir Elezoviqit ku aj\u00eb rrin me qera,asht gjith\u00ebmon e \u00e7elur dhe gjindet vis-vis \u201cMarketit SOLARIS\u201d duke shkuar n\u00eb Plazhin e Madh\u00eb,ku p\u00ebrpara sht\u00ebpis gjendet nj\u00eb Fiat tipo ngjure t\u00eb kalt\u00ebrt.<\/p>\n<p>Jemi gjithashtu t\u00eb mendimit t\u00eb ju furnizom edhe konton e Shaqir Elezoviqit  duke pasur para sysh\u00eb edhe koperimin e familjes s\u00eb tij(babait apo bashk\u00ebshortja),q\u00eb t\u00eb na lajmrohen sa m\u00eb par q\u00eb t\u00eb na furnizojn p\u00ebr bashkatdhetar\u00ebt tan,q\u00eb  kontributin tuaj mund ta jepni duke derdhur mjetet p\u00ebr ndihm\u00eb n\u00eb Gjiro Logarin Bankare n\u00eb Ulqin.<\/p>\n<p>Thon\u00eb se shpresa vdes e fundit, k\u00ebshtu thon\u00eb edhe an\u00ebtar\u00ebt e familjes t\u00eb Shaqir Elezoviqit  duke shpresuar p\u00ebr nj\u00eb t\u00eb ardhme m\u00eb t\u00eb mir. Derisa largohesha nga kjo sht\u00ebpi f\u00ebmij\u00ebt nuk ndalnin duke p\u00ebshp\u00ebritur \u201cathua tash do t\u00eb na sjell ndihma ndokush\u201d<\/p>\n<p>Lajme nga Ulqini<\/p>\n"},"caption":{"rendered":"<p>Ndihm\u00eb familjes Elezoviq nga Ulqini T\u00eb nderuar bashk\u00ebatdhetar Ftojm\u00eb gjith\u00eb shqiptar\u00ebt me pun\u00eb dhe q\u00ebndrim n\u00eb diaspor dhe Ulqin, shoqatat, klubet, bashk\u00ebsit\u00eb fetare, intelektual\u00ebt, shoq\u00ebrit\u00eb afariste, firmat shqiptare donator\u00ebt individual e institucional pa dallim moshe, gjinie, krahine e feje q\u00eb t\u00eb kontribuojn\u00eb n\u00eb k\u00ebt\u00eb aksion humanitar p\u00ebr ndihm\u00eb bashk\u00ebatdhetarit t\u00eb jon\u00eb nga Ulqini Shaqir Elezoviqit [&hellip;]<\/p>\n"},"alt_text":"","media_type":"image","mime_type":"image\/jpeg","media_details":{"width":"720","height":"539","hwstring_small":"height='96' width='128'","file":"2010\/11\/Shaqir-Elezoviqi-nga-Ulqini.jpg","sizes":{"thumbnail":{"file":"Shaqir-Elezoviqi-nga-Ulqini-150x150.jpg","width":"150","height":"150","source_url":"https:\/\/www.visit-ulcinj.com\/blog\/wp-content\/uploads\/2010\/11\/Shaqir-Elezoviqi-nga-Ulqini-150x150.jpg"},"medium":{"file":"Shaqir-Elezoviqi-nga-Ulqini-300x224.jpg","width":"300","height":"224","source_url":"https:\/\/www.visit-ulcinj.com\/blog\/wp-content\/uploads\/2010\/11\/Shaqir-Elezoviqi-nga-Ulqini-300x224.jpg"},"full":{"file":"Shaqir-Elezoviqi-nga-Ulqini.jpg","width":720,"height":539,"mime_type":"image\/jpeg","source_url":"https:\/\/www.visit-ulcinj.com\/blog\/wp-content\/uploads\/2010\/11\/Shaqir-Elezoviqi-nga-Ulqini.jpg"}},"image_meta":{"aperture":"0","credit":"","camera":"","caption":"","created_timestamp":"0","copyright":"","focal_length":"0","iso":"0","shutter_speed":"0","title":""}},"post":39465,"source_url":"https:\/\/www.visit-ulcinj.com\/blog\/wp-content\/uploads\/2010\/11\/Shaqir-Elezoviqi-nga-Ulqini.jpg","_links":{"self":[{"href":"https:\/\/www.visit-ulcinj.com\/blog\/wp-json\/wp\/v2\/media\/39466"}],"collection":[{"href":"https:\/\/www.visit-ulcinj.com\/blog\/wp-json\/wp\/v2\/media"}],"about":[{"href":"https:\/\/www.visit-ulcinj.com\/blog\/wp-json\/wp\/v2\/types\/attachment"}],"author":[{"embeddable":true,"href":"https:\/\/www.visit-ulcinj.com\/blog\/wp-json\/wp\/v2\/users\/1"}],"replies":[{"embeddable":true,"href":"https:\/\/www.visit-ulcinj.com\/blog\/wp-json\/wp\/v2\/comments?post=39466"}]}}