{"id":51757,"date":"2011-10-04T12:03:44","date_gmt":"2011-10-04T11:03:44","guid":{"rendered":"http:\/\/www.visit-ulcinj.com\/blog\/wp-content\/uploads\/2011\/10\/Universiteti-Luigj-Gurakuqi_1.jpg"},"modified":"2011-10-04T12:03:44","modified_gmt":"2011-10-04T11:03:44","slug":"universiteti-luigj-gurakuqi_1","status":"inherit","type":"attachment","link":"https:\/\/www.visit-ulcinj.com\/blog\/2011\/10\/04\/apel-univerzitetit-luigj-gurakuqi-shkoder\/universiteti-luigj-gurakuqi_1\/","title":{"rendered":"Universiteti Luigj Gurakuqi_1"},"author":1,"comment_status":"open","ping_status":"closed","template":"","meta":{"spay_email":""},"yoast_head":"<!-- This site is optimized with the Yoast SEO plugin v19.1 - https:\/\/yoast.com\/wordpress\/plugins\/seo\/ -->\n<title>Universiteti Luigj Gurakuqi_1 - Lajme nga Ulqini<\/title>\n<meta name=\"robots\" content=\"index, follow, max-snippet:-1, max-image-preview:large, max-video-preview:-1\" \/>\n<link rel=\"canonical\" href=\"https:\/\/www.visit-ulcinj.com\/blog\/wp-content\/uploads\/2011\/10\/Universiteti-Luigj-Gurakuqi_1.jpg\" \/>\n<meta property=\"og:locale\" content=\"en_US\" \/>\n<meta property=\"og:type\" content=\"article\" \/>\n<meta property=\"og:title\" content=\"Universiteti Luigj Gurakuqi_1 - Lajme nga Ulqini\" \/>\n<meta property=\"og:description\" content=\"UNIVESITETIT LUIGJ GURAKUQI Rektori Artan Harxhi SHKOD\u00cbR I nderuar prof. Harxhi, Duke iu d\u00ebrguar p\u00ebrsh\u00ebndetjet e mija t\u00eb sinqerta, m\u00eb lejoni t\u00eb shpreh nj\u00eb shqet\u00ebsim i cili \u00ebsht\u00eb prezent k\u00ebto dit\u00eb n\u00eb rradh\u00ebt e t\u00eb rinjve nga Ulqini e q\u00eb ka t\u00eb b\u00ebj\u00eb me regjistrimin e tyre n\u00eb Universitetin,, Luigj Gurakuqi,, Dihet, q\u00eb t\u00eb rinjt\u00eb [&hellip;]\" \/>\n<meta property=\"og:url\" content=\"https:\/\/www.visit-ulcinj.com\/blog\/wp-content\/uploads\/2011\/10\/Universiteti-Luigj-Gurakuqi_1.jpg\" \/>\n<meta property=\"og:site_name\" content=\"Lajme nga Ulqini\" \/>\n<meta property=\"og:image\" content=\"https:\/\/www.visit-ulcinj.com\/blog\/wp-content\/uploads\/2011\/10\/Universiteti-Luigj-Gurakuqi_1.jpg\" \/>\n\t<meta property=\"og:image:width\" content=\"508\" \/>\n\t<meta property=\"og:image:height\" content=\"128\" \/>\n\t<meta property=\"og:image:type\" content=\"image\/jpeg\" \/>\n<meta name=\"twitter:label1\" content=\"Est. reading time\" \/>\n\t<meta name=\"twitter:data1\" content=\"1 minute\" \/>\n<script type=\"application\/ld+json\" class=\"yoast-schema-graph\">{\"@context\":\"https:\/\/schema.org\",\"@graph\":[{\"@type\":\"WebSite\",\"@id\":\"https:\/\/www.visit-ulcinj.com\/blog\/#website\",\"url\":\"https:\/\/www.visit-ulcinj.com\/blog\/\",\"name\":\"Lajme nga Ulqini\",\"description\":\"Lajme,Vijesti,Ulqini,Ulqin,Crna Gora,Mali i Zi\",\"potentialAction\":[{\"@type\":\"SearchAction\",\"target\":{\"@type\":\"EntryPoint\",\"urlTemplate\":\"https:\/\/www.visit-ulcinj.com\/blog\/?s={search_term_string}\"},\"query-input\":\"required name=search_term_string\"}],\"inLanguage\":\"en-US\"},{\"@type\":\"WebPage\",\"@id\":\"https:\/\/www.visit-ulcinj.com\/blog\/wp-content\/uploads\/2011\/10\/Universiteti-Luigj-Gurakuqi_1.jpg#webpage\",\"url\":\"https:\/\/www.visit-ulcinj.com\/blog\/wp-content\/uploads\/2011\/10\/Universiteti-Luigj-Gurakuqi_1.jpg\",\"name\":\"Universiteti Luigj Gurakuqi_1 - Lajme nga Ulqini\",\"isPartOf\":{\"@id\":\"https:\/\/www.visit-ulcinj.com\/blog\/#website\"},\"datePublished\":\"2011-10-04T11:03:44+00:00\",\"dateModified\":\"2011-10-04T11:03:44+00:00\",\"breadcrumb\":{\"@id\":\"https:\/\/www.visit-ulcinj.com\/blog\/wp-content\/uploads\/2011\/10\/Universiteti-Luigj-Gurakuqi_1.jpg#breadcrumb\"},\"inLanguage\":\"en-US\",\"potentialAction\":[{\"@type\":\"ReadAction\",\"target\":[\"https:\/\/www.visit-ulcinj.com\/blog\/wp-content\/uploads\/2011\/10\/Universiteti-Luigj-Gurakuqi_1.jpg\"]}]},{\"@type\":\"BreadcrumbList\",\"@id\":\"https:\/\/www.visit-ulcinj.com\/blog\/wp-content\/uploads\/2011\/10\/Universiteti-Luigj-Gurakuqi_1.jpg#breadcrumb\",\"itemListElement\":[{\"@type\":\"ListItem\",\"position\":1,\"name\":\"Apel Univerzitetit Luigj Gurakuqi Shkod\u00ebr\",\"item\":\"https:\/\/www.visit-ulcinj.com\/blog\/2011\/10\/04\/apel-univerzitetit-luigj-gurakuqi-shkoder\/\"},{\"@type\":\"ListItem\",\"position\":2,\"name\":\"Universiteti Luigj Gurakuqi_1\"}]}]}<\/script>\n<!-- \/ Yoast SEO plugin. -->","yoast_head_json":{"title":"Universiteti Luigj Gurakuqi_1 - Lajme nga Ulqini","robots":{"index":"index","follow":"follow","max-snippet":"max-snippet:-1","max-image-preview":"max-image-preview:large","max-video-preview":"max-video-preview:-1"},"canonical":"https:\/\/www.visit-ulcinj.com\/blog\/wp-content\/uploads\/2011\/10\/Universiteti-Luigj-Gurakuqi_1.jpg","og_locale":"en_US","og_type":"article","og_title":"Universiteti Luigj Gurakuqi_1 - Lajme nga Ulqini","og_description":"UNIVESITETIT LUIGJ GURAKUQI Rektori Artan Harxhi SHKOD\u00cbR I nderuar prof. Harxhi, Duke iu d\u00ebrguar p\u00ebrsh\u00ebndetjet e mija t\u00eb sinqerta, m\u00eb lejoni t\u00eb shpreh nj\u00eb shqet\u00ebsim i cili \u00ebsht\u00eb prezent k\u00ebto dit\u00eb n\u00eb rradh\u00ebt e t\u00eb rinjve nga Ulqini e q\u00eb ka t\u00eb b\u00ebj\u00eb me regjistrimin e tyre n\u00eb Universitetin,, Luigj Gurakuqi,, Dihet, q\u00eb t\u00eb rinjt\u00eb [&hellip;]","og_url":"https:\/\/www.visit-ulcinj.com\/blog\/wp-content\/uploads\/2011\/10\/Universiteti-Luigj-Gurakuqi_1.jpg","og_site_name":"Lajme nga Ulqini","og_image":[{"width":"508","height":"128","url":"https:\/\/www.visit-ulcinj.com\/blog\/wp-content\/uploads\/2011\/10\/Universiteti-Luigj-Gurakuqi_1.jpg","type":"image\/jpeg"}],"twitter_misc":{"Est. reading time":"1 minute"},"schema":{"@context":"https:\/\/schema.org","@graph":[{"@type":"WebSite","@id":"https:\/\/www.visit-ulcinj.com\/blog\/#website","url":"https:\/\/www.visit-ulcinj.com\/blog\/","name":"Lajme nga Ulqini","description":"Lajme,Vijesti,Ulqini,Ulqin,Crna Gora,Mali i Zi","potentialAction":[{"@type":"SearchAction","target":{"@type":"EntryPoint","urlTemplate":"https:\/\/www.visit-ulcinj.com\/blog\/?s={search_term_string}"},"query-input":"required name=search_term_string"}],"inLanguage":"en-US"},{"@type":"WebPage","@id":"https:\/\/www.visit-ulcinj.com\/blog\/wp-content\/uploads\/2011\/10\/Universiteti-Luigj-Gurakuqi_1.jpg#webpage","url":"https:\/\/www.visit-ulcinj.com\/blog\/wp-content\/uploads\/2011\/10\/Universiteti-Luigj-Gurakuqi_1.jpg","name":"Universiteti Luigj Gurakuqi_1 - Lajme nga Ulqini","isPartOf":{"@id":"https:\/\/www.visit-ulcinj.com\/blog\/#website"},"datePublished":"2011-10-04T11:03:44+00:00","dateModified":"2011-10-04T11:03:44+00:00","breadcrumb":{"@id":"https:\/\/www.visit-ulcinj.com\/blog\/wp-content\/uploads\/2011\/10\/Universiteti-Luigj-Gurakuqi_1.jpg#breadcrumb"},"inLanguage":"en-US","potentialAction":[{"@type":"ReadAction","target":["https:\/\/www.visit-ulcinj.com\/blog\/wp-content\/uploads\/2011\/10\/Universiteti-Luigj-Gurakuqi_1.jpg"]}]},{"@type":"BreadcrumbList","@id":"https:\/\/www.visit-ulcinj.com\/blog\/wp-content\/uploads\/2011\/10\/Universiteti-Luigj-Gurakuqi_1.jpg#breadcrumb","itemListElement":[{"@type":"ListItem","position":1,"name":"Apel Univerzitetit Luigj Gurakuqi Shkod\u00ebr","item":"https:\/\/www.visit-ulcinj.com\/blog\/2011\/10\/04\/apel-univerzitetit-luigj-gurakuqi-shkoder\/"},{"@type":"ListItem","position":2,"name":"Universiteti Luigj Gurakuqi_1"}]}]}},"jetpack_sharing_enabled":true,"jetpack_shortlink":"https:\/\/wp.me\/ae6lTn-dsN","description":{"rendered":"<p class=\"attachment\"><a href='https:\/\/www.visit-ulcinj.com\/blog\/wp-content\/uploads\/2011\/10\/Universiteti-Luigj-Gurakuqi_1.jpg'><img width=\"300\" height=\"75\" src=\"https:\/\/www.visit-ulcinj.com\/blog\/wp-content\/uploads\/2011\/10\/Universiteti-Luigj-Gurakuqi_1-300x75.jpg\" class=\"attachment-medium size-medium\" alt=\"\" loading=\"lazy\" srcset=\"https:\/\/www.visit-ulcinj.com\/blog\/wp-content\/uploads\/2011\/10\/Universiteti-Luigj-Gurakuqi_1-300x75.jpg 300w, https:\/\/www.visit-ulcinj.com\/blog\/wp-content\/uploads\/2011\/10\/Universiteti-Luigj-Gurakuqi_1.jpg 508w\" sizes=\"(max-width: 300px) 100vw, 300px\" \/><\/a><\/p>\n<p>UNIVESITETIT LUIGJ GURAKUQI<br \/>\nRektori Artan Harxhi<\/p>\n<p>SHKOD\u00cbR<\/p>\n<p>I nderuar prof. Harxhi,<\/p>\n<p>Duke iu d\u00ebrguar p\u00ebrsh\u00ebndetjet e mija t\u00eb sinqerta, m\u00eb lejoni t\u00eb shpreh nj\u00eb shqet\u00ebsim i cili \u00ebsht\u00eb prezent k\u00ebto dit\u00eb n\u00eb rradh\u00ebt e t\u00eb rinjve nga Ulqini e q\u00eb ka t\u00eb b\u00ebj\u00eb me regjistrimin e tyre n\u00eb Universitetin,, Luigj Gurakuqi,,<\/p>\n<p>Dihet, q\u00eb t\u00eb rinjt\u00eb tan\u00eb p\u00ebrher\u00eb kan\u00eb hasur n\u00eb p\u00ebrkrahjen e Universitetit tuaj e n\u00eb baz\u00eb t\u00eb kuotave t\u00eb lejuara ata \u00e7do her\u00eb jan\u00eb regjistruar n\u00eb departamentet ku kan\u00eb d\u00ebshiruar mir\u00ebpo, k\u00ebt\u00eb vit p\u00ebr t\u00eb par\u00ebn her\u00eb ata duhet t\u00eb konkurojn\u00eb barabart\u00eb si t\u00eb gjith\u00eb studet\u00ebt e tjer\u00eb.<\/p>\n<p>Kjo gj\u00eb ka qen\u00eb e papritur p\u00ebr ta andaj  ne rradh\u00ebt e tyre ekziston doz\u00eb droaje se do t\u00eb mbesin pa u regjistruar.<\/p>\n<p>K\u00ebrkojm\u00eb ndihm\u00ebn tuaj me qellim t\u00eb zgjidhjes s\u00eb problemit. Ne i jemi drejtuar me shkres\u00eb dhe Ministrit t\u00eb ar\u00ebsimit e jemi t\u00eb bindur q\u00eb p\u00ebrkrahja nuk do t\u00eb mungoj\u00eb.<br \/>\nJam m\u00ebse i bindur q\u00eb edhe k\u00ebt\u00eb radh\u00eb ndihma juaj nuk do t\u00eb t\u00eb mungoj\u00eb. Mbetemi n\u00eb kontakt dhe ju shpreh konsideratat e mija t\u00eb sinqerta.<\/p>\n<p>Me nderime,<\/p>\n<p>   KRYETARI<br \/>\n Nazif Cungu<\/p>\n"},"caption":{"rendered":"<p>UNIVESITETIT LUIGJ GURAKUQI Rektori Artan Harxhi SHKOD\u00cbR I nderuar prof. Harxhi, Duke iu d\u00ebrguar p\u00ebrsh\u00ebndetjet e mija t\u00eb sinqerta, m\u00eb lejoni t\u00eb shpreh nj\u00eb shqet\u00ebsim i cili \u00ebsht\u00eb prezent k\u00ebto dit\u00eb n\u00eb rradh\u00ebt e t\u00eb rinjve nga Ulqini e q\u00eb ka t\u00eb b\u00ebj\u00eb me regjistrimin e tyre n\u00eb Universitetin,, Luigj Gurakuqi,, Dihet, q\u00eb t\u00eb rinjt\u00eb [&hellip;]<\/p>\n"},"alt_text":"","media_type":"image","mime_type":"image\/jpeg","media_details":{"width":"508","height":"128","hwstring_small":"height='32' width='128'","file":"2011\/10\/Universiteti-Luigj-Gurakuqi_1.jpg","sizes":{"thumbnail":{"file":"Universiteti-Luigj-Gurakuqi_1-150x128.jpg","width":"150","height":"128","source_url":"https:\/\/www.visit-ulcinj.com\/blog\/wp-content\/uploads\/2011\/10\/Universiteti-Luigj-Gurakuqi_1-150x128.jpg"},"medium":{"file":"Universiteti-Luigj-Gurakuqi_1-300x75.jpg","width":"300","height":"75","source_url":"https:\/\/www.visit-ulcinj.com\/blog\/wp-content\/uploads\/2011\/10\/Universiteti-Luigj-Gurakuqi_1-300x75.jpg"},"full":{"file":"Universiteti-Luigj-Gurakuqi_1.jpg","width":508,"height":128,"mime_type":"image\/jpeg","source_url":"https:\/\/www.visit-ulcinj.com\/blog\/wp-content\/uploads\/2011\/10\/Universiteti-Luigj-Gurakuqi_1.jpg"}},"image_meta":{"aperture":"0","credit":"","camera":"","caption":"","created_timestamp":"0","copyright":"","focal_length":"0","iso":"0","shutter_speed":"0","title":""}},"post":51756,"source_url":"https:\/\/www.visit-ulcinj.com\/blog\/wp-content\/uploads\/2011\/10\/Universiteti-Luigj-Gurakuqi_1.jpg","_links":{"self":[{"href":"https:\/\/www.visit-ulcinj.com\/blog\/wp-json\/wp\/v2\/media\/51757"}],"collection":[{"href":"https:\/\/www.visit-ulcinj.com\/blog\/wp-json\/wp\/v2\/media"}],"about":[{"href":"https:\/\/www.visit-ulcinj.com\/blog\/wp-json\/wp\/v2\/types\/attachment"}],"author":[{"embeddable":true,"href":"https:\/\/www.visit-ulcinj.com\/blog\/wp-json\/wp\/v2\/users\/1"}],"replies":[{"embeddable":true,"href":"https:\/\/www.visit-ulcinj.com\/blog\/wp-json\/wp\/v2\/comments?post=51757"}]}}