{"id":52450,"date":"2011-10-28T18:20:23","date_gmt":"2011-10-28T17:20:23","guid":{"rendered":"http:\/\/www.visit-ulcinj.com\/blog\/wp-content\/uploads\/2011\/10\/SINISHTAJ_BARDHI.jpg"},"modified":"2011-10-28T18:20:23","modified_gmt":"2011-10-28T17:20:23","slug":"sinishtaj_bardhi","status":"inherit","type":"attachment","link":"https:\/\/www.visit-ulcinj.com\/blog\/2011\/10\/28\/sinishtaj-podgorica-te-gjeje-zgjidhje-per-pensionistet-e-kosoves\/sinishtaj_bardhi\/","title":{"rendered":"SINISHTAJ_BARDHI"},"author":1,"comment_status":"open","ping_status":"closed","template":"","meta":{"spay_email":""},"yoast_head":"<!-- This site is optimized with the Yoast SEO plugin v19.1 - https:\/\/yoast.com\/wordpress\/plugins\/seo\/ -->\n<title>SINISHTAJ_BARDHI - Lajme nga Ulqini<\/title>\n<meta name=\"robots\" content=\"index, follow, max-snippet:-1, max-image-preview:large, max-video-preview:-1\" \/>\n<link rel=\"canonical\" href=\"https:\/\/www.visit-ulcinj.com\/blog\/wp-content\/uploads\/2011\/10\/SINISHTAJ_BARDHI.jpg\" \/>\n<meta property=\"og:locale\" content=\"en_US\" \/>\n<meta property=\"og:type\" content=\"article\" \/>\n<meta property=\"og:title\" content=\"SINISHTAJ_BARDHI - Lajme nga Ulqini\" \/>\n<meta property=\"og:description\" content=\"Podgoric\u00eb, 28 tetor &#8211; Kryetari i klubit t\u00eb deputet\u00ebve shqiptar\u00eb n\u00eb Parlamentin e Malit t\u00eb Zi, Vasel Sinishtaj, ka alarmuar deputet\u00ebt edhe Qeverin\u00eb e k\u00ebtij vendi se ish-t\u00eb pun\u00ebsuarit n\u00eb nd\u00ebrmarrjet e Kosov\u00ebs, p\u00ebrkat\u00ebsisht n\u00eb filialat e ekspoziturat e tyre n\u00eb Mal t\u00eb Zi, jan\u00eb n\u00eb gjendje jasht\u00ebzakonisht t\u00eb r\u00ebnd\u00eb sociale dhe ekonomike. \u201cEdhe pse [&hellip;]\" \/>\n<meta property=\"og:url\" content=\"https:\/\/www.visit-ulcinj.com\/blog\/wp-content\/uploads\/2011\/10\/SINISHTAJ_BARDHI.jpg\" \/>\n<meta property=\"og:site_name\" content=\"Lajme nga Ulqini\" \/>\n<meta property=\"og:image\" content=\"https:\/\/www.visit-ulcinj.com\/blog\/wp-content\/uploads\/2011\/10\/SINISHTAJ_BARDHI.jpg\" \/>\n\t<meta property=\"og:image:width\" content=\"490\" \/>\n\t<meta property=\"og:image:height\" content=\"321\" \/>\n\t<meta property=\"og:image:type\" content=\"image\/jpeg\" \/>\n<meta name=\"twitter:label1\" content=\"Est. reading time\" \/>\n\t<meta name=\"twitter:data1\" content=\"2 minutes\" \/>\n<script type=\"application\/ld+json\" class=\"yoast-schema-graph\">{\"@context\":\"https:\/\/schema.org\",\"@graph\":[{\"@type\":\"WebSite\",\"@id\":\"https:\/\/www.visit-ulcinj.com\/blog\/#website\",\"url\":\"https:\/\/www.visit-ulcinj.com\/blog\/\",\"name\":\"Lajme nga Ulqini\",\"description\":\"Lajme,Vijesti,Ulqini,Ulqin,Crna Gora,Mali i Zi\",\"potentialAction\":[{\"@type\":\"SearchAction\",\"target\":{\"@type\":\"EntryPoint\",\"urlTemplate\":\"https:\/\/www.visit-ulcinj.com\/blog\/?s={search_term_string}\"},\"query-input\":\"required name=search_term_string\"}],\"inLanguage\":\"en-US\"},{\"@type\":\"WebPage\",\"@id\":\"https:\/\/www.visit-ulcinj.com\/blog\/wp-content\/uploads\/2011\/10\/SINISHTAJ_BARDHI.jpg#webpage\",\"url\":\"https:\/\/www.visit-ulcinj.com\/blog\/wp-content\/uploads\/2011\/10\/SINISHTAJ_BARDHI.jpg\",\"name\":\"SINISHTAJ_BARDHI - Lajme nga Ulqini\",\"isPartOf\":{\"@id\":\"https:\/\/www.visit-ulcinj.com\/blog\/#website\"},\"datePublished\":\"2011-10-28T17:20:23+00:00\",\"dateModified\":\"2011-10-28T17:20:23+00:00\",\"breadcrumb\":{\"@id\":\"https:\/\/www.visit-ulcinj.com\/blog\/wp-content\/uploads\/2011\/10\/SINISHTAJ_BARDHI.jpg#breadcrumb\"},\"inLanguage\":\"en-US\",\"potentialAction\":[{\"@type\":\"ReadAction\",\"target\":[\"https:\/\/www.visit-ulcinj.com\/blog\/wp-content\/uploads\/2011\/10\/SINISHTAJ_BARDHI.jpg\"]}]},{\"@type\":\"BreadcrumbList\",\"@id\":\"https:\/\/www.visit-ulcinj.com\/blog\/wp-content\/uploads\/2011\/10\/SINISHTAJ_BARDHI.jpg#breadcrumb\",\"itemListElement\":[{\"@type\":\"ListItem\",\"position\":1,\"name\":\"Sinishtaj: Podgorica t\u00eb gjej\u00eb zgjidhje p\u00ebr pensionist\u00ebt e Kosov\u00ebs\",\"item\":\"https:\/\/www.visit-ulcinj.com\/blog\/2011\/10\/28\/sinishtaj-podgorica-te-gjeje-zgjidhje-per-pensionistet-e-kosoves\/\"},{\"@type\":\"ListItem\",\"position\":2,\"name\":\"SINISHTAJ_BARDHI\"}]}]}<\/script>\n<!-- \/ Yoast SEO plugin. -->","yoast_head_json":{"title":"SINISHTAJ_BARDHI - Lajme nga Ulqini","robots":{"index":"index","follow":"follow","max-snippet":"max-snippet:-1","max-image-preview":"max-image-preview:large","max-video-preview":"max-video-preview:-1"},"canonical":"https:\/\/www.visit-ulcinj.com\/blog\/wp-content\/uploads\/2011\/10\/SINISHTAJ_BARDHI.jpg","og_locale":"en_US","og_type":"article","og_title":"SINISHTAJ_BARDHI - Lajme nga Ulqini","og_description":"Podgoric\u00eb, 28 tetor &#8211; Kryetari i klubit t\u00eb deputet\u00ebve shqiptar\u00eb n\u00eb Parlamentin e Malit t\u00eb Zi, Vasel Sinishtaj, ka alarmuar deputet\u00ebt edhe Qeverin\u00eb e k\u00ebtij vendi se ish-t\u00eb pun\u00ebsuarit n\u00eb nd\u00ebrmarrjet e Kosov\u00ebs, p\u00ebrkat\u00ebsisht n\u00eb filialat e ekspoziturat e tyre n\u00eb Mal t\u00eb Zi, jan\u00eb n\u00eb gjendje jasht\u00ebzakonisht t\u00eb r\u00ebnd\u00eb sociale dhe ekonomike. \u201cEdhe pse [&hellip;]","og_url":"https:\/\/www.visit-ulcinj.com\/blog\/wp-content\/uploads\/2011\/10\/SINISHTAJ_BARDHI.jpg","og_site_name":"Lajme nga Ulqini","og_image":[{"width":"490","height":"321","url":"https:\/\/www.visit-ulcinj.com\/blog\/wp-content\/uploads\/2011\/10\/SINISHTAJ_BARDHI.jpg","type":"image\/jpeg"}],"twitter_misc":{"Est. reading time":"2 minutes"},"schema":{"@context":"https:\/\/schema.org","@graph":[{"@type":"WebSite","@id":"https:\/\/www.visit-ulcinj.com\/blog\/#website","url":"https:\/\/www.visit-ulcinj.com\/blog\/","name":"Lajme nga Ulqini","description":"Lajme,Vijesti,Ulqini,Ulqin,Crna Gora,Mali i Zi","potentialAction":[{"@type":"SearchAction","target":{"@type":"EntryPoint","urlTemplate":"https:\/\/www.visit-ulcinj.com\/blog\/?s={search_term_string}"},"query-input":"required name=search_term_string"}],"inLanguage":"en-US"},{"@type":"WebPage","@id":"https:\/\/www.visit-ulcinj.com\/blog\/wp-content\/uploads\/2011\/10\/SINISHTAJ_BARDHI.jpg#webpage","url":"https:\/\/www.visit-ulcinj.com\/blog\/wp-content\/uploads\/2011\/10\/SINISHTAJ_BARDHI.jpg","name":"SINISHTAJ_BARDHI - Lajme nga Ulqini","isPartOf":{"@id":"https:\/\/www.visit-ulcinj.com\/blog\/#website"},"datePublished":"2011-10-28T17:20:23+00:00","dateModified":"2011-10-28T17:20:23+00:00","breadcrumb":{"@id":"https:\/\/www.visit-ulcinj.com\/blog\/wp-content\/uploads\/2011\/10\/SINISHTAJ_BARDHI.jpg#breadcrumb"},"inLanguage":"en-US","potentialAction":[{"@type":"ReadAction","target":["https:\/\/www.visit-ulcinj.com\/blog\/wp-content\/uploads\/2011\/10\/SINISHTAJ_BARDHI.jpg"]}]},{"@type":"BreadcrumbList","@id":"https:\/\/www.visit-ulcinj.com\/blog\/wp-content\/uploads\/2011\/10\/SINISHTAJ_BARDHI.jpg#breadcrumb","itemListElement":[{"@type":"ListItem","position":1,"name":"Sinishtaj: Podgorica t\u00eb gjej\u00eb zgjidhje p\u00ebr pensionist\u00ebt e Kosov\u00ebs","item":"https:\/\/www.visit-ulcinj.com\/blog\/2011\/10\/28\/sinishtaj-podgorica-te-gjeje-zgjidhje-per-pensionistet-e-kosoves\/"},{"@type":"ListItem","position":2,"name":"SINISHTAJ_BARDHI"}]}]}},"jetpack_sharing_enabled":true,"jetpack_shortlink":"https:\/\/wp.me\/ae6lTn-dDY","description":{"rendered":"<p class=\"attachment\"><a href='https:\/\/www.visit-ulcinj.com\/blog\/wp-content\/uploads\/2011\/10\/SINISHTAJ_BARDHI.jpg'><img width=\"300\" height=\"196\" src=\"https:\/\/www.visit-ulcinj.com\/blog\/wp-content\/uploads\/2011\/10\/SINISHTAJ_BARDHI-300x196.jpg\" class=\"attachment-medium size-medium\" alt=\"\" loading=\"lazy\" srcset=\"https:\/\/www.visit-ulcinj.com\/blog\/wp-content\/uploads\/2011\/10\/SINISHTAJ_BARDHI-300x196.jpg 300w, https:\/\/www.visit-ulcinj.com\/blog\/wp-content\/uploads\/2011\/10\/SINISHTAJ_BARDHI.jpg 490w\" sizes=\"(max-width: 300px) 100vw, 300px\" \/><\/a><\/p>\n<p>Podgoric\u00eb, 28 tetor &#8211; Kryetari i klubit t\u00eb deputet\u00ebve shqiptar\u00eb n\u00eb Parlamentin e Malit t\u00eb Zi, Vasel Sinishtaj, ka alarmuar deputet\u00ebt edhe Qeverin\u00eb e k\u00ebtij vendi se ish-t\u00eb pun\u00ebsuarit n\u00eb nd\u00ebrmarrjet e Kosov\u00ebs, p\u00ebrkat\u00ebsisht n\u00eb filialat e ekspoziturat e tyre n\u00eb Mal t\u00eb Zi, jan\u00eb n\u00eb gjendje jasht\u00ebzakonisht t\u00eb r\u00ebnd\u00eb sociale dhe ekonomike.<\/p>\n<p> \u201cEdhe pse ata n\u00eb nd\u00ebrmarrjet kosovare kan\u00eb kaluar karrier\u00ebn e tyre t\u00eb pun\u00ebs, nga 20 deri n\u00eb 40 vjet, nuk mund t\u00eb realizojn\u00eb pensionet e merituara. N\u00eb Kosov\u00eb p\u00ebr t\u00eb marr\u00eb 40 euro pension duhet t\u00eb disponojn\u00eb dokumentat personale t\u00eb l\u00ebshuara n\u00eb Republik\u00ebn e Kosov\u00ebs, por kjo \u00ebsht\u00eb e pamundur sepse ata jan\u00eb shtetas t\u00eb Malit t\u00eb Zi\u201d, theksoi Sinishtaj n\u00eb foltoren e Parlamentit t\u00eb Malit t\u00eb Zi, njofton KosovaLive.<\/p>\n<p>N\u00eb k\u00ebt\u00eb nd\u00ebrlidhje, ministri malazias i Pun\u00ebs dhe Mir\u00ebqenies Sociale, Suad Numanoviq, tha se \u00e7\u00ebshtja e pensioneve p\u00ebr k\u00ebta persona do t\u00eb realizohet me nj\u00eb marr\u00ebveshje reciproke q\u00eb do t\u00eb b\u00ebhet n\u00eb t\u00eb ardhmen. Ai shtoi se deri m\u00eb tash k\u00ebt\u00eb \u00e7\u00ebshtje nuk e ka inicuar asnj\u00eb institucion.<\/p>\n<p>Nd\u00ebrkaq, Sinishtaj iu kund\u00ebrp\u00ebrgjigj ministrit Numanoviq, duke th\u00ebn\u00eb se k\u00ebrkes\u00ebn p\u00ebr t\u00eb zgjidhur k\u00ebt\u00eb \u00e7\u00ebshtje shum\u00eb t\u00eb ndjeshme ia kan\u00eb dor\u00ebzuar n\u00eb form\u00eb t\u00eb shkruar deputet\u00ebt shqiptar\u00eb dhe p\u00ebrfaq\u00ebsuesi i list\u00ebs s\u00eb ish- t\u00eb pun\u00ebsuarve t\u00eb Kosov\u00ebs n\u00eb koh\u00ebrat e ish- Jugosllavis\u00eb, me t\u00eb cil\u00ebn l\u00ebnd\u00eb \u00ebsht\u00eb informuar Ministria mbi t\u00eb Drejtat e Njeriut dhe Pakicave, Ministria e jashtme e Malit t\u00eb Zi, K\u00ebshilli Nacional i Shqiptar\u00ebve, por nuk \u00ebsht\u00eb nd\u00ebrmarr\u00eb asnj\u00eb hap deri m\u00eb tash.<\/p>\n<p>\u201dMbi t\u00eb 80 p\u00ebr qind t\u00eb k\u00ebtyre personave, jan\u00eb njer\u00ebz t\u00eb cil\u00ebt i kan\u00eb dh\u00ebn\u00eb kontributin m\u00eb t\u00eb madh kultur\u00ebs, shkenc\u00ebs, artit, let\u00ebrsis\u00eb, arsimit dhe sh\u00ebndet\u00ebsis\u00eb shqiptare n\u00eb Mal t\u00eb Zi. Kjo \u00e7\u00ebshtje duhet t\u00eb zgjidhet papritur, qoft\u00eb p\u00ebrkoh\u00ebsisht n\u00eb Mal t\u00eb Zi derisa t\u00eb n\u00ebnshkruhet marr\u00ebveshja me Prishtin\u00ebn\u201d, n\u00ebnvizon Sinishtaj.<\/p>\n<p>Nd\u00ebrkoh\u00eb, Podgorica rreth zgjidhjes s\u00eb \u00e7\u00ebshtjes s\u00eb pensioneve ka arritur me Kroacin\u00eb, Serbin\u00eb, Bosnj\u00eb e Hercegovin\u00ebn, Maqedonin\u00eb. Mendoj se \u00ebsht\u00eb e paarsyeshme zvarritja e k\u00ebsaj \u00e7\u00ebshtje me Prishtin\u00ebn. Duke pritur pensionet, shum\u00eb veta t\u00eb k\u00ebsaj kategorie t\u00eb shtetasve t\u00eb Malit t\u00eb Zi, kan\u00eb vdekur. Pra, \u00ebsht\u00eb edhe \u00e7\u00ebshtje humane q\u00eb k\u00ebtyre njer\u00ebzve t&#8217;u sigurohen pensionet p\u00ebr vitet e kaluara t\u00eb karrier\u00ebs s\u00eb pun\u00ebs n\u00eb nd\u00ebrmarrjet kosovare q\u00eb n\u00eb vitet 60 t\u00eb shekullit t\u00eb kaluar.<\/p>\n<p>KOHA NET<br \/>\nsastanak Maurer Opozicija <\/p>\n<p>Velizar Kaludjerovic<\/p>\n<p>Mehmet Bardhi<\/p>\n<p>Vaselj Sinistaj<\/p>\n<p>&#8212;&#8212;<\/p>\n<p>Politika na 3 stupca, samo dvojicu desnih, lijevofga okini<\/p>\n"},"caption":{"rendered":"<p>Podgoric\u00eb, 28 tetor &#8211; Kryetari i klubit t\u00eb deputet\u00ebve shqiptar\u00eb n\u00eb Parlamentin e Malit t\u00eb Zi, Vasel Sinishtaj, ka alarmuar deputet\u00ebt edhe Qeverin\u00eb e k\u00ebtij vendi se ish-t\u00eb pun\u00ebsuarit n\u00eb nd\u00ebrmarrjet e Kosov\u00ebs, p\u00ebrkat\u00ebsisht n\u00eb filialat e ekspoziturat e tyre n\u00eb Mal t\u00eb Zi, jan\u00eb n\u00eb gjendje jasht\u00ebzakonisht t\u00eb r\u00ebnd\u00eb sociale dhe ekonomike. \u201cEdhe pse [&hellip;]<\/p>\n"},"alt_text":"","media_type":"image","mime_type":"image\/jpeg","media_details":{"width":"490","height":"321","hwstring_small":"height='83' width='128'","file":"2011\/10\/SINISHTAJ_BARDHI.jpg","sizes":{"thumbnail":{"file":"SINISHTAJ_BARDHI-150x150.jpg","width":"150","height":"150","source_url":"https:\/\/www.visit-ulcinj.com\/blog\/wp-content\/uploads\/2011\/10\/SINISHTAJ_BARDHI-150x150.jpg"},"medium":{"file":"SINISHTAJ_BARDHI-300x196.jpg","width":"300","height":"196","source_url":"https:\/\/www.visit-ulcinj.com\/blog\/wp-content\/uploads\/2011\/10\/SINISHTAJ_BARDHI-300x196.jpg"},"full":{"file":"SINISHTAJ_BARDHI.jpg","width":490,"height":321,"mime_type":"image\/jpeg","source_url":"https:\/\/www.visit-ulcinj.com\/blog\/wp-content\/uploads\/2011\/10\/SINISHTAJ_BARDHI.jpg"}},"image_meta":{"aperture":"0","credit":"Luka Zekovic","camera":"","caption":"Predstavnici Crnogorske opozicije kod Leopolda Maurera ambasadora EU u CG\n\nsastanak Maurer Opozicija \n\nVelizar Kaludjerovic\n\nMehmet Bardhi\n\nVaselj Sinistaj\n\n------\n\nPolitika na 3 stupca, samo dvojicu desnih, lijevofga okini","created_timestamp":"0","copyright":"","focal_length":"0","iso":"0","shutter_speed":"0","title":""}},"post":52449,"source_url":"https:\/\/www.visit-ulcinj.com\/blog\/wp-content\/uploads\/2011\/10\/SINISHTAJ_BARDHI.jpg","_links":{"self":[{"href":"https:\/\/www.visit-ulcinj.com\/blog\/wp-json\/wp\/v2\/media\/52450"}],"collection":[{"href":"https:\/\/www.visit-ulcinj.com\/blog\/wp-json\/wp\/v2\/media"}],"about":[{"href":"https:\/\/www.visit-ulcinj.com\/blog\/wp-json\/wp\/v2\/types\/attachment"}],"author":[{"embeddable":true,"href":"https:\/\/www.visit-ulcinj.com\/blog\/wp-json\/wp\/v2\/users\/1"}],"replies":[{"embeddable":true,"href":"https:\/\/www.visit-ulcinj.com\/blog\/wp-json\/wp\/v2\/comments?post=52450"}]}}