{"id":54428,"date":"2011-12-15T19:33:04","date_gmt":"2011-12-15T18:33:04","guid":{"rendered":"http:\/\/www.visit-ulcinj.com\/blog\/wp-content\/uploads\/2011\/12\/Mehmet-Bardhi_Vasel-Sinistaj_Genci-Nimanbegu_FOTO-MONTAZHE1.jpg"},"modified":"2011-12-15T19:33:04","modified_gmt":"2011-12-15T18:33:04","slug":"mehmet-bardhi_vasel-sinistaj_genci-nimanbegu_foto-montazhe1","status":"inherit","type":"attachment","link":"https:\/\/www.visit-ulcinj.com\/blog\/2011\/12\/15\/deputete-shqiptare-ne-mbrojtje-te-perdorimit-te-flamurit-kombetar\/mehmet-bardhi_vasel-sinistaj_genci-nimanbegu_foto-montazhe1\/","title":{"rendered":"Mehmet-Bardhi_Vasel-Sinistaj_Genci-Nimanbegu_FOTO-MONTAZHE1"},"author":1,"comment_status":"open","ping_status":"closed","template":"","meta":{"spay_email":""},"yoast_head":"<!-- This site is optimized with the Yoast SEO plugin v19.1 - https:\/\/yoast.com\/wordpress\/plugins\/seo\/ -->\n<title>Mehmet-Bardhi_Vasel-Sinistaj_Genci-Nimanbegu_FOTO-MONTAZHE1 - Lajme nga Ulqini<\/title>\n<meta name=\"robots\" content=\"index, follow, max-snippet:-1, max-image-preview:large, max-video-preview:-1\" \/>\n<link rel=\"canonical\" href=\"https:\/\/www.visit-ulcinj.com\/blog\/wp-content\/uploads\/2011\/12\/Mehmet-Bardhi_Vasel-Sinistaj_Genci-Nimanbegu_FOTO-MONTAZHE1.jpg\" \/>\n<meta property=\"og:locale\" content=\"en_US\" \/>\n<meta property=\"og:type\" content=\"article\" \/>\n<meta property=\"og:title\" content=\"Mehmet-Bardhi_Vasel-Sinistaj_Genci-Nimanbegu_FOTO-MONTAZHE1 - Lajme nga Ulqini\" \/>\n<meta property=\"og:description\" content=\"Deputet\u00eb shqiptar\u00eb n\u00eb Parlamentin e Malit t\u00eb Zi, Genci Nimanbegu, Mehmet Bardhi dhe Vasel Sinishtaj, kan\u00eb reaguar ashp\u00ebr t\u00eb enjten kund\u00ebr Dratfligjit mbi rendin dhe qet\u00ebsin\u00eb edhe kan\u00eb dor\u00ebzuar amendamentin me q\u00ebllim t\u00eb ruajtjes s\u00eb t\u00eb drejt\u00ebs s\u00eb p\u00ebrdorimit t\u00eb lir\u00eb t\u00eb flamurit komb\u00ebtar shqiptar n\u00eb Mal t\u00eb Zi. Lexo me shum\u00eb ne KosovaLive\" \/>\n<meta property=\"og:url\" content=\"https:\/\/www.visit-ulcinj.com\/blog\/wp-content\/uploads\/2011\/12\/Mehmet-Bardhi_Vasel-Sinistaj_Genci-Nimanbegu_FOTO-MONTAZHE1.jpg\" \/>\n<meta property=\"og:site_name\" content=\"Lajme nga Ulqini\" \/>\n<meta property=\"og:image\" content=\"https:\/\/www.visit-ulcinj.com\/blog\/wp-content\/uploads\/2011\/12\/Mehmet-Bardhi_Vasel-Sinistaj_Genci-Nimanbegu_FOTO-MONTAZHE1.jpg\" \/>\n\t<meta property=\"og:image:width\" content=\"792\" \/>\n\t<meta property=\"og:image:height\" content=\"677\" \/>\n\t<meta property=\"og:image:type\" content=\"image\/jpeg\" \/>\n<script type=\"application\/ld+json\" class=\"yoast-schema-graph\">{\"@context\":\"https:\/\/schema.org\",\"@graph\":[{\"@type\":\"WebSite\",\"@id\":\"https:\/\/www.visit-ulcinj.com\/blog\/#website\",\"url\":\"https:\/\/www.visit-ulcinj.com\/blog\/\",\"name\":\"Lajme nga Ulqini\",\"description\":\"Lajme,Vijesti,Ulqini,Ulqin,Crna Gora,Mali i Zi\",\"potentialAction\":[{\"@type\":\"SearchAction\",\"target\":{\"@type\":\"EntryPoint\",\"urlTemplate\":\"https:\/\/www.visit-ulcinj.com\/blog\/?s={search_term_string}\"},\"query-input\":\"required name=search_term_string\"}],\"inLanguage\":\"en-US\"},{\"@type\":\"WebPage\",\"@id\":\"https:\/\/www.visit-ulcinj.com\/blog\/wp-content\/uploads\/2011\/12\/Mehmet-Bardhi_Vasel-Sinistaj_Genci-Nimanbegu_FOTO-MONTAZHE1.jpg#webpage\",\"url\":\"https:\/\/www.visit-ulcinj.com\/blog\/wp-content\/uploads\/2011\/12\/Mehmet-Bardhi_Vasel-Sinistaj_Genci-Nimanbegu_FOTO-MONTAZHE1.jpg\",\"name\":\"Mehmet-Bardhi_Vasel-Sinistaj_Genci-Nimanbegu_FOTO-MONTAZHE1 - Lajme nga Ulqini\",\"isPartOf\":{\"@id\":\"https:\/\/www.visit-ulcinj.com\/blog\/#website\"},\"datePublished\":\"2011-12-15T18:33:04+00:00\",\"dateModified\":\"2011-12-15T18:33:04+00:00\",\"breadcrumb\":{\"@id\":\"https:\/\/www.visit-ulcinj.com\/blog\/wp-content\/uploads\/2011\/12\/Mehmet-Bardhi_Vasel-Sinistaj_Genci-Nimanbegu_FOTO-MONTAZHE1.jpg#breadcrumb\"},\"inLanguage\":\"en-US\",\"potentialAction\":[{\"@type\":\"ReadAction\",\"target\":[\"https:\/\/www.visit-ulcinj.com\/blog\/wp-content\/uploads\/2011\/12\/Mehmet-Bardhi_Vasel-Sinistaj_Genci-Nimanbegu_FOTO-MONTAZHE1.jpg\"]}]},{\"@type\":\"BreadcrumbList\",\"@id\":\"https:\/\/www.visit-ulcinj.com\/blog\/wp-content\/uploads\/2011\/12\/Mehmet-Bardhi_Vasel-Sinistaj_Genci-Nimanbegu_FOTO-MONTAZHE1.jpg#breadcrumb\",\"itemListElement\":[{\"@type\":\"ListItem\",\"position\":1,\"name\":\"Deputet\u00eb shqiptar\u00eb n\u00eb mbrojtje t\u00eb p\u00ebrdorimit t\u00eb flamurit komb\u00ebtar\",\"item\":\"https:\/\/www.visit-ulcinj.com\/blog\/2011\/12\/15\/deputete-shqiptare-ne-mbrojtje-te-perdorimit-te-flamurit-kombetar\/\"},{\"@type\":\"ListItem\",\"position\":2,\"name\":\"Mehmet-Bardhi_Vasel-Sinistaj_Genci-Nimanbegu_FOTO-MONTAZHE1\"}]}]}<\/script>\n<!-- \/ Yoast SEO plugin. -->","yoast_head_json":{"title":"Mehmet-Bardhi_Vasel-Sinistaj_Genci-Nimanbegu_FOTO-MONTAZHE1 - Lajme nga Ulqini","robots":{"index":"index","follow":"follow","max-snippet":"max-snippet:-1","max-image-preview":"max-image-preview:large","max-video-preview":"max-video-preview:-1"},"canonical":"https:\/\/www.visit-ulcinj.com\/blog\/wp-content\/uploads\/2011\/12\/Mehmet-Bardhi_Vasel-Sinistaj_Genci-Nimanbegu_FOTO-MONTAZHE1.jpg","og_locale":"en_US","og_type":"article","og_title":"Mehmet-Bardhi_Vasel-Sinistaj_Genci-Nimanbegu_FOTO-MONTAZHE1 - Lajme nga Ulqini","og_description":"Deputet\u00eb shqiptar\u00eb n\u00eb Parlamentin e Malit t\u00eb Zi, Genci Nimanbegu, Mehmet Bardhi dhe Vasel Sinishtaj, kan\u00eb reaguar ashp\u00ebr t\u00eb enjten kund\u00ebr Dratfligjit mbi rendin dhe qet\u00ebsin\u00eb edhe kan\u00eb dor\u00ebzuar amendamentin me q\u00ebllim t\u00eb ruajtjes s\u00eb t\u00eb drejt\u00ebs s\u00eb p\u00ebrdorimit t\u00eb lir\u00eb t\u00eb flamurit komb\u00ebtar shqiptar n\u00eb Mal t\u00eb Zi. Lexo me shum\u00eb ne KosovaLive","og_url":"https:\/\/www.visit-ulcinj.com\/blog\/wp-content\/uploads\/2011\/12\/Mehmet-Bardhi_Vasel-Sinistaj_Genci-Nimanbegu_FOTO-MONTAZHE1.jpg","og_site_name":"Lajme nga Ulqini","og_image":[{"width":"792","height":"677","url":"https:\/\/www.visit-ulcinj.com\/blog\/wp-content\/uploads\/2011\/12\/Mehmet-Bardhi_Vasel-Sinistaj_Genci-Nimanbegu_FOTO-MONTAZHE1.jpg","type":"image\/jpeg"}],"schema":{"@context":"https:\/\/schema.org","@graph":[{"@type":"WebSite","@id":"https:\/\/www.visit-ulcinj.com\/blog\/#website","url":"https:\/\/www.visit-ulcinj.com\/blog\/","name":"Lajme nga Ulqini","description":"Lajme,Vijesti,Ulqini,Ulqin,Crna Gora,Mali i Zi","potentialAction":[{"@type":"SearchAction","target":{"@type":"EntryPoint","urlTemplate":"https:\/\/www.visit-ulcinj.com\/blog\/?s={search_term_string}"},"query-input":"required name=search_term_string"}],"inLanguage":"en-US"},{"@type":"WebPage","@id":"https:\/\/www.visit-ulcinj.com\/blog\/wp-content\/uploads\/2011\/12\/Mehmet-Bardhi_Vasel-Sinistaj_Genci-Nimanbegu_FOTO-MONTAZHE1.jpg#webpage","url":"https:\/\/www.visit-ulcinj.com\/blog\/wp-content\/uploads\/2011\/12\/Mehmet-Bardhi_Vasel-Sinistaj_Genci-Nimanbegu_FOTO-MONTAZHE1.jpg","name":"Mehmet-Bardhi_Vasel-Sinistaj_Genci-Nimanbegu_FOTO-MONTAZHE1 - Lajme nga Ulqini","isPartOf":{"@id":"https:\/\/www.visit-ulcinj.com\/blog\/#website"},"datePublished":"2011-12-15T18:33:04+00:00","dateModified":"2011-12-15T18:33:04+00:00","breadcrumb":{"@id":"https:\/\/www.visit-ulcinj.com\/blog\/wp-content\/uploads\/2011\/12\/Mehmet-Bardhi_Vasel-Sinistaj_Genci-Nimanbegu_FOTO-MONTAZHE1.jpg#breadcrumb"},"inLanguage":"en-US","potentialAction":[{"@type":"ReadAction","target":["https:\/\/www.visit-ulcinj.com\/blog\/wp-content\/uploads\/2011\/12\/Mehmet-Bardhi_Vasel-Sinistaj_Genci-Nimanbegu_FOTO-MONTAZHE1.jpg"]}]},{"@type":"BreadcrumbList","@id":"https:\/\/www.visit-ulcinj.com\/blog\/wp-content\/uploads\/2011\/12\/Mehmet-Bardhi_Vasel-Sinistaj_Genci-Nimanbegu_FOTO-MONTAZHE1.jpg#breadcrumb","itemListElement":[{"@type":"ListItem","position":1,"name":"Deputet\u00eb shqiptar\u00eb n\u00eb mbrojtje t\u00eb p\u00ebrdorimit t\u00eb flamurit komb\u00ebtar","item":"https:\/\/www.visit-ulcinj.com\/blog\/2011\/12\/15\/deputete-shqiptare-ne-mbrojtje-te-perdorimit-te-flamurit-kombetar\/"},{"@type":"ListItem","position":2,"name":"Mehmet-Bardhi_Vasel-Sinistaj_Genci-Nimanbegu_FOTO-MONTAZHE1"}]}]}},"jetpack_sharing_enabled":true,"jetpack_shortlink":"https:\/\/wp.me\/ae6lTn-e9S","description":{"rendered":"<p class=\"attachment\"><a href='https:\/\/www.visit-ulcinj.com\/blog\/wp-content\/uploads\/2011\/12\/Mehmet-Bardhi_Vasel-Sinistaj_Genci-Nimanbegu_FOTO-MONTAZHE1.jpg'><img width=\"300\" height=\"256\" src=\"https:\/\/www.visit-ulcinj.com\/blog\/wp-content\/uploads\/2011\/12\/Mehmet-Bardhi_Vasel-Sinistaj_Genci-Nimanbegu_FOTO-MONTAZHE1-300x256.jpg\" class=\"attachment-medium size-medium\" alt=\"\" loading=\"lazy\" srcset=\"https:\/\/www.visit-ulcinj.com\/blog\/wp-content\/uploads\/2011\/12\/Mehmet-Bardhi_Vasel-Sinistaj_Genci-Nimanbegu_FOTO-MONTAZHE1-300x256.jpg 300w, https:\/\/www.visit-ulcinj.com\/blog\/wp-content\/uploads\/2011\/12\/Mehmet-Bardhi_Vasel-Sinistaj_Genci-Nimanbegu_FOTO-MONTAZHE1.jpg 792w\" sizes=\"(max-width: 300px) 100vw, 300px\" \/><\/a><\/p>\n<p>Deputet\u00eb shqiptar\u00eb n\u00eb Parlamentin e Malit t\u00eb Zi, Genci Nimanbegu, Mehmet Bardhi dhe Vasel Sinishtaj, kan\u00eb reaguar ashp\u00ebr t\u00eb enjten kund\u00ebr Dratfligjit mbi rendin dhe qet\u00ebsin\u00eb edhe kan\u00eb dor\u00ebzuar amendamentin me q\u00ebllim t\u00eb ruajtjes s\u00eb t\u00eb drejt\u00ebs s\u00eb p\u00ebrdorimit t\u00eb lir\u00eb t\u00eb flamurit komb\u00ebtar shqiptar n\u00eb Mal t\u00eb Zi.<br \/>\n Lexo me shum\u00eb ne KosovaLive <\/p>\n"},"caption":{"rendered":"<p>Deputet\u00eb shqiptar\u00eb n\u00eb Parlamentin e Malit t\u00eb Zi, Genci Nimanbegu, Mehmet Bardhi dhe Vasel Sinishtaj, kan\u00eb reaguar ashp\u00ebr t\u00eb enjten kund\u00ebr Dratfligjit mbi rendin dhe qet\u00ebsin\u00eb edhe kan\u00eb dor\u00ebzuar amendamentin me q\u00ebllim t\u00eb ruajtjes s\u00eb t\u00eb drejt\u00ebs s\u00eb p\u00ebrdorimit t\u00eb lir\u00eb t\u00eb flamurit komb\u00ebtar shqiptar n\u00eb Mal t\u00eb Zi. Lexo me shum\u00eb ne KosovaLive<\/p>\n"},"alt_text":"","media_type":"image","mime_type":"image\/jpeg","media_details":{"width":"792","height":"677","hwstring_small":"height='96' width='112'","file":"2011\/12\/Mehmet-Bardhi_Vasel-Sinistaj_Genci-Nimanbegu_FOTO-MONTAZHE1.jpg","sizes":{"thumbnail":{"file":"Mehmet-Bardhi_Vasel-Sinistaj_Genci-Nimanbegu_FOTO-MONTAZHE1-150x150.jpg","width":"150","height":"150","source_url":"https:\/\/www.visit-ulcinj.com\/blog\/wp-content\/uploads\/2011\/12\/Mehmet-Bardhi_Vasel-Sinistaj_Genci-Nimanbegu_FOTO-MONTAZHE1-150x150.jpg"},"medium":{"file":"Mehmet-Bardhi_Vasel-Sinistaj_Genci-Nimanbegu_FOTO-MONTAZHE1-300x256.jpg","width":"300","height":"256","source_url":"https:\/\/www.visit-ulcinj.com\/blog\/wp-content\/uploads\/2011\/12\/Mehmet-Bardhi_Vasel-Sinistaj_Genci-Nimanbegu_FOTO-MONTAZHE1-300x256.jpg"},"full":{"file":"Mehmet-Bardhi_Vasel-Sinistaj_Genci-Nimanbegu_FOTO-MONTAZHE1.jpg","width":792,"height":677,"mime_type":"image\/jpeg","source_url":"https:\/\/www.visit-ulcinj.com\/blog\/wp-content\/uploads\/2011\/12\/Mehmet-Bardhi_Vasel-Sinistaj_Genci-Nimanbegu_FOTO-MONTAZHE1.jpg"}},"image_meta":{"aperture":"0","credit":"","camera":"","caption":"","created_timestamp":"0","copyright":"","focal_length":"0","iso":"0","shutter_speed":"0","title":""}},"post":54425,"source_url":"https:\/\/www.visit-ulcinj.com\/blog\/wp-content\/uploads\/2011\/12\/Mehmet-Bardhi_Vasel-Sinistaj_Genci-Nimanbegu_FOTO-MONTAZHE1.jpg","_links":{"self":[{"href":"https:\/\/www.visit-ulcinj.com\/blog\/wp-json\/wp\/v2\/media\/54428"}],"collection":[{"href":"https:\/\/www.visit-ulcinj.com\/blog\/wp-json\/wp\/v2\/media"}],"about":[{"href":"https:\/\/www.visit-ulcinj.com\/blog\/wp-json\/wp\/v2\/types\/attachment"}],"author":[{"embeddable":true,"href":"https:\/\/www.visit-ulcinj.com\/blog\/wp-json\/wp\/v2\/users\/1"}],"replies":[{"embeddable":true,"href":"https:\/\/www.visit-ulcinj.com\/blog\/wp-json\/wp\/v2\/comments?post=54428"}]}}