{"id":54558,"date":"2011-12-19T09:52:52","date_gmt":"2011-12-19T08:52:52","guid":{"rendered":"http:\/\/www.visit-ulcinj.com\/blog\/wp-content\/uploads\/2011\/12\/Sukses-i-Taekwondo-s\u00eb-Ulqini-n\u00eb-Beograd-.5.jpg"},"modified":"2011-12-19T09:52:52","modified_gmt":"2011-12-19T08:52:52","slug":"sukses-i-taekwondo-se-ulqini-ne-beograd-5","status":"inherit","type":"attachment","link":"https:\/\/www.visit-ulcinj.com\/blog\/2011\/12\/19\/sukses-i-taekwondo-se-ulqini-ne-beograd\/sukses-i-taekwondo-se-ulqini-ne-beograd-5\/","title":{"rendered":"Sukses i Taekwondo-s\u00eb Ulqini n\u00eb Beograd .5"},"author":1,"comment_status":"open","ping_status":"closed","template":"","meta":{"spay_email":""},"yoast_head":"<!-- This site is optimized with the Yoast SEO plugin v19.1 - https:\/\/yoast.com\/wordpress\/plugins\/seo\/ -->\n<title>Sukses i Taekwondo-s\u00eb Ulqini n\u00eb Beograd .5 - Lajme nga Ulqini<\/title>\n<meta name=\"robots\" content=\"index, follow, max-snippet:-1, max-image-preview:large, max-video-preview:-1\" \/>\n<link rel=\"canonical\" href=\"https:\/\/www.visit-ulcinj.com\/blog\/wp-content\/uploads\/2011\/12\/Sukses-i-Taekwondo-s\u00eb-Ulqini-n\u00eb-Beograd-.5.jpg\" \/>\n<meta property=\"og:locale\" content=\"en_US\" \/>\n<meta property=\"og:type\" content=\"article\" \/>\n<meta property=\"og:title\" content=\"Sukses i Taekwondo-s\u00eb Ulqini n\u00eb Beograd .5 - Lajme nga Ulqini\" \/>\n<meta property=\"og:description\" content=\"U mbajt\u00eb kampionati Ballkanit n\u00eb sportin olimpik t\u00eb Taekwondo-s\u00eb p\u00ebr t\u00eb gjitha kategorit\u00eb si dhe kampionati p\u00ebr forma Garuesit e taekwondo-s\u00eb Ulqini me sukses\u00eb e p\u00ebrfaq\u00ebsuan Malin e Zi n\u00eb kampionatin Ballkanit i cili u mbajt\u00eb gjat\u00eb k\u00ebtij vikendi me dat\u00eb 17-18.12.2011 n\u00eb Beograd. Dymb\u00ebdhjet\u00eb medalje p\u00ebr p\u00ebrfaq\u00ebsuesen e Malit t\u00eb Zi n\u00eb kampionatin ballkanit [&hellip;]\" \/>\n<meta property=\"og:url\" content=\"https:\/\/www.visit-ulcinj.com\/blog\/wp-content\/uploads\/2011\/12\/Sukses-i-Taekwondo-s\u00eb-Ulqini-n\u00eb-Beograd-.5.jpg\" \/>\n<meta property=\"og:site_name\" content=\"Lajme nga Ulqini\" \/>\n<meta property=\"og:image\" content=\"https:\/\/www.visit-ulcinj.com\/blog\/wp-content\/uploads\/2011\/12\/Sukses-i-Taekwondo-s\u00eb-Ulqini-n\u00eb-Beograd-.5.jpg\" \/>\n\t<meta property=\"og:image:width\" content=\"1024\" \/>\n\t<meta property=\"og:image:height\" content=\"768\" \/>\n\t<meta property=\"og:image:type\" content=\"image\/jpeg\" \/>\n<meta name=\"twitter:label1\" content=\"Est. reading time\" \/>\n\t<meta name=\"twitter:data1\" content=\"2 minutes\" \/>\n<script type=\"application\/ld+json\" class=\"yoast-schema-graph\">{\"@context\":\"https:\/\/schema.org\",\"@graph\":[{\"@type\":\"WebSite\",\"@id\":\"https:\/\/www.visit-ulcinj.com\/blog\/#website\",\"url\":\"https:\/\/www.visit-ulcinj.com\/blog\/\",\"name\":\"Lajme nga Ulqini\",\"description\":\"Lajme,Vijesti,Ulqini,Ulqin,Crna Gora,Mali i Zi\",\"potentialAction\":[{\"@type\":\"SearchAction\",\"target\":{\"@type\":\"EntryPoint\",\"urlTemplate\":\"https:\/\/www.visit-ulcinj.com\/blog\/?s={search_term_string}\"},\"query-input\":\"required name=search_term_string\"}],\"inLanguage\":\"en-US\"},{\"@type\":\"WebPage\",\"@id\":\"https:\/\/www.visit-ulcinj.com\/blog\/wp-content\/uploads\/2011\/12\/Sukses-i-Taekwondo-s\u00eb-Ulqini-n\u00eb-Beograd-.5.jpg#webpage\",\"url\":\"https:\/\/www.visit-ulcinj.com\/blog\/wp-content\/uploads\/2011\/12\/Sukses-i-Taekwondo-s\u00eb-Ulqini-n\u00eb-Beograd-.5.jpg\",\"name\":\"Sukses i Taekwondo-s\u00eb Ulqini n\u00eb Beograd .5 - Lajme nga Ulqini\",\"isPartOf\":{\"@id\":\"https:\/\/www.visit-ulcinj.com\/blog\/#website\"},\"datePublished\":\"2011-12-19T08:52:52+00:00\",\"dateModified\":\"2011-12-19T08:52:52+00:00\",\"breadcrumb\":{\"@id\":\"https:\/\/www.visit-ulcinj.com\/blog\/wp-content\/uploads\/2011\/12\/Sukses-i-Taekwondo-s\u00eb-Ulqini-n\u00eb-Beograd-.5.jpg#breadcrumb\"},\"inLanguage\":\"en-US\",\"potentialAction\":[{\"@type\":\"ReadAction\",\"target\":[\"https:\/\/www.visit-ulcinj.com\/blog\/wp-content\/uploads\/2011\/12\/Sukses-i-Taekwondo-s\u00eb-Ulqini-n\u00eb-Beograd-.5.jpg\"]}]},{\"@type\":\"BreadcrumbList\",\"@id\":\"https:\/\/www.visit-ulcinj.com\/blog\/wp-content\/uploads\/2011\/12\/Sukses-i-Taekwondo-s\u00eb-Ulqini-n\u00eb-Beograd-.5.jpg#breadcrumb\",\"itemListElement\":[{\"@type\":\"ListItem\",\"position\":1,\"name\":\"Sukses i Taekwondo-s\u00eb Ulqini n\u00eb Beograd\",\"item\":\"https:\/\/www.visit-ulcinj.com\/blog\/2011\/12\/19\/sukses-i-taekwondo-se-ulqini-ne-beograd\/\"},{\"@type\":\"ListItem\",\"position\":2,\"name\":\"Sukses i Taekwondo-s\u00eb Ulqini n\u00eb Beograd .5\"}]}]}<\/script>\n<!-- \/ Yoast SEO plugin. -->","yoast_head_json":{"title":"Sukses i Taekwondo-s\u00eb Ulqini n\u00eb Beograd .5 - Lajme nga Ulqini","robots":{"index":"index","follow":"follow","max-snippet":"max-snippet:-1","max-image-preview":"max-image-preview:large","max-video-preview":"max-video-preview:-1"},"canonical":"https:\/\/www.visit-ulcinj.com\/blog\/wp-content\/uploads\/2011\/12\/Sukses-i-Taekwondo-s\u00eb-Ulqini-n\u00eb-Beograd-.5.jpg","og_locale":"en_US","og_type":"article","og_title":"Sukses i Taekwondo-s\u00eb Ulqini n\u00eb Beograd .5 - Lajme nga Ulqini","og_description":"U mbajt\u00eb kampionati Ballkanit n\u00eb sportin olimpik t\u00eb Taekwondo-s\u00eb p\u00ebr t\u00eb gjitha kategorit\u00eb si dhe kampionati p\u00ebr forma Garuesit e taekwondo-s\u00eb Ulqini me sukses\u00eb e p\u00ebrfaq\u00ebsuan Malin e Zi n\u00eb kampionatin Ballkanit i cili u mbajt\u00eb gjat\u00eb k\u00ebtij vikendi me dat\u00eb 17-18.12.2011 n\u00eb Beograd. Dymb\u00ebdhjet\u00eb medalje p\u00ebr p\u00ebrfaq\u00ebsuesen e Malit t\u00eb Zi n\u00eb kampionatin ballkanit [&hellip;]","og_url":"https:\/\/www.visit-ulcinj.com\/blog\/wp-content\/uploads\/2011\/12\/Sukses-i-Taekwondo-s\u00eb-Ulqini-n\u00eb-Beograd-.5.jpg","og_site_name":"Lajme nga Ulqini","og_image":[{"width":"1024","height":"768","url":"https:\/\/www.visit-ulcinj.com\/blog\/wp-content\/uploads\/2011\/12\/Sukses-i-Taekwondo-s\u00eb-Ulqini-n\u00eb-Beograd-.5.jpg","type":"image\/jpeg"}],"twitter_misc":{"Est. reading time":"2 minutes"},"schema":{"@context":"https:\/\/schema.org","@graph":[{"@type":"WebSite","@id":"https:\/\/www.visit-ulcinj.com\/blog\/#website","url":"https:\/\/www.visit-ulcinj.com\/blog\/","name":"Lajme nga Ulqini","description":"Lajme,Vijesti,Ulqini,Ulqin,Crna Gora,Mali i Zi","potentialAction":[{"@type":"SearchAction","target":{"@type":"EntryPoint","urlTemplate":"https:\/\/www.visit-ulcinj.com\/blog\/?s={search_term_string}"},"query-input":"required name=search_term_string"}],"inLanguage":"en-US"},{"@type":"WebPage","@id":"https:\/\/www.visit-ulcinj.com\/blog\/wp-content\/uploads\/2011\/12\/Sukses-i-Taekwondo-s\u00eb-Ulqini-n\u00eb-Beograd-.5.jpg#webpage","url":"https:\/\/www.visit-ulcinj.com\/blog\/wp-content\/uploads\/2011\/12\/Sukses-i-Taekwondo-s\u00eb-Ulqini-n\u00eb-Beograd-.5.jpg","name":"Sukses i Taekwondo-s\u00eb Ulqini n\u00eb Beograd .5 - Lajme nga Ulqini","isPartOf":{"@id":"https:\/\/www.visit-ulcinj.com\/blog\/#website"},"datePublished":"2011-12-19T08:52:52+00:00","dateModified":"2011-12-19T08:52:52+00:00","breadcrumb":{"@id":"https:\/\/www.visit-ulcinj.com\/blog\/wp-content\/uploads\/2011\/12\/Sukses-i-Taekwondo-s\u00eb-Ulqini-n\u00eb-Beograd-.5.jpg#breadcrumb"},"inLanguage":"en-US","potentialAction":[{"@type":"ReadAction","target":["https:\/\/www.visit-ulcinj.com\/blog\/wp-content\/uploads\/2011\/12\/Sukses-i-Taekwondo-s\u00eb-Ulqini-n\u00eb-Beograd-.5.jpg"]}]},{"@type":"BreadcrumbList","@id":"https:\/\/www.visit-ulcinj.com\/blog\/wp-content\/uploads\/2011\/12\/Sukses-i-Taekwondo-s\u00eb-Ulqini-n\u00eb-Beograd-.5.jpg#breadcrumb","itemListElement":[{"@type":"ListItem","position":1,"name":"Sukses i Taekwondo-s\u00eb Ulqini n\u00eb Beograd","item":"https:\/\/www.visit-ulcinj.com\/blog\/2011\/12\/19\/sukses-i-taekwondo-se-ulqini-ne-beograd\/"},{"@type":"ListItem","position":2,"name":"Sukses i Taekwondo-s\u00eb Ulqini n\u00eb Beograd .5"}]}]}},"jetpack_sharing_enabled":true,"jetpack_shortlink":"https:\/\/wp.me\/ae6lTn-ebY","description":{"rendered":"<p class=\"attachment\"><a href='https:\/\/www.visit-ulcinj.com\/blog\/wp-content\/uploads\/2011\/12\/Sukses-i-Taekwondo-s\u00eb-Ulqini-n\u00eb-Beograd-.5.jpg'><img width=\"300\" height=\"225\" src=\"https:\/\/www.visit-ulcinj.com\/blog\/wp-content\/uploads\/2011\/12\/Sukses-i-Taekwondo-s\u00eb-Ulqini-n\u00eb-Beograd-.5-300x225.jpg\" class=\"attachment-medium size-medium\" alt=\"\" loading=\"lazy\" srcset=\"https:\/\/www.visit-ulcinj.com\/blog\/wp-content\/uploads\/2011\/12\/Sukses-i-Taekwondo-s\u00eb-Ulqini-n\u00eb-Beograd-.5-300x225.jpg 300w, https:\/\/www.visit-ulcinj.com\/blog\/wp-content\/uploads\/2011\/12\/Sukses-i-Taekwondo-s\u00eb-Ulqini-n\u00eb-Beograd-.5.jpg 1024w\" sizes=\"(max-width: 300px) 100vw, 300px\" \/><\/a><\/p>\n<p>U mbajt\u00eb kampionati Ballkanit n\u00eb sportin olimpik t\u00eb Taekwondo-s\u00eb p\u00ebr t\u00eb gjitha kategorit\u00eb si dhe kampionati p\u00ebr forma<br \/>\nGaruesit e taekwondo-s\u00eb Ulqini me sukses\u00eb  e p\u00ebrfaq\u00ebsuan Malin e Zi n\u00eb kampionatin Ballkanit i cili u mbajt\u00eb gjat\u00eb k\u00ebtij vikendi me dat\u00eb 17-18.12.2011 n\u00eb Beograd. Dymb\u00ebdhjet\u00eb  medalje p\u00ebr p\u00ebrfaq\u00ebsuesen e Malit t\u00eb Zi n\u00eb kampionatin ballkanit prej tyre  shtat\u00eb medalje u takuan garuesve t\u00eb klubit t\u00eb taekwondo-s\u00eb Ulqini.  N\u00eb kampionatin Ballkanit u paraqiten 8 shtete me 380 garues\u00eb, n\u00eb mesin e tyre udh\u00ebtoj\u00eb edhe p\u00ebrfaq\u00ebsuesja e Malit t\u00eb Zi e udh\u00ebhequr nga kryetrajneri i tkd-s\u00eb Ulqini nj\u00ebherit dhe selektor i Malit t\u00eb Zi p\u00ebr kategorin e kadet\u00ebve dhe junior\u00ebve. Kampionati u mbajt\u00eb n\u00eb dy diciplina n\u00eb dyluftim (kyorugi) dhe forma (poomsae).   P\u00ebrfaq\u00ebsuesja e Malit t\u00eb Zi udh\u00ebtoj me 17 garues\u00eb prej tyre 8 garues\u00eb ishin  nga klubi i taekwondo-s\u00eb Ulqini . Garuesit nga Ulqini q\u00eb p\u00ebrfaq\u00ebsuan Malin e Zi ishin: N\u00eb diciplin\u00ebn e dyluftimit, Mersudin Kurti, Artan Fici, Ardiana Karamanaga dhe Nuri Kanaqi, nd\u00ebrsa n\u00eb diciplin\u00ebn e Formave, Fikret Dushku dhe Medina Kanaqi.<\/p>\n<p>Suksesi p\u00ebr Malin e Zi ishte gjithsejt\u00eb 12 medalje, prej tyre 2 t\u00eb argjend\u00ebta dhe 10 t\u00eb bronz\u00ebta.<br \/>\nN\u00eb diciplin\u00ebn e dyluftimit  t\u00eb suksh\u00ebm  nga taekwondo Ulqini ishin k\u00ebto garues.<br \/>\nSulejman Murati  n\u00ebnkampion i Ballkanit i cili kurorzohet me medalje t\u00eb argjend\u00eb. Sulejman Murati pati nj\u00eb paraqitje t\u00eb mir\u00eb i cili fiton tre ndeshje mirpo n\u00eb finale p\u00ebr shkak\u00eb t\u00eb lendimit n\u00eb dor\u00eb mjeku nd\u00ebrpren gar\u00ebn k\u00ebshtu q\u00eb finalja u desht\u00eb q\u00eb t\u00eb dorzohet.<br \/>\nMe mdalje t\u00eb bronzit nga taekwondo Ulqini u kurozuan k\u00ebto garues\u00eb:<br \/>\nArdiana Karamanaga, Nuri Kanaqi, Mersudin Kurti, Artan Fici.<\/p>\n<p>Nd\u00ebrsa n\u00eb diciplin\u00ebn e Formave nga Ulqini Malin e Zi e p\u00ebrfaqsuan dy garues:<br \/>\nKryetrajneri i Tkd-s\u00eb Ulqini Fikret Dushku dhe Medina Kanaqi t\u00eb cil\u00ebt u kurorzuan me medalje t\u00eb bronzit.<\/p>\n<p>Selektori i Malit t\u00eb Zi Fikret Dushku nj\u00ebherit dhe garues n\u00eb diciplin\u00ebn e formave shprehet: Kampionati Ballkanit ka nj\u00eb rand\u00ebsi p\u00ebr garuesit tan\u00eb si dhe p\u00ebr p\u00ebrfaqsuesen e Malit t\u00eb Zi. Ne jap\u00ebm maksimumin ton\u00eb dhe arrit\u00ebn gjithsejt  12 medalje, m\u00eb i sukseshmi ishte garuesi Sulejman Murati me tre luft\u00ebra t\u00eb fituara mirpo p\u00ebr fat t\u00eb keq n\u00eb finale duhej t\u00eb nd\u00ebrpritet ndeshja p\u00ebr shkat t\u00eb nj\u00eb lendimi t\u00eb p\u00ebsuar n\u00eb dor\u00eb. U munduam q\u00eb t\u00eb kemi nj\u00eb paraqitje sa m\u00eb t\u00eb mir\u00eb, mendoj\u00eb se kemi b\u00ebr\u00eb nj\u00eb zgjidhje t\u00eb mir\u00eb dhe jemi t\u00eb k\u00ebnaqur me rezultatin e arritur, shpresojm\u00eb q\u00eb t \u00ebardhmen ti ngrisim edhe m\u00eb lart\u00eb k\u00ebto rezultate, i falenderoj\u00eb t\u00eb gjith\u00eb sponsor\u00ebt p\u00ebr kontributin e dh\u00ebn\u00eb.<\/p>\n<p>Sh\u00ebrbimi informativ i Tkd-s\u00eb Ulqini<\/p>\n"},"caption":{"rendered":"<p>U mbajt\u00eb kampionati Ballkanit n\u00eb sportin olimpik t\u00eb Taekwondo-s\u00eb p\u00ebr t\u00eb gjitha kategorit\u00eb si dhe kampionati p\u00ebr forma Garuesit e taekwondo-s\u00eb Ulqini me sukses\u00eb e p\u00ebrfaq\u00ebsuan Malin e Zi n\u00eb kampionatin Ballkanit i cili u mbajt\u00eb gjat\u00eb k\u00ebtij vikendi me dat\u00eb 17-18.12.2011 n\u00eb Beograd. Dymb\u00ebdhjet\u00eb medalje p\u00ebr p\u00ebrfaq\u00ebsuesen e Malit t\u00eb Zi n\u00eb kampionatin ballkanit [&hellip;]<\/p>\n"},"alt_text":"","media_type":"image","mime_type":"image\/jpeg","media_details":{"width":"1024","height":"768","hwstring_small":"height='96' width='128'","file":"2011\/12\/Sukses-i-Taekwondo-s\u00eb-Ulqini-n\u00eb-Beograd-.5.jpg","sizes":{"thumbnail":{"file":"Sukses-i-Taekwondo-s\u00eb-Ulqini-n\u00eb-Beograd-.5-150x150.jpg","width":"150","height":"150","source_url":"https:\/\/www.visit-ulcinj.com\/blog\/wp-content\/uploads\/2011\/12\/Sukses-i-Taekwondo-s\u00eb-Ulqini-n\u00eb-Beograd-.5-150x150.jpg"},"medium":{"file":"Sukses-i-Taekwondo-s\u00eb-Ulqini-n\u00eb-Beograd-.5-300x225.jpg","width":"300","height":"225","source_url":"https:\/\/www.visit-ulcinj.com\/blog\/wp-content\/uploads\/2011\/12\/Sukses-i-Taekwondo-s\u00eb-Ulqini-n\u00eb-Beograd-.5-300x225.jpg"},"full":{"file":"Sukses-i-Taekwondo-s\u00eb-Ulqini-n\u00eb-Beograd-.5.jpg","width":1024,"height":768,"mime_type":"image\/jpeg","source_url":"https:\/\/www.visit-ulcinj.com\/blog\/wp-content\/uploads\/2011\/12\/Sukses-i-Taekwondo-s\u00eb-Ulqini-n\u00eb-Beograd-.5.jpg"}},"image_meta":{"aperture":"2.8","credit":"","camera":"DSC-W80","caption":"","created_timestamp":"1324125874","copyright":"","focal_length":"5.8","iso":"400","shutter_speed":"0.04","title":""}},"post":54556,"source_url":"https:\/\/www.visit-ulcinj.com\/blog\/wp-content\/uploads\/2011\/12\/Sukses-i-Taekwondo-s\u00eb-Ulqini-n\u00eb-Beograd-.5.jpg","_links":{"self":[{"href":"https:\/\/www.visit-ulcinj.com\/blog\/wp-json\/wp\/v2\/media\/54558"}],"collection":[{"href":"https:\/\/www.visit-ulcinj.com\/blog\/wp-json\/wp\/v2\/media"}],"about":[{"href":"https:\/\/www.visit-ulcinj.com\/blog\/wp-json\/wp\/v2\/types\/attachment"}],"author":[{"embeddable":true,"href":"https:\/\/www.visit-ulcinj.com\/blog\/wp-json\/wp\/v2\/users\/1"}],"replies":[{"embeddable":true,"href":"https:\/\/www.visit-ulcinj.com\/blog\/wp-json\/wp\/v2\/comments?post=54558"}]}}