{"id":55421,"date":"2012-01-02T21:20:30","date_gmt":"2012-01-02T20:20:30","guid":{"rendered":"http:\/\/www.visit-ulcinj.com\/blog\/wp-content\/uploads\/2012\/01\/Nazif-Cungu_kryetar-i-komunes-se-Ulqinit_gezuar-vitin-e-ri-2012.jpg"},"modified":"2012-01-02T21:20:30","modified_gmt":"2012-01-02T20:20:30","slug":"nazif-cungu_kryetar-i-komunes-se-ulqinit_gezuar-vitin-e-ri-2012","status":"inherit","type":"attachment","link":"https:\/\/www.visit-ulcinj.com\/blog\/2012\/01\/02\/mesazhi-i-urimit-ne-video-te-kryetarit-cungu-per-vitin-e-ri-2012\/nazif-cungu_kryetar-i-komunes-se-ulqinit_gezuar-vitin-e-ri-2012\/","title":{"rendered":"Nazif-Cungu_kryetar-i-komunes-se-Ulqinit_gezuar vitin e ri 2012"},"author":1,"comment_status":"open","ping_status":"closed","template":"","meta":{"spay_email":""},"yoast_head":"<!-- This site is optimized with the Yoast SEO plugin v19.1 - https:\/\/yoast.com\/wordpress\/plugins\/seo\/ -->\n<title>Nazif-Cungu_kryetar-i-komunes-se-Ulqinit_gezuar vitin e ri 2012 - Lajme nga Ulqini<\/title>\n<meta name=\"robots\" content=\"index, follow, max-snippet:-1, max-image-preview:large, max-video-preview:-1\" \/>\n<link rel=\"canonical\" href=\"https:\/\/www.visit-ulcinj.com\/blog\/wp-content\/uploads\/2012\/01\/Nazif-Cungu_kryetar-i-komunes-se-Ulqinit_gezuar-vitin-e-ri-2012.jpg\" \/>\n<meta property=\"og:locale\" content=\"en_US\" \/>\n<meta property=\"og:type\" content=\"article\" \/>\n<meta property=\"og:title\" content=\"Nazif-Cungu_kryetar-i-komunes-se-Ulqinit_gezuar vitin e ri 2012 - Lajme nga Ulqini\" \/>\n<meta property=\"og:description\" content=\"T\u00eb dashur bashk\u00ebqytetar\u00eb t\u00eb Ulqinit Kryetari i komun\u00ebs s\u00eb Ulqinit z.Nazif Cungu n\u00eb nj\u00eb video mesazh u drejtohet qytetareve duke iu uruar vitin t\u00eb cilin sapo kemi shkelur. \u00cbsht\u00eb \u00e7asti kur me urimet tona m\u00eb t\u00eb p\u00ebrzem\u00ebrta u drejtohemi plot dashuri dhe shpres\u00eb nj\u00ebri-tjetrit! Viti 2012 do t\u00eb jet\u00eb nj\u00eb vit ku ne do t\u00eb [&hellip;]\" \/>\n<meta property=\"og:url\" content=\"https:\/\/www.visit-ulcinj.com\/blog\/wp-content\/uploads\/2012\/01\/Nazif-Cungu_kryetar-i-komunes-se-Ulqinit_gezuar-vitin-e-ri-2012.jpg\" \/>\n<meta property=\"og:site_name\" content=\"Lajme nga Ulqini\" \/>\n<meta property=\"og:image\" content=\"https:\/\/www.visit-ulcinj.com\/blog\/wp-content\/uploads\/2012\/01\/Nazif-Cungu_kryetar-i-komunes-se-Ulqinit_gezuar-vitin-e-ri-2012.jpg\" \/>\n\t<meta property=\"og:image:width\" content=\"508\" \/>\n\t<meta property=\"og:image:height\" content=\"383\" \/>\n\t<meta property=\"og:image:type\" content=\"image\/jpeg\" \/>\n<meta name=\"twitter:label1\" content=\"Est. reading time\" \/>\n\t<meta name=\"twitter:data1\" content=\"1 minute\" \/>\n<script type=\"application\/ld+json\" class=\"yoast-schema-graph\">{\"@context\":\"https:\/\/schema.org\",\"@graph\":[{\"@type\":\"WebSite\",\"@id\":\"https:\/\/www.visit-ulcinj.com\/blog\/#website\",\"url\":\"https:\/\/www.visit-ulcinj.com\/blog\/\",\"name\":\"Lajme nga Ulqini\",\"description\":\"Lajme,Vijesti,Ulqini,Ulqin,Crna Gora,Mali i Zi\",\"potentialAction\":[{\"@type\":\"SearchAction\",\"target\":{\"@type\":\"EntryPoint\",\"urlTemplate\":\"https:\/\/www.visit-ulcinj.com\/blog\/?s={search_term_string}\"},\"query-input\":\"required name=search_term_string\"}],\"inLanguage\":\"en-US\"},{\"@type\":\"WebPage\",\"@id\":\"https:\/\/www.visit-ulcinj.com\/blog\/wp-content\/uploads\/2012\/01\/Nazif-Cungu_kryetar-i-komunes-se-Ulqinit_gezuar-vitin-e-ri-2012.jpg#webpage\",\"url\":\"https:\/\/www.visit-ulcinj.com\/blog\/wp-content\/uploads\/2012\/01\/Nazif-Cungu_kryetar-i-komunes-se-Ulqinit_gezuar-vitin-e-ri-2012.jpg\",\"name\":\"Nazif-Cungu_kryetar-i-komunes-se-Ulqinit_gezuar vitin e ri 2012 - Lajme nga Ulqini\",\"isPartOf\":{\"@id\":\"https:\/\/www.visit-ulcinj.com\/blog\/#website\"},\"datePublished\":\"2012-01-02T20:20:30+00:00\",\"dateModified\":\"2012-01-02T20:20:30+00:00\",\"breadcrumb\":{\"@id\":\"https:\/\/www.visit-ulcinj.com\/blog\/wp-content\/uploads\/2012\/01\/Nazif-Cungu_kryetar-i-komunes-se-Ulqinit_gezuar-vitin-e-ri-2012.jpg#breadcrumb\"},\"inLanguage\":\"en-US\",\"potentialAction\":[{\"@type\":\"ReadAction\",\"target\":[\"https:\/\/www.visit-ulcinj.com\/blog\/wp-content\/uploads\/2012\/01\/Nazif-Cungu_kryetar-i-komunes-se-Ulqinit_gezuar-vitin-e-ri-2012.jpg\"]}]},{\"@type\":\"BreadcrumbList\",\"@id\":\"https:\/\/www.visit-ulcinj.com\/blog\/wp-content\/uploads\/2012\/01\/Nazif-Cungu_kryetar-i-komunes-se-Ulqinit_gezuar-vitin-e-ri-2012.jpg#breadcrumb\",\"itemListElement\":[{\"@type\":\"ListItem\",\"position\":1,\"name\":\"Mesazhi i urimit n\u00eb Video t\u00eb kryetarit Cungu p\u00ebr Vitin e Ri 2012\",\"item\":\"https:\/\/www.visit-ulcinj.com\/blog\/2012\/01\/02\/mesazhi-i-urimit-ne-video-te-kryetarit-cungu-per-vitin-e-ri-2012\/\"},{\"@type\":\"ListItem\",\"position\":2,\"name\":\"Nazif-Cungu_kryetar-i-komunes-se-Ulqinit_gezuar vitin e ri 2012\"}]}]}<\/script>\n<!-- \/ Yoast SEO plugin. -->","yoast_head_json":{"title":"Nazif-Cungu_kryetar-i-komunes-se-Ulqinit_gezuar vitin e ri 2012 - Lajme nga Ulqini","robots":{"index":"index","follow":"follow","max-snippet":"max-snippet:-1","max-image-preview":"max-image-preview:large","max-video-preview":"max-video-preview:-1"},"canonical":"https:\/\/www.visit-ulcinj.com\/blog\/wp-content\/uploads\/2012\/01\/Nazif-Cungu_kryetar-i-komunes-se-Ulqinit_gezuar-vitin-e-ri-2012.jpg","og_locale":"en_US","og_type":"article","og_title":"Nazif-Cungu_kryetar-i-komunes-se-Ulqinit_gezuar vitin e ri 2012 - Lajme nga Ulqini","og_description":"T\u00eb dashur bashk\u00ebqytetar\u00eb t\u00eb Ulqinit Kryetari i komun\u00ebs s\u00eb Ulqinit z.Nazif Cungu n\u00eb nj\u00eb video mesazh u drejtohet qytetareve duke iu uruar vitin t\u00eb cilin sapo kemi shkelur. \u00cbsht\u00eb \u00e7asti kur me urimet tona m\u00eb t\u00eb p\u00ebrzem\u00ebrta u drejtohemi plot dashuri dhe shpres\u00eb nj\u00ebri-tjetrit! Viti 2012 do t\u00eb jet\u00eb nj\u00eb vit ku ne do t\u00eb [&hellip;]","og_url":"https:\/\/www.visit-ulcinj.com\/blog\/wp-content\/uploads\/2012\/01\/Nazif-Cungu_kryetar-i-komunes-se-Ulqinit_gezuar-vitin-e-ri-2012.jpg","og_site_name":"Lajme nga Ulqini","og_image":[{"width":"508","height":"383","url":"https:\/\/www.visit-ulcinj.com\/blog\/wp-content\/uploads\/2012\/01\/Nazif-Cungu_kryetar-i-komunes-se-Ulqinit_gezuar-vitin-e-ri-2012.jpg","type":"image\/jpeg"}],"twitter_misc":{"Est. reading time":"1 minute"},"schema":{"@context":"https:\/\/schema.org","@graph":[{"@type":"WebSite","@id":"https:\/\/www.visit-ulcinj.com\/blog\/#website","url":"https:\/\/www.visit-ulcinj.com\/blog\/","name":"Lajme nga Ulqini","description":"Lajme,Vijesti,Ulqini,Ulqin,Crna Gora,Mali i Zi","potentialAction":[{"@type":"SearchAction","target":{"@type":"EntryPoint","urlTemplate":"https:\/\/www.visit-ulcinj.com\/blog\/?s={search_term_string}"},"query-input":"required name=search_term_string"}],"inLanguage":"en-US"},{"@type":"WebPage","@id":"https:\/\/www.visit-ulcinj.com\/blog\/wp-content\/uploads\/2012\/01\/Nazif-Cungu_kryetar-i-komunes-se-Ulqinit_gezuar-vitin-e-ri-2012.jpg#webpage","url":"https:\/\/www.visit-ulcinj.com\/blog\/wp-content\/uploads\/2012\/01\/Nazif-Cungu_kryetar-i-komunes-se-Ulqinit_gezuar-vitin-e-ri-2012.jpg","name":"Nazif-Cungu_kryetar-i-komunes-se-Ulqinit_gezuar vitin e ri 2012 - Lajme nga Ulqini","isPartOf":{"@id":"https:\/\/www.visit-ulcinj.com\/blog\/#website"},"datePublished":"2012-01-02T20:20:30+00:00","dateModified":"2012-01-02T20:20:30+00:00","breadcrumb":{"@id":"https:\/\/www.visit-ulcinj.com\/blog\/wp-content\/uploads\/2012\/01\/Nazif-Cungu_kryetar-i-komunes-se-Ulqinit_gezuar-vitin-e-ri-2012.jpg#breadcrumb"},"inLanguage":"en-US","potentialAction":[{"@type":"ReadAction","target":["https:\/\/www.visit-ulcinj.com\/blog\/wp-content\/uploads\/2012\/01\/Nazif-Cungu_kryetar-i-komunes-se-Ulqinit_gezuar-vitin-e-ri-2012.jpg"]}]},{"@type":"BreadcrumbList","@id":"https:\/\/www.visit-ulcinj.com\/blog\/wp-content\/uploads\/2012\/01\/Nazif-Cungu_kryetar-i-komunes-se-Ulqinit_gezuar-vitin-e-ri-2012.jpg#breadcrumb","itemListElement":[{"@type":"ListItem","position":1,"name":"Mesazhi i urimit n\u00eb Video t\u00eb kryetarit Cungu p\u00ebr Vitin e Ri 2012","item":"https:\/\/www.visit-ulcinj.com\/blog\/2012\/01\/02\/mesazhi-i-urimit-ne-video-te-kryetarit-cungu-per-vitin-e-ri-2012\/"},{"@type":"ListItem","position":2,"name":"Nazif-Cungu_kryetar-i-komunes-se-Ulqinit_gezuar vitin e ri 2012"}]}]}},"jetpack_sharing_enabled":true,"jetpack_shortlink":"https:\/\/wp.me\/ae6lTn-epT","description":{"rendered":"<p class=\"attachment\"><a href='https:\/\/www.visit-ulcinj.com\/blog\/wp-content\/uploads\/2012\/01\/Nazif-Cungu_kryetar-i-komunes-se-Ulqinit_gezuar-vitin-e-ri-2012.jpg'><img width=\"300\" height=\"226\" src=\"https:\/\/www.visit-ulcinj.com\/blog\/wp-content\/uploads\/2012\/01\/Nazif-Cungu_kryetar-i-komunes-se-Ulqinit_gezuar-vitin-e-ri-2012-300x226.jpg\" class=\"attachment-medium size-medium\" alt=\"\" loading=\"lazy\" srcset=\"https:\/\/www.visit-ulcinj.com\/blog\/wp-content\/uploads\/2012\/01\/Nazif-Cungu_kryetar-i-komunes-se-Ulqinit_gezuar-vitin-e-ri-2012-300x226.jpg 300w, https:\/\/www.visit-ulcinj.com\/blog\/wp-content\/uploads\/2012\/01\/Nazif-Cungu_kryetar-i-komunes-se-Ulqinit_gezuar-vitin-e-ri-2012.jpg 508w\" sizes=\"(max-width: 300px) 100vw, 300px\" \/><\/a><\/p>\n<p>T\u00eb dashur bashk\u00ebqytetar\u00eb t\u00eb Ulqinit<br \/>\nKryetari i komun\u00ebs s\u00eb Ulqinit z.Nazif Cungu n\u00eb nj\u00eb video mesazh u drejtohet qytetareve duke iu uruar vitin t\u00eb cilin sapo kemi shkelur.<br \/>\n\u00cbsht\u00eb \u00e7asti kur me urimet tona m\u00eb t\u00eb p\u00ebrzem\u00ebrta u drejtohemi plot dashuri dhe shpres\u00eb nj\u00ebri-tjetrit!<br \/>\nViti 2012 do t\u00eb jet\u00eb nj\u00eb vit ku ne do t\u00eb tejkalojm\u00eb shume sfida, shum\u00eb probleme dhe jam i bindur thell\u00eb se bashk\u00ebpunimi komun\u00eb, qytetar, sektori i biznesit dhe institucionet tjera do t\u00eb njoh\u00eb avancime m\u00eb t\u00eb larta, por  gjithashtu do jet\u00eb edhe nj\u00eb vit shprese poashtu e madhe.<br \/>\nViti 2012 ishte nj\u00eb gur themeltar p\u00ebr t\u00eb nd\u00ebrtuar nj\u00eb Ulqin me imazh t\u00eb ri, ashtu si\u00e7 e d\u00ebshirojm\u00eb t\u00eb gjith\u00eb , Viti 2012 \u00ebsht\u00eb vit q\u00eb na obligon t\u00eb promovojm\u00eb sa m\u00eb shum\u00eb vlerat tona njer\u00ebzore&#8221;, thuhet nd\u00ebr t\u00eb tjerave n\u00eb mesazhin e kryetarit Nazif Cungut.<\/p>\n<p>T\u00eb nderuar bashk\u00ebqytetar\u00eb,<br \/>\nN\u00eb emrin tim personal dhe n\u00eb em\u00ebr t\u00eb Komun\u00ebs s\u00eb Ulqinit, Ju uroj Vitin e Ri me d\u00ebshirat m\u00eb t\u00eb mira q\u00eb 2012-ta t\u2019ju sjell\u00eb plot g\u00ebzime, sh\u00ebndet, mbar\u00ebsi dhe suksese p\u00ebr ju, familjet tuaja dhe t\u00eb gjith\u00eb njer\u00ebzit e vullnetit t\u00eb mir\u00eb. <\/p>\n"},"caption":{"rendered":"<p>T\u00eb dashur bashk\u00ebqytetar\u00eb t\u00eb Ulqinit Kryetari i komun\u00ebs s\u00eb Ulqinit z.Nazif Cungu n\u00eb nj\u00eb video mesazh u drejtohet qytetareve duke iu uruar vitin t\u00eb cilin sapo kemi shkelur. \u00cbsht\u00eb \u00e7asti kur me urimet tona m\u00eb t\u00eb p\u00ebrzem\u00ebrta u drejtohemi plot dashuri dhe shpres\u00eb nj\u00ebri-tjetrit! Viti 2012 do t\u00eb jet\u00eb nj\u00eb vit ku ne do t\u00eb [&hellip;]<\/p>\n"},"alt_text":"","media_type":"image","mime_type":"image\/jpeg","media_details":{"width":"508","height":"383","hwstring_small":"height='96' width='128'","file":"2012\/01\/Nazif-Cungu_kryetar-i-komunes-se-Ulqinit_gezuar-vitin-e-ri-2012.jpg","sizes":{"thumbnail":{"file":"Nazif-Cungu_kryetar-i-komunes-se-Ulqinit_gezuar-vitin-e-ri-2012-150x150.jpg","width":"150","height":"150","source_url":"https:\/\/www.visit-ulcinj.com\/blog\/wp-content\/uploads\/2012\/01\/Nazif-Cungu_kryetar-i-komunes-se-Ulqinit_gezuar-vitin-e-ri-2012-150x150.jpg"},"medium":{"file":"Nazif-Cungu_kryetar-i-komunes-se-Ulqinit_gezuar-vitin-e-ri-2012-300x226.jpg","width":"300","height":"226","source_url":"https:\/\/www.visit-ulcinj.com\/blog\/wp-content\/uploads\/2012\/01\/Nazif-Cungu_kryetar-i-komunes-se-Ulqinit_gezuar-vitin-e-ri-2012-300x226.jpg"},"full":{"file":"Nazif-Cungu_kryetar-i-komunes-se-Ulqinit_gezuar-vitin-e-ri-2012.jpg","width":508,"height":383,"mime_type":"image\/jpeg","source_url":"https:\/\/www.visit-ulcinj.com\/blog\/wp-content\/uploads\/2012\/01\/Nazif-Cungu_kryetar-i-komunes-se-Ulqinit_gezuar-vitin-e-ri-2012.jpg"}},"image_meta":{"aperture":"0","credit":"","camera":"","caption":"","created_timestamp":"0","copyright":"","focal_length":"0","iso":"0","shutter_speed":"0","title":""}},"post":55420,"source_url":"https:\/\/www.visit-ulcinj.com\/blog\/wp-content\/uploads\/2012\/01\/Nazif-Cungu_kryetar-i-komunes-se-Ulqinit_gezuar-vitin-e-ri-2012.jpg","_links":{"self":[{"href":"https:\/\/www.visit-ulcinj.com\/blog\/wp-json\/wp\/v2\/media\/55421"}],"collection":[{"href":"https:\/\/www.visit-ulcinj.com\/blog\/wp-json\/wp\/v2\/media"}],"about":[{"href":"https:\/\/www.visit-ulcinj.com\/blog\/wp-json\/wp\/v2\/types\/attachment"}],"author":[{"embeddable":true,"href":"https:\/\/www.visit-ulcinj.com\/blog\/wp-json\/wp\/v2\/users\/1"}],"replies":[{"embeddable":true,"href":"https:\/\/www.visit-ulcinj.com\/blog\/wp-json\/wp\/v2\/comments?post=55421"}]}}