{"id":55732,"date":"2012-01-08T22:12:37","date_gmt":"2012-01-08T21:12:37","guid":{"rendered":"http:\/\/www.visit-ulcinj.com\/blog\/wp-content\/uploads\/2012\/01\/Rezarta-Shkurta-kund\u00ebr-Blendi-Fevziut.jpg"},"modified":"2012-01-08T22:12:37","modified_gmt":"2012-01-08T21:12:37","slug":"rezarta-shkurta-kunder-blendi-fevziut","status":"inherit","type":"attachment","link":"https:\/\/www.visit-ulcinj.com\/blog\/2012\/01\/08\/rezarta-shkurta-kunder-blendi-fevziut\/rezarta-shkurta-kunder-blendi-fevziut\/","title":{"rendered":"Rezarta Shkurta kund\u00ebr Blendi Fevziut"},"author":1,"comment_status":"open","ping_status":"closed","template":"","meta":{"spay_email":""},"yoast_head":"<!-- This site is optimized with the Yoast SEO plugin v19.1 - https:\/\/yoast.com\/wordpress\/plugins\/seo\/ -->\n<title>Rezarta Shkurta kund\u00ebr Blendi Fevziut - Lajme nga Ulqini<\/title>\n<meta name=\"robots\" content=\"index, follow, max-snippet:-1, max-image-preview:large, max-video-preview:-1\" \/>\n<link rel=\"canonical\" href=\"https:\/\/www.visit-ulcinj.com\/blog\/wp-content\/uploads\/2012\/01\/Rezarta-Shkurta-kund\u00ebr-Blendi-Fevziut.jpg\" \/>\n<meta property=\"og:locale\" content=\"en_US\" \/>\n<meta property=\"og:type\" content=\"article\" \/>\n<meta property=\"og:title\" content=\"Rezarta Shkurta kund\u00ebr Blendi Fevziut - Lajme nga Ulqini\" \/>\n<meta property=\"og:description\" content=\"Mes Rezarta Shkurt\u00ebs dhe familjes s\u00eb Ermal Hoxh\u00ebs marr\u00ebdh\u00ebniet thuhet se jan\u00eb t\u00eb ngrira. Prind\u00ebrit e tij, Ilir dhe Teuta Hoxha nuk e kan\u00eb mir\u00ebpritur asnj\u00ebher\u00eb si nusen e djalit, gj\u00eb q\u00eb nuk e ka penguar asnj\u00ebher\u00eb k\u00ebng\u00ebtaren t\u00eb flas\u00eb n\u00eb shtyp duke u identifikuar me familjen e bashk\u00ebshortit t\u00eb saj. Rasti m\u00eb i fundit, [&hellip;]\" \/>\n<meta property=\"og:url\" content=\"https:\/\/www.visit-ulcinj.com\/blog\/wp-content\/uploads\/2012\/01\/Rezarta-Shkurta-kund\u00ebr-Blendi-Fevziut.jpg\" \/>\n<meta property=\"og:site_name\" content=\"Lajme nga Ulqini\" \/>\n<meta property=\"og:image\" content=\"https:\/\/www.visit-ulcinj.com\/blog\/wp-content\/uploads\/2012\/01\/Rezarta-Shkurta-kund\u00ebr-Blendi-Fevziut.jpg\" \/>\n\t<meta property=\"og:image:width\" content=\"560\" \/>\n\t<meta property=\"og:image:height\" content=\"383\" \/>\n\t<meta property=\"og:image:type\" content=\"image\/jpeg\" \/>\n<meta name=\"twitter:label1\" content=\"Est. reading time\" \/>\n\t<meta name=\"twitter:data1\" content=\"2 minutes\" \/>\n<script type=\"application\/ld+json\" class=\"yoast-schema-graph\">{\"@context\":\"https:\/\/schema.org\",\"@graph\":[{\"@type\":\"WebSite\",\"@id\":\"https:\/\/www.visit-ulcinj.com\/blog\/#website\",\"url\":\"https:\/\/www.visit-ulcinj.com\/blog\/\",\"name\":\"Lajme nga Ulqini\",\"description\":\"Lajme,Vijesti,Ulqini,Ulqin,Crna Gora,Mali i Zi\",\"potentialAction\":[{\"@type\":\"SearchAction\",\"target\":{\"@type\":\"EntryPoint\",\"urlTemplate\":\"https:\/\/www.visit-ulcinj.com\/blog\/?s={search_term_string}\"},\"query-input\":\"required name=search_term_string\"}],\"inLanguage\":\"en-US\"},{\"@type\":\"WebPage\",\"@id\":\"https:\/\/www.visit-ulcinj.com\/blog\/wp-content\/uploads\/2012\/01\/Rezarta-Shkurta-kund\u00ebr-Blendi-Fevziut.jpg#webpage\",\"url\":\"https:\/\/www.visit-ulcinj.com\/blog\/wp-content\/uploads\/2012\/01\/Rezarta-Shkurta-kund\u00ebr-Blendi-Fevziut.jpg\",\"name\":\"Rezarta Shkurta kund\u00ebr Blendi Fevziut - Lajme nga Ulqini\",\"isPartOf\":{\"@id\":\"https:\/\/www.visit-ulcinj.com\/blog\/#website\"},\"datePublished\":\"2012-01-08T21:12:37+00:00\",\"dateModified\":\"2012-01-08T21:12:37+00:00\",\"breadcrumb\":{\"@id\":\"https:\/\/www.visit-ulcinj.com\/blog\/wp-content\/uploads\/2012\/01\/Rezarta-Shkurta-kund\u00ebr-Blendi-Fevziut.jpg#breadcrumb\"},\"inLanguage\":\"en-US\",\"potentialAction\":[{\"@type\":\"ReadAction\",\"target\":[\"https:\/\/www.visit-ulcinj.com\/blog\/wp-content\/uploads\/2012\/01\/Rezarta-Shkurta-kund\u00ebr-Blendi-Fevziut.jpg\"]}]},{\"@type\":\"BreadcrumbList\",\"@id\":\"https:\/\/www.visit-ulcinj.com\/blog\/wp-content\/uploads\/2012\/01\/Rezarta-Shkurta-kund\u00ebr-Blendi-Fevziut.jpg#breadcrumb\",\"itemListElement\":[{\"@type\":\"ListItem\",\"position\":1,\"name\":\"Rezarta Shkurta kund\u00ebr Blendi Fevziut\",\"item\":\"https:\/\/www.visit-ulcinj.com\/blog\/2012\/01\/08\/rezarta-shkurta-kunder-blendi-fevziut\/\"},{\"@type\":\"ListItem\",\"position\":2,\"name\":\"Rezarta Shkurta kund\u00ebr Blendi Fevziut\"}]}]}<\/script>\n<!-- \/ Yoast SEO plugin. -->","yoast_head_json":{"title":"Rezarta Shkurta kund\u00ebr Blendi Fevziut - Lajme nga Ulqini","robots":{"index":"index","follow":"follow","max-snippet":"max-snippet:-1","max-image-preview":"max-image-preview:large","max-video-preview":"max-video-preview:-1"},"canonical":"https:\/\/www.visit-ulcinj.com\/blog\/wp-content\/uploads\/2012\/01\/Rezarta-Shkurta-kund\u00ebr-Blendi-Fevziut.jpg","og_locale":"en_US","og_type":"article","og_title":"Rezarta Shkurta kund\u00ebr Blendi Fevziut - Lajme nga Ulqini","og_description":"Mes Rezarta Shkurt\u00ebs dhe familjes s\u00eb Ermal Hoxh\u00ebs marr\u00ebdh\u00ebniet thuhet se jan\u00eb t\u00eb ngrira. Prind\u00ebrit e tij, Ilir dhe Teuta Hoxha nuk e kan\u00eb mir\u00ebpritur asnj\u00ebher\u00eb si nusen e djalit, gj\u00eb q\u00eb nuk e ka penguar asnj\u00ebher\u00eb k\u00ebng\u00ebtaren t\u00eb flas\u00eb n\u00eb shtyp duke u identifikuar me familjen e bashk\u00ebshortit t\u00eb saj. Rasti m\u00eb i fundit, [&hellip;]","og_url":"https:\/\/www.visit-ulcinj.com\/blog\/wp-content\/uploads\/2012\/01\/Rezarta-Shkurta-kund\u00ebr-Blendi-Fevziut.jpg","og_site_name":"Lajme nga Ulqini","og_image":[{"width":"560","height":"383","url":"https:\/\/www.visit-ulcinj.com\/blog\/wp-content\/uploads\/2012\/01\/Rezarta-Shkurta-kund\u00ebr-Blendi-Fevziut.jpg","type":"image\/jpeg"}],"twitter_misc":{"Est. reading time":"2 minutes"},"schema":{"@context":"https:\/\/schema.org","@graph":[{"@type":"WebSite","@id":"https:\/\/www.visit-ulcinj.com\/blog\/#website","url":"https:\/\/www.visit-ulcinj.com\/blog\/","name":"Lajme nga Ulqini","description":"Lajme,Vijesti,Ulqini,Ulqin,Crna Gora,Mali i Zi","potentialAction":[{"@type":"SearchAction","target":{"@type":"EntryPoint","urlTemplate":"https:\/\/www.visit-ulcinj.com\/blog\/?s={search_term_string}"},"query-input":"required name=search_term_string"}],"inLanguage":"en-US"},{"@type":"WebPage","@id":"https:\/\/www.visit-ulcinj.com\/blog\/wp-content\/uploads\/2012\/01\/Rezarta-Shkurta-kund\u00ebr-Blendi-Fevziut.jpg#webpage","url":"https:\/\/www.visit-ulcinj.com\/blog\/wp-content\/uploads\/2012\/01\/Rezarta-Shkurta-kund\u00ebr-Blendi-Fevziut.jpg","name":"Rezarta Shkurta kund\u00ebr Blendi Fevziut - Lajme nga Ulqini","isPartOf":{"@id":"https:\/\/www.visit-ulcinj.com\/blog\/#website"},"datePublished":"2012-01-08T21:12:37+00:00","dateModified":"2012-01-08T21:12:37+00:00","breadcrumb":{"@id":"https:\/\/www.visit-ulcinj.com\/blog\/wp-content\/uploads\/2012\/01\/Rezarta-Shkurta-kund\u00ebr-Blendi-Fevziut.jpg#breadcrumb"},"inLanguage":"en-US","potentialAction":[{"@type":"ReadAction","target":["https:\/\/www.visit-ulcinj.com\/blog\/wp-content\/uploads\/2012\/01\/Rezarta-Shkurta-kund\u00ebr-Blendi-Fevziut.jpg"]}]},{"@type":"BreadcrumbList","@id":"https:\/\/www.visit-ulcinj.com\/blog\/wp-content\/uploads\/2012\/01\/Rezarta-Shkurta-kund\u00ebr-Blendi-Fevziut.jpg#breadcrumb","itemListElement":[{"@type":"ListItem","position":1,"name":"Rezarta Shkurta kund\u00ebr Blendi Fevziut","item":"https:\/\/www.visit-ulcinj.com\/blog\/2012\/01\/08\/rezarta-shkurta-kunder-blendi-fevziut\/"},{"@type":"ListItem","position":2,"name":"Rezarta Shkurta kund\u00ebr Blendi Fevziut"}]}]}},"jetpack_sharing_enabled":true,"jetpack_shortlink":"https:\/\/wp.me\/ae6lTn-euU","description":{"rendered":"<p class=\"attachment\"><a href='https:\/\/www.visit-ulcinj.com\/blog\/wp-content\/uploads\/2012\/01\/Rezarta-Shkurta-kund\u00ebr-Blendi-Fevziut.jpg'><img width=\"300\" height=\"205\" src=\"https:\/\/www.visit-ulcinj.com\/blog\/wp-content\/uploads\/2012\/01\/Rezarta-Shkurta-kund\u00ebr-Blendi-Fevziut-300x205.jpg\" class=\"attachment-medium size-medium\" alt=\"\" loading=\"lazy\" srcset=\"https:\/\/www.visit-ulcinj.com\/blog\/wp-content\/uploads\/2012\/01\/Rezarta-Shkurta-kund\u00ebr-Blendi-Fevziut-300x205.jpg 300w, https:\/\/www.visit-ulcinj.com\/blog\/wp-content\/uploads\/2012\/01\/Rezarta-Shkurta-kund\u00ebr-Blendi-Fevziut.jpg 560w\" sizes=\"(max-width: 300px) 100vw, 300px\" \/><\/a><\/p>\n<p>Mes Rezarta Shkurt\u00ebs dhe familjes s\u00eb Ermal Hoxh\u00ebs marr\u00ebdh\u00ebniet thuhet se jan\u00eb t\u00eb ngrira. Prind\u00ebrit e tij, Ilir dhe Teuta Hoxha nuk e kan\u00eb mir\u00ebpritur asnj\u00ebher\u00eb si nusen e djalit, gj\u00eb q\u00eb nuk e ka penguar asnj\u00ebher\u00eb k\u00ebng\u00ebtaren t\u00eb flas\u00eb n\u00eb shtyp duke u identifikuar me familjen e bashk\u00ebshortit t\u00eb saj. Rasti m\u00eb i fundit, botimi i biografis\u00eb s\u00eb Blendi Fevziut p\u00ebr Enver Hoxh\u00ebn, nuk ka l\u00ebn\u00eb indiferente dhe m\u00eb t\u00eb ren\u00eb nd\u00ebr nuset e familjes Hoxha.<br \/>\nRezarta Shkurta muajin e fundit ka p\u00ebrdorur rrjetin social Facebook p\u00ebr t\u00eb dh\u00ebn\u00eb opinionet e saj mbi librin e Blendi Fevziut apo dhe promovimin q\u00eb i \u00ebsht\u00eb b\u00ebr\u00eb librit. Madje ajo me mjaft krenari i ka shtuar profilit t\u00eb saj nj\u00eb album t\u00eb titulluar \u201cErmali im i vog\u00ebl\u201d, ku paraqiten fotografi nga f\u00ebmij\u00ebria e Ermal Hoxh\u00ebs n\u00eb bllok, me gjyshin dhe gjyshen, Enver dhe Nexhmije Hoxha.<br \/>\nEdhe pse ka qen\u00eb disa her\u00eb e ftuar n\u00eb studion e \u201cOpinion\u201d, si k\u00ebng\u00ebtare dhe vajz\u00eb spektaklesh, n\u00eb komentet me miqt\u00eb n\u00eb Facebook, Rezarta Shkurta shpreh rezervat e veta p\u00ebr emisionin m\u00eb t\u00eb ndjekur t\u00eb ekraneve shqiptare, nd\u00ebrkoh\u00eb q\u00eb gjat\u00eb gjith\u00eb muajit ka qen\u00eb mjaft aktive, si n\u00eb postimin e bejteve t\u00eb Arben Duk\u00ebs kund\u00ebr Blendi Fevziut, ashtu dhe n\u00eb publikimin dy dit\u00eb m\u00eb par\u00eb t\u00eb faktit se kopertina e librit t\u00eb Fevziut \u00ebsht\u00eb nj\u00eb kopje e biografis\u00eb s\u00eb Stalinit (n\u00eb po t\u00eb nj\u00ebjt\u00ebn faqe ajo ka t\u00eb botuar dhe fotografin\u00eb e saj t\u00eb b\u00ebr\u00eb mot \u00e1 mot si nj\u00eb fotografi e Lagy Gaga).<br \/>\nRezarta Shkurta b\u00ebhet k\u00ebshtu nusja e tret\u00eb, por e para nga brezi i dyt\u00eb, i nuseve t\u00eb familjes Hoxha q\u00eb shprehen publikisht p\u00ebr librin e Blendi Fevziut, i cili u kthye n\u00eb nj\u00eb fenomen shitjesh fundvitin e shkuar. Por ndryshe nga Liliana Hoxha, q\u00ebndrimi i saj \u00ebsht\u00eb m\u00eb af\u00ebr t\u00eb vjehrr\u00ebs, Teuta Hoxh\u00ebs, e cila ka qen\u00eb nd\u00ebr t\u00eb parat q\u00eb e kan\u00eb sulmuar k\u00ebt\u00eb lib\u00ebr sipas saj p\u00ebr t\u00eb pav\u00ebrtetat q\u00eb shkruan p\u00ebr jet\u00ebn e diktatorit.<br \/>\nNdoshta gjesti i Rezart\u00ebs mund t\u00eb jet\u00eb dhe nj\u00eb ur\u00eb pajtimi me familjen e t\u00eb shoqit, e cila nuk e ka pritur aspak mir\u00eb futjen e Rezart\u00ebs n\u00eb familje, pasi q\u00eb n\u00eb dit\u00ebt e para t\u00eb lidhjes me Ermalin, ajo nxitoi t\u00eb rr\u00ebfente n\u00ebp\u00ebr gazeta e revista se ishte lidhur me nipin e Enver Hoxh\u00ebs. Por ndoshta kjo \u00ebsht\u00eb thjesht Rezarta, tep\u00ebr e dashuruar pas Ermalit dhe \u00e7do gj\u00ebje q\u00eb ai p\u00ebrfaq\u00ebson.<br \/>\nMAPO<\/p>\n"},"caption":{"rendered":"<p>Mes Rezarta Shkurt\u00ebs dhe familjes s\u00eb Ermal Hoxh\u00ebs marr\u00ebdh\u00ebniet thuhet se jan\u00eb t\u00eb ngrira. Prind\u00ebrit e tij, Ilir dhe Teuta Hoxha nuk e kan\u00eb mir\u00ebpritur asnj\u00ebher\u00eb si nusen e djalit, gj\u00eb q\u00eb nuk e ka penguar asnj\u00ebher\u00eb k\u00ebng\u00ebtaren t\u00eb flas\u00eb n\u00eb shtyp duke u identifikuar me familjen e bashk\u00ebshortit t\u00eb saj. Rasti m\u00eb i fundit, [&hellip;]<\/p>\n"},"alt_text":"","media_type":"image","mime_type":"image\/jpeg","media_details":{"width":"560","height":"383","hwstring_small":"height='87' width='128'","file":"2012\/01\/Rezarta-Shkurta-kund\u00ebr-Blendi-Fevziut.jpg","sizes":{"thumbnail":{"file":"Rezarta-Shkurta-kund\u00ebr-Blendi-Fevziut-150x150.jpg","width":"150","height":"150","source_url":"https:\/\/www.visit-ulcinj.com\/blog\/wp-content\/uploads\/2012\/01\/Rezarta-Shkurta-kund\u00ebr-Blendi-Fevziut-150x150.jpg"},"medium":{"file":"Rezarta-Shkurta-kund\u00ebr-Blendi-Fevziut-300x205.jpg","width":"300","height":"205","source_url":"https:\/\/www.visit-ulcinj.com\/blog\/wp-content\/uploads\/2012\/01\/Rezarta-Shkurta-kund\u00ebr-Blendi-Fevziut-300x205.jpg"},"full":{"file":"Rezarta-Shkurta-kund\u00ebr-Blendi-Fevziut.jpg","width":560,"height":383,"mime_type":"image\/jpeg","source_url":"https:\/\/www.visit-ulcinj.com\/blog\/wp-content\/uploads\/2012\/01\/Rezarta-Shkurta-kund\u00ebr-Blendi-Fevziut.jpg"}},"image_meta":{"aperture":"0","credit":"","camera":"","caption":"","created_timestamp":"0","copyright":"","focal_length":"0","iso":"0","shutter_speed":"0","title":""}},"post":55729,"source_url":"https:\/\/www.visit-ulcinj.com\/blog\/wp-content\/uploads\/2012\/01\/Rezarta-Shkurta-kund\u00ebr-Blendi-Fevziut.jpg","_links":{"self":[{"href":"https:\/\/www.visit-ulcinj.com\/blog\/wp-json\/wp\/v2\/media\/55732"}],"collection":[{"href":"https:\/\/www.visit-ulcinj.com\/blog\/wp-json\/wp\/v2\/media"}],"about":[{"href":"https:\/\/www.visit-ulcinj.com\/blog\/wp-json\/wp\/v2\/types\/attachment"}],"author":[{"embeddable":true,"href":"https:\/\/www.visit-ulcinj.com\/blog\/wp-json\/wp\/v2\/users\/1"}],"replies":[{"embeddable":true,"href":"https:\/\/www.visit-ulcinj.com\/blog\/wp-json\/wp\/v2\/comments?post=55732"}]}}