{"id":55743,"date":"2012-01-09T11:56:50","date_gmt":"2012-01-09T10:56:50","guid":{"rendered":"http:\/\/www.visit-ulcinj.com\/blog\/wp-content\/uploads\/2012\/01\/Hana-Cakuli-e-nisi-Vitin-e-Ri-me-sh\u00ebtitje-buz\u00eb-detit-te-Ulqinit.1.jpg"},"modified":"2012-01-09T11:56:50","modified_gmt":"2012-01-09T10:56:50","slug":"hana-cakuli-e-nisi-vitin-e-ri-me-shetitje-buze-detit-te-ulqinit-1","status":"inherit","type":"attachment","link":"https:\/\/www.visit-ulcinj.com\/blog\/2012\/01\/09\/hana-cakuli-e-nisi-vitin-e-ri-me-shetitje-buze-detit-te-ulqinit\/hana-cakuli-e-nisi-vitin-e-ri-me-shetitje-buze-detit-te-ulqinit-1\/","title":{"rendered":"Hana Cakuli e nisi Vitin e Ri me sh\u00ebtitje buz\u00eb detit te Ulqinit.1"},"author":1,"comment_status":"open","ping_status":"closed","template":"","meta":{"spay_email":""},"yoast_head":"<!-- This site is optimized with the Yoast SEO plugin v19.1 - https:\/\/yoast.com\/wordpress\/plugins\/seo\/ -->\n<title>Hana Cakuli e nisi Vitin e Ri me sh\u00ebtitje buz\u00eb detit te Ulqinit.1 - Lajme nga Ulqini<\/title>\n<meta name=\"robots\" content=\"index, follow, max-snippet:-1, max-image-preview:large, max-video-preview:-1\" \/>\n<link rel=\"canonical\" href=\"https:\/\/www.visit-ulcinj.com\/blog\/wp-content\/uploads\/2012\/01\/Hana-Cakuli-e-nisi-Vitin-e-Ri-me-sh\u00ebtitje-buz\u00eb-detit-te-Ulqinit.1.jpg\" \/>\n<meta property=\"og:locale\" content=\"en_US\" \/>\n<meta property=\"og:type\" content=\"article\" \/>\n<meta property=\"og:title\" content=\"Hana Cakuli e nisi Vitin e Ri me sh\u00ebtitje buz\u00eb detit te Ulqinit.1 - Lajme nga Ulqini\" \/>\n<meta property=\"og:description\" content=\"Hana Cakuli ka zgjedhur t\u00eb sh\u00ebtis buz\u00eb detit n\u00eb dit\u00ebt e para t\u00eb vitit 2012, t\u00eb cilat jan\u00eb edhe dit\u00eb pushimi. Plazhi i vog\u00ebl i Ulqinit ka q\u00ebn\u00eb pjesa m\u00eb e vizituar nga qytetar\u00ebt, t\u00eb cil\u00ebt edhe pse t\u00eb lodhur nga festa e fundvitit kan\u00eb preferuar t\u00eb \u00e7lodhen buz\u00eb detit.K\u00ebte e b\u00ebri edhe Hana Cakuli. [&hellip;]\" \/>\n<meta property=\"og:url\" content=\"https:\/\/www.visit-ulcinj.com\/blog\/wp-content\/uploads\/2012\/01\/Hana-Cakuli-e-nisi-Vitin-e-Ri-me-sh\u00ebtitje-buz\u00eb-detit-te-Ulqinit.1.jpg\" \/>\n<meta property=\"og:site_name\" content=\"Lajme nga Ulqini\" \/>\n<meta property=\"og:image\" content=\"https:\/\/www.visit-ulcinj.com\/blog\/wp-content\/uploads\/2012\/01\/Hana-Cakuli-e-nisi-Vitin-e-Ri-me-sh\u00ebtitje-buz\u00eb-detit-te-Ulqinit.1.jpg\" \/>\n\t<meta property=\"og:image:width\" content=\"960\" \/>\n\t<meta property=\"og:image:height\" content=\"640\" \/>\n\t<meta property=\"og:image:type\" content=\"image\/jpeg\" \/>\n<meta name=\"twitter:label1\" content=\"Est. reading time\" \/>\n\t<meta name=\"twitter:data1\" content=\"1 minute\" \/>\n<script type=\"application\/ld+json\" class=\"yoast-schema-graph\">{\"@context\":\"https:\/\/schema.org\",\"@graph\":[{\"@type\":\"WebSite\",\"@id\":\"https:\/\/www.visit-ulcinj.com\/blog\/#website\",\"url\":\"https:\/\/www.visit-ulcinj.com\/blog\/\",\"name\":\"Lajme nga Ulqini\",\"description\":\"Lajme,Vijesti,Ulqini,Ulqin,Crna Gora,Mali i Zi\",\"potentialAction\":[{\"@type\":\"SearchAction\",\"target\":{\"@type\":\"EntryPoint\",\"urlTemplate\":\"https:\/\/www.visit-ulcinj.com\/blog\/?s={search_term_string}\"},\"query-input\":\"required name=search_term_string\"}],\"inLanguage\":\"en-US\"},{\"@type\":\"WebPage\",\"@id\":\"https:\/\/www.visit-ulcinj.com\/blog\/wp-content\/uploads\/2012\/01\/Hana-Cakuli-e-nisi-Vitin-e-Ri-me-sh\u00ebtitje-buz\u00eb-detit-te-Ulqinit.1.jpg#webpage\",\"url\":\"https:\/\/www.visit-ulcinj.com\/blog\/wp-content\/uploads\/2012\/01\/Hana-Cakuli-e-nisi-Vitin-e-Ri-me-sh\u00ebtitje-buz\u00eb-detit-te-Ulqinit.1.jpg\",\"name\":\"Hana Cakuli e nisi Vitin e Ri me sh\u00ebtitje buz\u00eb detit te Ulqinit.1 - Lajme nga Ulqini\",\"isPartOf\":{\"@id\":\"https:\/\/www.visit-ulcinj.com\/blog\/#website\"},\"datePublished\":\"2012-01-09T10:56:50+00:00\",\"dateModified\":\"2012-01-09T10:56:50+00:00\",\"breadcrumb\":{\"@id\":\"https:\/\/www.visit-ulcinj.com\/blog\/wp-content\/uploads\/2012\/01\/Hana-Cakuli-e-nisi-Vitin-e-Ri-me-sh\u00ebtitje-buz\u00eb-detit-te-Ulqinit.1.jpg#breadcrumb\"},\"inLanguage\":\"en-US\",\"potentialAction\":[{\"@type\":\"ReadAction\",\"target\":[\"https:\/\/www.visit-ulcinj.com\/blog\/wp-content\/uploads\/2012\/01\/Hana-Cakuli-e-nisi-Vitin-e-Ri-me-sh\u00ebtitje-buz\u00eb-detit-te-Ulqinit.1.jpg\"]}]},{\"@type\":\"BreadcrumbList\",\"@id\":\"https:\/\/www.visit-ulcinj.com\/blog\/wp-content\/uploads\/2012\/01\/Hana-Cakuli-e-nisi-Vitin-e-Ri-me-sh\u00ebtitje-buz\u00eb-detit-te-Ulqinit.1.jpg#breadcrumb\",\"itemListElement\":[{\"@type\":\"ListItem\",\"position\":1,\"name\":\"Hana Cakuli e nisi Vitin e Ri me sh\u00ebtitje buz\u00eb detit t\u00eb Ulqinit\",\"item\":\"https:\/\/www.visit-ulcinj.com\/blog\/2012\/01\/09\/hana-cakuli-e-nisi-vitin-e-ri-me-shetitje-buze-detit-te-ulqinit\/\"},{\"@type\":\"ListItem\",\"position\":2,\"name\":\"Hana Cakuli e nisi Vitin e Ri me sh\u00ebtitje buz\u00eb detit te Ulqinit.1\"}]}]}<\/script>\n<!-- \/ Yoast SEO plugin. -->","yoast_head_json":{"title":"Hana Cakuli e nisi Vitin e Ri me sh\u00ebtitje buz\u00eb detit te Ulqinit.1 - Lajme nga Ulqini","robots":{"index":"index","follow":"follow","max-snippet":"max-snippet:-1","max-image-preview":"max-image-preview:large","max-video-preview":"max-video-preview:-1"},"canonical":"https:\/\/www.visit-ulcinj.com\/blog\/wp-content\/uploads\/2012\/01\/Hana-Cakuli-e-nisi-Vitin-e-Ri-me-sh\u00ebtitje-buz\u00eb-detit-te-Ulqinit.1.jpg","og_locale":"en_US","og_type":"article","og_title":"Hana Cakuli e nisi Vitin e Ri me sh\u00ebtitje buz\u00eb detit te Ulqinit.1 - Lajme nga Ulqini","og_description":"Hana Cakuli ka zgjedhur t\u00eb sh\u00ebtis buz\u00eb detit n\u00eb dit\u00ebt e para t\u00eb vitit 2012, t\u00eb cilat jan\u00eb edhe dit\u00eb pushimi. Plazhi i vog\u00ebl i Ulqinit ka q\u00ebn\u00eb pjesa m\u00eb e vizituar nga qytetar\u00ebt, t\u00eb cil\u00ebt edhe pse t\u00eb lodhur nga festa e fundvitit kan\u00eb preferuar t\u00eb \u00e7lodhen buz\u00eb detit.K\u00ebte e b\u00ebri edhe Hana Cakuli. [&hellip;]","og_url":"https:\/\/www.visit-ulcinj.com\/blog\/wp-content\/uploads\/2012\/01\/Hana-Cakuli-e-nisi-Vitin-e-Ri-me-sh\u00ebtitje-buz\u00eb-detit-te-Ulqinit.1.jpg","og_site_name":"Lajme nga Ulqini","og_image":[{"width":"960","height":"640","url":"https:\/\/www.visit-ulcinj.com\/blog\/wp-content\/uploads\/2012\/01\/Hana-Cakuli-e-nisi-Vitin-e-Ri-me-sh\u00ebtitje-buz\u00eb-detit-te-Ulqinit.1.jpg","type":"image\/jpeg"}],"twitter_misc":{"Est. reading time":"1 minute"},"schema":{"@context":"https:\/\/schema.org","@graph":[{"@type":"WebSite","@id":"https:\/\/www.visit-ulcinj.com\/blog\/#website","url":"https:\/\/www.visit-ulcinj.com\/blog\/","name":"Lajme nga Ulqini","description":"Lajme,Vijesti,Ulqini,Ulqin,Crna Gora,Mali i Zi","potentialAction":[{"@type":"SearchAction","target":{"@type":"EntryPoint","urlTemplate":"https:\/\/www.visit-ulcinj.com\/blog\/?s={search_term_string}"},"query-input":"required name=search_term_string"}],"inLanguage":"en-US"},{"@type":"WebPage","@id":"https:\/\/www.visit-ulcinj.com\/blog\/wp-content\/uploads\/2012\/01\/Hana-Cakuli-e-nisi-Vitin-e-Ri-me-sh\u00ebtitje-buz\u00eb-detit-te-Ulqinit.1.jpg#webpage","url":"https:\/\/www.visit-ulcinj.com\/blog\/wp-content\/uploads\/2012\/01\/Hana-Cakuli-e-nisi-Vitin-e-Ri-me-sh\u00ebtitje-buz\u00eb-detit-te-Ulqinit.1.jpg","name":"Hana Cakuli e nisi Vitin e Ri me sh\u00ebtitje buz\u00eb detit te Ulqinit.1 - Lajme nga Ulqini","isPartOf":{"@id":"https:\/\/www.visit-ulcinj.com\/blog\/#website"},"datePublished":"2012-01-09T10:56:50+00:00","dateModified":"2012-01-09T10:56:50+00:00","breadcrumb":{"@id":"https:\/\/www.visit-ulcinj.com\/blog\/wp-content\/uploads\/2012\/01\/Hana-Cakuli-e-nisi-Vitin-e-Ri-me-sh\u00ebtitje-buz\u00eb-detit-te-Ulqinit.1.jpg#breadcrumb"},"inLanguage":"en-US","potentialAction":[{"@type":"ReadAction","target":["https:\/\/www.visit-ulcinj.com\/blog\/wp-content\/uploads\/2012\/01\/Hana-Cakuli-e-nisi-Vitin-e-Ri-me-sh\u00ebtitje-buz\u00eb-detit-te-Ulqinit.1.jpg"]}]},{"@type":"BreadcrumbList","@id":"https:\/\/www.visit-ulcinj.com\/blog\/wp-content\/uploads\/2012\/01\/Hana-Cakuli-e-nisi-Vitin-e-Ri-me-sh\u00ebtitje-buz\u00eb-detit-te-Ulqinit.1.jpg#breadcrumb","itemListElement":[{"@type":"ListItem","position":1,"name":"Hana Cakuli e nisi Vitin e Ri me sh\u00ebtitje buz\u00eb detit t\u00eb Ulqinit","item":"https:\/\/www.visit-ulcinj.com\/blog\/2012\/01\/09\/hana-cakuli-e-nisi-vitin-e-ri-me-shetitje-buze-detit-te-ulqinit\/"},{"@type":"ListItem","position":2,"name":"Hana Cakuli e nisi Vitin e Ri me sh\u00ebtitje buz\u00eb detit te Ulqinit.1"}]}]}},"jetpack_sharing_enabled":true,"jetpack_shortlink":"https:\/\/wp.me\/ae6lTn-ev5","description":{"rendered":"<p class=\"attachment\"><a href='https:\/\/www.visit-ulcinj.com\/blog\/wp-content\/uploads\/2012\/01\/Hana-Cakuli-e-nisi-Vitin-e-Ri-me-sh\u00ebtitje-buz\u00eb-detit-te-Ulqinit.1.jpg'><img width=\"300\" height=\"200\" src=\"https:\/\/www.visit-ulcinj.com\/blog\/wp-content\/uploads\/2012\/01\/Hana-Cakuli-e-nisi-Vitin-e-Ri-me-sh\u00ebtitje-buz\u00eb-detit-te-Ulqinit.1-300x200.jpg\" class=\"attachment-medium size-medium\" alt=\"\" loading=\"lazy\" srcset=\"https:\/\/www.visit-ulcinj.com\/blog\/wp-content\/uploads\/2012\/01\/Hana-Cakuli-e-nisi-Vitin-e-Ri-me-sh\u00ebtitje-buz\u00eb-detit-te-Ulqinit.1-300x200.jpg 300w, https:\/\/www.visit-ulcinj.com\/blog\/wp-content\/uploads\/2012\/01\/Hana-Cakuli-e-nisi-Vitin-e-Ri-me-sh\u00ebtitje-buz\u00eb-detit-te-Ulqinit.1.jpg 960w\" sizes=\"(max-width: 300px) 100vw, 300px\" \/><\/a><\/p>\n<p>Hana Cakuli ka zgjedhur t\u00eb sh\u00ebtis buz\u00eb detit n\u00eb dit\u00ebt e para t\u00eb vitit 2012, t\u00eb cilat jan\u00eb edhe dit\u00eb pushimi. Plazhi i vog\u00ebl i Ulqinit ka q\u00ebn\u00eb pjesa m\u00eb e vizituar nga qytetar\u00ebt, t\u00eb cil\u00ebt edhe pse t\u00eb lodhur nga festa e fundvitit kan\u00eb preferuar t\u00eb \u00e7lodhen buz\u00eb detit.K\u00ebte e b\u00ebri edhe Hana Cakuli.<\/p>\n<p>Duke u shprehur se e \u201cKaluam shum\u00eb mir\u00eb fest\u00ebn, tani po kalojm\u00eb ca caste relaksi pran\u00eb detit\u201d.<\/p>\n<p>Ajo ka zgjedhur t\u00eb sh\u00ebtis buz\u00eb detit e dikush tjet\u00ebr t\u00eb luan me f\u00ebmij\u00eb, dikujt tjet\u00ebr i p\u00eblqen fotogafia,sikurse Hana ose thjesht asaj i p\u00eblqen t\u00eb meditoj\u00eb p\u00ebr vitin q\u00eb lam\u00eb pas dhe p\u00ebr at\u00eb q\u00eb erdhi, n\u00ebn zhurmat relaksuese t\u00eb dallg\u00ebve. <\/p>\n<p>Fatmir\u00ebsisht edhe koha ka q\u00ebn\u00eb shum\u00eb e p\u00ebrshtatshme p\u00ebr sh\u00ebtitje. Edhe pse temperaturat ishin t\u00eb ul\u00ebta, dielli dhe kthjellt\u00ebsia e qiellit e b\u00ebnin m\u00eb t\u00eb k\u00ebndshme sh\u00ebtitjen n\u00eb bregun e Rivier\u00ebs s\u00eb Ulqinit.<\/p>\n"},"caption":{"rendered":"<p>Hana Cakuli ka zgjedhur t\u00eb sh\u00ebtis buz\u00eb detit n\u00eb dit\u00ebt e para t\u00eb vitit 2012, t\u00eb cilat jan\u00eb edhe dit\u00eb pushimi. Plazhi i vog\u00ebl i Ulqinit ka q\u00ebn\u00eb pjesa m\u00eb e vizituar nga qytetar\u00ebt, t\u00eb cil\u00ebt edhe pse t\u00eb lodhur nga festa e fundvitit kan\u00eb preferuar t\u00eb \u00e7lodhen buz\u00eb detit.K\u00ebte e b\u00ebri edhe Hana Cakuli. [&hellip;]<\/p>\n"},"alt_text":"","media_type":"image","mime_type":"image\/jpeg","media_details":{"width":"960","height":"640","hwstring_small":"height='85' width='128'","file":"2012\/01\/Hana-Cakuli-e-nisi-Vitin-e-Ri-me-sh\u00ebtitje-buz\u00eb-detit-te-Ulqinit.1.jpg","sizes":{"thumbnail":{"file":"Hana-Cakuli-e-nisi-Vitin-e-Ri-me-sh\u00ebtitje-buz\u00eb-detit-te-Ulqinit.1-150x150.jpg","width":"150","height":"150","source_url":"https:\/\/www.visit-ulcinj.com\/blog\/wp-content\/uploads\/2012\/01\/Hana-Cakuli-e-nisi-Vitin-e-Ri-me-sh\u00ebtitje-buz\u00eb-detit-te-Ulqinit.1-150x150.jpg"},"medium":{"file":"Hana-Cakuli-e-nisi-Vitin-e-Ri-me-sh\u00ebtitje-buz\u00eb-detit-te-Ulqinit.1-300x200.jpg","width":"300","height":"200","source_url":"https:\/\/www.visit-ulcinj.com\/blog\/wp-content\/uploads\/2012\/01\/Hana-Cakuli-e-nisi-Vitin-e-Ri-me-sh\u00ebtitje-buz\u00eb-detit-te-Ulqinit.1-300x200.jpg"},"full":{"file":"Hana-Cakuli-e-nisi-Vitin-e-Ri-me-sh\u00ebtitje-buz\u00eb-detit-te-Ulqinit.1.jpg","width":960,"height":640,"mime_type":"image\/jpeg","source_url":"https:\/\/www.visit-ulcinj.com\/blog\/wp-content\/uploads\/2012\/01\/Hana-Cakuli-e-nisi-Vitin-e-Ri-me-sh\u00ebtitje-buz\u00eb-detit-te-Ulqinit.1.jpg"}},"image_meta":{"aperture":"0","credit":"","camera":"","caption":"","created_timestamp":"0","copyright":"","focal_length":"0","iso":"0","shutter_speed":"0","title":""}},"post":55742,"source_url":"https:\/\/www.visit-ulcinj.com\/blog\/wp-content\/uploads\/2012\/01\/Hana-Cakuli-e-nisi-Vitin-e-Ri-me-sh\u00ebtitje-buz\u00eb-detit-te-Ulqinit.1.jpg","_links":{"self":[{"href":"https:\/\/www.visit-ulcinj.com\/blog\/wp-json\/wp\/v2\/media\/55743"}],"collection":[{"href":"https:\/\/www.visit-ulcinj.com\/blog\/wp-json\/wp\/v2\/media"}],"about":[{"href":"https:\/\/www.visit-ulcinj.com\/blog\/wp-json\/wp\/v2\/types\/attachment"}],"author":[{"embeddable":true,"href":"https:\/\/www.visit-ulcinj.com\/blog\/wp-json\/wp\/v2\/users\/1"}],"replies":[{"embeddable":true,"href":"https:\/\/www.visit-ulcinj.com\/blog\/wp-json\/wp\/v2\/comments?post=55743"}]}}