{"id":56240,"date":"2012-01-23T18:05:12","date_gmt":"2012-01-23T17:05:12","guid":{"rendered":"http:\/\/www.visit-ulcinj.com\/blog\/wp-content\/uploads\/2012\/01\/DPS-ULCINJ.1.jpg"},"modified":"2012-01-23T18:05:12","modified_gmt":"2012-01-23T17:05:12","slug":"dps-ulcinj-1","status":"inherit","type":"attachment","link":"https:\/\/www.visit-ulcinj.com\/blog\/2012\/01\/23\/abazovic-puca-savez-dps-dua\/dps-ulcinj-1\/","title":{"rendered":"DPS ULCINJ.1"},"author":1,"comment_status":"open","ping_status":"closed","template":"","meta":{"spay_email":""},"yoast_head":"<!-- This site is optimized with the Yoast SEO plugin v19.1 - https:\/\/yoast.com\/wordpress\/plugins\/seo\/ -->\n<title>DPS ULCINJ.1 - Lajme nga Ulqini<\/title>\n<meta name=\"robots\" content=\"index, follow, max-snippet:-1, max-image-preview:large, max-video-preview:-1\" \/>\n<link rel=\"canonical\" href=\"https:\/\/www.visit-ulcinj.com\/blog\/wp-content\/uploads\/2012\/01\/DPS-ULCINJ.1.jpg\" \/>\n<meta property=\"og:locale\" content=\"en_US\" \/>\n<meta property=\"og:type\" content=\"article\" \/>\n<meta property=\"og:title\" content=\"DPS ULCINJ.1 - Lajme nga Ulqini\" \/>\n<meta property=\"og:description\" content=\"Dritan Abazovi\u0107 ocjenjuje da gubitak vlasti u Ulcinju i afere donose prekid saradnje u vladaju\u0107oj koaliciji Politikolog i \u010dlan Foruma 2010 Dritan Abazovi\u0107 ocijenio je ju\u010de da bi neka druga albanska partija mogla zamijeniti Demokratsku uniju Albanaca (DUA) u koaliciji sa DPS-om na dr\u017eavnom nivou, uz iste uslove. Abazovi\u0107 je za \u201eDan\u201d istakao da je [&hellip;]\" \/>\n<meta property=\"og:url\" content=\"https:\/\/www.visit-ulcinj.com\/blog\/wp-content\/uploads\/2012\/01\/DPS-ULCINJ.1.jpg\" \/>\n<meta property=\"og:site_name\" content=\"Lajme nga Ulqini\" \/>\n<meta property=\"og:image\" content=\"https:\/\/www.visit-ulcinj.com\/blog\/wp-content\/uploads\/2012\/01\/DPS-ULCINJ.1.jpg\" \/>\n\t<meta property=\"og:image:width\" content=\"960\" \/>\n\t<meta property=\"og:image:height\" content=\"640\" \/>\n\t<meta property=\"og:image:type\" content=\"image\/jpeg\" \/>\n<meta name=\"twitter:label1\" content=\"Est. reading time\" \/>\n\t<meta name=\"twitter:data1\" content=\"2 minutes\" \/>\n<script type=\"application\/ld+json\" class=\"yoast-schema-graph\">{\"@context\":\"https:\/\/schema.org\",\"@graph\":[{\"@type\":\"WebSite\",\"@id\":\"https:\/\/www.visit-ulcinj.com\/blog\/#website\",\"url\":\"https:\/\/www.visit-ulcinj.com\/blog\/\",\"name\":\"Lajme nga Ulqini\",\"description\":\"Lajme,Vijesti,Ulqini,Ulqin,Crna Gora,Mali i Zi\",\"potentialAction\":[{\"@type\":\"SearchAction\",\"target\":{\"@type\":\"EntryPoint\",\"urlTemplate\":\"https:\/\/www.visit-ulcinj.com\/blog\/?s={search_term_string}\"},\"query-input\":\"required name=search_term_string\"}],\"inLanguage\":\"en-US\"},{\"@type\":\"WebPage\",\"@id\":\"https:\/\/www.visit-ulcinj.com\/blog\/wp-content\/uploads\/2012\/01\/DPS-ULCINJ.1.jpg#webpage\",\"url\":\"https:\/\/www.visit-ulcinj.com\/blog\/wp-content\/uploads\/2012\/01\/DPS-ULCINJ.1.jpg\",\"name\":\"DPS ULCINJ.1 - Lajme nga Ulqini\",\"isPartOf\":{\"@id\":\"https:\/\/www.visit-ulcinj.com\/blog\/#website\"},\"datePublished\":\"2012-01-23T17:05:12+00:00\",\"dateModified\":\"2012-01-23T17:05:12+00:00\",\"breadcrumb\":{\"@id\":\"https:\/\/www.visit-ulcinj.com\/blog\/wp-content\/uploads\/2012\/01\/DPS-ULCINJ.1.jpg#breadcrumb\"},\"inLanguage\":\"en-US\",\"potentialAction\":[{\"@type\":\"ReadAction\",\"target\":[\"https:\/\/www.visit-ulcinj.com\/blog\/wp-content\/uploads\/2012\/01\/DPS-ULCINJ.1.jpg\"]}]},{\"@type\":\"BreadcrumbList\",\"@id\":\"https:\/\/www.visit-ulcinj.com\/blog\/wp-content\/uploads\/2012\/01\/DPS-ULCINJ.1.jpg#breadcrumb\",\"itemListElement\":[{\"@type\":\"ListItem\",\"position\":1,\"name\":\"Abazovic: Puca savez DPS\u2013DUA\",\"item\":\"https:\/\/www.visit-ulcinj.com\/blog\/2012\/01\/23\/abazovic-puca-savez-dps-dua\/\"},{\"@type\":\"ListItem\",\"position\":2,\"name\":\"DPS ULCINJ.1\"}]}]}<\/script>\n<!-- \/ Yoast SEO plugin. -->","yoast_head_json":{"title":"DPS ULCINJ.1 - Lajme nga Ulqini","robots":{"index":"index","follow":"follow","max-snippet":"max-snippet:-1","max-image-preview":"max-image-preview:large","max-video-preview":"max-video-preview:-1"},"canonical":"https:\/\/www.visit-ulcinj.com\/blog\/wp-content\/uploads\/2012\/01\/DPS-ULCINJ.1.jpg","og_locale":"en_US","og_type":"article","og_title":"DPS ULCINJ.1 - Lajme nga Ulqini","og_description":"Dritan Abazovi\u0107 ocjenjuje da gubitak vlasti u Ulcinju i afere donose prekid saradnje u vladaju\u0107oj koaliciji Politikolog i \u010dlan Foruma 2010 Dritan Abazovi\u0107 ocijenio je ju\u010de da bi neka druga albanska partija mogla zamijeniti Demokratsku uniju Albanaca (DUA) u koaliciji sa DPS-om na dr\u017eavnom nivou, uz iste uslove. Abazovi\u0107 je za \u201eDan\u201d istakao da je [&hellip;]","og_url":"https:\/\/www.visit-ulcinj.com\/blog\/wp-content\/uploads\/2012\/01\/DPS-ULCINJ.1.jpg","og_site_name":"Lajme nga Ulqini","og_image":[{"width":"960","height":"640","url":"https:\/\/www.visit-ulcinj.com\/blog\/wp-content\/uploads\/2012\/01\/DPS-ULCINJ.1.jpg","type":"image\/jpeg"}],"twitter_misc":{"Est. reading time":"2 minutes"},"schema":{"@context":"https:\/\/schema.org","@graph":[{"@type":"WebSite","@id":"https:\/\/www.visit-ulcinj.com\/blog\/#website","url":"https:\/\/www.visit-ulcinj.com\/blog\/","name":"Lajme nga Ulqini","description":"Lajme,Vijesti,Ulqini,Ulqin,Crna Gora,Mali i Zi","potentialAction":[{"@type":"SearchAction","target":{"@type":"EntryPoint","urlTemplate":"https:\/\/www.visit-ulcinj.com\/blog\/?s={search_term_string}"},"query-input":"required name=search_term_string"}],"inLanguage":"en-US"},{"@type":"WebPage","@id":"https:\/\/www.visit-ulcinj.com\/blog\/wp-content\/uploads\/2012\/01\/DPS-ULCINJ.1.jpg#webpage","url":"https:\/\/www.visit-ulcinj.com\/blog\/wp-content\/uploads\/2012\/01\/DPS-ULCINJ.1.jpg","name":"DPS ULCINJ.1 - Lajme nga Ulqini","isPartOf":{"@id":"https:\/\/www.visit-ulcinj.com\/blog\/#website"},"datePublished":"2012-01-23T17:05:12+00:00","dateModified":"2012-01-23T17:05:12+00:00","breadcrumb":{"@id":"https:\/\/www.visit-ulcinj.com\/blog\/wp-content\/uploads\/2012\/01\/DPS-ULCINJ.1.jpg#breadcrumb"},"inLanguage":"en-US","potentialAction":[{"@type":"ReadAction","target":["https:\/\/www.visit-ulcinj.com\/blog\/wp-content\/uploads\/2012\/01\/DPS-ULCINJ.1.jpg"]}]},{"@type":"BreadcrumbList","@id":"https:\/\/www.visit-ulcinj.com\/blog\/wp-content\/uploads\/2012\/01\/DPS-ULCINJ.1.jpg#breadcrumb","itemListElement":[{"@type":"ListItem","position":1,"name":"Abazovic: Puca savez DPS\u2013DUA","item":"https:\/\/www.visit-ulcinj.com\/blog\/2012\/01\/23\/abazovic-puca-savez-dps-dua\/"},{"@type":"ListItem","position":2,"name":"DPS ULCINJ.1"}]}]}},"jetpack_sharing_enabled":true,"jetpack_shortlink":"https:\/\/wp.me\/ae6lTn-eD6","description":{"rendered":"<p class=\"attachment\"><a href='https:\/\/www.visit-ulcinj.com\/blog\/wp-content\/uploads\/2012\/01\/DPS-ULCINJ.1.jpg'><img width=\"300\" height=\"200\" src=\"https:\/\/www.visit-ulcinj.com\/blog\/wp-content\/uploads\/2012\/01\/DPS-ULCINJ.1-300x200.jpg\" class=\"attachment-medium size-medium\" alt=\"\" loading=\"lazy\" srcset=\"https:\/\/www.visit-ulcinj.com\/blog\/wp-content\/uploads\/2012\/01\/DPS-ULCINJ.1-300x200.jpg 300w, https:\/\/www.visit-ulcinj.com\/blog\/wp-content\/uploads\/2012\/01\/DPS-ULCINJ.1.jpg 960w\" sizes=\"(max-width: 300px) 100vw, 300px\" \/><\/a><\/p>\n<p>Dritan Abazovi\u0107 ocjenjuje da gubitak vlasti u Ulcinju i afere donose prekid saradnje u vladaju\u0107oj koaliciji<br \/>\nPolitikolog i \u010dlan Foruma 2010 Dritan Abazovi\u0107 ocijenio je ju\u010de da bi neka druga albanska partija mogla zamijeniti Demokratsku uniju Albanaca (DUA) u koaliciji sa DPS-om na dr\u017eavnom nivou, uz iste uslove. Abazovi\u0107 je za \u201eDan\u201d istakao da je su\u0161tinsko pitanje da li \u0107e DPS htjeti vi\u0161e savez sa DUA, s obzirom na poslednja de\u0161avanja, kao i na o\u010digledni pad rejtinga Unije u albanskom bira\u010dkom tjelu.<br \/>\n\u2013 Ako ovome dodamo lo\u0161u kadrovsku politiku DUA, afere koje prate njene \u010delnike, kao i gubitak lokalne vlasti u Ulcinju, te\u0161ko. Vjerovatno \u0107e DPS dobro procijeniti \u0161ta mu je \u010diniti, ali se najvi\u0161e pla\u0161im mogu\u0107nosti da neka druga albanska partija zamijeni DUA na dr\u017eavnom nivou, uz iste uslove \u2013 podvukao je Abazovi\u0107.<br \/>\nPodsjetimo, DPS i DUA su jo\u0161 od kraja devedesetih godina u savezu, a lider DPS-a Milo \u0110ukanovi\u0107 i biv\u0161i \u0161ef DUA Ferhat Dino\u0161a, koji je danas ambasador u Albaniji, sara\u0111ivali su na brojnim projektima.<br \/>\nNa\u0161 sagovornik ocjenjuje da DPS sigurno traga za \u010dvrstim partnerima u albanskom politi\u010dkom korpusu. Upozorio je da snaga ponekad nije presudna jer je praksa pokazala da nekad u DPS-u prevagnu li\u010dne preferencije rukuvodstva ili lidera u odnosu na kvalitet partnera.<br \/>\n\u2013 Zabrinjavaju\u0107e je da su i druge albanske partije sklone savezu sa DPS-om, \u0161to je potpuno nelogi\u010dno, ako znamo da ne postoje jasne platforme koje kanali\u0161u zahtjeve albanskog naroda. Mnogo je va\u017enije \u0161to je DPS glavni i najve\u0107i krivac za lo\u0161u ekonomsku i socijalnu situaciju ove populacije. To, prema mom mi\u0161ljenju, nije prepreka nekim \u010delnicima albanskih stranaka da potr\u010de u zagrljaj najve\u0107oj partiji, naro\u010dito ako ona i na narednim izborima poka\u017ee svoju supremaciju \u2013 istakao je Abazovi\u0107.<br \/>\nPo njegovoj ocjeni, politi\u010dki je takvo postupanje albanskih stranaka krajnje neprincipijeno i suprotno zahtjevima bira\u010da.<br \/>\n\u2013 Na\u017ealost ili na radost pojedinaca, takva nam je izgleda sudbina. Ta\u010dno je da je DPS-u DUA i dalje glavni saveznik na dr\u017eavnom nivou, zbog legitimnosti i podr\u0161ke koju su pru\u017eali DPS-u svih ovih godina kroz razne propale i proma\u0161ene projekte. Me\u0111utim, nakon izbora i po\u0161to se u procentima iska\u017ee snaga svakog subjekta pojedina\u010dno, taj savez mo\u017ee da se okona\u010da. Va\u017eno je samo jasno ista\u0107i zahtjeve prilikom stavranja novog saveza, kako neko drugi ne bi do\u0161ao u situaciju kao \u0161to je to bila DUA, izigravaju\u0107i \u201efikus\u201d za dekor ambijenta Vlade Crne Gore \u2013 kazao je Abazovi\u0107.<br \/>\nM.V.<br \/>\nIzvor: DAN<\/p>\n"},"caption":{"rendered":"<p>Dritan Abazovi\u0107 ocjenjuje da gubitak vlasti u Ulcinju i afere donose prekid saradnje u vladaju\u0107oj koaliciji Politikolog i \u010dlan Foruma 2010 Dritan Abazovi\u0107 ocijenio je ju\u010de da bi neka druga albanska partija mogla zamijeniti Demokratsku uniju Albanaca (DUA) u koaliciji sa DPS-om na dr\u017eavnom nivou, uz iste uslove. Abazovi\u0107 je za \u201eDan\u201d istakao da je [&hellip;]<\/p>\n"},"alt_text":"","media_type":"image","mime_type":"image\/jpeg","media_details":{"width":"960","height":"640","hwstring_small":"height='85' width='128'","file":"2012\/01\/DPS-ULCINJ.1.jpg","sizes":{"thumbnail":{"file":"DPS-ULCINJ.1-150x150.jpg","width":"150","height":"150","source_url":"https:\/\/www.visit-ulcinj.com\/blog\/wp-content\/uploads\/2012\/01\/DPS-ULCINJ.1-150x150.jpg"},"medium":{"file":"DPS-ULCINJ.1-300x200.jpg","width":"300","height":"200","source_url":"https:\/\/www.visit-ulcinj.com\/blog\/wp-content\/uploads\/2012\/01\/DPS-ULCINJ.1-300x200.jpg"},"full":{"file":"DPS-ULCINJ.1.jpg","width":960,"height":640,"mime_type":"image\/jpeg","source_url":"https:\/\/www.visit-ulcinj.com\/blog\/wp-content\/uploads\/2012\/01\/DPS-ULCINJ.1.jpg"}},"image_meta":{"aperture":"0","credit":"","camera":"","caption":"","created_timestamp":"0","copyright":"","focal_length":"0","iso":"0","shutter_speed":"0","title":""}},"post":56238,"source_url":"https:\/\/www.visit-ulcinj.com\/blog\/wp-content\/uploads\/2012\/01\/DPS-ULCINJ.1.jpg","_links":{"self":[{"href":"https:\/\/www.visit-ulcinj.com\/blog\/wp-json\/wp\/v2\/media\/56240"}],"collection":[{"href":"https:\/\/www.visit-ulcinj.com\/blog\/wp-json\/wp\/v2\/media"}],"about":[{"href":"https:\/\/www.visit-ulcinj.com\/blog\/wp-json\/wp\/v2\/types\/attachment"}],"author":[{"embeddable":true,"href":"https:\/\/www.visit-ulcinj.com\/blog\/wp-json\/wp\/v2\/users\/1"}],"replies":[{"embeddable":true,"href":"https:\/\/www.visit-ulcinj.com\/blog\/wp-json\/wp\/v2\/comments?post=56240"}]}}