{"id":57296,"date":"2012-02-12T05:13:31","date_gmt":"2012-02-12T04:13:31","guid":{"rendered":"http:\/\/www.visit-ulcinj.com\/blog\/wp-content\/uploads\/2012\/02\/Deputeti-dhe-kryetari-i-UDSH-s\u00eb-z.Mehmet-Zenka-duke-u-argetuar-ne-bore.jpg"},"modified":"2012-02-12T05:13:31","modified_gmt":"2012-02-12T04:13:31","slug":"deputeti-dhe-kryetari-i-udsh-se-z-mehmet-zenka-duke-u-argetuar-ne-bore","status":"inherit","type":"attachment","link":"https:\/\/www.visit-ulcinj.com\/blog\/2012\/02\/11\/serisht-ulqini-i-mbuluar-nga-bora-foto\/deputeti-dhe-kryetari-i-udsh-se-z-mehmet-zenka-duke-u-argetuar-ne-bore\/","title":{"rendered":"Deputeti  dhe kryetari i UDSH-s\u00eb z.Mehmet Zenka duke u argetuar ne bore"},"author":1,"comment_status":"open","ping_status":"closed","template":"","meta":{"spay_email":""},"yoast_head":"<!-- This site is optimized with the Yoast SEO plugin v19.1 - https:\/\/yoast.com\/wordpress\/plugins\/seo\/ -->\n<title>Deputeti dhe kryetari i UDSH-s\u00eb z.Mehmet Zenka duke u argetuar ne bore - Lajme nga Ulqini<\/title>\n<meta name=\"robots\" content=\"index, follow, max-snippet:-1, max-image-preview:large, max-video-preview:-1\" \/>\n<link rel=\"canonical\" href=\"https:\/\/www.visit-ulcinj.com\/blog\/wp-content\/uploads\/2012\/02\/Deputeti-dhe-kryetari-i-UDSH-s\u00eb-z.Mehmet-Zenka-duke-u-argetuar-ne-bore.jpg\" \/>\n<meta property=\"og:locale\" content=\"en_US\" \/>\n<meta property=\"og:type\" content=\"article\" \/>\n<meta property=\"og:title\" content=\"Deputeti dhe kryetari i UDSH-s\u00eb z.Mehmet Zenka duke u argetuar ne bore - Lajme nga Ulqini\" \/>\n<meta property=\"og:description\" content=\"Ndryshimi i kushteve atmosferike n\u00eb bregdetin e Ulqinit q\u00eb nga nata e kaluar ka shkaktuar probleme n\u00eb trafikun e komunikacionit rrugor. M\u00ebngjesin e se shtunes n\u00eb Ulqin jan\u00eb sh\u00ebnuar reshje t\u00eb dendura bore, t\u00eb cilat parashikohen t\u00eb zgjasin edhe gjat\u00eb dit\u00ebs, raportojn\u00eb mediat e k\u00ebtij vendi. Ne rrugen Ulqin &#8211; Ane te Malit reshjet e [&hellip;]\" \/>\n<meta property=\"og:url\" content=\"https:\/\/www.visit-ulcinj.com\/blog\/wp-content\/uploads\/2012\/02\/Deputeti-dhe-kryetari-i-UDSH-s\u00eb-z.Mehmet-Zenka-duke-u-argetuar-ne-bore.jpg\" \/>\n<meta property=\"og:site_name\" content=\"Lajme nga Ulqini\" \/>\n<meta property=\"og:image\" content=\"https:\/\/www.visit-ulcinj.com\/blog\/wp-content\/uploads\/2012\/02\/Deputeti-dhe-kryetari-i-UDSH-s\u00eb-z.Mehmet-Zenka-duke-u-argetuar-ne-bore.jpg\" \/>\n\t<meta property=\"og:image:width\" content=\"960\" \/>\n\t<meta property=\"og:image:height\" content=\"720\" \/>\n\t<meta property=\"og:image:type\" content=\"image\/jpeg\" \/>\n<meta name=\"twitter:label1\" content=\"Est. reading time\" \/>\n\t<meta name=\"twitter:data1\" content=\"1 minute\" \/>\n<script type=\"application\/ld+json\" class=\"yoast-schema-graph\">{\"@context\":\"https:\/\/schema.org\",\"@graph\":[{\"@type\":\"WebSite\",\"@id\":\"https:\/\/www.visit-ulcinj.com\/blog\/#website\",\"url\":\"https:\/\/www.visit-ulcinj.com\/blog\/\",\"name\":\"Lajme nga Ulqini\",\"description\":\"Lajme,Vijesti,Ulqini,Ulqin,Crna Gora,Mali i Zi\",\"potentialAction\":[{\"@type\":\"SearchAction\",\"target\":{\"@type\":\"EntryPoint\",\"urlTemplate\":\"https:\/\/www.visit-ulcinj.com\/blog\/?s={search_term_string}\"},\"query-input\":\"required name=search_term_string\"}],\"inLanguage\":\"en-US\"},{\"@type\":\"WebPage\",\"@id\":\"https:\/\/www.visit-ulcinj.com\/blog\/wp-content\/uploads\/2012\/02\/Deputeti-dhe-kryetari-i-UDSH-s\u00eb-z.Mehmet-Zenka-duke-u-argetuar-ne-bore.jpg#webpage\",\"url\":\"https:\/\/www.visit-ulcinj.com\/blog\/wp-content\/uploads\/2012\/02\/Deputeti-dhe-kryetari-i-UDSH-s\u00eb-z.Mehmet-Zenka-duke-u-argetuar-ne-bore.jpg\",\"name\":\"Deputeti dhe kryetari i UDSH-s\u00eb z.Mehmet Zenka duke u argetuar ne bore - Lajme nga Ulqini\",\"isPartOf\":{\"@id\":\"https:\/\/www.visit-ulcinj.com\/blog\/#website\"},\"datePublished\":\"2012-02-12T04:13:31+00:00\",\"dateModified\":\"2012-02-12T04:13:31+00:00\",\"breadcrumb\":{\"@id\":\"https:\/\/www.visit-ulcinj.com\/blog\/wp-content\/uploads\/2012\/02\/Deputeti-dhe-kryetari-i-UDSH-s\u00eb-z.Mehmet-Zenka-duke-u-argetuar-ne-bore.jpg#breadcrumb\"},\"inLanguage\":\"en-US\",\"potentialAction\":[{\"@type\":\"ReadAction\",\"target\":[\"https:\/\/www.visit-ulcinj.com\/blog\/wp-content\/uploads\/2012\/02\/Deputeti-dhe-kryetari-i-UDSH-s\u00eb-z.Mehmet-Zenka-duke-u-argetuar-ne-bore.jpg\"]}]},{\"@type\":\"BreadcrumbList\",\"@id\":\"https:\/\/www.visit-ulcinj.com\/blog\/wp-content\/uploads\/2012\/02\/Deputeti-dhe-kryetari-i-UDSH-s\u00eb-z.Mehmet-Zenka-duke-u-argetuar-ne-bore.jpg#breadcrumb\",\"itemListElement\":[{\"@type\":\"ListItem\",\"position\":1,\"name\":\"S\u00ebrisht Ulqini i mbuluar nga bora &#8211; Foto &#8211; Video\",\"item\":\"https:\/\/www.visit-ulcinj.com\/blog\/2012\/02\/11\/serisht-ulqini-i-mbuluar-nga-bora-foto\/\"},{\"@type\":\"ListItem\",\"position\":2,\"name\":\"Deputeti dhe kryetari i UDSH-s\u00eb z.Mehmet Zenka duke u argetuar ne bore\"}]}]}<\/script>\n<!-- \/ Yoast SEO plugin. -->","yoast_head_json":{"title":"Deputeti dhe kryetari i UDSH-s\u00eb z.Mehmet Zenka duke u argetuar ne bore - Lajme nga Ulqini","robots":{"index":"index","follow":"follow","max-snippet":"max-snippet:-1","max-image-preview":"max-image-preview:large","max-video-preview":"max-video-preview:-1"},"canonical":"https:\/\/www.visit-ulcinj.com\/blog\/wp-content\/uploads\/2012\/02\/Deputeti-dhe-kryetari-i-UDSH-s\u00eb-z.Mehmet-Zenka-duke-u-argetuar-ne-bore.jpg","og_locale":"en_US","og_type":"article","og_title":"Deputeti dhe kryetari i UDSH-s\u00eb z.Mehmet Zenka duke u argetuar ne bore - Lajme nga Ulqini","og_description":"Ndryshimi i kushteve atmosferike n\u00eb bregdetin e Ulqinit q\u00eb nga nata e kaluar ka shkaktuar probleme n\u00eb trafikun e komunikacionit rrugor. M\u00ebngjesin e se shtunes n\u00eb Ulqin jan\u00eb sh\u00ebnuar reshje t\u00eb dendura bore, t\u00eb cilat parashikohen t\u00eb zgjasin edhe gjat\u00eb dit\u00ebs, raportojn\u00eb mediat e k\u00ebtij vendi. Ne rrugen Ulqin &#8211; Ane te Malit reshjet e [&hellip;]","og_url":"https:\/\/www.visit-ulcinj.com\/blog\/wp-content\/uploads\/2012\/02\/Deputeti-dhe-kryetari-i-UDSH-s\u00eb-z.Mehmet-Zenka-duke-u-argetuar-ne-bore.jpg","og_site_name":"Lajme nga Ulqini","og_image":[{"width":"960","height":"720","url":"https:\/\/www.visit-ulcinj.com\/blog\/wp-content\/uploads\/2012\/02\/Deputeti-dhe-kryetari-i-UDSH-s\u00eb-z.Mehmet-Zenka-duke-u-argetuar-ne-bore.jpg","type":"image\/jpeg"}],"twitter_misc":{"Est. reading time":"1 minute"},"schema":{"@context":"https:\/\/schema.org","@graph":[{"@type":"WebSite","@id":"https:\/\/www.visit-ulcinj.com\/blog\/#website","url":"https:\/\/www.visit-ulcinj.com\/blog\/","name":"Lajme nga Ulqini","description":"Lajme,Vijesti,Ulqini,Ulqin,Crna Gora,Mali i Zi","potentialAction":[{"@type":"SearchAction","target":{"@type":"EntryPoint","urlTemplate":"https:\/\/www.visit-ulcinj.com\/blog\/?s={search_term_string}"},"query-input":"required name=search_term_string"}],"inLanguage":"en-US"},{"@type":"WebPage","@id":"https:\/\/www.visit-ulcinj.com\/blog\/wp-content\/uploads\/2012\/02\/Deputeti-dhe-kryetari-i-UDSH-s\u00eb-z.Mehmet-Zenka-duke-u-argetuar-ne-bore.jpg#webpage","url":"https:\/\/www.visit-ulcinj.com\/blog\/wp-content\/uploads\/2012\/02\/Deputeti-dhe-kryetari-i-UDSH-s\u00eb-z.Mehmet-Zenka-duke-u-argetuar-ne-bore.jpg","name":"Deputeti dhe kryetari i UDSH-s\u00eb z.Mehmet Zenka duke u argetuar ne bore - Lajme nga Ulqini","isPartOf":{"@id":"https:\/\/www.visit-ulcinj.com\/blog\/#website"},"datePublished":"2012-02-12T04:13:31+00:00","dateModified":"2012-02-12T04:13:31+00:00","breadcrumb":{"@id":"https:\/\/www.visit-ulcinj.com\/blog\/wp-content\/uploads\/2012\/02\/Deputeti-dhe-kryetari-i-UDSH-s\u00eb-z.Mehmet-Zenka-duke-u-argetuar-ne-bore.jpg#breadcrumb"},"inLanguage":"en-US","potentialAction":[{"@type":"ReadAction","target":["https:\/\/www.visit-ulcinj.com\/blog\/wp-content\/uploads\/2012\/02\/Deputeti-dhe-kryetari-i-UDSH-s\u00eb-z.Mehmet-Zenka-duke-u-argetuar-ne-bore.jpg"]}]},{"@type":"BreadcrumbList","@id":"https:\/\/www.visit-ulcinj.com\/blog\/wp-content\/uploads\/2012\/02\/Deputeti-dhe-kryetari-i-UDSH-s\u00eb-z.Mehmet-Zenka-duke-u-argetuar-ne-bore.jpg#breadcrumb","itemListElement":[{"@type":"ListItem","position":1,"name":"S\u00ebrisht Ulqini i mbuluar nga bora &#8211; Foto &#8211; Video","item":"https:\/\/www.visit-ulcinj.com\/blog\/2012\/02\/11\/serisht-ulqini-i-mbuluar-nga-bora-foto\/"},{"@type":"ListItem","position":2,"name":"Deputeti dhe kryetari i UDSH-s\u00eb z.Mehmet Zenka duke u argetuar ne bore"}]}]}},"jetpack_sharing_enabled":true,"jetpack_shortlink":"https:\/\/wp.me\/ae6lTn-eU8","description":{"rendered":"<p class=\"attachment\"><a href='https:\/\/www.visit-ulcinj.com\/blog\/wp-content\/uploads\/2012\/02\/Deputeti-dhe-kryetari-i-UDSH-s\u00eb-z.Mehmet-Zenka-duke-u-argetuar-ne-bore.jpg'><img width=\"300\" height=\"225\" src=\"https:\/\/www.visit-ulcinj.com\/blog\/wp-content\/uploads\/2012\/02\/Deputeti-dhe-kryetari-i-UDSH-s\u00eb-z.Mehmet-Zenka-duke-u-argetuar-ne-bore-300x225.jpg\" class=\"attachment-medium size-medium\" alt=\"\" loading=\"lazy\" srcset=\"https:\/\/www.visit-ulcinj.com\/blog\/wp-content\/uploads\/2012\/02\/Deputeti-dhe-kryetari-i-UDSH-s\u00eb-z.Mehmet-Zenka-duke-u-argetuar-ne-bore-300x225.jpg 300w, https:\/\/www.visit-ulcinj.com\/blog\/wp-content\/uploads\/2012\/02\/Deputeti-dhe-kryetari-i-UDSH-s\u00eb-z.Mehmet-Zenka-duke-u-argetuar-ne-bore.jpg 960w\" sizes=\"(max-width: 300px) 100vw, 300px\" \/><\/a><\/p>\n<p>Ndryshimi i kushteve atmosferike n\u00eb bregdetin e Ulqinit q\u00eb nga nata e kaluar ka shkaktuar probleme n\u00eb trafikun e komunikacionit rrugor. M\u00ebngjesin e se shtunes n\u00eb Ulqin jan\u00eb sh\u00ebnuar reshje t\u00eb dendura bore, t\u00eb cilat parashikohen t\u00eb zgjasin edhe gjat\u00eb dit\u00ebs, raportojn\u00eb mediat e k\u00ebtij vendi.<\/p>\n<p>Ne rrugen Ulqin &#8211; Ane te Malit reshjet e bores kane bllokuar te gjitha rruget e kesaj zone. Ne Ulqin levizja e automjeteve eshte shum e veshtire. Kjo b\u00ebhet e ditur nga Auto Moto Lidhja e Malit t\u00eb Zi, e cila rekomandon edhe drejtuesit e makinave q\u00eb t\u00eb jen\u00eb t\u00eb kujdessh\u00ebm n\u00eb komunikacion.<\/p>\n<p>Reshjet e shumta t\u00eb bor\u00ebs q\u00eb rane mbr\u00ebme dhe sot, sollen gjendjen emergjence ne rajonin e Ulqinit dhe Ane te Malit. Debora ka arritur trash\u00ebsi rreth 15 centimetra n\u00eb zon\u00ebn e Ulqinit dhe 5 centimetra n\u00eb zon\u00ebn e plazhit t\u00eb madh\u00eb dhe n\u00eb ishullin e Bun\u00ebs,kurse n\u00eb zon\u00ebn e Anes Malit mund t\u00eb themi se kalon 20 centimetra.Aktualisht \u00ebsht\u00eb e p\u00ebrballueshme qarkullimi i mjeteve.<\/p>\n<p>Shtabi i emergjencave n\u00eb komun\u00ebn e Ulqinit po punon per mbajtjen e gjendjes n\u00ebn kontroll sidomos ne rrugen e Ulqin \u2013 Tivar dhe Ulqin \u2013 Katerkoll.<\/p>\n<p>Shtabi i emergjencave n\u00eb komun\u00ebn e Ulqinit thekson se \u00e7do gj\u00eb asht n\u00eb konroll dhe se nuk ka nevoj\u00eb p\u00ebr panik\u00eb.<\/p>\n<p>N\u00eb rast t\u00eb nevoj\u00ebs qytetar\u00ebt mund t\u00eb lajm\u00ebrohen n\u00eb k\u00ebto numra t\u00eb telefonit:<\/p>\n<p>Ndermarrja Komunale &#8211; 425 003<br \/>\nSh\u00ebrbimi i mbrojtjes: 123 dhe 412 \u2013 490<\/p>\n<p>Lajme nga Ulqini<\/p>\n<p>Dhe po t\u00eb kihet parasysh q\u00eb edhe deputeti  dhe kryetari i UDSH-s\u00eb z.Mehmet Zenka  de facto ende ndihet si pjes\u00eb rinore e t\u00eb rinj\u00ebve t\u00eb Ulqinit.<\/p>\n"},"caption":{"rendered":"<p>Ndryshimi i kushteve atmosferike n\u00eb bregdetin e Ulqinit q\u00eb nga nata e kaluar ka shkaktuar probleme n\u00eb trafikun e komunikacionit rrugor. M\u00ebngjesin e se shtunes n\u00eb Ulqin jan\u00eb sh\u00ebnuar reshje t\u00eb dendura bore, t\u00eb cilat parashikohen t\u00eb zgjasin edhe gjat\u00eb dit\u00ebs, raportojn\u00eb mediat e k\u00ebtij vendi. Ne rrugen Ulqin &#8211; Ane te Malit reshjet e [&hellip;]<\/p>\n"},"alt_text":"","media_type":"image","mime_type":"image\/jpeg","media_details":{"width":"960","height":"720","hwstring_small":"height='96' width='128'","file":"2012\/02\/Deputeti-dhe-kryetari-i-UDSH-s\u00eb-z.Mehmet-Zenka-duke-u-argetuar-ne-bore.jpg","sizes":{"thumbnail":{"file":"Deputeti-dhe-kryetari-i-UDSH-s\u00eb-z.Mehmet-Zenka-duke-u-argetuar-ne-bore-150x150.jpg","width":"150","height":"150","source_url":"https:\/\/www.visit-ulcinj.com\/blog\/wp-content\/uploads\/2012\/02\/Deputeti-dhe-kryetari-i-UDSH-s\u00eb-z.Mehmet-Zenka-duke-u-argetuar-ne-bore-150x150.jpg"},"medium":{"file":"Deputeti-dhe-kryetari-i-UDSH-s\u00eb-z.Mehmet-Zenka-duke-u-argetuar-ne-bore-300x225.jpg","width":"300","height":"225","source_url":"https:\/\/www.visit-ulcinj.com\/blog\/wp-content\/uploads\/2012\/02\/Deputeti-dhe-kryetari-i-UDSH-s\u00eb-z.Mehmet-Zenka-duke-u-argetuar-ne-bore-300x225.jpg"},"full":{"file":"Deputeti-dhe-kryetari-i-UDSH-s\u00eb-z.Mehmet-Zenka-duke-u-argetuar-ne-bore.jpg","width":960,"height":720,"mime_type":"image\/jpeg","source_url":"https:\/\/www.visit-ulcinj.com\/blog\/wp-content\/uploads\/2012\/02\/Deputeti-dhe-kryetari-i-UDSH-s\u00eb-z.Mehmet-Zenka-duke-u-argetuar-ne-bore.jpg"}},"image_meta":{"aperture":"0","credit":"","camera":"","caption":"","created_timestamp":"0","copyright":"","focal_length":"0","iso":"0","shutter_speed":"0","title":""}},"post":57235,"source_url":"https:\/\/www.visit-ulcinj.com\/blog\/wp-content\/uploads\/2012\/02\/Deputeti-dhe-kryetari-i-UDSH-s\u00eb-z.Mehmet-Zenka-duke-u-argetuar-ne-bore.jpg","_links":{"self":[{"href":"https:\/\/www.visit-ulcinj.com\/blog\/wp-json\/wp\/v2\/media\/57296"}],"collection":[{"href":"https:\/\/www.visit-ulcinj.com\/blog\/wp-json\/wp\/v2\/media"}],"about":[{"href":"https:\/\/www.visit-ulcinj.com\/blog\/wp-json\/wp\/v2\/types\/attachment"}],"author":[{"embeddable":true,"href":"https:\/\/www.visit-ulcinj.com\/blog\/wp-json\/wp\/v2\/users\/1"}],"replies":[{"embeddable":true,"href":"https:\/\/www.visit-ulcinj.com\/blog\/wp-json\/wp\/v2\/comments?post=57296"}]}}