{"id":57539,"date":"2012-02-18T08:57:22","date_gmt":"2012-02-18T07:57:22","guid":{"rendered":"http:\/\/www.visit-ulcinj.com\/blog\/wp-content\/uploads\/2012\/02\/Dinastija-e-Balshajve-Ulqin.jpg"},"modified":"2012-02-18T08:57:22","modified_gmt":"2012-02-18T07:57:22","slug":"dinastija-e-balshajve-ulqin","status":"inherit","type":"attachment","link":"https:\/\/www.visit-ulcinj.com\/blog\/2012\/02\/18\/lulezimi-ne-periudhen-e-balshajve-mbi-te-kaluaren-e-ulqinit-5\/dinastija-e-balshajve-ulqin\/","title":{"rendered":"Dinastija e Balshajve Ulqin"},"author":1,"comment_status":"open","ping_status":"closed","template":"","meta":{"spay_email":""},"yoast_head":"<!-- This site is optimized with the Yoast SEO plugin v19.1 - https:\/\/yoast.com\/wordpress\/plugins\/seo\/ -->\n<title>Dinastija e Balshajve Ulqin - Lajme nga Ulqini<\/title>\n<meta name=\"robots\" content=\"index, follow, max-snippet:-1, max-image-preview:large, max-video-preview:-1\" \/>\n<link rel=\"canonical\" href=\"https:\/\/www.visit-ulcinj.com\/blog\/wp-content\/uploads\/2012\/02\/Dinastija-e-Balshajve-Ulqin.jpg\" \/>\n<meta property=\"og:locale\" content=\"en_US\" \/>\n<meta property=\"og:type\" content=\"article\" \/>\n<meta property=\"og:title\" content=\"Dinastija e Balshajve Ulqin - Lajme nga Ulqini\" \/>\n<meta property=\"og:description\" content=\"Prof. Dr. Ruzhdi Ushaku Deri n\u00eb vitin 1423, pra gjat\u00eb sundimit t\u00eb dinastis\u00eb s\u00eb princ\u00ebrve Balshaj, qyteti i Ulqinit ka r\u00ebnd\u00ebsi politike dhe kulturore e cila rritet sidomos pas shpartallimit t\u00eb Rashk\u00ebs. N\u00eb koh\u00ebn e sundimit t\u00eb Gjergj Stres (Strasimir) Balsh\u00ebs (1385-1405), i cili vdiq dhe u varros n\u00eb Ulqin, qyteti b\u00ebhet qend\u00ebr e princ\u00ebrve [&hellip;]\" \/>\n<meta property=\"og:url\" content=\"https:\/\/www.visit-ulcinj.com\/blog\/wp-content\/uploads\/2012\/02\/Dinastija-e-Balshajve-Ulqin.jpg\" \/>\n<meta property=\"og:site_name\" content=\"Lajme nga Ulqini\" \/>\n<meta property=\"og:image\" content=\"https:\/\/www.visit-ulcinj.com\/blog\/wp-content\/uploads\/2012\/02\/Dinastija-e-Balshajve-Ulqin.jpg\" \/>\n\t<meta property=\"og:image:width\" content=\"320\" \/>\n\t<meta property=\"og:image:height\" content=\"547\" \/>\n\t<meta property=\"og:image:type\" content=\"image\/jpeg\" \/>\n<meta name=\"twitter:label1\" content=\"Est. reading time\" \/>\n\t<meta name=\"twitter:data1\" content=\"6 minutes\" \/>\n<script type=\"application\/ld+json\" class=\"yoast-schema-graph\">{\"@context\":\"https:\/\/schema.org\",\"@graph\":[{\"@type\":\"WebSite\",\"@id\":\"https:\/\/www.visit-ulcinj.com\/blog\/#website\",\"url\":\"https:\/\/www.visit-ulcinj.com\/blog\/\",\"name\":\"Lajme nga Ulqini\",\"description\":\"Lajme,Vijesti,Ulqini,Ulqin,Crna Gora,Mali i Zi\",\"potentialAction\":[{\"@type\":\"SearchAction\",\"target\":{\"@type\":\"EntryPoint\",\"urlTemplate\":\"https:\/\/www.visit-ulcinj.com\/blog\/?s={search_term_string}\"},\"query-input\":\"required name=search_term_string\"}],\"inLanguage\":\"en-US\"},{\"@type\":\"WebPage\",\"@id\":\"https:\/\/www.visit-ulcinj.com\/blog\/wp-content\/uploads\/2012\/02\/Dinastija-e-Balshajve-Ulqin.jpg#webpage\",\"url\":\"https:\/\/www.visit-ulcinj.com\/blog\/wp-content\/uploads\/2012\/02\/Dinastija-e-Balshajve-Ulqin.jpg\",\"name\":\"Dinastija e Balshajve Ulqin - Lajme nga Ulqini\",\"isPartOf\":{\"@id\":\"https:\/\/www.visit-ulcinj.com\/blog\/#website\"},\"datePublished\":\"2012-02-18T07:57:22+00:00\",\"dateModified\":\"2012-02-18T07:57:22+00:00\",\"breadcrumb\":{\"@id\":\"https:\/\/www.visit-ulcinj.com\/blog\/wp-content\/uploads\/2012\/02\/Dinastija-e-Balshajve-Ulqin.jpg#breadcrumb\"},\"inLanguage\":\"en-US\",\"potentialAction\":[{\"@type\":\"ReadAction\",\"target\":[\"https:\/\/www.visit-ulcinj.com\/blog\/wp-content\/uploads\/2012\/02\/Dinastija-e-Balshajve-Ulqin.jpg\"]}]},{\"@type\":\"BreadcrumbList\",\"@id\":\"https:\/\/www.visit-ulcinj.com\/blog\/wp-content\/uploads\/2012\/02\/Dinastija-e-Balshajve-Ulqin.jpg#breadcrumb\",\"itemListElement\":[{\"@type\":\"ListItem\",\"position\":1,\"name\":\"Lul\u00ebzimi n\u00eb periudh\u00ebn e Balshajve &#8211; Mbi t\u00eb kaluar\u00ebn e Ulqinit (5)\",\"item\":\"https:\/\/www.visit-ulcinj.com\/blog\/2012\/02\/18\/lulezimi-ne-periudhen-e-balshajve-mbi-te-kaluaren-e-ulqinit-5\/\"},{\"@type\":\"ListItem\",\"position\":2,\"name\":\"Dinastija e Balshajve Ulqin\"}]}]}<\/script>\n<!-- \/ Yoast SEO plugin. -->","yoast_head_json":{"title":"Dinastija e Balshajve Ulqin - Lajme nga Ulqini","robots":{"index":"index","follow":"follow","max-snippet":"max-snippet:-1","max-image-preview":"max-image-preview:large","max-video-preview":"max-video-preview:-1"},"canonical":"https:\/\/www.visit-ulcinj.com\/blog\/wp-content\/uploads\/2012\/02\/Dinastija-e-Balshajve-Ulqin.jpg","og_locale":"en_US","og_type":"article","og_title":"Dinastija e Balshajve Ulqin - Lajme nga Ulqini","og_description":"Prof. Dr. Ruzhdi Ushaku Deri n\u00eb vitin 1423, pra gjat\u00eb sundimit t\u00eb dinastis\u00eb s\u00eb princ\u00ebrve Balshaj, qyteti i Ulqinit ka r\u00ebnd\u00ebsi politike dhe kulturore e cila rritet sidomos pas shpartallimit t\u00eb Rashk\u00ebs. N\u00eb koh\u00ebn e sundimit t\u00eb Gjergj Stres (Strasimir) Balsh\u00ebs (1385-1405), i cili vdiq dhe u varros n\u00eb Ulqin, qyteti b\u00ebhet qend\u00ebr e princ\u00ebrve [&hellip;]","og_url":"https:\/\/www.visit-ulcinj.com\/blog\/wp-content\/uploads\/2012\/02\/Dinastija-e-Balshajve-Ulqin.jpg","og_site_name":"Lajme nga Ulqini","og_image":[{"width":"320","height":"547","url":"https:\/\/www.visit-ulcinj.com\/blog\/wp-content\/uploads\/2012\/02\/Dinastija-e-Balshajve-Ulqin.jpg","type":"image\/jpeg"}],"twitter_misc":{"Est. reading time":"6 minutes"},"schema":{"@context":"https:\/\/schema.org","@graph":[{"@type":"WebSite","@id":"https:\/\/www.visit-ulcinj.com\/blog\/#website","url":"https:\/\/www.visit-ulcinj.com\/blog\/","name":"Lajme nga Ulqini","description":"Lajme,Vijesti,Ulqini,Ulqin,Crna Gora,Mali i Zi","potentialAction":[{"@type":"SearchAction","target":{"@type":"EntryPoint","urlTemplate":"https:\/\/www.visit-ulcinj.com\/blog\/?s={search_term_string}"},"query-input":"required name=search_term_string"}],"inLanguage":"en-US"},{"@type":"WebPage","@id":"https:\/\/www.visit-ulcinj.com\/blog\/wp-content\/uploads\/2012\/02\/Dinastija-e-Balshajve-Ulqin.jpg#webpage","url":"https:\/\/www.visit-ulcinj.com\/blog\/wp-content\/uploads\/2012\/02\/Dinastija-e-Balshajve-Ulqin.jpg","name":"Dinastija e Balshajve Ulqin - Lajme nga Ulqini","isPartOf":{"@id":"https:\/\/www.visit-ulcinj.com\/blog\/#website"},"datePublished":"2012-02-18T07:57:22+00:00","dateModified":"2012-02-18T07:57:22+00:00","breadcrumb":{"@id":"https:\/\/www.visit-ulcinj.com\/blog\/wp-content\/uploads\/2012\/02\/Dinastija-e-Balshajve-Ulqin.jpg#breadcrumb"},"inLanguage":"en-US","potentialAction":[{"@type":"ReadAction","target":["https:\/\/www.visit-ulcinj.com\/blog\/wp-content\/uploads\/2012\/02\/Dinastija-e-Balshajve-Ulqin.jpg"]}]},{"@type":"BreadcrumbList","@id":"https:\/\/www.visit-ulcinj.com\/blog\/wp-content\/uploads\/2012\/02\/Dinastija-e-Balshajve-Ulqin.jpg#breadcrumb","itemListElement":[{"@type":"ListItem","position":1,"name":"Lul\u00ebzimi n\u00eb periudh\u00ebn e Balshajve &#8211; Mbi t\u00eb kaluar\u00ebn e Ulqinit (5)","item":"https:\/\/www.visit-ulcinj.com\/blog\/2012\/02\/18\/lulezimi-ne-periudhen-e-balshajve-mbi-te-kaluaren-e-ulqinit-5\/"},{"@type":"ListItem","position":2,"name":"Dinastija e Balshajve Ulqin"}]}]}},"jetpack_sharing_enabled":true,"jetpack_shortlink":"https:\/\/wp.me\/ae6lTn-eY3","description":{"rendered":"<p class=\"attachment\"><a href='https:\/\/www.visit-ulcinj.com\/blog\/wp-content\/uploads\/2012\/02\/Dinastija-e-Balshajve-Ulqin.jpg'><img width=\"175\" height=\"300\" src=\"https:\/\/www.visit-ulcinj.com\/blog\/wp-content\/uploads\/2012\/02\/Dinastija-e-Balshajve-Ulqin-175x300.jpg\" class=\"attachment-medium size-medium\" alt=\"\" loading=\"lazy\" srcset=\"https:\/\/www.visit-ulcinj.com\/blog\/wp-content\/uploads\/2012\/02\/Dinastija-e-Balshajve-Ulqin-175x300.jpg 175w, https:\/\/www.visit-ulcinj.com\/blog\/wp-content\/uploads\/2012\/02\/Dinastija-e-Balshajve-Ulqin.jpg 320w\" sizes=\"(max-width: 175px) 100vw, 175px\" \/><\/a><\/p>\n<p>Prof. Dr. Ruzhdi Ushaku<br \/>\nDeri n\u00eb vitin 1423, pra gjat\u00eb sundimit t\u00eb dinastis\u00eb s\u00eb princ\u00ebrve Balshaj, qyteti i Ulqinit ka r\u00ebnd\u00ebsi politike dhe kulturore e cila rritet sidomos pas shpartallimit t\u00eb Rashk\u00ebs. N\u00eb koh\u00ebn e sundimit t\u00eb Gjergj Stres (Strasimir) Balsh\u00ebs (1385-1405), i cili vdiq dhe u varros n\u00eb Ulqin, qyteti b\u00ebhet qend\u00ebr e princ\u00ebrve t\u00eb familjes s\u00eb bujar\u00ebve shqiptar\u00eb Balshajve, kurse vet\u00eb Gjergj Stresi (Strasimiri) njihet si \u201czot i Zet\u00ebs dhe i Bregdetit\u201d e dubrovnikasit (raguzasit) e konsideronin si \u201cPrinc i Ulqinit\u201d.<br \/>\nM\u00eb her\u00ebt, prej koh\u00ebs s\u00eb Nemanjit\u00ebve, e m\u00eb von\u00eb edhe t\u00eb Balshajve, datojn\u00eb monedhat e bronzit dhe t\u00eb argjendit me motive t\u00eb ndryshme.<br \/>\nNga koha e Balshajve jan\u00eb t\u00eb njohura monedha, ku n\u00eb nj\u00ebr\u00ebn faqe figurojn\u00eb motive t\u00eb mburoj\u00ebs dhe kok\u00ebs s\u00eb ujkut me nofulla t\u00eb hapura. Mbase motivi i ujkut mund t\u00eb sh\u00ebrbej\u00eb edhe si mb\u00ebshtetje p\u00ebr vazhdim\u00ebsin\u00eb e pranis\u00eb s\u00eb totemit t\u00eb ujkut nga koha antike dhe p\u00ebr tez\u00ebn se emri i Ulqinit t\u00eb lasht\u00eb shpjegohet i prejardhur nga emri i ujkut, tez\u00eb t\u00eb cil\u00ebn e kemi p\u00ebrkrahur edhe ne, dhe n\u00eb funksion t\u00eb s\u00eb cil\u00ebs shtojm\u00eb edhe t\u00eb dh\u00ebn\u00ebn paraprake. <\/p>\n<p>T\u00eb koh\u00ebs s\u00eb Balshajve, p\u00ebrve\u00e7 kok\u00ebs s\u00eb ujkut q\u00eb figuron n\u00eb monedhat p\u00ebrkat\u00ebse, kemi edhe monedha t\u00eb tjera t\u00eb farkuara n\u00eb Ulqin, t\u00eb quajtura follar\u00eb, p\u00ebr t\u00eb cilat vlen t\u00eb ceket konkluzioni i K\u00ebshillit t\u00eb Vog\u00ebl t\u00eb Raguz\u00ebs nga viti 1386, sipas t\u00eb cilit i mund\u00ebsohej Ulqinit t\u00eb farkonte follar\u00ebt e tij (\u2026) quod idem de Dulcinio possint facere fier cuneos folalorum suorum q\u00eb l\u00eb t\u00eb n\u00ebnkuptohet se monedhat farkoheshin gjetiu, pra edhe m\u00eb her\u00ebt. K\u00ebtu po i paraqesim disa prej tyre ku pasqyrohen motivet me Sh\u00ebn M\u00ebrin\u00eb e Jezusin, Qengjin e Zotit, pastaj k\u00ebshtjell\u00ebn e Ulqinit dhe disa t\u00eb tjera t\u00eb gjetura n\u00eb Shas, me motive t\u00eb ndryshme. Gati t\u00eb gjitha llojet e follarit t\u00eb Ulqinit n\u00eb revers kan\u00eb figur\u00ebn e Sh\u00ebn M\u00ebris\u00eb, por \u00ebsht\u00eb e njohur edhe seria e atyre me Qengjin dhe Hyjin q\u00eb i takojn\u00eb Ulqinit, gj\u00eb q\u00eb v\u00ebrehet edhe n\u00eb mbishkrimet Dulcigno, Dulcino, p\u00ebrkat\u00ebsisht Agnus dei Dulcinii.<br \/>\nMonedha me motive nga k\u00ebshtjella e Ulqinit del me tri kulla (m\u00eb e larta n\u00eb mes), dhe porta e madhe n\u00eb t\u00eb cil\u00ebn shihet druri mes dy gjyleve. N\u00eb n\u00ebnllojin e dyt\u00eb dallohet figura e njeriut me duar t\u00eb shtrira. N\u00eb k\u00ebto dy lloje monedhash figuron emri i qytetit t\u00eb Ulqinit CIVI(TAS)- (D)VLCINII, p\u00ebrkat\u00ebsisht CIVITA DVLCIGNII.<br \/>\nSa i takon vet\u00eb familjes bujare t\u00eb Balshajve do t\u00eb cekim edhe t\u00eb dh\u00ebn\u00ebn interesante, p\u00ebr t\u00eb cil\u00ebn b\u00ebn fjal\u00eb edhe Rovinski, sipas t\u00eb cilit at\u00eb e ndeshim edhe te Barleti. Ky i fundit, disa vojvod\u00eb q\u00eb i ndihmonin i pandeh shqiptar\u00eb si vijon: \u201cInter eos et Georgius Stresius nepos venit, Balsae filius (N\u00eb mesin e tyre erdhi edhe nipi Gjergj Stresi, i biri i Balsh\u00ebs. R. U.). Edhe para Balshajve, Ulqini dallohet si qend\u00ebr e r\u00ebnd\u00ebsishme tregtare, financiare, kulturore, me Kuvendin e Qytetit me statutin e vet, me pun\u00ebtorit\u00eb e skalit\u00ebsve, t\u00eb njohura nga shekulli IX. Mir\u00ebpo, edhe n\u00eb koh\u00ebn e sundimit t\u00eb tyre, Ulqini p\u00ebrjetoi nj\u00eb lul\u00ebzim t\u00eb plot\u00eb. N\u00eb portin e Ulqinit qarkullonin detar\u00eb, tregtar\u00eb e financier\u00eb, jo vet\u00ebm nga Raguza (Dubrovniku) e Venediku, por edhe nga qytete t\u00eb ndryshme t\u00eb Evrop\u00ebs. Nga kjo qend\u00ebr \u00ebsht\u00eb eksportuar sidomos druri dhe kripa, kurse importuar kryesisht tekstili.<br \/>\nDokumentet e koh\u00ebs d\u00ebshmojn\u00eb se tregtar\u00ebt e Venedikut e kan\u00eb pasur n\u00eb Ulqin edhe konsullin e vet t\u00eb quajtur Benedikt Kontarino t\u00eb cilit Gjergj Stresi i pat garantuar lirin\u00eb e tregtis\u00eb me Ulqinin. Nga kjo periudh\u00eb, p\u00ebrkat\u00ebsisht n\u00eb vitin 1392-93, p\u00ebrmendet nj\u00eb episod sipas t\u00eb cilit Republika e Venedikut drejton nj\u00eb eskuadril\u00eb n\u00eb drejtim t\u00eb Ulqinit p\u00ebr t\u00eb marr\u00eb n\u00eb mbrojtje bashk\u00ebshorten e Gjergjit, Helen\u00ebn, p\u00ebr t\u00eb cil\u00ebn thuhet se ishte e bija e princ Llazarit. Gjat\u00eb shekullit XIV, n\u00eb pun\u00ebtorin\u00eb e Ulqinit u formuan edhe skalit\u00ebsit e njohur Mikeli, Gjergji dhe Radosh Gjoni, kurse n\u00eb vitin 1397, Gjergj Stresi vepron n\u00eb rind\u00ebrtimin e qytetit, duke angazhuar k\u00ebtu edhe mjaft raguzian\u00eb dhe venedikas, si mjesht\u00ebr t\u00eb njohur nd\u00ebrtimi. K\u00ebto projekte t\u00eb filluara arkitekturale i vazhdon edhe Balsha i III-t\u00eb. Mir\u00ebpo, p\u00ebrvoja jo e duhur e k\u00ebtij t\u00eb fundit pati p\u00ebr pasoj\u00eb p\u00ebrfshirje m\u00eb t\u00eb fuqishme t\u00eb Venedikut n\u00eb k\u00ebt\u00eb truall.<br \/>\nBalsha i III-t\u00eb, megjithat\u00eb, arriti q\u00eb n\u00eb vitin 1413 ta kthej\u00eb Ulqinin s\u00ebrish n\u00eb duart e familjes Balshaj deri n\u00eb vitin 1421, kur ky vdes dhe kur shuhet dinastia e princ\u00ebrve Balshaj. Si gjurm\u00eb e koh\u00ebs s\u00eb sundimit t\u00eb Balshajve n\u00eb k\u00ebt\u00eb qytet, ve\u00e7 tjerash, dallohet Kulla e Balshajve n\u00eb pjes\u00ebn e sip\u00ebrme t\u00eb qytetit, kull\u00eb kjo q\u00eb u rind\u00ebrtua disa her\u00eb dhe sot sh\u00ebrben si muze-galeri. Nga koha e Balshajve, p\u00ebrkat\u00ebsisht e Gjergj Stresit, n\u00eb burimet historiografike b\u00ebhet fjal\u00eb p\u00ebr fisnik\u00ebt venedikas q\u00eb udh\u00ebtuan me galer\u00eb nga uj\u00ebrat e Dalmacis\u00eb deri n\u00eb gryk\u00ebn e turbullt t\u00eb Bun\u00ebs s\u00eb rrezikshme, me gumnat e saj prej r\u00ebre dhe cektinat e k\u00ebtij lumi deri n\u00eb Sh\u00ebn Kollin e asaj kohe.<br \/>\nM\u00eb von\u00eb, Balsha III do t\u00eb transportoj\u00eb ver\u00ebn prej Ulqinit me lundra n\u00ebp\u00ebr Bun\u00eb dhe liqe drejt t\u00eb quajturave montanee, pra mal\u00ebsis\u00eb. Si\u00e7 u pa m\u00eb lart dhe sipas pohimit t\u00eb Rovinskit, p\u00ebr Balshajt kultura per\u00ebndimore ishte m\u00eb e af\u00ebrt sesa ajo lindore, dhe se krahas kultur\u00ebs shkrimore sllave tek ta ekzistonte edhe ajo latine, gj\u00eb q\u00eb v\u00ebrehet edhe te Nemanjit\u00ebt. N\u00eb k\u00ebt\u00eb kontekst vlen t\u00eb ceket nj\u00eb sh\u00ebnim i studiuesit Boshkoviq (Boskovic, Ulcinj), sipas t\u00eb cilit Ulqini kishte nj\u00eb kish\u00eb t\u00eb nd\u00ebrtuar n\u00eb stilin romano-gotik ku gjendej edhe nj\u00eb varr princ\u00ebror, q\u00eb ka gjasa t\u00eb jet\u00eb ai i motr\u00ebs s\u00eb mbret\u00ebresh\u00ebs serbe Helena dhe i familjes Balsha, me mbishkrimin n\u00eb gjuh\u00ebn latine \u201chic iacet Zorzi Balschi et sui eredes\u2026\u201d, q\u00eb do t\u00eb thot\u00eb \u201ck\u00ebtu pushon Gjergj Balsha me trash\u00ebgimtar\u00ebt e tij\u2026\u201d P\u00ebr ne k\u00ebtu ka r\u00ebnd\u00ebsi fakti se n\u00eb fjal\u00ebn latine hic (k\u00ebtu), figuron h-ja nistore q\u00eb shpesh mungon n\u00eb rrasat e varreve t\u00eb k\u00ebsaj hap\u00ebsire, por \u00ebsht\u00eb ruajtur n\u00eb ndonj\u00eb rras\u00eb t\u00eb Shasit. P\u00ebr k\u00ebt\u00eb kish\u00eb Boshkoviq nuk p\u00ebrjashton mund\u00ebsin\u00eb q\u00eb t\u00eb jet\u00eb katedralja e njohur e Sh\u00ebn M\u00ebris\u00eb s\u00eb Ulqinit.<br \/>\nN\u00eb dy monedhat q\u00eb u atribuohen Balshajve, n\u00eb nj\u00ebr\u00ebn an\u00eb figuron mburoja apo sqyti me kok\u00ebn e ujkut me nofull t\u00eb hapur, kurse mbi t\u00eb \u00ebsht\u00eb p\u00ebrkrenarja n\u00eb maj\u00eb t\u00eb s\u00eb cil\u00ebs \u00ebsht\u00eb po ashtu koka e ujkut.<br \/>\nKoha Javore<\/p>\n"},"caption":{"rendered":"<p>Prof. Dr. Ruzhdi Ushaku Deri n\u00eb vitin 1423, pra gjat\u00eb sundimit t\u00eb dinastis\u00eb s\u00eb princ\u00ebrve Balshaj, qyteti i Ulqinit ka r\u00ebnd\u00ebsi politike dhe kulturore e cila rritet sidomos pas shpartallimit t\u00eb Rashk\u00ebs. N\u00eb koh\u00ebn e sundimit t\u00eb Gjergj Stres (Strasimir) Balsh\u00ebs (1385-1405), i cili vdiq dhe u varros n\u00eb Ulqin, qyteti b\u00ebhet qend\u00ebr e princ\u00ebrve [&hellip;]<\/p>\n"},"alt_text":"","media_type":"image","mime_type":"image\/jpeg","media_details":{"width":"320","height":"547","hwstring_small":"height='96' width='56'","file":"2012\/02\/Dinastija-e-Balshajve-Ulqin.jpg","sizes":{"thumbnail":{"file":"Dinastija-e-Balshajve-Ulqin-150x150.jpg","width":"150","height":"150","source_url":"https:\/\/www.visit-ulcinj.com\/blog\/wp-content\/uploads\/2012\/02\/Dinastija-e-Balshajve-Ulqin-150x150.jpg"},"medium":{"file":"Dinastija-e-Balshajve-Ulqin-175x300.jpg","width":"175","height":"300","source_url":"https:\/\/www.visit-ulcinj.com\/blog\/wp-content\/uploads\/2012\/02\/Dinastija-e-Balshajve-Ulqin-175x300.jpg"},"full":{"file":"Dinastija-e-Balshajve-Ulqin.jpg","width":320,"height":547,"mime_type":"image\/jpeg","source_url":"https:\/\/www.visit-ulcinj.com\/blog\/wp-content\/uploads\/2012\/02\/Dinastija-e-Balshajve-Ulqin.jpg"}},"image_meta":{"aperture":"0","credit":"","camera":"","caption":"","created_timestamp":"0","copyright":"","focal_length":"0","iso":"0","shutter_speed":"0","title":""}},"post":57534,"source_url":"https:\/\/www.visit-ulcinj.com\/blog\/wp-content\/uploads\/2012\/02\/Dinastija-e-Balshajve-Ulqin.jpg","_links":{"self":[{"href":"https:\/\/www.visit-ulcinj.com\/blog\/wp-json\/wp\/v2\/media\/57539"}],"collection":[{"href":"https:\/\/www.visit-ulcinj.com\/blog\/wp-json\/wp\/v2\/media"}],"about":[{"href":"https:\/\/www.visit-ulcinj.com\/blog\/wp-json\/wp\/v2\/types\/attachment"}],"author":[{"embeddable":true,"href":"https:\/\/www.visit-ulcinj.com\/blog\/wp-json\/wp\/v2\/users\/1"}],"replies":[{"embeddable":true,"href":"https:\/\/www.visit-ulcinj.com\/blog\/wp-json\/wp\/v2\/comments?post=57539"}]}}