{"id":57590,"date":"2012-02-22T16:25:55","date_gmt":"2012-02-22T15:25:55","guid":{"rendered":"http:\/\/www.visit-ulcinj.com\/blog\/wp-content\/uploads\/2012\/02\/Sekretari-i-veprimtarive-komunale-n\u00eb-komun\u00ebn-e-Ulqinit-Avdo-Dervishi-.jpg"},"modified":"2012-02-22T16:25:55","modified_gmt":"2012-02-22T15:25:55","slug":"sekretari-i-veprimtarive-komunale-ne-komunen-e-ulqinit-avdo-dervishi","status":"inherit","type":"attachment","link":"https:\/\/www.visit-ulcinj.com\/blog\/2012\/02\/22\/po-punohet-per-zgjerimin-e-shtratit-te-lumit-buna\/sekretari-i-veprimtarive-komunale-ne-komunen-e-ulqinit-avdo-dervishi\/","title":{"rendered":"Sekretari i veprimtarive komunale n\u00eb komun\u00ebn e Ulqinit Avdo Dervishi"},"author":1,"comment_status":"open","ping_status":"closed","template":"","meta":{"spay_email":""},"yoast_head":"<!-- This site is optimized with the Yoast SEO plugin v19.1 - https:\/\/yoast.com\/wordpress\/plugins\/seo\/ -->\n<title>Sekretari i veprimtarive komunale n\u00eb komun\u00ebn e Ulqinit Avdo Dervishi - Lajme nga Ulqini<\/title>\n<meta name=\"robots\" content=\"index, follow, max-snippet:-1, max-image-preview:large, max-video-preview:-1\" \/>\n<link rel=\"canonical\" href=\"https:\/\/www.visit-ulcinj.com\/blog\/wp-content\/uploads\/2012\/02\/Sekretari-i-veprimtarive-komunale-n\u00eb-komun\u00ebn-e-Ulqinit-Avdo-Dervishi-.jpg\" \/>\n<meta property=\"og:locale\" content=\"en_US\" \/>\n<meta property=\"og:type\" content=\"article\" \/>\n<meta property=\"og:title\" content=\"Sekretari i veprimtarive komunale n\u00eb komun\u00ebn e Ulqinit Avdo Dervishi - Lajme nga Ulqini\" \/>\n<meta property=\"og:description\" content=\"Thellimi i lumit Buna me 8 metra, n\u00eb gjer\u00ebsin\u00eb prej 200 metrash dhe shkurtimi i distanc\u00ebs nga 41 km n\u00eb 25 km, mund t\u00eb shp\u00ebtoj\u00eb nj\u00ebher\u00eb e mir\u00eb Ulqinin nga p\u00ebrmbytjet. N\u00eb zon\u00ebn fushore t\u00eb lumit Buna, e cila gjat\u00eb vitit t\u00eb kaluar u p\u00ebrfshi disa her\u00eb nga p\u00ebrmbytjet masive, prej disa dit\u00ebsh po punohet [&hellip;]\" \/>\n<meta property=\"og:url\" content=\"https:\/\/www.visit-ulcinj.com\/blog\/wp-content\/uploads\/2012\/02\/Sekretari-i-veprimtarive-komunale-n\u00eb-komun\u00ebn-e-Ulqinit-Avdo-Dervishi-.jpg\" \/>\n<meta property=\"og:site_name\" content=\"Lajme nga Ulqini\" \/>\n<meta property=\"og:image\" content=\"https:\/\/www.visit-ulcinj.com\/blog\/wp-content\/uploads\/2012\/02\/Sekretari-i-veprimtarive-komunale-n\u00eb-komun\u00ebn-e-Ulqinit-Avdo-Dervishi-.jpg\" \/>\n\t<meta property=\"og:image:width\" content=\"490\" \/>\n\t<meta property=\"og:image:height\" content=\"338\" \/>\n\t<meta property=\"og:image:type\" content=\"image\/jpeg\" \/>\n<meta name=\"twitter:label1\" content=\"Est. reading time\" \/>\n\t<meta name=\"twitter:data1\" content=\"1 minute\" \/>\n<script type=\"application\/ld+json\" class=\"yoast-schema-graph\">{\"@context\":\"https:\/\/schema.org\",\"@graph\":[{\"@type\":\"WebSite\",\"@id\":\"https:\/\/www.visit-ulcinj.com\/blog\/#website\",\"url\":\"https:\/\/www.visit-ulcinj.com\/blog\/\",\"name\":\"Lajme nga Ulqini\",\"description\":\"Lajme,Vijesti,Ulqini,Ulqin,Crna Gora,Mali i Zi\",\"potentialAction\":[{\"@type\":\"SearchAction\",\"target\":{\"@type\":\"EntryPoint\",\"urlTemplate\":\"https:\/\/www.visit-ulcinj.com\/blog\/?s={search_term_string}\"},\"query-input\":\"required name=search_term_string\"}],\"inLanguage\":\"en-US\"},{\"@type\":\"WebPage\",\"@id\":\"https:\/\/www.visit-ulcinj.com\/blog\/wp-content\/uploads\/2012\/02\/Sekretari-i-veprimtarive-komunale-n\u00eb-komun\u00ebn-e-Ulqinit-Avdo-Dervishi-.jpg#webpage\",\"url\":\"https:\/\/www.visit-ulcinj.com\/blog\/wp-content\/uploads\/2012\/02\/Sekretari-i-veprimtarive-komunale-n\u00eb-komun\u00ebn-e-Ulqinit-Avdo-Dervishi-.jpg\",\"name\":\"Sekretari i veprimtarive komunale n\u00eb komun\u00ebn e Ulqinit Avdo Dervishi - Lajme nga Ulqini\",\"isPartOf\":{\"@id\":\"https:\/\/www.visit-ulcinj.com\/blog\/#website\"},\"datePublished\":\"2012-02-22T15:25:55+00:00\",\"dateModified\":\"2012-02-22T15:25:55+00:00\",\"breadcrumb\":{\"@id\":\"https:\/\/www.visit-ulcinj.com\/blog\/wp-content\/uploads\/2012\/02\/Sekretari-i-veprimtarive-komunale-n\u00eb-komun\u00ebn-e-Ulqinit-Avdo-Dervishi-.jpg#breadcrumb\"},\"inLanguage\":\"en-US\",\"potentialAction\":[{\"@type\":\"ReadAction\",\"target\":[\"https:\/\/www.visit-ulcinj.com\/blog\/wp-content\/uploads\/2012\/02\/Sekretari-i-veprimtarive-komunale-n\u00eb-komun\u00ebn-e-Ulqinit-Avdo-Dervishi-.jpg\"]}]},{\"@type\":\"BreadcrumbList\",\"@id\":\"https:\/\/www.visit-ulcinj.com\/blog\/wp-content\/uploads\/2012\/02\/Sekretari-i-veprimtarive-komunale-n\u00eb-komun\u00ebn-e-Ulqinit-Avdo-Dervishi-.jpg#breadcrumb\",\"itemListElement\":[{\"@type\":\"ListItem\",\"position\":1,\"name\":\"Po punohet p\u00ebr zgjerimin e shtratit t\u00eb Lumit Buna &#8211; Foto\",\"item\":\"https:\/\/www.visit-ulcinj.com\/blog\/2012\/02\/22\/po-punohet-per-zgjerimin-e-shtratit-te-lumit-buna\/\"},{\"@type\":\"ListItem\",\"position\":2,\"name\":\"Sekretari i veprimtarive komunale n\u00eb komun\u00ebn e Ulqinit Avdo Dervishi\"}]}]}<\/script>\n<!-- \/ Yoast SEO plugin. -->","yoast_head_json":{"title":"Sekretari i veprimtarive komunale n\u00eb komun\u00ebn e Ulqinit Avdo Dervishi - Lajme nga Ulqini","robots":{"index":"index","follow":"follow","max-snippet":"max-snippet:-1","max-image-preview":"max-image-preview:large","max-video-preview":"max-video-preview:-1"},"canonical":"https:\/\/www.visit-ulcinj.com\/blog\/wp-content\/uploads\/2012\/02\/Sekretari-i-veprimtarive-komunale-n\u00eb-komun\u00ebn-e-Ulqinit-Avdo-Dervishi-.jpg","og_locale":"en_US","og_type":"article","og_title":"Sekretari i veprimtarive komunale n\u00eb komun\u00ebn e Ulqinit Avdo Dervishi - Lajme nga Ulqini","og_description":"Thellimi i lumit Buna me 8 metra, n\u00eb gjer\u00ebsin\u00eb prej 200 metrash dhe shkurtimi i distanc\u00ebs nga 41 km n\u00eb 25 km, mund t\u00eb shp\u00ebtoj\u00eb nj\u00ebher\u00eb e mir\u00eb Ulqinin nga p\u00ebrmbytjet. N\u00eb zon\u00ebn fushore t\u00eb lumit Buna, e cila gjat\u00eb vitit t\u00eb kaluar u p\u00ebrfshi disa her\u00eb nga p\u00ebrmbytjet masive, prej disa dit\u00ebsh po punohet [&hellip;]","og_url":"https:\/\/www.visit-ulcinj.com\/blog\/wp-content\/uploads\/2012\/02\/Sekretari-i-veprimtarive-komunale-n\u00eb-komun\u00ebn-e-Ulqinit-Avdo-Dervishi-.jpg","og_site_name":"Lajme nga Ulqini","og_image":[{"width":"490","height":"338","url":"https:\/\/www.visit-ulcinj.com\/blog\/wp-content\/uploads\/2012\/02\/Sekretari-i-veprimtarive-komunale-n\u00eb-komun\u00ebn-e-Ulqinit-Avdo-Dervishi-.jpg","type":"image\/jpeg"}],"twitter_misc":{"Est. reading time":"1 minute"},"schema":{"@context":"https:\/\/schema.org","@graph":[{"@type":"WebSite","@id":"https:\/\/www.visit-ulcinj.com\/blog\/#website","url":"https:\/\/www.visit-ulcinj.com\/blog\/","name":"Lajme nga Ulqini","description":"Lajme,Vijesti,Ulqini,Ulqin,Crna Gora,Mali i Zi","potentialAction":[{"@type":"SearchAction","target":{"@type":"EntryPoint","urlTemplate":"https:\/\/www.visit-ulcinj.com\/blog\/?s={search_term_string}"},"query-input":"required name=search_term_string"}],"inLanguage":"en-US"},{"@type":"WebPage","@id":"https:\/\/www.visit-ulcinj.com\/blog\/wp-content\/uploads\/2012\/02\/Sekretari-i-veprimtarive-komunale-n\u00eb-komun\u00ebn-e-Ulqinit-Avdo-Dervishi-.jpg#webpage","url":"https:\/\/www.visit-ulcinj.com\/blog\/wp-content\/uploads\/2012\/02\/Sekretari-i-veprimtarive-komunale-n\u00eb-komun\u00ebn-e-Ulqinit-Avdo-Dervishi-.jpg","name":"Sekretari i veprimtarive komunale n\u00eb komun\u00ebn e Ulqinit Avdo Dervishi - Lajme nga Ulqini","isPartOf":{"@id":"https:\/\/www.visit-ulcinj.com\/blog\/#website"},"datePublished":"2012-02-22T15:25:55+00:00","dateModified":"2012-02-22T15:25:55+00:00","breadcrumb":{"@id":"https:\/\/www.visit-ulcinj.com\/blog\/wp-content\/uploads\/2012\/02\/Sekretari-i-veprimtarive-komunale-n\u00eb-komun\u00ebn-e-Ulqinit-Avdo-Dervishi-.jpg#breadcrumb"},"inLanguage":"en-US","potentialAction":[{"@type":"ReadAction","target":["https:\/\/www.visit-ulcinj.com\/blog\/wp-content\/uploads\/2012\/02\/Sekretari-i-veprimtarive-komunale-n\u00eb-komun\u00ebn-e-Ulqinit-Avdo-Dervishi-.jpg"]}]},{"@type":"BreadcrumbList","@id":"https:\/\/www.visit-ulcinj.com\/blog\/wp-content\/uploads\/2012\/02\/Sekretari-i-veprimtarive-komunale-n\u00eb-komun\u00ebn-e-Ulqinit-Avdo-Dervishi-.jpg#breadcrumb","itemListElement":[{"@type":"ListItem","position":1,"name":"Po punohet p\u00ebr zgjerimin e shtratit t\u00eb Lumit Buna &#8211; Foto","item":"https:\/\/www.visit-ulcinj.com\/blog\/2012\/02\/22\/po-punohet-per-zgjerimin-e-shtratit-te-lumit-buna\/"},{"@type":"ListItem","position":2,"name":"Sekretari i veprimtarive komunale n\u00eb komun\u00ebn e Ulqinit Avdo Dervishi"}]}]}},"jetpack_sharing_enabled":true,"jetpack_shortlink":"https:\/\/wp.me\/ae6lTn-eYS","description":{"rendered":"<p class=\"attachment\"><a href='https:\/\/www.visit-ulcinj.com\/blog\/wp-content\/uploads\/2012\/02\/Sekretari-i-veprimtarive-komunale-n\u00eb-komun\u00ebn-e-Ulqinit-Avdo-Dervishi-.jpg'><img width=\"300\" height=\"206\" src=\"https:\/\/www.visit-ulcinj.com\/blog\/wp-content\/uploads\/2012\/02\/Sekretari-i-veprimtarive-komunale-n\u00eb-komun\u00ebn-e-Ulqinit-Avdo-Dervishi--300x206.jpg\" class=\"attachment-medium size-medium\" alt=\"\" loading=\"lazy\" srcset=\"https:\/\/www.visit-ulcinj.com\/blog\/wp-content\/uploads\/2012\/02\/Sekretari-i-veprimtarive-komunale-n\u00eb-komun\u00ebn-e-Ulqinit-Avdo-Dervishi--300x206.jpg 300w, https:\/\/www.visit-ulcinj.com\/blog\/wp-content\/uploads\/2012\/02\/Sekretari-i-veprimtarive-komunale-n\u00eb-komun\u00ebn-e-Ulqinit-Avdo-Dervishi-.jpg 490w\" sizes=\"(max-width: 300px) 100vw, 300px\" \/><\/a><\/p>\n<p>Thellimi i lumit Buna me 8 metra, n\u00eb gjer\u00ebsin\u00eb prej 200 metrash dhe shkurtimi i distanc\u00ebs nga 41 km n\u00eb 25 km, mund t\u00eb shp\u00ebtoj\u00eb nj\u00ebher\u00eb e mir\u00eb Ulqinin nga p\u00ebrmbytjet.<br \/>\nN\u00eb zon\u00ebn fushore t\u00eb lumit Buna, e cila gjat\u00eb vitit t\u00eb kaluar u p\u00ebrfshi disa her\u00eb nga p\u00ebrmbytjet masive, prej disa dit\u00ebsh po punohet p\u00ebr riaft\u00ebsimin e sistemit mbrojt\u00ebs n\u00eb an\u00ebn e djatht\u00eb t\u00eb gryk\u00ebs.<br \/>\nKa nisur puna p\u00ebr zgjerimin e shtratit t\u00eb Lumit Buna, nj\u00eb projekt ky i r\u00ebnd\u00ebsish\u00ebm, q\u00eb realizohet p\u00ebr her\u00eb t\u00eb pare ministria p\u00ebrkat\u00ebse e Malit t\u00eb Zi. Nd\u00ebrkoh\u00eb, specialist\u00ebt k\u00ebrkojn\u00eb q\u00eb, financimet e qeveris\u00eb p\u00ebr sistemin mbrojt\u00ebs t\u00eb duhet t\u00eb shtrihen edhe n\u00eb segmente t\u00eb tjera t\u00eb Lumit Buna.<\/p>\n<p>N\u00eb nj\u00eb intervist\u00eb p\u00ebr TV Teuta, Sekretari i veprimtarive komunale n\u00eb komun\u00ebn e Ulqinit Avdo Dervishi shprehet m\u00eb gjersisht\u00eb p\u00ebr thelimin e shtratit t\u00eb lumit Buna.<\/p>\n<p>Ju ftojm\u00eb ta ndiqni reportazhin e ber\u00eb  nga gazetari i TVT z.G\u00ebzim Ibro\u00e7i,ku para disa dit\u00ebv\u00eb realizoi nj\u00eb kronik\u00eb m\u00eb t\u00eb holl\u00ebsishme.<\/p>\n<p>VIDEO TV TEUTA ULQIN<\/p>\n"},"caption":{"rendered":"<p>Thellimi i lumit Buna me 8 metra, n\u00eb gjer\u00ebsin\u00eb prej 200 metrash dhe shkurtimi i distanc\u00ebs nga 41 km n\u00eb 25 km, mund t\u00eb shp\u00ebtoj\u00eb nj\u00ebher\u00eb e mir\u00eb Ulqinin nga p\u00ebrmbytjet. N\u00eb zon\u00ebn fushore t\u00eb lumit Buna, e cila gjat\u00eb vitit t\u00eb kaluar u p\u00ebrfshi disa her\u00eb nga p\u00ebrmbytjet masive, prej disa dit\u00ebsh po punohet [&hellip;]<\/p>\n"},"alt_text":"","media_type":"image","mime_type":"image\/jpeg","media_details":{"width":"490","height":"338","hwstring_small":"height='88' width='128'","file":"2012\/02\/Sekretari-i-veprimtarive-komunale-n\u00eb-komun\u00ebn-e-Ulqinit-Avdo-Dervishi-.jpg","sizes":{"thumbnail":{"file":"Sekretari-i-veprimtarive-komunale-n\u00eb-komun\u00ebn-e-Ulqinit-Avdo-Dervishi--150x150.jpg","width":"150","height":"150","source_url":"https:\/\/www.visit-ulcinj.com\/blog\/wp-content\/uploads\/2012\/02\/Sekretari-i-veprimtarive-komunale-n\u00eb-komun\u00ebn-e-Ulqinit-Avdo-Dervishi--150x150.jpg"},"medium":{"file":"Sekretari-i-veprimtarive-komunale-n\u00eb-komun\u00ebn-e-Ulqinit-Avdo-Dervishi--300x206.jpg","width":"300","height":"206","source_url":"https:\/\/www.visit-ulcinj.com\/blog\/wp-content\/uploads\/2012\/02\/Sekretari-i-veprimtarive-komunale-n\u00eb-komun\u00ebn-e-Ulqinit-Avdo-Dervishi--300x206.jpg"},"full":{"file":"Sekretari-i-veprimtarive-komunale-n\u00eb-komun\u00ebn-e-Ulqinit-Avdo-Dervishi-.jpg","width":490,"height":338,"mime_type":"image\/jpeg","source_url":"https:\/\/www.visit-ulcinj.com\/blog\/wp-content\/uploads\/2012\/02\/Sekretari-i-veprimtarive-komunale-n\u00eb-komun\u00ebn-e-Ulqinit-Avdo-Dervishi-.jpg"}},"image_meta":{"aperture":"0","credit":"","camera":"","caption":"","created_timestamp":"0","copyright":"","focal_length":"0","iso":"0","shutter_speed":"0","title":""}},"post":57589,"source_url":"https:\/\/www.visit-ulcinj.com\/blog\/wp-content\/uploads\/2012\/02\/Sekretari-i-veprimtarive-komunale-n\u00eb-komun\u00ebn-e-Ulqinit-Avdo-Dervishi-.jpg","_links":{"self":[{"href":"https:\/\/www.visit-ulcinj.com\/blog\/wp-json\/wp\/v2\/media\/57590"}],"collection":[{"href":"https:\/\/www.visit-ulcinj.com\/blog\/wp-json\/wp\/v2\/media"}],"about":[{"href":"https:\/\/www.visit-ulcinj.com\/blog\/wp-json\/wp\/v2\/types\/attachment"}],"author":[{"embeddable":true,"href":"https:\/\/www.visit-ulcinj.com\/blog\/wp-json\/wp\/v2\/users\/1"}],"replies":[{"embeddable":true,"href":"https:\/\/www.visit-ulcinj.com\/blog\/wp-json\/wp\/v2\/comments?post=57590"}]}}