{"id":57865,"date":"2012-03-02T16:50:44","date_gmt":"2012-03-02T15:50:44","guid":{"rendered":"http:\/\/www.visit-ulcinj.com\/blog\/wp-content\/uploads\/2012\/03\/OT-e-Ulqinit-merr-pjes-n\u00eb-panairin-e-turizmit-n\u00eb-Budapest.jpg"},"modified":"2012-03-02T16:50:44","modified_gmt":"2012-03-02T15:50:44","slug":"ot-e-ulqinit-merr-pjes-ne-panairin-e-turizmit-ne-budapest","status":"inherit","type":"attachment","link":"https:\/\/www.visit-ulcinj.com\/blog\/2012\/03\/02\/ot-e-ulqinit-merr-pjes-ne-panairin-e-turizmit-ne-budapest\/ot-e-ulqinit-merr-pjes-ne-panairin-e-turizmit-ne-budapest\/","title":{"rendered":"OT e Ulqinit merr pjes n\u00eb panairin e turizmit n\u00eb Budapest"},"author":1,"comment_status":"open","ping_status":"closed","template":"","meta":{"spay_email":""},"yoast_head":"<!-- This site is optimized with the Yoast SEO plugin v19.1 - https:\/\/yoast.com\/wordpress\/plugins\/seo\/ -->\n<title>OT e Ulqinit merr pjes n\u00eb panairin e turizmit n\u00eb Budapest - Lajme nga Ulqini<\/title>\n<meta name=\"robots\" content=\"index, follow, max-snippet:-1, max-image-preview:large, max-video-preview:-1\" \/>\n<link rel=\"canonical\" href=\"https:\/\/www.visit-ulcinj.com\/blog\/wp-content\/uploads\/2012\/03\/OT-e-Ulqinit-merr-pjes-n\u00eb-panairin-e-turizmit-n\u00eb-Budapest.jpg\" \/>\n<meta property=\"og:locale\" content=\"en_US\" \/>\n<meta property=\"og:type\" content=\"article\" \/>\n<meta property=\"og:title\" content=\"OT e Ulqinit merr pjes n\u00eb panairin e turizmit n\u00eb Budapest - Lajme nga Ulqini\" \/>\n<meta property=\"og:description\" content=\"Raport nga Panairi i turizmit Budimpest\u00eb \u201eUTAZAS\u201c-prej 01. &#8211; 04.mars 2012. N\u00eb panairin 35 Nd\u00ebrkomb\u00ebtar t\u00eb turizmit, \u201eUTAZAS\u201c, i cili po zhvillohet ne Budimpest\u00eb prej 1 deri me 4 mars, n\u00eb banakun e p\u00ebrbashk\u00ebt t\u00eb organizatave turistike lokale t\u00eb Tivatit, Kotorit, Herceg Novit, Budv\u00ebs, Tivarit, Ulqinit dhe Organizat\u00ebs Turistike Nacionale, n\u00eb t\u00eb cilin po prezantohet [&hellip;]\" \/>\n<meta property=\"og:url\" content=\"https:\/\/www.visit-ulcinj.com\/blog\/wp-content\/uploads\/2012\/03\/OT-e-Ulqinit-merr-pjes-n\u00eb-panairin-e-turizmit-n\u00eb-Budapest.jpg\" \/>\n<meta property=\"og:site_name\" content=\"Lajme nga Ulqini\" \/>\n<meta property=\"og:image\" content=\"https:\/\/www.visit-ulcinj.com\/blog\/wp-content\/uploads\/2012\/03\/OT-e-Ulqinit-merr-pjes-n\u00eb-panairin-e-turizmit-n\u00eb-Budapest.jpg\" \/>\n\t<meta property=\"og:image:width\" content=\"1000\" \/>\n\t<meta property=\"og:image:height\" content=\"750\" \/>\n\t<meta property=\"og:image:type\" content=\"image\/jpeg\" \/>\n<meta name=\"twitter:label1\" content=\"Est. reading time\" \/>\n\t<meta name=\"twitter:data1\" content=\"1 minute\" \/>\n<script type=\"application\/ld+json\" class=\"yoast-schema-graph\">{\"@context\":\"https:\/\/schema.org\",\"@graph\":[{\"@type\":\"WebSite\",\"@id\":\"https:\/\/www.visit-ulcinj.com\/blog\/#website\",\"url\":\"https:\/\/www.visit-ulcinj.com\/blog\/\",\"name\":\"Lajme nga Ulqini\",\"description\":\"Lajme,Vijesti,Ulqini,Ulqin,Crna Gora,Mali i Zi\",\"potentialAction\":[{\"@type\":\"SearchAction\",\"target\":{\"@type\":\"EntryPoint\",\"urlTemplate\":\"https:\/\/www.visit-ulcinj.com\/blog\/?s={search_term_string}\"},\"query-input\":\"required name=search_term_string\"}],\"inLanguage\":\"en-US\"},{\"@type\":\"WebPage\",\"@id\":\"https:\/\/www.visit-ulcinj.com\/blog\/wp-content\/uploads\/2012\/03\/OT-e-Ulqinit-merr-pjes-n\u00eb-panairin-e-turizmit-n\u00eb-Budapest.jpg#webpage\",\"url\":\"https:\/\/www.visit-ulcinj.com\/blog\/wp-content\/uploads\/2012\/03\/OT-e-Ulqinit-merr-pjes-n\u00eb-panairin-e-turizmit-n\u00eb-Budapest.jpg\",\"name\":\"OT e Ulqinit merr pjes n\u00eb panairin e turizmit n\u00eb Budapest - Lajme nga Ulqini\",\"isPartOf\":{\"@id\":\"https:\/\/www.visit-ulcinj.com\/blog\/#website\"},\"datePublished\":\"2012-03-02T15:50:44+00:00\",\"dateModified\":\"2012-03-02T15:50:44+00:00\",\"breadcrumb\":{\"@id\":\"https:\/\/www.visit-ulcinj.com\/blog\/wp-content\/uploads\/2012\/03\/OT-e-Ulqinit-merr-pjes-n\u00eb-panairin-e-turizmit-n\u00eb-Budapest.jpg#breadcrumb\"},\"inLanguage\":\"en-US\",\"potentialAction\":[{\"@type\":\"ReadAction\",\"target\":[\"https:\/\/www.visit-ulcinj.com\/blog\/wp-content\/uploads\/2012\/03\/OT-e-Ulqinit-merr-pjes-n\u00eb-panairin-e-turizmit-n\u00eb-Budapest.jpg\"]}]},{\"@type\":\"BreadcrumbList\",\"@id\":\"https:\/\/www.visit-ulcinj.com\/blog\/wp-content\/uploads\/2012\/03\/OT-e-Ulqinit-merr-pjes-n\u00eb-panairin-e-turizmit-n\u00eb-Budapest.jpg#breadcrumb\",\"itemListElement\":[{\"@type\":\"ListItem\",\"position\":1,\"name\":\"OT e Ulqinit merr pjes n\u00eb panairin e turizmit n\u00eb Budapest \u201eUTAZAS&#8221; 2012\",\"item\":\"https:\/\/www.visit-ulcinj.com\/blog\/2012\/03\/02\/ot-e-ulqinit-merr-pjes-ne-panairin-e-turizmit-ne-budapest\/\"},{\"@type\":\"ListItem\",\"position\":2,\"name\":\"OT e Ulqinit merr pjes n\u00eb panairin e turizmit n\u00eb Budapest\"}]}]}<\/script>\n<!-- \/ Yoast SEO plugin. -->","yoast_head_json":{"title":"OT e Ulqinit merr pjes n\u00eb panairin e turizmit n\u00eb Budapest - Lajme nga Ulqini","robots":{"index":"index","follow":"follow","max-snippet":"max-snippet:-1","max-image-preview":"max-image-preview:large","max-video-preview":"max-video-preview:-1"},"canonical":"https:\/\/www.visit-ulcinj.com\/blog\/wp-content\/uploads\/2012\/03\/OT-e-Ulqinit-merr-pjes-n\u00eb-panairin-e-turizmit-n\u00eb-Budapest.jpg","og_locale":"en_US","og_type":"article","og_title":"OT e Ulqinit merr pjes n\u00eb panairin e turizmit n\u00eb Budapest - Lajme nga Ulqini","og_description":"Raport nga Panairi i turizmit Budimpest\u00eb \u201eUTAZAS\u201c-prej 01. &#8211; 04.mars 2012. N\u00eb panairin 35 Nd\u00ebrkomb\u00ebtar t\u00eb turizmit, \u201eUTAZAS\u201c, i cili po zhvillohet ne Budimpest\u00eb prej 1 deri me 4 mars, n\u00eb banakun e p\u00ebrbashk\u00ebt t\u00eb organizatave turistike lokale t\u00eb Tivatit, Kotorit, Herceg Novit, Budv\u00ebs, Tivarit, Ulqinit dhe Organizat\u00ebs Turistike Nacionale, n\u00eb t\u00eb cilin po prezantohet [&hellip;]","og_url":"https:\/\/www.visit-ulcinj.com\/blog\/wp-content\/uploads\/2012\/03\/OT-e-Ulqinit-merr-pjes-n\u00eb-panairin-e-turizmit-n\u00eb-Budapest.jpg","og_site_name":"Lajme nga Ulqini","og_image":[{"width":"1000","height":"750","url":"https:\/\/www.visit-ulcinj.com\/blog\/wp-content\/uploads\/2012\/03\/OT-e-Ulqinit-merr-pjes-n\u00eb-panairin-e-turizmit-n\u00eb-Budapest.jpg","type":"image\/jpeg"}],"twitter_misc":{"Est. reading time":"1 minute"},"schema":{"@context":"https:\/\/schema.org","@graph":[{"@type":"WebSite","@id":"https:\/\/www.visit-ulcinj.com\/blog\/#website","url":"https:\/\/www.visit-ulcinj.com\/blog\/","name":"Lajme nga Ulqini","description":"Lajme,Vijesti,Ulqini,Ulqin,Crna Gora,Mali i Zi","potentialAction":[{"@type":"SearchAction","target":{"@type":"EntryPoint","urlTemplate":"https:\/\/www.visit-ulcinj.com\/blog\/?s={search_term_string}"},"query-input":"required name=search_term_string"}],"inLanguage":"en-US"},{"@type":"WebPage","@id":"https:\/\/www.visit-ulcinj.com\/blog\/wp-content\/uploads\/2012\/03\/OT-e-Ulqinit-merr-pjes-n\u00eb-panairin-e-turizmit-n\u00eb-Budapest.jpg#webpage","url":"https:\/\/www.visit-ulcinj.com\/blog\/wp-content\/uploads\/2012\/03\/OT-e-Ulqinit-merr-pjes-n\u00eb-panairin-e-turizmit-n\u00eb-Budapest.jpg","name":"OT e Ulqinit merr pjes n\u00eb panairin e turizmit n\u00eb Budapest - Lajme nga Ulqini","isPartOf":{"@id":"https:\/\/www.visit-ulcinj.com\/blog\/#website"},"datePublished":"2012-03-02T15:50:44+00:00","dateModified":"2012-03-02T15:50:44+00:00","breadcrumb":{"@id":"https:\/\/www.visit-ulcinj.com\/blog\/wp-content\/uploads\/2012\/03\/OT-e-Ulqinit-merr-pjes-n\u00eb-panairin-e-turizmit-n\u00eb-Budapest.jpg#breadcrumb"},"inLanguage":"en-US","potentialAction":[{"@type":"ReadAction","target":["https:\/\/www.visit-ulcinj.com\/blog\/wp-content\/uploads\/2012\/03\/OT-e-Ulqinit-merr-pjes-n\u00eb-panairin-e-turizmit-n\u00eb-Budapest.jpg"]}]},{"@type":"BreadcrumbList","@id":"https:\/\/www.visit-ulcinj.com\/blog\/wp-content\/uploads\/2012\/03\/OT-e-Ulqinit-merr-pjes-n\u00eb-panairin-e-turizmit-n\u00eb-Budapest.jpg#breadcrumb","itemListElement":[{"@type":"ListItem","position":1,"name":"OT e Ulqinit merr pjes n\u00eb panairin e turizmit n\u00eb Budapest \u201eUTAZAS&#8221; 2012","item":"https:\/\/www.visit-ulcinj.com\/blog\/2012\/03\/02\/ot-e-ulqinit-merr-pjes-ne-panairin-e-turizmit-ne-budapest\/"},{"@type":"ListItem","position":2,"name":"OT e Ulqinit merr pjes n\u00eb panairin e turizmit n\u00eb Budapest"}]}]}},"jetpack_sharing_enabled":true,"jetpack_shortlink":"https:\/\/wp.me\/ae6lTn-f3j","description":{"rendered":"<p class=\"attachment\"><a href='https:\/\/www.visit-ulcinj.com\/blog\/wp-content\/uploads\/2012\/03\/OT-e-Ulqinit-merr-pjes-n\u00eb-panairin-e-turizmit-n\u00eb-Budapest.jpg'><img width=\"300\" height=\"225\" src=\"https:\/\/www.visit-ulcinj.com\/blog\/wp-content\/uploads\/2012\/03\/OT-e-Ulqinit-merr-pjes-n\u00eb-panairin-e-turizmit-n\u00eb-Budapest-300x225.jpg\" class=\"attachment-medium size-medium\" alt=\"\" loading=\"lazy\" srcset=\"https:\/\/www.visit-ulcinj.com\/blog\/wp-content\/uploads\/2012\/03\/OT-e-Ulqinit-merr-pjes-n\u00eb-panairin-e-turizmit-n\u00eb-Budapest-300x225.jpg 300w, https:\/\/www.visit-ulcinj.com\/blog\/wp-content\/uploads\/2012\/03\/OT-e-Ulqinit-merr-pjes-n\u00eb-panairin-e-turizmit-n\u00eb-Budapest.jpg 1000w\" sizes=\"(max-width: 300px) 100vw, 300px\" \/><\/a><\/p>\n<p>Raport nga Panairi i turizmit<br \/>\nBudimpest\u00eb \u201eUTAZAS\u201c-prej 01. &#8211; 04.mars 2012.<\/p>\n<p>N\u00eb panairin 35 Nd\u00ebrkomb\u00ebtar t\u00eb turizmit, \u201eUTAZAS\u201c, i cili po zhvillohet ne Budimpest\u00eb prej 1 deri me 4 mars, n\u00eb banakun e p\u00ebrbashk\u00ebt t\u00eb organizatave turistike lokale t\u00eb Tivatit, Kotorit, Herceg Novit, Budv\u00ebs, Tivarit, Ulqinit dhe Organizat\u00ebs Turistike Nacionale, n\u00eb t\u00eb cilin po prezantohet oferta turistike e qyteteve t\u00eb lart\u00ebp\u00ebrmendura, por edhe oferta e p\u00ebrgjithshme e Malit t\u00eb Zi si destinacion turistik.  Ky \u00ebsht\u00eb prezantimi i tret\u00eb i p\u00ebrbashk\u00ebt i OTL (Organizatave Turistike Lokale) t\u00eb p\u00ebrmendura t\u00eb cilat para pak koh\u00ebsh kan\u00eb prezantuar ofertat e tyre n\u00eb panairet e Bratislav\u00ebs dhe Prag\u00ebs, nd\u00ebrsa i pret przantimi i p\u00ebrbashk\u00ebt edhe n\u00eb Varshav\u00eb.<br \/>\nIniciativ\u00ebn e p\u00ebrbashk\u00ebt t\u00eb organizatave turistike t\u00eb Tivatit, Kotorit, Herceg Novit, Budv\u00ebs, Tivarit, Ulqinit e kan\u00eb mb\u00ebshtetur num\u00ebr i madh i afarist\u00ebve.<br \/>\nQ\u00eb nga dita e par\u00eb jan\u00eb organizuar takime t\u00eb shumta t\u00eb biznesit me p\u00ebrfaq\u00ebsues t\u00eb agjensioneve turistike dhe tur-operator\u00ebve t\u00eb num\u00ebrt, si:<br \/>\n Haris Travel Club, Adria Tours Kft., Holiday-Egertourist Kft., Sport Travel, Gold Fish, Delta T-Tours, Nova Tours, Sky Travel etj.<br \/>\nVizitor\u00ebve t\u00eb banakut ton\u00eb, n\u00eb panairint e 35 UTAZAS , u jan\u00eb ofruar nj\u00eb shum\u00ebllojshm\u00ebri e materialeve promovuese edhe n\u00eb gjuh\u00ebn hungareze.<br \/>\nN\u00eb panairin 35 Nd\u00ebrkomb\u00ebtar t\u00eb turizmit, \u201eUTAZAS\u201c, n\u00eb Budimpest\u00eb po marrin pjes\u00eb 456 ekspozues nga 22 shtete.<\/p>\n"},"caption":{"rendered":"<p>Raport nga Panairi i turizmit Budimpest\u00eb \u201eUTAZAS\u201c-prej 01. &#8211; 04.mars 2012. N\u00eb panairin 35 Nd\u00ebrkomb\u00ebtar t\u00eb turizmit, \u201eUTAZAS\u201c, i cili po zhvillohet ne Budimpest\u00eb prej 1 deri me 4 mars, n\u00eb banakun e p\u00ebrbashk\u00ebt t\u00eb organizatave turistike lokale t\u00eb Tivatit, Kotorit, Herceg Novit, Budv\u00ebs, Tivarit, Ulqinit dhe Organizat\u00ebs Turistike Nacionale, n\u00eb t\u00eb cilin po prezantohet [&hellip;]<\/p>\n"},"alt_text":"","media_type":"image","mime_type":"image\/jpeg","media_details":{"width":"1000","height":"750","hwstring_small":"height='96' width='128'","file":"2012\/03\/OT-e-Ulqinit-merr-pjes-n\u00eb-panairin-e-turizmit-n\u00eb-Budapest.jpg","sizes":{"thumbnail":{"file":"OT-e-Ulqinit-merr-pjes-n\u00eb-panairin-e-turizmit-n\u00eb-Budapest-150x150.jpg","width":"150","height":"150","source_url":"https:\/\/www.visit-ulcinj.com\/blog\/wp-content\/uploads\/2012\/03\/OT-e-Ulqinit-merr-pjes-n\u00eb-panairin-e-turizmit-n\u00eb-Budapest-150x150.jpg"},"medium":{"file":"OT-e-Ulqinit-merr-pjes-n\u00eb-panairin-e-turizmit-n\u00eb-Budapest-300x225.jpg","width":"300","height":"225","source_url":"https:\/\/www.visit-ulcinj.com\/blog\/wp-content\/uploads\/2012\/03\/OT-e-Ulqinit-merr-pjes-n\u00eb-panairin-e-turizmit-n\u00eb-Budapest-300x225.jpg"},"full":{"file":"OT-e-Ulqinit-merr-pjes-n\u00eb-panairin-e-turizmit-n\u00eb-Budapest.jpg","width":1000,"height":750,"mime_type":"image\/jpeg","source_url":"https:\/\/www.visit-ulcinj.com\/blog\/wp-content\/uploads\/2012\/03\/OT-e-Ulqinit-merr-pjes-n\u00eb-panairin-e-turizmit-n\u00eb-Budapest.jpg"}},"image_meta":{"aperture":"2.8","credit":"","camera":"Konica Digital Camera KD-310Z","caption":"","created_timestamp":"1330597855","copyright":"","focal_length":"8","iso":"100","shutter_speed":"0.0168","title":""}},"post":57864,"source_url":"https:\/\/www.visit-ulcinj.com\/blog\/wp-content\/uploads\/2012\/03\/OT-e-Ulqinit-merr-pjes-n\u00eb-panairin-e-turizmit-n\u00eb-Budapest.jpg","_links":{"self":[{"href":"https:\/\/www.visit-ulcinj.com\/blog\/wp-json\/wp\/v2\/media\/57865"}],"collection":[{"href":"https:\/\/www.visit-ulcinj.com\/blog\/wp-json\/wp\/v2\/media"}],"about":[{"href":"https:\/\/www.visit-ulcinj.com\/blog\/wp-json\/wp\/v2\/types\/attachment"}],"author":[{"embeddable":true,"href":"https:\/\/www.visit-ulcinj.com\/blog\/wp-json\/wp\/v2\/users\/1"}],"replies":[{"embeddable":true,"href":"https:\/\/www.visit-ulcinj.com\/blog\/wp-json\/wp\/v2\/comments?post=57865"}]}}