{"id":58973,"date":"2012-04-04T16:32:30","date_gmt":"2012-04-04T15:32:30","guid":{"rendered":"http:\/\/www.visit-ulcinj.com\/blog\/wp-content\/uploads\/2012\/04\/dita-e-komunes-se-ulqinit.1.jpg"},"modified":"2012-04-04T16:32:30","modified_gmt":"2012-04-04T15:32:30","slug":"dita-e-komunes-se-ulqinit-1-2","status":"inherit","type":"attachment","link":"https:\/\/www.visit-ulcinj.com\/blog\/2012\/04\/04\/dita-e-komunes-se-ulqinit\/dita-e-komunes-se-ulqinit-1-2\/","title":{"rendered":"dita-e-komunes-se-ulqinit.1"},"author":1,"comment_status":"open","ping_status":"closed","template":"","meta":{"spay_email":""},"yoast_head":"<!-- This site is optimized with the Yoast SEO plugin v19.1 - https:\/\/yoast.com\/wordpress\/plugins\/seo\/ -->\n<title>dita-e-komunes-se-ulqinit.1 - Lajme nga Ulqini<\/title>\n<meta name=\"robots\" content=\"index, follow, max-snippet:-1, max-image-preview:large, max-video-preview:-1\" \/>\n<link rel=\"canonical\" href=\"https:\/\/www.visit-ulcinj.com\/blog\/wp-content\/uploads\/2012\/04\/dita-e-komunes-se-ulqinit.1.jpg\" \/>\n<meta property=\"og:locale\" content=\"en_US\" \/>\n<meta property=\"og:type\" content=\"article\" \/>\n<meta property=\"og:title\" content=\"dita-e-komunes-se-ulqinit.1 - Lajme nga Ulqini\" \/>\n<meta property=\"og:description\" content=\"E enjte me 5. prill: 11:00 &#8211; Hapja e qendr\u00ebs p\u00ebr orientimin dhe kualifikimin profesional t\u00eb grave. (Nd\u00ebrtesa e qendr\u00ebs p\u00ebr kultur\u00eb) 18:00 \u2013 Turneu nd\u00ebrkombetar\u00eb n\u00eb futboll p\u00ebr fatosa. (Stadiumi srd \u201cBelvi\u201d) E premte me 6 prill: 10:00 &#8211; Konferenca e kat\u00ebrt shkencore nd\u00ebrkomb\u00ebtare me tem\u00eb: \u201cPerspektiva e zhvillimit ekonomik rajonal n\u00ebn optik\u00ebn e [&hellip;]\" \/>\n<meta property=\"og:url\" content=\"https:\/\/www.visit-ulcinj.com\/blog\/wp-content\/uploads\/2012\/04\/dita-e-komunes-se-ulqinit.1.jpg\" \/>\n<meta property=\"og:site_name\" content=\"Lajme nga Ulqini\" \/>\n<meta property=\"og:image\" content=\"https:\/\/www.visit-ulcinj.com\/blog\/wp-content\/uploads\/2012\/04\/dita-e-komunes-se-ulqinit.1.jpg\" \/>\n\t<meta property=\"og:image:width\" content=\"620\" \/>\n\t<meta property=\"og:image:height\" content=\"300\" \/>\n\t<meta property=\"og:image:type\" content=\"image\/jpeg\" \/>\n<meta name=\"twitter:label1\" content=\"Est. reading time\" \/>\n\t<meta name=\"twitter:data1\" content=\"1 minute\" \/>\n<script type=\"application\/ld+json\" class=\"yoast-schema-graph\">{\"@context\":\"https:\/\/schema.org\",\"@graph\":[{\"@type\":\"WebSite\",\"@id\":\"https:\/\/www.visit-ulcinj.com\/blog\/#website\",\"url\":\"https:\/\/www.visit-ulcinj.com\/blog\/\",\"name\":\"Lajme nga Ulqini\",\"description\":\"Lajme,Vijesti,Ulqini,Ulqin,Crna Gora,Mali i Zi\",\"potentialAction\":[{\"@type\":\"SearchAction\",\"target\":{\"@type\":\"EntryPoint\",\"urlTemplate\":\"https:\/\/www.visit-ulcinj.com\/blog\/?s={search_term_string}\"},\"query-input\":\"required name=search_term_string\"}],\"inLanguage\":\"en-US\"},{\"@type\":\"WebPage\",\"@id\":\"https:\/\/www.visit-ulcinj.com\/blog\/wp-content\/uploads\/2012\/04\/dita-e-komunes-se-ulqinit.1.jpg#webpage\",\"url\":\"https:\/\/www.visit-ulcinj.com\/blog\/wp-content\/uploads\/2012\/04\/dita-e-komunes-se-ulqinit.1.jpg\",\"name\":\"dita-e-komunes-se-ulqinit.1 - Lajme nga Ulqini\",\"isPartOf\":{\"@id\":\"https:\/\/www.visit-ulcinj.com\/blog\/#website\"},\"datePublished\":\"2012-04-04T15:32:30+00:00\",\"dateModified\":\"2012-04-04T15:32:30+00:00\",\"breadcrumb\":{\"@id\":\"https:\/\/www.visit-ulcinj.com\/blog\/wp-content\/uploads\/2012\/04\/dita-e-komunes-se-ulqinit.1.jpg#breadcrumb\"},\"inLanguage\":\"en-US\",\"potentialAction\":[{\"@type\":\"ReadAction\",\"target\":[\"https:\/\/www.visit-ulcinj.com\/blog\/wp-content\/uploads\/2012\/04\/dita-e-komunes-se-ulqinit.1.jpg\"]}]},{\"@type\":\"BreadcrumbList\",\"@id\":\"https:\/\/www.visit-ulcinj.com\/blog\/wp-content\/uploads\/2012\/04\/dita-e-komunes-se-ulqinit.1.jpg#breadcrumb\",\"itemListElement\":[{\"@type\":\"ListItem\",\"position\":1,\"name\":\"Dita e Komun\u00ebs s\u00eb Ulqinit\",\"item\":\"https:\/\/www.visit-ulcinj.com\/blog\/2012\/04\/04\/dita-e-komunes-se-ulqinit\/\"},{\"@type\":\"ListItem\",\"position\":2,\"name\":\"dita-e-komunes-se-ulqinit.1\"}]}]}<\/script>\n<!-- \/ Yoast SEO plugin. -->","yoast_head_json":{"title":"dita-e-komunes-se-ulqinit.1 - Lajme nga Ulqini","robots":{"index":"index","follow":"follow","max-snippet":"max-snippet:-1","max-image-preview":"max-image-preview:large","max-video-preview":"max-video-preview:-1"},"canonical":"https:\/\/www.visit-ulcinj.com\/blog\/wp-content\/uploads\/2012\/04\/dita-e-komunes-se-ulqinit.1.jpg","og_locale":"en_US","og_type":"article","og_title":"dita-e-komunes-se-ulqinit.1 - Lajme nga Ulqini","og_description":"E enjte me 5. prill: 11:00 &#8211; Hapja e qendr\u00ebs p\u00ebr orientimin dhe kualifikimin profesional t\u00eb grave. (Nd\u00ebrtesa e qendr\u00ebs p\u00ebr kultur\u00eb) 18:00 \u2013 Turneu nd\u00ebrkombetar\u00eb n\u00eb futboll p\u00ebr fatosa. (Stadiumi srd \u201cBelvi\u201d) E premte me 6 prill: 10:00 &#8211; Konferenca e kat\u00ebrt shkencore nd\u00ebrkomb\u00ebtare me tem\u00eb: \u201cPerspektiva e zhvillimit ekonomik rajonal n\u00ebn optik\u00ebn e [&hellip;]","og_url":"https:\/\/www.visit-ulcinj.com\/blog\/wp-content\/uploads\/2012\/04\/dita-e-komunes-se-ulqinit.1.jpg","og_site_name":"Lajme nga Ulqini","og_image":[{"width":"620","height":"300","url":"https:\/\/www.visit-ulcinj.com\/blog\/wp-content\/uploads\/2012\/04\/dita-e-komunes-se-ulqinit.1.jpg","type":"image\/jpeg"}],"twitter_misc":{"Est. reading time":"1 minute"},"schema":{"@context":"https:\/\/schema.org","@graph":[{"@type":"WebSite","@id":"https:\/\/www.visit-ulcinj.com\/blog\/#website","url":"https:\/\/www.visit-ulcinj.com\/blog\/","name":"Lajme nga Ulqini","description":"Lajme,Vijesti,Ulqini,Ulqin,Crna Gora,Mali i Zi","potentialAction":[{"@type":"SearchAction","target":{"@type":"EntryPoint","urlTemplate":"https:\/\/www.visit-ulcinj.com\/blog\/?s={search_term_string}"},"query-input":"required name=search_term_string"}],"inLanguage":"en-US"},{"@type":"WebPage","@id":"https:\/\/www.visit-ulcinj.com\/blog\/wp-content\/uploads\/2012\/04\/dita-e-komunes-se-ulqinit.1.jpg#webpage","url":"https:\/\/www.visit-ulcinj.com\/blog\/wp-content\/uploads\/2012\/04\/dita-e-komunes-se-ulqinit.1.jpg","name":"dita-e-komunes-se-ulqinit.1 - Lajme nga Ulqini","isPartOf":{"@id":"https:\/\/www.visit-ulcinj.com\/blog\/#website"},"datePublished":"2012-04-04T15:32:30+00:00","dateModified":"2012-04-04T15:32:30+00:00","breadcrumb":{"@id":"https:\/\/www.visit-ulcinj.com\/blog\/wp-content\/uploads\/2012\/04\/dita-e-komunes-se-ulqinit.1.jpg#breadcrumb"},"inLanguage":"en-US","potentialAction":[{"@type":"ReadAction","target":["https:\/\/www.visit-ulcinj.com\/blog\/wp-content\/uploads\/2012\/04\/dita-e-komunes-se-ulqinit.1.jpg"]}]},{"@type":"BreadcrumbList","@id":"https:\/\/www.visit-ulcinj.com\/blog\/wp-content\/uploads\/2012\/04\/dita-e-komunes-se-ulqinit.1.jpg#breadcrumb","itemListElement":[{"@type":"ListItem","position":1,"name":"Dita e Komun\u00ebs s\u00eb Ulqinit","item":"https:\/\/www.visit-ulcinj.com\/blog\/2012\/04\/04\/dita-e-komunes-se-ulqinit\/"},{"@type":"ListItem","position":2,"name":"dita-e-komunes-se-ulqinit.1"}]}]}},"jetpack_sharing_enabled":true,"jetpack_shortlink":"https:\/\/wp.me\/ae6lTn-flb","description":{"rendered":"<p class=\"attachment\"><a href='https:\/\/www.visit-ulcinj.com\/blog\/wp-content\/uploads\/2012\/04\/dita-e-komunes-se-ulqinit.1.jpg'><img width=\"300\" height=\"145\" src=\"https:\/\/www.visit-ulcinj.com\/blog\/wp-content\/uploads\/2012\/04\/dita-e-komunes-se-ulqinit.1-300x145.jpg\" class=\"attachment-medium size-medium\" alt=\"\" loading=\"lazy\" srcset=\"https:\/\/www.visit-ulcinj.com\/blog\/wp-content\/uploads\/2012\/04\/dita-e-komunes-se-ulqinit.1-300x145.jpg 300w, https:\/\/www.visit-ulcinj.com\/blog\/wp-content\/uploads\/2012\/04\/dita-e-komunes-se-ulqinit.1.jpg 620w\" sizes=\"(max-width: 300px) 100vw, 300px\" \/><\/a><\/p>\n<p>E enjte me 5. prill:<\/p>\n<p>11:00 &#8211; Hapja e qendr\u00ebs p\u00ebr orientimin dhe kualifikimin profesional t\u00eb grave.<br \/>\n(Nd\u00ebrtesa e qendr\u00ebs p\u00ebr kultur\u00eb)<br \/>\n18:00 \u2013 Turneu nd\u00ebrkombetar\u00eb n\u00eb futboll p\u00ebr fatosa.<br \/>\n(Stadiumi srd \u201cBelvi\u201d)<\/p>\n<p>E premte me 6 prill:<br \/>\n10:00 &#8211; Konferenca e kat\u00ebrt shkencore nd\u00ebrkomb\u00ebtare   me tem\u00eb:<\/p>\n<p>\u201cPerspektiva e zhvillimit ekonomik rajonal n\u00ebn optik\u00ebn e zhvillimeve ekonomike lokale dhe ndikimi i sektorit t\u00eb turizmit n\u00eb to\u201d<br \/>\n(Salla e madhe e kuvendit)<br \/>\n12:00 \u2013 Ndarja e bursave p\u00ebr studentet m\u00eb t\u00eb mir\u00eb<br \/>\n(Salla e takimeve e kabinetit)<br \/>\n18:00 &#8211;   Ekspozita e punimeve artistike t\u00eb f\u00ebmij\u00ebve t\u00eb shkollave fillore.<br \/>\n(Qendra p\u00ebr kultur\u00eb)<\/p>\n<p>E shtun\u00eb me 7 prill:<br \/>\n 9:30 &#8211; Turneu i karates\u00eb Ulqini Open<br \/>\n(Salla e sportit e shkoll\u00ebs Marshall Tito)<br \/>\n11:00 &#8211; Kuvendi Solemn<br \/>\n(Qendra p\u00ebr kultur\u00eb)<br \/>\n19:00 \u2013 Koncert folklorik \u201cDasma e Ulqinit\u201d<br \/>\n(Qendra p\u00ebr kultur\u00eb)<\/p>\n"},"caption":{"rendered":"<p>E enjte me 5. prill: 11:00 &#8211; Hapja e qendr\u00ebs p\u00ebr orientimin dhe kualifikimin profesional t\u00eb grave. (Nd\u00ebrtesa e qendr\u00ebs p\u00ebr kultur\u00eb) 18:00 \u2013 Turneu nd\u00ebrkombetar\u00eb n\u00eb futboll p\u00ebr fatosa. (Stadiumi srd \u201cBelvi\u201d) E premte me 6 prill: 10:00 &#8211; Konferenca e kat\u00ebrt shkencore nd\u00ebrkomb\u00ebtare me tem\u00eb: \u201cPerspektiva e zhvillimit ekonomik rajonal n\u00ebn optik\u00ebn e [&hellip;]<\/p>\n"},"alt_text":"","media_type":"image","mime_type":"image\/jpeg","media_details":{"width":"620","height":"300","hwstring_small":"height='61' width='128'","file":"2012\/04\/dita-e-komunes-se-ulqinit.1.jpg","sizes":{"thumbnail":{"file":"dita-e-komunes-se-ulqinit.1-150x150.jpg","width":"150","height":"150","source_url":"https:\/\/www.visit-ulcinj.com\/blog\/wp-content\/uploads\/2012\/04\/dita-e-komunes-se-ulqinit.1-150x150.jpg"},"medium":{"file":"dita-e-komunes-se-ulqinit.1-300x145.jpg","width":"300","height":"145","source_url":"https:\/\/www.visit-ulcinj.com\/blog\/wp-content\/uploads\/2012\/04\/dita-e-komunes-se-ulqinit.1-300x145.jpg"},"full":{"file":"dita-e-komunes-se-ulqinit.1.jpg","width":620,"height":300,"mime_type":"image\/jpeg","source_url":"https:\/\/www.visit-ulcinj.com\/blog\/wp-content\/uploads\/2012\/04\/dita-e-komunes-se-ulqinit.1.jpg"}},"image_meta":{"aperture":"0","credit":"","camera":"","caption":"","created_timestamp":"0","copyright":"","focal_length":"0","iso":"0","shutter_speed":"0","title":""}},"post":58972,"source_url":"https:\/\/www.visit-ulcinj.com\/blog\/wp-content\/uploads\/2012\/04\/dita-e-komunes-se-ulqinit.1.jpg","_links":{"self":[{"href":"https:\/\/www.visit-ulcinj.com\/blog\/wp-json\/wp\/v2\/media\/58973"}],"collection":[{"href":"https:\/\/www.visit-ulcinj.com\/blog\/wp-json\/wp\/v2\/media"}],"about":[{"href":"https:\/\/www.visit-ulcinj.com\/blog\/wp-json\/wp\/v2\/types\/attachment"}],"author":[{"embeddable":true,"href":"https:\/\/www.visit-ulcinj.com\/blog\/wp-json\/wp\/v2\/users\/1"}],"replies":[{"embeddable":true,"href":"https:\/\/www.visit-ulcinj.com\/blog\/wp-json\/wp\/v2\/comments?post=58973"}]}}