{"id":59938,"date":"2012-05-02T07:51:39","date_gmt":"2012-05-02T06:51:39","guid":{"rendered":"http:\/\/www.visit-ulcinj.com\/blog\/wp-content\/uploads\/2012\/05\/In-Memoriam..Fuad-NIMANI.1.jpg"},"modified":"2012-05-02T07:51:39","modified_gmt":"2012-05-02T06:51:39","slug":"in-memoriam-fuad-nimani-1","status":"inherit","type":"attachment","link":"https:\/\/www.visit-ulcinj.com\/blog\/2012\/05\/02\/in-memoriam-fuad-nimani\/in-memoriam-fuad-nimani-1\/","title":{"rendered":"In Memoriam..Fuad NIMANI.1"},"author":6,"comment_status":"open","ping_status":"closed","template":"","meta":{"spay_email":""},"yoast_head":"<!-- This site is optimized with the Yoast SEO plugin v19.1 - https:\/\/yoast.com\/wordpress\/plugins\/seo\/ -->\n<title>In Memoriam..Fuad NIMANI.1 - Lajme nga Ulqini<\/title>\n<meta name=\"robots\" content=\"index, follow, max-snippet:-1, max-image-preview:large, max-video-preview:-1\" \/>\n<link rel=\"canonical\" href=\"https:\/\/www.visit-ulcinj.com\/blog\/wp-content\/uploads\/2012\/05\/In-Memoriam..Fuad-NIMANI.1.jpg\" \/>\n<meta property=\"og:locale\" content=\"en_US\" \/>\n<meta property=\"og:type\" content=\"article\" \/>\n<meta property=\"og:title\" content=\"In Memoriam..Fuad NIMANI.1 - Lajme nga Ulqini\" \/>\n<meta property=\"og:description\" content=\"Te\u0161ko je opra\u0161tati se. Te\u0161ko je opra\u0161tati se od prijatelja, koji vas napu\u0161taju zauvijek. Te\u0161ko je na\u0107i prave rije\u010di, da bi ste izrazili bol i tugu, posebno kada se opra\u0161tate od prijatelja koji odlazi na put bez povratka. Fuad Nimani odlazi zauvijek. Te\u0161ka i neizlije\u010diva bolest je neumitno dobila bitku. Kako po\u010deti pisati o drugu [&hellip;]\" \/>\n<meta property=\"og:url\" content=\"https:\/\/www.visit-ulcinj.com\/blog\/wp-content\/uploads\/2012\/05\/In-Memoriam..Fuad-NIMANI.1.jpg\" \/>\n<meta property=\"og:site_name\" content=\"Lajme nga Ulqini\" \/>\n<meta property=\"og:image\" content=\"https:\/\/www.visit-ulcinj.com\/blog\/wp-content\/uploads\/2012\/05\/In-Memoriam..Fuad-NIMANI.1.jpg\" \/>\n\t<meta property=\"og:image:width\" content=\"720\" \/>\n\t<meta property=\"og:image:height\" content=\"540\" \/>\n\t<meta property=\"og:image:type\" content=\"image\/jpeg\" \/>\n<meta name=\"twitter:label1\" content=\"Est. reading time\" \/>\n\t<meta name=\"twitter:data1\" content=\"5 minutes\" \/>\n<script type=\"application\/ld+json\" class=\"yoast-schema-graph\">{\"@context\":\"https:\/\/schema.org\",\"@graph\":[{\"@type\":\"WebSite\",\"@id\":\"https:\/\/www.visit-ulcinj.com\/blog\/#website\",\"url\":\"https:\/\/www.visit-ulcinj.com\/blog\/\",\"name\":\"Lajme nga Ulqini\",\"description\":\"Lajme,Vijesti,Ulqini,Ulqin,Crna Gora,Mali i Zi\",\"potentialAction\":[{\"@type\":\"SearchAction\",\"target\":{\"@type\":\"EntryPoint\",\"urlTemplate\":\"https:\/\/www.visit-ulcinj.com\/blog\/?s={search_term_string}\"},\"query-input\":\"required name=search_term_string\"}],\"inLanguage\":\"en-US\"},{\"@type\":\"WebPage\",\"@id\":\"https:\/\/www.visit-ulcinj.com\/blog\/wp-content\/uploads\/2012\/05\/In-Memoriam..Fuad-NIMANI.1.jpg#webpage\",\"url\":\"https:\/\/www.visit-ulcinj.com\/blog\/wp-content\/uploads\/2012\/05\/In-Memoriam..Fuad-NIMANI.1.jpg\",\"name\":\"In Memoriam..Fuad NIMANI.1 - Lajme nga Ulqini\",\"isPartOf\":{\"@id\":\"https:\/\/www.visit-ulcinj.com\/blog\/#website\"},\"datePublished\":\"2012-05-02T06:51:39+00:00\",\"dateModified\":\"2012-05-02T06:51:39+00:00\",\"breadcrumb\":{\"@id\":\"https:\/\/www.visit-ulcinj.com\/blog\/wp-content\/uploads\/2012\/05\/In-Memoriam..Fuad-NIMANI.1.jpg#breadcrumb\"},\"inLanguage\":\"en-US\",\"potentialAction\":[{\"@type\":\"ReadAction\",\"target\":[\"https:\/\/www.visit-ulcinj.com\/blog\/wp-content\/uploads\/2012\/05\/In-Memoriam..Fuad-NIMANI.1.jpg\"]}]},{\"@type\":\"BreadcrumbList\",\"@id\":\"https:\/\/www.visit-ulcinj.com\/blog\/wp-content\/uploads\/2012\/05\/In-Memoriam..Fuad-NIMANI.1.jpg#breadcrumb\",\"itemListElement\":[{\"@type\":\"ListItem\",\"position\":1,\"name\":\"In Memoriam..Fuad NIMANI\",\"item\":\"https:\/\/www.visit-ulcinj.com\/blog\/2012\/05\/02\/in-memoriam-fuad-nimani\/\"},{\"@type\":\"ListItem\",\"position\":2,\"name\":\"In Memoriam..Fuad NIMANI.1\"}]}]}<\/script>\n<!-- \/ Yoast SEO plugin. -->","yoast_head_json":{"title":"In Memoriam..Fuad NIMANI.1 - Lajme nga Ulqini","robots":{"index":"index","follow":"follow","max-snippet":"max-snippet:-1","max-image-preview":"max-image-preview:large","max-video-preview":"max-video-preview:-1"},"canonical":"https:\/\/www.visit-ulcinj.com\/blog\/wp-content\/uploads\/2012\/05\/In-Memoriam..Fuad-NIMANI.1.jpg","og_locale":"en_US","og_type":"article","og_title":"In Memoriam..Fuad NIMANI.1 - Lajme nga Ulqini","og_description":"Te\u0161ko je opra\u0161tati se. Te\u0161ko je opra\u0161tati se od prijatelja, koji vas napu\u0161taju zauvijek. Te\u0161ko je na\u0107i prave rije\u010di, da bi ste izrazili bol i tugu, posebno kada se opra\u0161tate od prijatelja koji odlazi na put bez povratka. Fuad Nimani odlazi zauvijek. Te\u0161ka i neizlije\u010diva bolest je neumitno dobila bitku. Kako po\u010deti pisati o drugu [&hellip;]","og_url":"https:\/\/www.visit-ulcinj.com\/blog\/wp-content\/uploads\/2012\/05\/In-Memoriam..Fuad-NIMANI.1.jpg","og_site_name":"Lajme nga Ulqini","og_image":[{"width":"720","height":"540","url":"https:\/\/www.visit-ulcinj.com\/blog\/wp-content\/uploads\/2012\/05\/In-Memoriam..Fuad-NIMANI.1.jpg","type":"image\/jpeg"}],"twitter_misc":{"Est. reading time":"5 minutes"},"schema":{"@context":"https:\/\/schema.org","@graph":[{"@type":"WebSite","@id":"https:\/\/www.visit-ulcinj.com\/blog\/#website","url":"https:\/\/www.visit-ulcinj.com\/blog\/","name":"Lajme nga Ulqini","description":"Lajme,Vijesti,Ulqini,Ulqin,Crna Gora,Mali i Zi","potentialAction":[{"@type":"SearchAction","target":{"@type":"EntryPoint","urlTemplate":"https:\/\/www.visit-ulcinj.com\/blog\/?s={search_term_string}"},"query-input":"required name=search_term_string"}],"inLanguage":"en-US"},{"@type":"WebPage","@id":"https:\/\/www.visit-ulcinj.com\/blog\/wp-content\/uploads\/2012\/05\/In-Memoriam..Fuad-NIMANI.1.jpg#webpage","url":"https:\/\/www.visit-ulcinj.com\/blog\/wp-content\/uploads\/2012\/05\/In-Memoriam..Fuad-NIMANI.1.jpg","name":"In Memoriam..Fuad NIMANI.1 - Lajme nga Ulqini","isPartOf":{"@id":"https:\/\/www.visit-ulcinj.com\/blog\/#website"},"datePublished":"2012-05-02T06:51:39+00:00","dateModified":"2012-05-02T06:51:39+00:00","breadcrumb":{"@id":"https:\/\/www.visit-ulcinj.com\/blog\/wp-content\/uploads\/2012\/05\/In-Memoriam..Fuad-NIMANI.1.jpg#breadcrumb"},"inLanguage":"en-US","potentialAction":[{"@type":"ReadAction","target":["https:\/\/www.visit-ulcinj.com\/blog\/wp-content\/uploads\/2012\/05\/In-Memoriam..Fuad-NIMANI.1.jpg"]}]},{"@type":"BreadcrumbList","@id":"https:\/\/www.visit-ulcinj.com\/blog\/wp-content\/uploads\/2012\/05\/In-Memoriam..Fuad-NIMANI.1.jpg#breadcrumb","itemListElement":[{"@type":"ListItem","position":1,"name":"In Memoriam..Fuad NIMANI","item":"https:\/\/www.visit-ulcinj.com\/blog\/2012\/05\/02\/in-memoriam-fuad-nimani\/"},{"@type":"ListItem","position":2,"name":"In Memoriam..Fuad NIMANI.1"}]}]}},"jetpack_sharing_enabled":true,"jetpack_shortlink":"https:\/\/wp.me\/ae6lTn-fAK","description":{"rendered":"<p class=\"attachment\"><a href='https:\/\/www.visit-ulcinj.com\/blog\/wp-content\/uploads\/2012\/05\/In-Memoriam..Fuad-NIMANI.1.jpg'><img width=\"300\" height=\"225\" src=\"https:\/\/www.visit-ulcinj.com\/blog\/wp-content\/uploads\/2012\/05\/In-Memoriam..Fuad-NIMANI.1-300x225.jpg\" class=\"attachment-medium size-medium\" alt=\"\" loading=\"lazy\" srcset=\"https:\/\/www.visit-ulcinj.com\/blog\/wp-content\/uploads\/2012\/05\/In-Memoriam..Fuad-NIMANI.1-300x225.jpg 300w, https:\/\/www.visit-ulcinj.com\/blog\/wp-content\/uploads\/2012\/05\/In-Memoriam..Fuad-NIMANI.1.jpg 720w\" sizes=\"(max-width: 300px) 100vw, 300px\" \/><\/a><\/p>\n<p>Te\u0161ko je opra\u0161tati se. Te\u0161ko je opra\u0161tati se od prijatelja, koji vas napu\u0161taju zauvijek. Te\u0161ko je na\u0107i prave rije\u010di, da bi ste izrazili bol i tugu, posebno kada se opra\u0161tate od prijatelja koji odlazi na put bez povratka. Fuad Nimani odlazi zauvijek. Te\u0161ka i neizlije\u010diva bolest je neumitno dobila bitku.<br \/>\n          Kako po\u010deti pisati o drugu i prijatelju sa kojim ste odrasli.  \u010cini mi se da su na\u0161a prijateljstva me\u0111u drevnim zidinama Starog grada bila nekako druga\u010dija. Bili smo vjerovatno, zbog sku\u010denog i posebnog prostora, nekako bli\u017ei, povezaniji. Blizina ku\u0107a, jedna te ista mjesta za igru, uske uli\u010dice i ru\u0161evine, davali su posebnu dra\u017e dru\u017eenju. Bili smo zajedno i danju i no\u0107u, i u igri i u \u0161koli&#8230; \u010dini mi se da smo dijelili&#8230; ba\u0161 sve.<br \/>\n          Bila su to neka druga vremena&#8230; I zato sa posebnim pijetetom, po\u0161tovanjem i ljubavlju pi\u0161em o mom prijatelju Fuadu Nimaniju.  Razmi\u0161ljam, kako da na\u0111em prave rije\u010di da izrazim sva osje\u0107anja koja naviru iz du\u0161e, danas kada ga vi\u0161e nema.<br \/>\n          U  moru telegrama sau\u010de\u0161\u0107a porodici povodom  negove prerane smrti, mo\u017eda je najbolju re\u010denicu napisao predsjednik Crne Gore g. Filip Vujanovi\u0107 u svom telegramu. Citiram,  \u00bbPlemenitost Va\u0161eg Fuada ispunjavala je i obilje\u017eavala njegov \u017eivot; ostao je vjeran gospodstvu Starog grada, svog \u017eivotnog  izvori\u0161ta od koga se nikada nije odvajao\u00ab. Namjerno sam izabrao ovu re\u010denicu, jer ho\u0107u da se slo\u017eim i sa gospodinom Vujanovi\u0107em i svima onima koji \u0107e jednoglasno potvrditi, da je  Fuad zaista bio pravi gospodin, u izvornom smislu te rije\u010di i zaista se nikada nije odvajao od  svog izvori\u0161ta.<br \/>\n           Jo\u0161 kao dje\u010dak izdvajao se po svojoj mirno\u0107i.  Uvijek je u \u0161koli bio mirniji od sviju nas ostalih i zbog toga smo ga svi mi,  \u010dini mi se vi\u0161e i voljeli, jer se nikada nije sva\u0111ao sa bilo kim od nas.  Takav je bio i u srednjoj \u0161koli, pa i kasnije, kada je postao nastavnik matematike. Uvijek je bio tih, miran i odmjeren. Rijetko je kada dizao ton, \u010dak i onda kada je radio u \u0161koli. A tamo morate imati \u010deli\u010dne \u017eivce, posebno kada predajete matematiku. Takav je bio Fuad. Ne znam da li sam uspio da makar malo opi\u0161em njegov karakter i njegov izuzetno blagi, tihi i markantni lik.<br \/>\n            Kasnije kada je pre\u0161ao u politiku malo smo se udaljili zbog specifi\u010dnosti posla kojim se bavio, ali se on u su\u0161tini nije promijenio. Uvijek je bio i ostao, tih miran i nenametljiv \u010dovjek, bez obzira \u0161to je bio na visokim partijskim i dr\u017eavnim funkcijama; uvijek je ostao sasvim obi\u010dan \u010dovjek. Siguran sam i mislim da se sa mojom konstatacijom sla\u017eu \u010dak i oni koji su imali druga\u010dije shvatanja i mi\u0161ljenja o mnogim problemima sa kojima su se on i oni bavili.<br \/>\n            Fuad je vi\u0161e od dvadesetak godina bio aktivan na politi\u010dkoj sceni Crne Gore. Jo\u0161 od po\u010detka vi\u0161epartijskog sistema bio je u prvim redovima. Borba za afirmaciju albanskog naroda u novim uslovima, ravnopravnost, me\u0111unacionalna i me\u0111ukonfesionalna tolerancija, uvijek  su bili njegov osnovni motiv i moto politi\u010dkog djelovanja. U svim tim te\u0161kim vremenima je bio konzistentan i nepokolebljiv.<br \/>\n        Jo\u0161 dok je biran za predsjednika partije, vidjelo se da je njegov cilj &#8211; ravnopravnost me\u0111u svim gra\u0111anima Crne Gore, ali i borba da se  Crna Gora ne uvu\u010de u rat i ratna razaranja koja su mogla biti pogubna za manjinske narode. Posebno je to bilo opasno za  albanski narod, koji je autohton  i domicilan na ovim prostorima.<br \/>\n          Njegova tolerancija u razvijanju me\u0111ukonfesionalnih i me\u0111uetni\u010dkih odnosa,  bila je veliki doprinos  sveukupne politi\u010dke borbe progresivnih snaga, koje su tada bile na vlasti, kako ne bi do\u0161lo do uvla\u010denja Crne Gore u rat i ratna razaranja, koja su razorili jednu veliku zemlju. Kasnije, kada je trebao biti biran za gradona\u010delnika Ulcinja, taj njegov odnos i doprinos takvoj politici je do\u0161ao do punog izra\u017eaja. Tada sam u jednoj reviji napisao da kona\u010dno na \u010delnu funkciju na\u0161eg grada dolazi jedan kosmopolita. Glasali su ga svi gra\u0111ani Ulcinja, nezavisno od politi\u010dke pripadnosti. Svi su htjeli \u010dovjeka plemenitog roda i \u0161irokog dijapazona znanja i tolerancije.<br \/>\n            Na\u0161em gradu u kojem vlada multikonfesionalni sklad i fantasti\u010dan su\u017eivot, zaista  je bio potreban gradona\u010delnik takvih svatanja i takvih pogleda. Ja sam to tada i napisao  u \u00bbBiltenu op\u0161tina Crne Gore\u00ab i ponosan sam  zbog toga. Kasnije su ti  stavovi i ti pogledi ugra\u0111eni  u nezavisnu dr\u017eavu Crnu Goru, u kojoj,  i za koju je Fuad, neosporno, dao svoj veliki doprinos,  i kao ministar i kao politi\u010dar,  a na samom kraju svog \u017eivota, i  kao savjetnik na najvi\u0161em nivou.<br \/>\n             \u0160ta re\u0107i dalje o ovom \u010dovjeku, \u010dovjeku koji je iznikao i izrastao me\u0111u drevnim zidinama Starog grada. Gra\u0111ani Starog grada su ponosni na njega i siguran sam da ga ne\u0107e nikada zaboraviti. U svima nama osta\u0107e urezan njegov \u0161irok osmjeh i dobrota koja je zra\u010dila na svakom koraku, u svakom njegovom pokretu. Svi mi, posebno njegovi drugovi, kom\u0161ije i prijatelji, sa posebnim pijetetom govorimo i sje\u0107amo se svih trenutaka koje je provodio me\u0111u nas. Fuad \u0107e ostati u sje\u0107anju kao jedan od prvih politi\u010dara na politi\u010dkoj sceni Crne Gore koji je svojim anga\u017eovanjem doprinio da se glas albanskog naroda i njegova pozicija u dru\u0161tvu,  posebno u nezavisnoj Dr\u017eavi Crnoj Gori, \u010duje mnogo dalje. Na to smo mu mi svi zahvalni  i ubije\u0111en sam da \u0107e zbog toga uvijek ostati upam\u0107en kao sinonim pravog borca za prava svoga naroda.        Njegov ispra\u0107aj u \u00bbMeterizima\u00ab osta\u0107e upam\u0107en kao ispra\u0107aj \u010dovjeka i prijatelja svih gra\u0111ana Ulcinja i Crne Gore. Bi\u0107e upam\u0107en njegov lik humaniste i \u010dovjeka koji je volio sve ljude. \u010citav njegov relativno kratak \u017eivot je protekao u borbi za bolje sjutra svih nas. Zbog svega vje\u010dita zahvalnost svih nas, njegovih drugova i prijatelja, a vjerujem da ovu konstataciju mogu slobodno napisati i u ime svih gra\u0111ana Ulcinja i  Crne Gore.   <\/p>\n<p>Ulcinj, aprila, 2012.<br \/>\nIsmet  KARAMANAGA <\/p>\n"},"caption":{"rendered":"<p>Te\u0161ko je opra\u0161tati se. Te\u0161ko je opra\u0161tati se od prijatelja, koji vas napu\u0161taju zauvijek. Te\u0161ko je na\u0107i prave rije\u010di, da bi ste izrazili bol i tugu, posebno kada se opra\u0161tate od prijatelja koji odlazi na put bez povratka. Fuad Nimani odlazi zauvijek. Te\u0161ka i neizlije\u010diva bolest je neumitno dobila bitku. Kako po\u010deti pisati o drugu [&hellip;]<\/p>\n"},"alt_text":"","media_type":"image","mime_type":"image\/jpeg","media_details":{"width":"720","height":"540","hwstring_small":"height='96' width='128'","file":"2012\/05\/In-Memoriam..Fuad-NIMANI.1.jpg","sizes":{"thumbnail":{"file":"In-Memoriam..Fuad-NIMANI.1-150x150.jpg","width":"150","height":"150","source_url":"https:\/\/www.visit-ulcinj.com\/blog\/wp-content\/uploads\/2012\/05\/In-Memoriam..Fuad-NIMANI.1-150x150.jpg"},"medium":{"file":"In-Memoriam..Fuad-NIMANI.1-300x225.jpg","width":"300","height":"225","source_url":"https:\/\/www.visit-ulcinj.com\/blog\/wp-content\/uploads\/2012\/05\/In-Memoriam..Fuad-NIMANI.1-300x225.jpg"},"full":{"file":"In-Memoriam..Fuad-NIMANI.1.jpg","width":720,"height":540,"mime_type":"image\/jpeg","source_url":"https:\/\/www.visit-ulcinj.com\/blog\/wp-content\/uploads\/2012\/05\/In-Memoriam..Fuad-NIMANI.1.jpg"}},"image_meta":{"aperture":"0","credit":"","camera":"","caption":"","created_timestamp":"0","copyright":"","focal_length":"0","iso":"0","shutter_speed":"0","title":""}},"post":59935,"source_url":"https:\/\/www.visit-ulcinj.com\/blog\/wp-content\/uploads\/2012\/05\/In-Memoriam..Fuad-NIMANI.1.jpg","_links":{"self":[{"href":"https:\/\/www.visit-ulcinj.com\/blog\/wp-json\/wp\/v2\/media\/59938"}],"collection":[{"href":"https:\/\/www.visit-ulcinj.com\/blog\/wp-json\/wp\/v2\/media"}],"about":[{"href":"https:\/\/www.visit-ulcinj.com\/blog\/wp-json\/wp\/v2\/types\/attachment"}],"author":[{"embeddable":true,"href":"https:\/\/www.visit-ulcinj.com\/blog\/wp-json\/wp\/v2\/users\/6"}],"replies":[{"embeddable":true,"href":"https:\/\/www.visit-ulcinj.com\/blog\/wp-json\/wp\/v2\/comments?post=59938"}]}}