{"id":6039,"date":"2008-11-15T07:39:20","date_gmt":"2008-11-15T12:39:20","guid":{"rendered":"http:\/\/www.visit-ulcinj.com\/blog\/wp-content\/uploads\/2008\/11\/xhamia-e-kryepazarit-ulqin00.jpg"},"modified":"2008-11-15T07:39:20","modified_gmt":"2008-11-15T12:39:20","slug":"xhamia-e-kryepazarit-ulqin00","status":"inherit","type":"attachment","link":"https:\/\/www.visit-ulcinj.com\/blog\/2008\/11\/15\/plackitje-ne-xhamine-e-kryepazaritulqin\/xhamia-e-kryepazarit-ulqin00\/","title":{"rendered":"xhamia-e-kryepazarit-ulqin00"},"author":1,"comment_status":"open","ping_status":"closed","template":"","meta":{"spay_email":""},"yoast_head":"<!-- This site is optimized with the Yoast SEO plugin v19.1 - https:\/\/yoast.com\/wordpress\/plugins\/seo\/ -->\n<title>xhamia-e-kryepazarit-ulqin00 - Lajme nga Ulqini<\/title>\n<meta name=\"robots\" content=\"index, follow, max-snippet:-1, max-image-preview:large, max-video-preview:-1\" \/>\n<link rel=\"canonical\" href=\"https:\/\/www.visit-ulcinj.com\/blog\/wp-content\/uploads\/2008\/11\/xhamia-e-kryepazarit-ulqin00.jpg\" \/>\n<meta property=\"og:locale\" content=\"en_US\" \/>\n<meta property=\"og:type\" content=\"article\" \/>\n<meta property=\"og:title\" content=\"xhamia-e-kryepazarit-ulqin00 - Lajme nga Ulqini\" \/>\n<meta property=\"og:description\" content=\"Xhamia e Kryepazarit Ulqin Qyteti i Ulqinit, ndon\u00ebse i vog\u00ebl, \u00ebsht\u00eb mjaft i gjall\u00eb dhe i mbushur p\u00ebrher\u00eb me njer\u00ebz q\u00eb shkojn\u00eb e vijn\u00eb n\u00eb k\u00ebrkim t\u00eb di\u00e7kaje. Aty, ka p\u00ebrher\u00eb vizitor\u00eb q\u00eb vijn\u00eb nga jasht\u00eb, shqiptar\u00eb t\u00eb diaspor\u00ebs, q\u00eb kthehen p\u00ebr t\u00eb kaluar muajin e Ramazanit me t\u00eb af\u00ebrmit e dashamir\u00ebt, me t\u00eb cil\u00ebt, [&hellip;]\" \/>\n<meta property=\"og:url\" content=\"https:\/\/www.visit-ulcinj.com\/blog\/wp-content\/uploads\/2008\/11\/xhamia-e-kryepazarit-ulqin00.jpg\" \/>\n<meta property=\"og:site_name\" content=\"Lajme nga Ulqini\" \/>\n<meta property=\"og:image\" content=\"https:\/\/www.visit-ulcinj.com\/blog\/wp-content\/uploads\/2008\/11\/xhamia-e-kryepazarit-ulqin00.jpg\" \/>\n\t<meta property=\"og:image:width\" content=\"667\" \/>\n\t<meta property=\"og:image:height\" content=\"500\" \/>\n\t<meta property=\"og:image:type\" content=\"image\/jpeg\" \/>\n<meta name=\"twitter:label1\" content=\"Est. reading time\" \/>\n\t<meta name=\"twitter:data1\" content=\"6 minutes\" \/>\n<script type=\"application\/ld+json\" class=\"yoast-schema-graph\">{\"@context\":\"https:\/\/schema.org\",\"@graph\":[{\"@type\":\"WebSite\",\"@id\":\"https:\/\/www.visit-ulcinj.com\/blog\/#website\",\"url\":\"https:\/\/www.visit-ulcinj.com\/blog\/\",\"name\":\"Lajme nga Ulqini\",\"description\":\"Lajme,Vijesti,Ulqini,Ulqin,Crna Gora,Mali i Zi\",\"potentialAction\":[{\"@type\":\"SearchAction\",\"target\":{\"@type\":\"EntryPoint\",\"urlTemplate\":\"https:\/\/www.visit-ulcinj.com\/blog\/?s={search_term_string}\"},\"query-input\":\"required name=search_term_string\"}],\"inLanguage\":\"en-US\"},{\"@type\":\"WebPage\",\"@id\":\"https:\/\/www.visit-ulcinj.com\/blog\/wp-content\/uploads\/2008\/11\/xhamia-e-kryepazarit-ulqin00.jpg#webpage\",\"url\":\"https:\/\/www.visit-ulcinj.com\/blog\/wp-content\/uploads\/2008\/11\/xhamia-e-kryepazarit-ulqin00.jpg\",\"name\":\"xhamia-e-kryepazarit-ulqin00 - Lajme nga Ulqini\",\"isPartOf\":{\"@id\":\"https:\/\/www.visit-ulcinj.com\/blog\/#website\"},\"datePublished\":\"2008-11-15T12:39:20+00:00\",\"dateModified\":\"2008-11-15T12:39:20+00:00\",\"breadcrumb\":{\"@id\":\"https:\/\/www.visit-ulcinj.com\/blog\/wp-content\/uploads\/2008\/11\/xhamia-e-kryepazarit-ulqin00.jpg#breadcrumb\"},\"inLanguage\":\"en-US\",\"potentialAction\":[{\"@type\":\"ReadAction\",\"target\":[\"https:\/\/www.visit-ulcinj.com\/blog\/wp-content\/uploads\/2008\/11\/xhamia-e-kryepazarit-ulqin00.jpg\"]}]},{\"@type\":\"BreadcrumbList\",\"@id\":\"https:\/\/www.visit-ulcinj.com\/blog\/wp-content\/uploads\/2008\/11\/xhamia-e-kryepazarit-ulqin00.jpg#breadcrumb\",\"itemListElement\":[{\"@type\":\"ListItem\",\"position\":1,\"name\":\"Pla\u00e7kitje n\u00eb &#8220;Xhamin\u00eb e Kryepazarit&#8221;Ulqin\",\"item\":\"https:\/\/www.visit-ulcinj.com\/blog\/2008\/11\/15\/plackitje-ne-xhamine-e-kryepazaritulqin\/\"},{\"@type\":\"ListItem\",\"position\":2,\"name\":\"xhamia-e-kryepazarit-ulqin00\"}]}]}<\/script>\n<!-- \/ Yoast SEO plugin. -->","yoast_head_json":{"title":"xhamia-e-kryepazarit-ulqin00 - Lajme nga Ulqini","robots":{"index":"index","follow":"follow","max-snippet":"max-snippet:-1","max-image-preview":"max-image-preview:large","max-video-preview":"max-video-preview:-1"},"canonical":"https:\/\/www.visit-ulcinj.com\/blog\/wp-content\/uploads\/2008\/11\/xhamia-e-kryepazarit-ulqin00.jpg","og_locale":"en_US","og_type":"article","og_title":"xhamia-e-kryepazarit-ulqin00 - Lajme nga Ulqini","og_description":"Xhamia e Kryepazarit Ulqin Qyteti i Ulqinit, ndon\u00ebse i vog\u00ebl, \u00ebsht\u00eb mjaft i gjall\u00eb dhe i mbushur p\u00ebrher\u00eb me njer\u00ebz q\u00eb shkojn\u00eb e vijn\u00eb n\u00eb k\u00ebrkim t\u00eb di\u00e7kaje. Aty, ka p\u00ebrher\u00eb vizitor\u00eb q\u00eb vijn\u00eb nga jasht\u00eb, shqiptar\u00eb t\u00eb diaspor\u00ebs, q\u00eb kthehen p\u00ebr t\u00eb kaluar muajin e Ramazanit me t\u00eb af\u00ebrmit e dashamir\u00ebt, me t\u00eb cil\u00ebt, [&hellip;]","og_url":"https:\/\/www.visit-ulcinj.com\/blog\/wp-content\/uploads\/2008\/11\/xhamia-e-kryepazarit-ulqin00.jpg","og_site_name":"Lajme nga Ulqini","og_image":[{"width":667,"height":500,"url":"https:\/\/www.visit-ulcinj.com\/blog\/wp-content\/uploads\/2008\/11\/xhamia-e-kryepazarit-ulqin00.jpg","type":"image\/jpeg"}],"twitter_misc":{"Est. reading time":"6 minutes"},"schema":{"@context":"https:\/\/schema.org","@graph":[{"@type":"WebSite","@id":"https:\/\/www.visit-ulcinj.com\/blog\/#website","url":"https:\/\/www.visit-ulcinj.com\/blog\/","name":"Lajme nga Ulqini","description":"Lajme,Vijesti,Ulqini,Ulqin,Crna Gora,Mali i Zi","potentialAction":[{"@type":"SearchAction","target":{"@type":"EntryPoint","urlTemplate":"https:\/\/www.visit-ulcinj.com\/blog\/?s={search_term_string}"},"query-input":"required name=search_term_string"}],"inLanguage":"en-US"},{"@type":"WebPage","@id":"https:\/\/www.visit-ulcinj.com\/blog\/wp-content\/uploads\/2008\/11\/xhamia-e-kryepazarit-ulqin00.jpg#webpage","url":"https:\/\/www.visit-ulcinj.com\/blog\/wp-content\/uploads\/2008\/11\/xhamia-e-kryepazarit-ulqin00.jpg","name":"xhamia-e-kryepazarit-ulqin00 - Lajme nga Ulqini","isPartOf":{"@id":"https:\/\/www.visit-ulcinj.com\/blog\/#website"},"datePublished":"2008-11-15T12:39:20+00:00","dateModified":"2008-11-15T12:39:20+00:00","breadcrumb":{"@id":"https:\/\/www.visit-ulcinj.com\/blog\/wp-content\/uploads\/2008\/11\/xhamia-e-kryepazarit-ulqin00.jpg#breadcrumb"},"inLanguage":"en-US","potentialAction":[{"@type":"ReadAction","target":["https:\/\/www.visit-ulcinj.com\/blog\/wp-content\/uploads\/2008\/11\/xhamia-e-kryepazarit-ulqin00.jpg"]}]},{"@type":"BreadcrumbList","@id":"https:\/\/www.visit-ulcinj.com\/blog\/wp-content\/uploads\/2008\/11\/xhamia-e-kryepazarit-ulqin00.jpg#breadcrumb","itemListElement":[{"@type":"ListItem","position":1,"name":"Pla\u00e7kitje n\u00eb &#8220;Xhamin\u00eb e Kryepazarit&#8221;Ulqin","item":"https:\/\/www.visit-ulcinj.com\/blog\/2008\/11\/15\/plackitje-ne-xhamine-e-kryepazaritulqin\/"},{"@type":"ListItem","position":2,"name":"xhamia-e-kryepazarit-ulqin00"}]}]}},"jetpack_sharing_enabled":true,"jetpack_shortlink":"https:\/\/wp.me\/ae6lTn-1zp","description":{"rendered":"<p class=\"attachment\"><a href='https:\/\/www.visit-ulcinj.com\/blog\/wp-content\/uploads\/2008\/11\/xhamia-e-kryepazarit-ulqin00.jpg'><img width=\"300\" height=\"224\" src=\"https:\/\/www.visit-ulcinj.com\/blog\/wp-content\/uploads\/2008\/11\/xhamia-e-kryepazarit-ulqin00-300x224.jpg\" class=\"attachment-medium size-medium\" alt=\"\" loading=\"lazy\" srcset=\"https:\/\/www.visit-ulcinj.com\/blog\/wp-content\/uploads\/2008\/11\/xhamia-e-kryepazarit-ulqin00-300x224.jpg 300w, https:\/\/www.visit-ulcinj.com\/blog\/wp-content\/uploads\/2008\/11\/xhamia-e-kryepazarit-ulqin00.jpg 667w\" sizes=\"(max-width: 300px) 100vw, 300px\" \/><\/a><\/p>\n<p>Xhamia e Kryepazarit Ulqin<br \/>\n Qyteti i Ulqinit, ndon\u00ebse i vog\u00ebl, \u00ebsht\u00eb mjaft i gjall\u00eb dhe i mbushur p\u00ebrher\u00eb me njer\u00ebz q\u00eb shkojn\u00eb e vijn\u00eb n\u00eb k\u00ebrkim t\u00eb di\u00e7kaje. Aty, ka p\u00ebrher\u00eb vizitor\u00eb q\u00eb vijn\u00eb nga jasht\u00eb, shqiptar\u00eb t\u00eb diaspor\u00ebs, q\u00eb kthehen p\u00ebr t\u00eb kaluar muajin e Ramazanit me t\u00eb af\u00ebrmit e dashamir\u00ebt, me t\u00eb cil\u00ebt, jeta i ka ndar\u00eb cep m\u00eb cep t\u00eb bot\u00ebs&#8230;<\/p>\n<p>   Ramazani \u00ebsht\u00eb edhe muaji i t\u00eb ftuarve t\u00eb ndrysh\u00ebm t\u00eb Bashk\u00ebsis\u00eb Islame  t\u00eb k\u00ebtij qyteti, hoxhallar\u00eb, dijetar\u00eb, studiues, e personalitete t\u00eb spikatura t\u00eb Thirrjes Islame n\u00eb trevat tona, q\u00eb vijn\u00eb aty gjat\u00eb k\u00ebtyre dit\u00ebve, p\u00ebr t\u00eb pasuruar jet\u00ebn islame n\u00eb qytetin e vog\u00ebl bregdetar. Dhe \u00ebsht\u00eb kjo tradit\u00eb e bukur dhe e domosdoshme p\u00ebr gjall\u00ebrin\u00eb e Thirrjes Islame n\u00eb nj\u00eb vend, q\u00eb i jep vlera tradicionale dhe bashk\u00ebkohore k\u00ebsaj Thirrje t\u00eb lasht\u00eb n\u00eb k\u00ebt\u00eb qytet me vlera e tradit\u00eb!<\/p>\n<p>   Sonte, n\u00eb k\u00ebt\u00eb nat\u00eb t\u00eb nj\u00ebzet\u00eb, n\u00eb mbyllje t\u00eb dhjet\u00ebdit\u00ebshit t\u00eb dyt\u00eb t\u00eb k\u00ebtij muaji, s\u00ebbashku me thirr\u00ebsin islam Lavdrim Hamja, erdh\u00ebm p\u00ebr t\u2019u falur n\u00eb Ulqin.<\/p>\n<p>   Nga nj\u00eb v\u00ebshtrim i shpejt\u00eb n\u00eb k\u00ebto or\u00eb t\u00eb para t\u00eb k\u00ebsaj nate t\u00eb re, qyteti nuk ka ndonj\u00eb ndryshim t\u00eb madh me dit\u00ebt e net\u00ebt e tjera jasht\u00eb Ramazanit, p\u00ebrve\u00e7 ndonj\u00eb afisheje t\u00eb varur n\u00eb mur, tek-tuk, n\u00ebp\u00ebrmjet s\u00eb cil\u00ebs urohen besimtar\u00ebt me rastin e k\u00ebtij muaji t\u00eb begat\u00eb dhe urimeve t\u00eb p\u00ebrzem\u00ebrta q\u00eb d\u00ebgjon nga e djathta dhe e majta, me rastin e k\u00ebtij muaji.<\/p>\n<p>   Atmosfera e k\u00ebsaj nate teravie n\u00eb xhamin\u00eb e Kryepazarit, ku drejton teologu i nderuar, miku im, Rifat ef. Jusufi, \u00ebsht\u00eb e k\u00ebndshme dhe n\u00eb harmoni me atmosfer\u00ebn e vet\u00eb muajit. Te dera e jashtme e saj, n\u00eb krahun e djatht\u00eb, n\u00eb pllak\u00ebn e mermert\u00eb q\u00eb q\u00ebndron si adres\u00eb e k\u00ebsaj xhamie, sh\u00ebnohet: \u201cXhamia e Kryepazarit. E nd\u00ebrtoi Nuradin begu, 1749\u201d.<\/p>\n<p>   Nga brenda, xhamia e mo\u00e7me, \u00ebsht\u00eb e zbukuruar me shkrime t\u00eb shumta kur\u2019anore, lutje, fjala e Nj\u00ebsis\u00eb, deklamime t\u00eb ndryshme islame etj, q\u00eb duke i shtuar edhe llojet e kaligrafive arabe me t\u00eb cilat jan\u00eb kryer k\u00ebto shkrime dhe ngjyrat e tyre, e b\u00ebjn\u00eb at\u00eb nj\u00eb xhami t\u00eb ve\u00e7ant\u00eb e mjaft t\u00ebrheq\u00ebse p\u00ebr k\u00ebdo q\u00eb e viziton dhe b\u00ebhet pjes\u00eb e xhematit t\u00eb saj, qoft\u00eb edhe p\u00ebr nj\u00eb namaz.<\/p>\n<p>   N\u00eb ballin\u00eb t\u00eb xhamis\u00eb, n\u00eb t\u00eb djatht\u00eb t\u00eb mihrabit t\u00eb zbukuruar me ajetet e kibles, me nj\u00eb shkrim naziq, lexohet ajeti kur\u2019anor: \u201cAll-llahu nuk e prish gjendjen e nj\u00eb populli (nuk ua largon t\u00eb mirat) p\u00ebrderisa ata ta ndryshojn\u00eb veten e tyre\u201d[1]. N\u00eb krahun e djatht\u00eb t\u00eb mihrabit, n\u00eb nj\u00ebrin cep, \u00ebsht\u00eb shkruar sureja \u201cKeuther\u201d e p\u00ebrball\u00eb saj, n\u00eb form\u00ebn e nj\u00eb varke shp\u00ebtimi, kushtet e besimit islam (amentu bil-lahi, ve melaiketihi, ve kutubihi, ve rusulihi, vel-jeumil-ahiri&#8230;).<\/p>\n<p>   Xhamia e Kryepazarit \u00ebsht\u00eb e ndri\u00e7uar nga jasht\u00eb e nga brenda, sikurse \u00ebsht\u00eb e pajisur me t\u00eb gjitha pajisjet e nevojshme p\u00ebr kryerjen e ceremonive t\u00eb ndryshme fetare. N\u00eb dalje t\u00eb xhamis\u00eb, af\u00ebr der\u00ebs, q\u00ebndron nj\u00eb ark\u00eb e vog\u00ebl, n\u00eb adres\u00eb t\u00eb s\u00eb cil\u00ebs sh\u00ebnohet: \u201cSadaka\u201d. \u00cbsht\u00eb nj\u00eb gjetje interesante, q\u00eb fton k\u00ebdo p\u00ebr t\u00eb kontribuar p\u00ebr xhamin\u00eb dhe nevojat e saj, duke ndjer\u00eb nj\u00ebkoh\u00ebsisht edhe vler\u00ebn e sadekas\u00eb s\u00eb dobishme.<\/p>\n<p>   Disa minuta para se t\u00eb hynte koha e jacis\u00eb, me k\u00ebrkes\u00ebn dashamire t\u00eb imamit t\u00eb xhamis\u00eb, mbajta nj\u00eb vas\u00eb n\u00eb lidhje me mir\u00ebsin\u00eb e madhe q\u00eb na \u00ebsht\u00eb b\u00ebr\u00eb si besimtar\u00eb, mund\u00ebsia p\u00ebr t\u00eb agj\u00ebruar muajin e madh\u00ebruesh\u00ebm t\u00eb Ramazanit, q\u00eb nj\u00ebkoh\u00ebsisht \u00ebsht\u00eb edhe stin\u00eb e m\u00ebshir\u00ebs, faljes dhe bamir\u00ebsive t\u00eb pakufi. Nd\u00ebr t\u00eb tjera fola edhe p\u00ebr madh\u00ebshtin\u00eb e m\u00ebshir\u00ebs s\u00eb All-llahut (xh.sh.) p\u00ebr krijesat e Tij dhe se si Ai e ka l\u00ebn\u00eb t\u00eb hapur der\u00ebn e pendimit p\u00ebr ata q\u00eb vrapojn\u00eb drejt saj, deri n\u00eb momentet e fundit t\u00eb jet\u00ebs s\u00eb tyre, duke iu referuar ajetit kur\u2019anor: \u201cKush b\u00ebn ndonj\u00eb t\u00eb keqe ose e ngarkon veten, pastaj k\u00ebrkon falje tek All-llahu, ai e gjen All-llahun Fal\u00ebs dhe M\u00ebshirues\u201d[2].<\/p>\n<p>   Namazin e jacis\u00eb dhe teravin\u00eb e drejtoi imami i ri Safet Resulbegu, nj\u00eb djal\u00eb i hajth\u00ebm, dashamir\u00eb n\u00eb pamje t\u00eb par\u00eb dhe komunikues. Me z\u00ebrin e tij karakteristik, t\u00eb fort\u00eb e t\u00eb \u00ebmb\u00ebl, na dhuron k\u00ebnaq\u00ebsin\u00eb e p\u00ebrjetimit t\u00eb \u00e7do ajeti q\u00eb lexon n\u00eb nj\u00ebzet rekatet e teravis\u00eb, pa p\u00ebrmendur jacin\u00eb me vitrin e saj.<\/p>\n<p>   N\u00eb p\u00ebrfundim t\u00eb virdit, p\u00ebrqafimet e ngrohta hapin dyert e njohjeve t\u00eb reja p\u00ebr mua, n\u00eb xhamin\u00eb e Kryepazarit, n\u00eb Ulqin. Imami i xhamis\u00eb, Rifat efendiu, m\u00eb prezanton me imamin e Qendr\u00ebs Islame Shqiptare Amerikane, n\u00eb Kuins t\u00eb Nju Jorkut (ShBA), z. Jusuf Bolaj, i cili ka ardhur nga shum\u00eb larg p\u00ebr t\u00eb kaluar Ramazanin e k\u00ebtij viti me t\u00eb af\u00ebrmit e miqt\u00eb e tij n\u00eb Ulqin.<\/p>\n<p>   Pas prezantimit t\u00eb par\u00eb, biseda jon\u00eb sillet rreth aktiviteteve t\u00eb Qendr\u00ebs Islame atje, themelimit t\u00eb saj, kontributit p\u00ebr tubimin e shqiptar\u00ebve atje dhe t\u00eb tjera \u00e7\u00ebshtje q\u00eb lidhen me p\u00ebrparimin e Thirrjes Islame n\u00eb qendrat tona t\u00eb banimit e t\u00eb veprimtaris\u00eb thirr\u00ebse.<\/p>\n<p>   Nata e nj\u00ebzet\u00eb e k\u00ebtij Ramazani n\u00eb Ulqin, ishte si nj\u00eb frym\u00ebmarrje e re p\u00ebr ne, edhe p\u00ebr faktin e takimit me disa prej hoxhallar\u00ebve t\u00eb nderuar t\u00eb k\u00ebtij qytetit, njohjen me imamin shqiptar me aktivitet n\u00eb Nju Jork, vasin para xhematit ulqinak, k\u00ebmbimin e eksperiencave personale n\u00eb sh\u00ebrbim t\u00eb Thirrjes Islame etj.<\/p>\n<p>   Kthimi p\u00ebr n\u00eb Shkod\u00ebr, ndon\u00ebse n\u00eb nj\u00eb or\u00eb t\u00eb von\u00eb, shoq\u00ebrohet nga qet\u00ebsia e mesnat\u00ebs, drita e h\u00ebn\u00ebs q\u00eb rrezaton \u00ebmb\u00ebl mbi ne, freskia e vjesht\u00ebs e z\u00ebri i \u00ebmb\u00ebl i Gamidiut, q\u00eb me ajetet e Librit, i shton k\u00ebsaj nate t\u00eb begat\u00eb p\u00ebrshpirt\u00ebsi dhe prehje&#8230;<\/p>\n<p>   N\u00eb or\u00ebt e para t\u00eb nj\u00eb dite t\u00eb re q\u00eb \u00ebsht\u00eb nisur drejt nesh, Shkodra \u00ebsht\u00eb thuajse e p\u00ebrgjumur. Sheshi para xhamis\u00eb s\u00eb Parruc\u00ebs prehet n\u00eb paqe. Me siguri, edhe ai ka kaluar nj\u00eb dit\u00eb t\u00eb lodhshme (iftarin e madh t\u00eb shtruar n\u00eb mes t\u00eb sheshit, nga minibashkia \u201cBajram Pasha\u201d e Stambollit), por t\u00eb k\u00ebndshme, sikurse edhe ne, p\u00ebrtej kufirit&#8230;<br \/>\nAutor \/ Thirr\u00ebsi islam Muhamed Sytari<\/p>\n"},"caption":{"rendered":"<p>Xhamia e Kryepazarit Ulqin Qyteti i Ulqinit, ndon\u00ebse i vog\u00ebl, \u00ebsht\u00eb mjaft i gjall\u00eb dhe i mbushur p\u00ebrher\u00eb me njer\u00ebz q\u00eb shkojn\u00eb e vijn\u00eb n\u00eb k\u00ebrkim t\u00eb di\u00e7kaje. Aty, ka p\u00ebrher\u00eb vizitor\u00eb q\u00eb vijn\u00eb nga jasht\u00eb, shqiptar\u00eb t\u00eb diaspor\u00ebs, q\u00eb kthehen p\u00ebr t\u00eb kaluar muajin e Ramazanit me t\u00eb af\u00ebrmit e dashamir\u00ebt, me t\u00eb cil\u00ebt, [&hellip;]<\/p>\n"},"alt_text":"","media_type":"image","mime_type":"image\/jpeg","media_details":{"width":667,"height":500,"hwstring_small":"height='95' width='128'","file":"\/homepages\/28\/d204546190\/htdocs\/blog\/wp-content\/uploads\/2008\/11\/xhamia-e-kryepazarit-ulqin00.jpg","sizes":{"thumbnail":{"file":"xhamia-e-kryepazarit-ulqin00-150x150.jpg","width":150,"height":150,"source_url":"https:\/\/www.visit-ulcinj.com\/blog\/wp-content\/uploads\/2008\/11\/xhamia-e-kryepazarit-ulqin00-150x150.jpg"},"medium":{"file":"xhamia-e-kryepazarit-ulqin00-300x224.jpg","width":300,"height":224,"source_url":"https:\/\/www.visit-ulcinj.com\/blog\/wp-content\/uploads\/2008\/11\/xhamia-e-kryepazarit-ulqin00-300x224.jpg"},"full":{"file":"xhamia-e-kryepazarit-ulqin00.jpg","width":667,"height":500,"mime_type":"image\/jpeg","source_url":"https:\/\/www.visit-ulcinj.com\/blog\/wp-content\/uploads\/2008\/11\/xhamia-e-kryepazarit-ulqin00.jpg"}},"image_meta":{"aperture":3.5,"credit":"","camera":"E10","caption":"","created_timestamp":1221874220,"copyright":"","focal_length":6.29999999999999982236431605997495353221893310546875,"iso":359,"shutter_speed":0.033333333333333332870740406406184774823486804962158203125,"title":""}},"post":6032,"source_url":"https:\/\/www.visit-ulcinj.com\/blog\/wp-content\/uploads\/2008\/11\/xhamia-e-kryepazarit-ulqin00.jpg","_links":{"self":[{"href":"https:\/\/www.visit-ulcinj.com\/blog\/wp-json\/wp\/v2\/media\/6039"}],"collection":[{"href":"https:\/\/www.visit-ulcinj.com\/blog\/wp-json\/wp\/v2\/media"}],"about":[{"href":"https:\/\/www.visit-ulcinj.com\/blog\/wp-json\/wp\/v2\/types\/attachment"}],"author":[{"embeddable":true,"href":"https:\/\/www.visit-ulcinj.com\/blog\/wp-json\/wp\/v2\/users\/1"}],"replies":[{"embeddable":true,"href":"https:\/\/www.visit-ulcinj.com\/blog\/wp-json\/wp\/v2\/comments?post=6039"}]}}