{"id":66163,"date":"2012-11-28T18:33:27","date_gmt":"2012-11-28T17:33:27","guid":{"rendered":"http:\/\/www.visit-ulcinj.com\/blog\/wp-content\/uploads\/2012\/11\/Igor-Luksic-Facebook.5.jpg"},"modified":"2016-01-05T19:12:03","modified_gmt":"2016-01-05T18:12:03","slug":"igor-luksic-facebook-5-2","status":"inherit","type":"attachment","link":"https:\/\/www.visit-ulcinj.com\/blog\/2012\/11\/28\/zyrtaret-e-malit-te-zi-urojne-100-vjetorin-e-shqiperise\/igor-luksic-facebook-5-2\/","title":{"rendered":"Igor-Luksic-Facebook.5"},"author":1,"comment_status":"open","ping_status":"closed","template":"","meta":{"spay_email":""},"yoast_head":"<!-- This site is optimized with the Yoast SEO plugin v19.1 - https:\/\/yoast.com\/wordpress\/plugins\/seo\/ -->\n<title>Igor-Luksic-Facebook.5 - Lajme nga Ulqini<\/title>\n<meta name=\"robots\" content=\"index, follow, max-snippet:-1, max-image-preview:large, max-video-preview:-1\" \/>\n<link rel=\"canonical\" href=\"https:\/\/www.visit-ulcinj.com\/blog\/wp-content\/uploads\/2012\/11\/Igor-Luksic-Facebook.5.jpg\" \/>\n<meta property=\"og:locale\" content=\"en_US\" \/>\n<meta property=\"og:type\" content=\"article\" \/>\n<meta property=\"og:title\" content=\"Igor-Luksic-Facebook.5 - Lajme nga Ulqini\" \/>\n<meta property=\"og:description\" content=\"Ceremonia festive m\u00eb pas zhvendoset n\u00eb Tiran\u00eb ku kan\u00eb arritur edhe personalitete t\u00eb larta shtet\u00ebrore nga rajoni e bota, midis t\u00eb cil\u00ebve edhe presidenti i Malit t\u00eb Zi Filip Vujanoviq. N\u00eb p\u00ebrb\u00ebrje t\u00eb delegacionit t\u00eb Malit t\u00eb Zi, p\u00ebrve\u00e7 presidentit Vujanoviq \u00ebsht\u00eb edhe ministri p\u00ebr mbrojtjen e t\u00eb drejtave t\u00eb pakicave, Hamdi Hasani. Kryetari i [&hellip;]\" \/>\n<meta property=\"og:url\" content=\"https:\/\/www.visit-ulcinj.com\/blog\/wp-content\/uploads\/2012\/11\/Igor-Luksic-Facebook.5.jpg\" \/>\n<meta property=\"og:site_name\" content=\"Lajme nga Ulqini\" \/>\n<meta property=\"article:modified_time\" content=\"2016-01-05T18:12:03+00:00\" \/>\n<meta property=\"og:image\" content=\"https:\/\/www.visit-ulcinj.com\/blog\/wp-content\/uploads\/2012\/11\/Igor-Luksic-Facebook.5.jpg\" \/>\n\t<meta property=\"og:image:width\" content=\"720\" \/>\n\t<meta property=\"og:image:height\" content=\"479\" \/>\n\t<meta property=\"og:image:type\" content=\"image\/jpeg\" \/>\n<meta name=\"twitter:label1\" content=\"Est. reading time\" \/>\n\t<meta name=\"twitter:data1\" content=\"2 minutes\" \/>\n<script type=\"application\/ld+json\" class=\"yoast-schema-graph\">{\"@context\":\"https:\/\/schema.org\",\"@graph\":[{\"@type\":\"WebSite\",\"@id\":\"https:\/\/www.visit-ulcinj.com\/blog\/#website\",\"url\":\"https:\/\/www.visit-ulcinj.com\/blog\/\",\"name\":\"Lajme nga Ulqini\",\"description\":\"Lajme,Vijesti,Ulqini,Ulqin,Crna Gora,Mali i Zi\",\"potentialAction\":[{\"@type\":\"SearchAction\",\"target\":{\"@type\":\"EntryPoint\",\"urlTemplate\":\"https:\/\/www.visit-ulcinj.com\/blog\/?s={search_term_string}\"},\"query-input\":\"required name=search_term_string\"}],\"inLanguage\":\"en-US\"},{\"@type\":\"WebPage\",\"@id\":\"https:\/\/www.visit-ulcinj.com\/blog\/wp-content\/uploads\/2012\/11\/Igor-Luksic-Facebook.5.jpg#webpage\",\"url\":\"https:\/\/www.visit-ulcinj.com\/blog\/wp-content\/uploads\/2012\/11\/Igor-Luksic-Facebook.5.jpg\",\"name\":\"Igor-Luksic-Facebook.5 - Lajme nga Ulqini\",\"isPartOf\":{\"@id\":\"https:\/\/www.visit-ulcinj.com\/blog\/#website\"},\"datePublished\":\"2012-11-28T17:33:27+00:00\",\"dateModified\":\"2016-01-05T18:12:03+00:00\",\"breadcrumb\":{\"@id\":\"https:\/\/www.visit-ulcinj.com\/blog\/wp-content\/uploads\/2012\/11\/Igor-Luksic-Facebook.5.jpg#breadcrumb\"},\"inLanguage\":\"en-US\",\"potentialAction\":[{\"@type\":\"ReadAction\",\"target\":[\"https:\/\/www.visit-ulcinj.com\/blog\/wp-content\/uploads\/2012\/11\/Igor-Luksic-Facebook.5.jpg\"]}]},{\"@type\":\"BreadcrumbList\",\"@id\":\"https:\/\/www.visit-ulcinj.com\/blog\/wp-content\/uploads\/2012\/11\/Igor-Luksic-Facebook.5.jpg#breadcrumb\",\"itemListElement\":[{\"@type\":\"ListItem\",\"position\":1,\"name\":\"Zyrtar\u00ebt e Malit t\u00eb Zi urojn\u00eb 100-vjetorin e Shqip\u00ebris\u00eb\",\"item\":\"https:\/\/www.visit-ulcinj.com\/blog\/2012\/11\/28\/zyrtaret-e-malit-te-zi-urojne-100-vjetorin-e-shqiperise\/\"},{\"@type\":\"ListItem\",\"position\":2,\"name\":\"Igor-Luksic-Facebook.5\"}]}]}<\/script>\n<!-- \/ Yoast SEO plugin. -->","yoast_head_json":{"title":"Igor-Luksic-Facebook.5 - Lajme nga Ulqini","robots":{"index":"index","follow":"follow","max-snippet":"max-snippet:-1","max-image-preview":"max-image-preview:large","max-video-preview":"max-video-preview:-1"},"canonical":"https:\/\/www.visit-ulcinj.com\/blog\/wp-content\/uploads\/2012\/11\/Igor-Luksic-Facebook.5.jpg","og_locale":"en_US","og_type":"article","og_title":"Igor-Luksic-Facebook.5 - Lajme nga Ulqini","og_description":"Ceremonia festive m\u00eb pas zhvendoset n\u00eb Tiran\u00eb ku kan\u00eb arritur edhe personalitete t\u00eb larta shtet\u00ebrore nga rajoni e bota, midis t\u00eb cil\u00ebve edhe presidenti i Malit t\u00eb Zi Filip Vujanoviq. N\u00eb p\u00ebrb\u00ebrje t\u00eb delegacionit t\u00eb Malit t\u00eb Zi, p\u00ebrve\u00e7 presidentit Vujanoviq \u00ebsht\u00eb edhe ministri p\u00ebr mbrojtjen e t\u00eb drejtave t\u00eb pakicave, Hamdi Hasani. Kryetari i [&hellip;]","og_url":"https:\/\/www.visit-ulcinj.com\/blog\/wp-content\/uploads\/2012\/11\/Igor-Luksic-Facebook.5.jpg","og_site_name":"Lajme nga Ulqini","article_modified_time":"2016-01-05T18:12:03+00:00","og_image":[{"width":"720","height":"479","url":"https:\/\/www.visit-ulcinj.com\/blog\/wp-content\/uploads\/2012\/11\/Igor-Luksic-Facebook.5.jpg","type":"image\/jpeg"}],"twitter_misc":{"Est. reading time":"2 minutes"},"schema":{"@context":"https:\/\/schema.org","@graph":[{"@type":"WebSite","@id":"https:\/\/www.visit-ulcinj.com\/blog\/#website","url":"https:\/\/www.visit-ulcinj.com\/blog\/","name":"Lajme nga Ulqini","description":"Lajme,Vijesti,Ulqini,Ulqin,Crna Gora,Mali i Zi","potentialAction":[{"@type":"SearchAction","target":{"@type":"EntryPoint","urlTemplate":"https:\/\/www.visit-ulcinj.com\/blog\/?s={search_term_string}"},"query-input":"required name=search_term_string"}],"inLanguage":"en-US"},{"@type":"WebPage","@id":"https:\/\/www.visit-ulcinj.com\/blog\/wp-content\/uploads\/2012\/11\/Igor-Luksic-Facebook.5.jpg#webpage","url":"https:\/\/www.visit-ulcinj.com\/blog\/wp-content\/uploads\/2012\/11\/Igor-Luksic-Facebook.5.jpg","name":"Igor-Luksic-Facebook.5 - Lajme nga Ulqini","isPartOf":{"@id":"https:\/\/www.visit-ulcinj.com\/blog\/#website"},"datePublished":"2012-11-28T17:33:27+00:00","dateModified":"2016-01-05T18:12:03+00:00","breadcrumb":{"@id":"https:\/\/www.visit-ulcinj.com\/blog\/wp-content\/uploads\/2012\/11\/Igor-Luksic-Facebook.5.jpg#breadcrumb"},"inLanguage":"en-US","potentialAction":[{"@type":"ReadAction","target":["https:\/\/www.visit-ulcinj.com\/blog\/wp-content\/uploads\/2012\/11\/Igor-Luksic-Facebook.5.jpg"]}]},{"@type":"BreadcrumbList","@id":"https:\/\/www.visit-ulcinj.com\/blog\/wp-content\/uploads\/2012\/11\/Igor-Luksic-Facebook.5.jpg#breadcrumb","itemListElement":[{"@type":"ListItem","position":1,"name":"Zyrtar\u00ebt e Malit t\u00eb Zi urojn\u00eb 100-vjetorin e Shqip\u00ebris\u00eb","item":"https:\/\/www.visit-ulcinj.com\/blog\/2012\/11\/28\/zyrtaret-e-malit-te-zi-urojne-100-vjetorin-e-shqiperise\/"},{"@type":"ListItem","position":2,"name":"Igor-Luksic-Facebook.5"}]}]}},"jetpack_sharing_enabled":true,"jetpack_shortlink":"https:\/\/wp.me\/ae6lTn-hd9","description":{"rendered":"<p class=\"attachment\"><a href='https:\/\/www.visit-ulcinj.com\/blog\/wp-content\/uploads\/2012\/11\/Igor-Luksic-Facebook.5.jpg'><img width=\"300\" height=\"199\" src=\"https:\/\/www.visit-ulcinj.com\/blog\/wp-content\/uploads\/2012\/11\/Igor-Luksic-Facebook.5-300x199.jpg\" class=\"attachment-medium size-medium\" alt=\"\" loading=\"lazy\" srcset=\"https:\/\/www.visit-ulcinj.com\/blog\/wp-content\/uploads\/2012\/11\/Igor-Luksic-Facebook.5-300x199.jpg 300w, https:\/\/www.visit-ulcinj.com\/blog\/wp-content\/uploads\/2012\/11\/Igor-Luksic-Facebook.5.jpg 720w\" sizes=\"(max-width: 300px) 100vw, 300px\" \/><\/a><\/p>\n<p>Ceremonia festive m\u00eb pas zhvendoset n\u00eb Tiran\u00eb ku kan\u00eb arritur edhe personalitete t\u00eb larta shtet\u00ebrore nga rajoni e bota, midis t\u00eb cil\u00ebve edhe presidenti i Malit t\u00eb Zi Filip Vujanoviq.<\/p>\n<p>N\u00eb p\u00ebrb\u00ebrje t\u00eb delegacionit t\u00eb Malit t\u00eb Zi, p\u00ebrve\u00e7 presidentit Vujanoviq \u00ebsht\u00eb edhe ministri p\u00ebr mbrojtjen e t\u00eb drejtave t\u00eb pakicave, Hamdi Hasani. Kryetari i Parlamentit italian Gianfranko Fini \u00ebsht\u00eb nd\u00ebr t\u00eb par\u00ebt personalitete t\u00eb lart\u00eb t\u00eb ftuar q\u00eb ka mb\u00ebrritur n\u00eb Shqip\u00ebri me rastin e 100 vjetorit t\u00eb Pavar\u00ebsis\u00eb. Personalitete t\u00eb tjera t\u00eb cil\u00ebt kan\u00eb mb\u00ebrritur n\u00eb Tiran\u00eb jan\u00eb n\u00ebnkryetar\u00ebt e parlamentit Austris\u00eb, Bullgaris\u00eb, Polonis\u00eb e Marokut, parlamentar\u00eb nga Franca, Pakistani, Jordania e tjer\u00eb. Edhe nj\u00eb delegacion i Serbis\u00eb, i udh\u00ebhequr nga ndihm\u00ebsministri i Jasht\u00ebm, Zoran Vujiq, merr pjes\u00eb n\u00eb sh\u00ebnimin e 100 vjetorit t\u00eb pavar\u00ebsis\u00eb s\u00eb Shqip\u00ebris\u00eb n\u00eb Tiran\u00eb.<\/p>\n<p>Lukshiq uron qeverin\u00eb shqiptare p\u00ebr p\u00ebrvjetor t\u00eb 100-t\u00eb<\/p>\n<p>Kryetari i Qeveris\u00eb Igor Llukshiq ia ka uruar kryeministrit t\u00eb Shqip\u00ebris\u00eb Sali Berisha 100 vjetorin e pavar\u00ebsis\u00eb s\u00eb vendit. Me rastin e kremtimit t\u00eb 100 vjetorit t\u00eb Pavar\u00ebsis\u00eb s\u00eb Republik\u00ebs s\u00eb Shqip\u00ebris\u00eb, n\u00eb em\u00ebr t\u00eb Qeveris\u00eb dhe n\u00eb emrin tim, shtetit tuaj dhe qytetar\u00ebve u d\u00ebshiroj sukses dhe p\u00ebrparim t\u00eb gjithanshme, thuhet n\u00eb urimin e Llukshiqit.<\/p>\n<p>Ai ka theksuar se \u00ebsht\u00eb i k\u00ebnaqur me marr\u00ebdh\u00ebniet e Malit t\u00eb Zi dhe Shqip\u00ebris\u00eb, p\u00ebr t\u00eb cilat ka th\u00ebn\u00eb se vitet e fundit jan\u00eb gjithnj\u00eb e m\u00eb t\u00eb forta. Duke pasur parasysh se s\u00eb bashku synojm\u00eb q\u00eb t\u00eb b\u00ebhemi pjes\u00eb p\u00ebrb\u00ebr\u00ebse e Bashkimit Evropian, shpreh gatishm\u00ebri q\u00eb t\u00eb vazhdojm\u00eb me zbatimin e reformave t\u00eb domosdoshme me q\u00ebllim t\u00eb arritjes s\u00eb an\u00ebtar\u00ebsis\u00eb n\u00eb BE dhe NATO. Shpresoj se Shqip\u00ebria s\u00eb shpejti do t\u00eb marr\u00eb dat\u00ebn p\u00ebr fillimin e bisedimeve p\u00ebr an\u00ebtar\u00ebsim n\u00eb BE, ka th\u00ebn\u00eb Llukshiq. Ai ka shtuar se \u00ebsht\u00eb i sigurt se Mali i ZI dhe Shqip\u00ebria, me konsultime dhe programe konkrete t\u00eb bashk\u00ebpunimit do t\u00eb p\u00ebrmir\u00ebsoj\u00eb marr\u00ebdh\u00ebniet n\u00eb t\u00eb gjitha fushat e interesit t\u00eb p\u00ebrbashk\u00ebt.<\/p>\n<p>TVCG<\/p>\n"},"caption":{"rendered":"<p>Ceremonia festive m\u00eb pas zhvendoset n\u00eb Tiran\u00eb ku kan\u00eb arritur edhe personalitete t\u00eb larta shtet\u00ebrore nga rajoni e bota, midis t\u00eb cil\u00ebve edhe presidenti i Malit t\u00eb Zi Filip Vujanoviq. N\u00eb p\u00ebrb\u00ebrje t\u00eb delegacionit t\u00eb Malit t\u00eb Zi, p\u00ebrve\u00e7 presidentit Vujanoviq \u00ebsht\u00eb edhe ministri p\u00ebr mbrojtjen e t\u00eb drejtave t\u00eb pakicave, Hamdi Hasani. Kryetari i [&hellip;]<\/p>\n"},"alt_text":"","media_type":"image","mime_type":"image\/jpeg","media_details":{"width":"720","height":"479","hwstring_small":"height='85' width='128'","file":"2012\/11\/Igor-Luksic-Facebook.5.jpg","sizes":{"thumbnail":{"file":"Igor-Luksic-Facebook.5-150x150.jpg","width":"150","height":"150","source_url":"https:\/\/www.visit-ulcinj.com\/blog\/wp-content\/uploads\/2012\/11\/Igor-Luksic-Facebook.5-150x150.jpg"},"medium":{"file":"Igor-Luksic-Facebook.5-300x199.jpg","width":"300","height":"199","source_url":"https:\/\/www.visit-ulcinj.com\/blog\/wp-content\/uploads\/2012\/11\/Igor-Luksic-Facebook.5-300x199.jpg"},"full":{"file":"Igor-Luksic-Facebook.5.jpg","width":720,"height":479,"mime_type":"image\/jpeg","source_url":"https:\/\/www.visit-ulcinj.com\/blog\/wp-content\/uploads\/2012\/11\/Igor-Luksic-Facebook.5.jpg"}},"image_meta":{"aperture":"0","credit":"","camera":"","caption":"","created_timestamp":"0","copyright":"","focal_length":"0","iso":"0","shutter_speed":"0","title":""}},"post":66161,"source_url":"https:\/\/www.visit-ulcinj.com\/blog\/wp-content\/uploads\/2012\/11\/Igor-Luksic-Facebook.5.jpg","_links":{"self":[{"href":"https:\/\/www.visit-ulcinj.com\/blog\/wp-json\/wp\/v2\/media\/66163"}],"collection":[{"href":"https:\/\/www.visit-ulcinj.com\/blog\/wp-json\/wp\/v2\/media"}],"about":[{"href":"https:\/\/www.visit-ulcinj.com\/blog\/wp-json\/wp\/v2\/types\/attachment"}],"author":[{"embeddable":true,"href":"https:\/\/www.visit-ulcinj.com\/blog\/wp-json\/wp\/v2\/users\/1"}],"replies":[{"embeddable":true,"href":"https:\/\/www.visit-ulcinj.com\/blog\/wp-json\/wp\/v2\/comments?post=66163"}]}}