{"id":66768,"date":"2012-12-16T13:40:33","date_gmt":"2012-12-16T12:40:33","guid":{"rendered":"http:\/\/www.visit-ulcinj.com\/blog\/wp-content\/uploads\/2012\/12\/Redzep-Abazi-otac-ulcinjskog-folklora.41.jpg"},"modified":"2012-12-16T13:40:33","modified_gmt":"2012-12-16T12:40:33","slug":"redzep-abazi-otac-ulcinjskog-folklora-41","status":"inherit","type":"attachment","link":"https:\/\/www.visit-ulcinj.com\/blog\/2012\/12\/16\/redzep-abazi-bio-metuzalem-ulcinjskog-folklora\/redzep-abazi-otac-ulcinjskog-folklora-41\/","title":{"rendered":"Redzep Abazi otac ulcinjskog folklora.41"},"author":1,"comment_status":"open","ping_status":"closed","template":"","meta":{"spay_email":""},"yoast_head":"<!-- This site is optimized with the Yoast SEO plugin v19.1 - https:\/\/yoast.com\/wordpress\/plugins\/seo\/ -->\n<title>Redzep Abazi otac ulcinjskog folklora.41 - Lajme nga Ulqini<\/title>\n<meta name=\"robots\" content=\"index, follow, max-snippet:-1, max-image-preview:large, max-video-preview:-1\" \/>\n<link rel=\"canonical\" href=\"https:\/\/www.visit-ulcinj.com\/blog\/wp-content\/uploads\/2012\/12\/Redzep-Abazi-otac-ulcinjskog-folklora.41.jpg\" \/>\n<meta property=\"og:locale\" content=\"en_US\" \/>\n<meta property=\"og:type\" content=\"article\" \/>\n<meta property=\"og:title\" content=\"Redzep Abazi otac ulcinjskog folklora.41 - Lajme nga Ulqini\" \/>\n<meta property=\"og:description\" content=\"Mislim da se doga\u0111aji i ljudi, koji su obilje\u017eili ovaj neponovliv prostor, moraju upisati zlatnim slovima u istoriji na\u0161eg grada. Gospodin Red\u017eep Abazi, je siguran sam, jedan od njih. Svojom pojavom, svojom muzikom i svojim vedrim duhom je van svake sumnje, obilje\u017eio pro\u0161li vijek. Bio je metuzalem na\u0161eg folklora i na\u0161e kulturne ba\u0161tine. Njegov markantni [&hellip;]\" \/>\n<meta property=\"og:url\" content=\"https:\/\/www.visit-ulcinj.com\/blog\/wp-content\/uploads\/2012\/12\/Redzep-Abazi-otac-ulcinjskog-folklora.41.jpg\" \/>\n<meta property=\"og:site_name\" content=\"Lajme nga Ulqini\" \/>\n<meta property=\"og:image\" content=\"https:\/\/www.visit-ulcinj.com\/blog\/wp-content\/uploads\/2012\/12\/Redzep-Abazi-otac-ulcinjskog-folklora.41.jpg\" \/>\n\t<meta property=\"og:image:width\" content=\"699\" \/>\n\t<meta property=\"og:image:height\" content=\"1082\" \/>\n\t<meta property=\"og:image:type\" content=\"image\/jpeg\" \/>\n<meta name=\"twitter:label1\" content=\"Est. reading time\" \/>\n\t<meta name=\"twitter:data1\" content=\"2 minutes\" \/>\n<script type=\"application\/ld+json\" class=\"yoast-schema-graph\">{\"@context\":\"https:\/\/schema.org\",\"@graph\":[{\"@type\":\"WebSite\",\"@id\":\"https:\/\/www.visit-ulcinj.com\/blog\/#website\",\"url\":\"https:\/\/www.visit-ulcinj.com\/blog\/\",\"name\":\"Lajme nga Ulqini\",\"description\":\"Lajme,Vijesti,Ulqini,Ulqin,Crna Gora,Mali i Zi\",\"potentialAction\":[{\"@type\":\"SearchAction\",\"target\":{\"@type\":\"EntryPoint\",\"urlTemplate\":\"https:\/\/www.visit-ulcinj.com\/blog\/?s={search_term_string}\"},\"query-input\":\"required name=search_term_string\"}],\"inLanguage\":\"en-US\"},{\"@type\":\"WebPage\",\"@id\":\"https:\/\/www.visit-ulcinj.com\/blog\/wp-content\/uploads\/2012\/12\/Redzep-Abazi-otac-ulcinjskog-folklora.41.jpg#webpage\",\"url\":\"https:\/\/www.visit-ulcinj.com\/blog\/wp-content\/uploads\/2012\/12\/Redzep-Abazi-otac-ulcinjskog-folklora.41.jpg\",\"name\":\"Redzep Abazi otac ulcinjskog folklora.41 - Lajme nga Ulqini\",\"isPartOf\":{\"@id\":\"https:\/\/www.visit-ulcinj.com\/blog\/#website\"},\"datePublished\":\"2012-12-16T12:40:33+00:00\",\"dateModified\":\"2012-12-16T12:40:33+00:00\",\"breadcrumb\":{\"@id\":\"https:\/\/www.visit-ulcinj.com\/blog\/wp-content\/uploads\/2012\/12\/Redzep-Abazi-otac-ulcinjskog-folklora.41.jpg#breadcrumb\"},\"inLanguage\":\"en-US\",\"potentialAction\":[{\"@type\":\"ReadAction\",\"target\":[\"https:\/\/www.visit-ulcinj.com\/blog\/wp-content\/uploads\/2012\/12\/Redzep-Abazi-otac-ulcinjskog-folklora.41.jpg\"]}]},{\"@type\":\"BreadcrumbList\",\"@id\":\"https:\/\/www.visit-ulcinj.com\/blog\/wp-content\/uploads\/2012\/12\/Redzep-Abazi-otac-ulcinjskog-folklora.41.jpg#breadcrumb\",\"itemListElement\":[{\"@type\":\"ListItem\",\"position\":1,\"name\":\"Red\u017eep Abazi bio metuzalem ulcinjskog folklora\",\"item\":\"https:\/\/www.visit-ulcinj.com\/blog\/2012\/12\/16\/redzep-abazi-bio-metuzalem-ulcinjskog-folklora\/\"},{\"@type\":\"ListItem\",\"position\":2,\"name\":\"Redzep Abazi otac ulcinjskog folklora.41\"}]}]}<\/script>\n<!-- \/ Yoast SEO plugin. -->","yoast_head_json":{"title":"Redzep Abazi otac ulcinjskog folklora.41 - Lajme nga Ulqini","robots":{"index":"index","follow":"follow","max-snippet":"max-snippet:-1","max-image-preview":"max-image-preview:large","max-video-preview":"max-video-preview:-1"},"canonical":"https:\/\/www.visit-ulcinj.com\/blog\/wp-content\/uploads\/2012\/12\/Redzep-Abazi-otac-ulcinjskog-folklora.41.jpg","og_locale":"en_US","og_type":"article","og_title":"Redzep Abazi otac ulcinjskog folklora.41 - Lajme nga Ulqini","og_description":"Mislim da se doga\u0111aji i ljudi, koji su obilje\u017eili ovaj neponovliv prostor, moraju upisati zlatnim slovima u istoriji na\u0161eg grada. Gospodin Red\u017eep Abazi, je siguran sam, jedan od njih. Svojom pojavom, svojom muzikom i svojim vedrim duhom je van svake sumnje, obilje\u017eio pro\u0161li vijek. Bio je metuzalem na\u0161eg folklora i na\u0161e kulturne ba\u0161tine. Njegov markantni [&hellip;]","og_url":"https:\/\/www.visit-ulcinj.com\/blog\/wp-content\/uploads\/2012\/12\/Redzep-Abazi-otac-ulcinjskog-folklora.41.jpg","og_site_name":"Lajme nga Ulqini","og_image":[{"width":699,"height":1082,"url":"https:\/\/www.visit-ulcinj.com\/blog\/wp-content\/uploads\/2012\/12\/Redzep-Abazi-otac-ulcinjskog-folklora.41.jpg","type":"image\/jpeg"}],"twitter_misc":{"Est. reading time":"2 minutes"},"schema":{"@context":"https:\/\/schema.org","@graph":[{"@type":"WebSite","@id":"https:\/\/www.visit-ulcinj.com\/blog\/#website","url":"https:\/\/www.visit-ulcinj.com\/blog\/","name":"Lajme nga Ulqini","description":"Lajme,Vijesti,Ulqini,Ulqin,Crna Gora,Mali i Zi","potentialAction":[{"@type":"SearchAction","target":{"@type":"EntryPoint","urlTemplate":"https:\/\/www.visit-ulcinj.com\/blog\/?s={search_term_string}"},"query-input":"required name=search_term_string"}],"inLanguage":"en-US"},{"@type":"WebPage","@id":"https:\/\/www.visit-ulcinj.com\/blog\/wp-content\/uploads\/2012\/12\/Redzep-Abazi-otac-ulcinjskog-folklora.41.jpg#webpage","url":"https:\/\/www.visit-ulcinj.com\/blog\/wp-content\/uploads\/2012\/12\/Redzep-Abazi-otac-ulcinjskog-folklora.41.jpg","name":"Redzep Abazi otac ulcinjskog folklora.41 - Lajme nga Ulqini","isPartOf":{"@id":"https:\/\/www.visit-ulcinj.com\/blog\/#website"},"datePublished":"2012-12-16T12:40:33+00:00","dateModified":"2012-12-16T12:40:33+00:00","breadcrumb":{"@id":"https:\/\/www.visit-ulcinj.com\/blog\/wp-content\/uploads\/2012\/12\/Redzep-Abazi-otac-ulcinjskog-folklora.41.jpg#breadcrumb"},"inLanguage":"en-US","potentialAction":[{"@type":"ReadAction","target":["https:\/\/www.visit-ulcinj.com\/blog\/wp-content\/uploads\/2012\/12\/Redzep-Abazi-otac-ulcinjskog-folklora.41.jpg"]}]},{"@type":"BreadcrumbList","@id":"https:\/\/www.visit-ulcinj.com\/blog\/wp-content\/uploads\/2012\/12\/Redzep-Abazi-otac-ulcinjskog-folklora.41.jpg#breadcrumb","itemListElement":[{"@type":"ListItem","position":1,"name":"Red\u017eep Abazi bio metuzalem ulcinjskog folklora","item":"https:\/\/www.visit-ulcinj.com\/blog\/2012\/12\/16\/redzep-abazi-bio-metuzalem-ulcinjskog-folklora\/"},{"@type":"ListItem","position":2,"name":"Redzep Abazi otac ulcinjskog folklora.41"}]}]}},"jetpack_sharing_enabled":true,"jetpack_shortlink":"https:\/\/wp.me\/ae6lTn-hmU","description":{"rendered":"<p class=\"attachment\"><a href='https:\/\/www.visit-ulcinj.com\/blog\/wp-content\/uploads\/2012\/12\/Redzep-Abazi-otac-ulcinjskog-folklora.41.jpg'><img width=\"193\" height=\"300\" src=\"https:\/\/www.visit-ulcinj.com\/blog\/wp-content\/uploads\/2012\/12\/Redzep-Abazi-otac-ulcinjskog-folklora.41-193x300.jpg\" class=\"attachment-medium size-medium\" alt=\"\" loading=\"lazy\" srcset=\"https:\/\/www.visit-ulcinj.com\/blog\/wp-content\/uploads\/2012\/12\/Redzep-Abazi-otac-ulcinjskog-folklora.41-193x300.jpg 193w, https:\/\/www.visit-ulcinj.com\/blog\/wp-content\/uploads\/2012\/12\/Redzep-Abazi-otac-ulcinjskog-folklora.41-661x1024.jpg 661w, https:\/\/www.visit-ulcinj.com\/blog\/wp-content\/uploads\/2012\/12\/Redzep-Abazi-otac-ulcinjskog-folklora.41.jpg 699w\" sizes=\"(max-width: 193px) 100vw, 193px\" \/><\/a><\/p>\n<p>Mislim da se doga\u0111aji i ljudi, koji su obilje\u017eili ovaj neponovliv prostor, moraju upisati zlatnim slovima u istoriji na\u0161eg grada. Gospodin Red\u017eep Abazi, je siguran sam, jedan od njih. Svojom pojavom, svojom muzikom i svojim vedrim duhom je van svake sumnje, obilje\u017eio pro\u0161li vijek. Bio je metuzalem na\u0161eg folklora i na\u0161e kulturne ba\u0161tine. Njegov markantni lik, i  njegov vje\u010dito vedri osmjeh plenio je svojom pojavom. To se  posebno reflektovalo u  liku doma\u0107ina iz originalnog izvo\u0111enja&#8221; Ulcinjske svadbe&#8221;. Mislim da \u0107e ta uloga i  taj lik  ostati vje\u010dito upam\u0107en, kao ne\u0161to najljeplje i najbolje koje je ikad odigrano i izvedeno u domenu folklora, i to ne samo kod nas.<\/p>\n<p>Sre\u0107om, bilo je to i u vrijeme televizije, tako da je on i ostao besmrtan, ne samo u sje\u0107anju, ve\u0107 i na video kasetama.            Njegovi nasljednici, njeguju njegov duh i njegovu muziku, kroz kulturno unjetni\u010dko dru\u0161tvo &#8220;Zana.&#8221; Dru\u0161tvo je aktivno, i ono se trudi da animira mlade, kako bi se sa\u010duvala muzika i folklor, a i nacionalne no\u0161nje naroda ovog kraja. Svjedoci smo da se one sve rije\u0111e i rije\u0111e vi\u0111aju na svadbama i na koncertnim podijumima. Dodu\u0161e sada ih mogu vidjeti samo oni sretnici u muzeju me\u0111u drevne zidine Starog grada, sakrivene u staklenim vitrinama , ako uspiju da ga na\u0111u&#8230; &#8230;           Mislim da bi se ova proslava i obilje\u017eavanje ovog jubileja moralo organizovati na nivou Op\u0161tine Ulcinj, jer ovaj \u010dovjek, je svojom muzikom, svojom pojavom i svojim besmrtnim duhom do samog kraja svog \u017eivota,  u to nema sumnje zaslu\u017eio i zadu\u017eio sve \u017eitelje ovog grada, pa i dana\u0161nje \u010delnike. Muzika, ne poznaje podjele i politiku gospodo..<\/p>\n<p>Ulcinj, 2010.                                          <\/p>\n<p> Ismet KARAMANAAGA<\/p>\n<p>Tekst sam napisao  2010 god. kao uspomenu i sje\u0107anje na ovog divnog \u010dovjeka. Zaista je ostao besmrtan, i kao \u010dovjek i kao umjetnik. Njegov sin gospodin Munib Abazi nastoji da ovaj folklor, kroz umjetni\u010dko dru\u0161tvo \u201cZana\u201d reivitalizuje i o\u017eivi kroz razne vrste umjetni\u010dkog djelovanja, sa posebnim akcentom na \u201cUlcinjskoj svadbi\u201d. Zadnji nastupi ovog ansabmla na raznim podijumima, posebno onaj u \u201cTop chanelu\u201d van svake sumnje dokazuje da on uspje\u0161no vodi i radi na o\u010duvanju i njegovanju tradicije na\u0161eg folklora.<\/p>\n<p>No, lik koji je ostvario gospodin Red\u017eep Abazi osta\u0107e upam\u0107en i  neponovljiv i vjerujem, i ubije\u0111en sam, da moje mi\u0161ljenje dijele i umjetnici, a sasvim obi\u010dni posjetioci.<\/p>\n<p>Ulcinj, decembar 2012 god.<\/p>\n"},"caption":{"rendered":"<p>Mislim da se doga\u0111aji i ljudi, koji su obilje\u017eili ovaj neponovliv prostor, moraju upisati zlatnim slovima u istoriji na\u0161eg grada. Gospodin Red\u017eep Abazi, je siguran sam, jedan od njih. Svojom pojavom, svojom muzikom i svojim vedrim duhom je van svake sumnje, obilje\u017eio pro\u0161li vijek. Bio je metuzalem na\u0161eg folklora i na\u0161e kulturne ba\u0161tine. Njegov markantni [&hellip;]<\/p>\n"},"alt_text":"","media_type":"image","mime_type":"image\/jpeg","media_details":{"width":699,"height":1082,"file":"2012\/12\/Redzep-Abazi-otac-ulcinjskog-folklora.41.jpg","sizes":{"thumbnail":{"file":"Redzep-Abazi-otac-ulcinjskog-folklora.41-150x150.jpg","width":150,"height":150,"mime_type":"image\/jpeg","source_url":"https:\/\/www.visit-ulcinj.com\/blog\/wp-content\/uploads\/2012\/12\/Redzep-Abazi-otac-ulcinjskog-folklora.41-150x150.jpg"},"medium":{"file":"Redzep-Abazi-otac-ulcinjskog-folklora.41-193x300.jpg","width":193,"height":300,"mime_type":"image\/jpeg","source_url":"https:\/\/www.visit-ulcinj.com\/blog\/wp-content\/uploads\/2012\/12\/Redzep-Abazi-otac-ulcinjskog-folklora.41-193x300.jpg"},"large":{"file":"Redzep-Abazi-otac-ulcinjskog-folklora.41-661x1024.jpg","width":661,"height":1024,"mime_type":"image\/jpeg","source_url":"https:\/\/www.visit-ulcinj.com\/blog\/wp-content\/uploads\/2012\/12\/Redzep-Abazi-otac-ulcinjskog-folklora.41-661x1024.jpg"},"full":{"file":"Redzep-Abazi-otac-ulcinjskog-folklora.41.jpg","width":699,"height":1082,"mime_type":"image\/jpeg","source_url":"https:\/\/www.visit-ulcinj.com\/blog\/wp-content\/uploads\/2012\/12\/Redzep-Abazi-otac-ulcinjskog-folklora.41.jpg"}},"image_meta":{"aperture":0,"credit":"","camera":"","caption":"","created_timestamp":0,"copyright":"","focal_length":0,"iso":0,"shutter_speed":0,"title":""}},"post":66767,"source_url":"https:\/\/www.visit-ulcinj.com\/blog\/wp-content\/uploads\/2012\/12\/Redzep-Abazi-otac-ulcinjskog-folklora.41.jpg","_links":{"self":[{"href":"https:\/\/www.visit-ulcinj.com\/blog\/wp-json\/wp\/v2\/media\/66768"}],"collection":[{"href":"https:\/\/www.visit-ulcinj.com\/blog\/wp-json\/wp\/v2\/media"}],"about":[{"href":"https:\/\/www.visit-ulcinj.com\/blog\/wp-json\/wp\/v2\/types\/attachment"}],"author":[{"embeddable":true,"href":"https:\/\/www.visit-ulcinj.com\/blog\/wp-json\/wp\/v2\/users\/1"}],"replies":[{"embeddable":true,"href":"https:\/\/www.visit-ulcinj.com\/blog\/wp-json\/wp\/v2\/comments?post=66768"}]}}