{"id":69375,"date":"2013-03-02T00:10:49","date_gmt":"2013-03-01T23:10:49","guid":{"rendered":"http:\/\/www.visit-ulcinj.com\/blog\/wp-content\/uploads\/2013\/03\/Organizata-turistike-e-Ulqinit-ne-Panairin-Utazas-Budapest.2013.jpg"},"modified":"2013-03-02T00:10:49","modified_gmt":"2013-03-01T23:10:49","slug":"organizata-turistike-e-ulqinit-ne-panairin-utazas-budapest-2013","status":"inherit","type":"attachment","link":"https:\/\/www.visit-ulcinj.com\/blog\/2013\/03\/02\/ot-e-ulqinit-merr-pjes-ne-panairin-e-turizmit-ne-budapest-utazas-2013\/organizata-turistike-e-ulqinit-ne-panairin-utazas-budapest-2013\/","title":{"rendered":"Organizata turistike e Ulqinit ne Panairin Utazas Budapest.2013"},"author":1,"comment_status":"open","ping_status":"closed","template":"","meta":{"spay_email":""},"yoast_head":"<!-- This site is optimized with the Yoast SEO plugin v19.1 - https:\/\/yoast.com\/wordpress\/plugins\/seo\/ -->\n<title>Organizata turistike e Ulqinit ne Panairin Utazas Budapest.2013 - Lajme nga Ulqini<\/title>\n<meta name=\"robots\" content=\"index, follow, max-snippet:-1, max-image-preview:large, max-video-preview:-1\" \/>\n<link rel=\"canonical\" href=\"https:\/\/www.visit-ulcinj.com\/blog\/wp-content\/uploads\/2013\/03\/Organizata-turistike-e-Ulqinit-ne-Panairin-Utazas-Budapest.2013.jpg\" \/>\n<meta property=\"og:locale\" content=\"en_US\" \/>\n<meta property=\"og:type\" content=\"article\" \/>\n<meta property=\"og:title\" content=\"Organizata turistike e Ulqinit ne Panairin Utazas Budapest.2013 - Lajme nga Ulqini\" \/>\n<meta property=\"og:description\" content=\"Budimpe\u0161ta &#8211; UTAZAS 2013 Na 36. Me\u0111unarodnom sajmu turizma \u201eUTAZAS\u201c, koji se od 28.februara do 03. marta odr\u017eava u Budimpe\u0161ti, ucestvuje i Turisti\u010dka Organizacija Ulcinj. Na zajedni\u010dkom \u0161tandu nastupaju lokalne turisti\u010dke organizacije Tivta, Kotora, Herceg Novog, Budve i Bara i Cetinja na kojem se predstavlja turisti\u010dka ponuda pomenutih gradova, a i cjelokupna ponuda Crne Gore [&hellip;]\" \/>\n<meta property=\"og:url\" content=\"https:\/\/www.visit-ulcinj.com\/blog\/wp-content\/uploads\/2013\/03\/Organizata-turistike-e-Ulqinit-ne-Panairin-Utazas-Budapest.2013.jpg\" \/>\n<meta property=\"og:site_name\" content=\"Lajme nga Ulqini\" \/>\n<meta property=\"og:image\" content=\"https:\/\/www.visit-ulcinj.com\/blog\/wp-content\/uploads\/2013\/03\/Organizata-turistike-e-Ulqinit-ne-Panairin-Utazas-Budapest.2013.jpg\" \/>\n\t<meta property=\"og:image:width\" content=\"1000\" \/>\n\t<meta property=\"og:image:height\" content=\"750\" \/>\n\t<meta property=\"og:image:type\" content=\"image\/jpeg\" \/>\n<meta name=\"twitter:label1\" content=\"Est. reading time\" \/>\n\t<meta name=\"twitter:data1\" content=\"4 minutes\" \/>\n<script type=\"application\/ld+json\" class=\"yoast-schema-graph\">{\"@context\":\"https:\/\/schema.org\",\"@graph\":[{\"@type\":\"WebSite\",\"@id\":\"https:\/\/www.visit-ulcinj.com\/blog\/#website\",\"url\":\"https:\/\/www.visit-ulcinj.com\/blog\/\",\"name\":\"Lajme nga Ulqini\",\"description\":\"Lajme,Vijesti,Ulqini,Ulqin,Crna Gora,Mali i Zi\",\"potentialAction\":[{\"@type\":\"SearchAction\",\"target\":{\"@type\":\"EntryPoint\",\"urlTemplate\":\"https:\/\/www.visit-ulcinj.com\/blog\/?s={search_term_string}\"},\"query-input\":\"required name=search_term_string\"}],\"inLanguage\":\"en-US\"},{\"@type\":\"WebPage\",\"@id\":\"https:\/\/www.visit-ulcinj.com\/blog\/wp-content\/uploads\/2013\/03\/Organizata-turistike-e-Ulqinit-ne-Panairin-Utazas-Budapest.2013.jpg#webpage\",\"url\":\"https:\/\/www.visit-ulcinj.com\/blog\/wp-content\/uploads\/2013\/03\/Organizata-turistike-e-Ulqinit-ne-Panairin-Utazas-Budapest.2013.jpg\",\"name\":\"Organizata turistike e Ulqinit ne Panairin Utazas Budapest.2013 - Lajme nga Ulqini\",\"isPartOf\":{\"@id\":\"https:\/\/www.visit-ulcinj.com\/blog\/#website\"},\"datePublished\":\"2013-03-01T23:10:49+00:00\",\"dateModified\":\"2013-03-01T23:10:49+00:00\",\"breadcrumb\":{\"@id\":\"https:\/\/www.visit-ulcinj.com\/blog\/wp-content\/uploads\/2013\/03\/Organizata-turistike-e-Ulqinit-ne-Panairin-Utazas-Budapest.2013.jpg#breadcrumb\"},\"inLanguage\":\"en-US\",\"potentialAction\":[{\"@type\":\"ReadAction\",\"target\":[\"https:\/\/www.visit-ulcinj.com\/blog\/wp-content\/uploads\/2013\/03\/Organizata-turistike-e-Ulqinit-ne-Panairin-Utazas-Budapest.2013.jpg\"]}]},{\"@type\":\"BreadcrumbList\",\"@id\":\"https:\/\/www.visit-ulcinj.com\/blog\/wp-content\/uploads\/2013\/03\/Organizata-turistike-e-Ulqinit-ne-Panairin-Utazas-Budapest.2013.jpg#breadcrumb\",\"itemListElement\":[{\"@type\":\"ListItem\",\"position\":1,\"name\":\"OT e Ulqinit merr pjes n\u00eb panairin e turizmit n\u00eb Budapest \u201eUTAZAS\u201d 2013\",\"item\":\"https:\/\/www.visit-ulcinj.com\/blog\/2013\/03\/02\/ot-e-ulqinit-merr-pjes-ne-panairin-e-turizmit-ne-budapest-utazas-2013\/\"},{\"@type\":\"ListItem\",\"position\":2,\"name\":\"Organizata turistike e Ulqinit ne Panairin Utazas Budapest.2013\"}]}]}<\/script>\n<!-- \/ Yoast SEO plugin. -->","yoast_head_json":{"title":"Organizata turistike e Ulqinit ne Panairin Utazas Budapest.2013 - Lajme nga Ulqini","robots":{"index":"index","follow":"follow","max-snippet":"max-snippet:-1","max-image-preview":"max-image-preview:large","max-video-preview":"max-video-preview:-1"},"canonical":"https:\/\/www.visit-ulcinj.com\/blog\/wp-content\/uploads\/2013\/03\/Organizata-turistike-e-Ulqinit-ne-Panairin-Utazas-Budapest.2013.jpg","og_locale":"en_US","og_type":"article","og_title":"Organizata turistike e Ulqinit ne Panairin Utazas Budapest.2013 - Lajme nga Ulqini","og_description":"Budimpe\u0161ta &#8211; UTAZAS 2013 Na 36. Me\u0111unarodnom sajmu turizma \u201eUTAZAS\u201c, koji se od 28.februara do 03. marta odr\u017eava u Budimpe\u0161ti, ucestvuje i Turisti\u010dka Organizacija Ulcinj. Na zajedni\u010dkom \u0161tandu nastupaju lokalne turisti\u010dke organizacije Tivta, Kotora, Herceg Novog, Budve i Bara i Cetinja na kojem se predstavlja turisti\u010dka ponuda pomenutih gradova, a i cjelokupna ponuda Crne Gore [&hellip;]","og_url":"https:\/\/www.visit-ulcinj.com\/blog\/wp-content\/uploads\/2013\/03\/Organizata-turistike-e-Ulqinit-ne-Panairin-Utazas-Budapest.2013.jpg","og_site_name":"Lajme nga Ulqini","og_image":[{"width":1000,"height":750,"url":"https:\/\/www.visit-ulcinj.com\/blog\/wp-content\/uploads\/2013\/03\/Organizata-turistike-e-Ulqinit-ne-Panairin-Utazas-Budapest.2013.jpg","type":"image\/jpeg"}],"twitter_misc":{"Est. reading time":"4 minutes"},"schema":{"@context":"https:\/\/schema.org","@graph":[{"@type":"WebSite","@id":"https:\/\/www.visit-ulcinj.com\/blog\/#website","url":"https:\/\/www.visit-ulcinj.com\/blog\/","name":"Lajme nga Ulqini","description":"Lajme,Vijesti,Ulqini,Ulqin,Crna Gora,Mali i Zi","potentialAction":[{"@type":"SearchAction","target":{"@type":"EntryPoint","urlTemplate":"https:\/\/www.visit-ulcinj.com\/blog\/?s={search_term_string}"},"query-input":"required name=search_term_string"}],"inLanguage":"en-US"},{"@type":"WebPage","@id":"https:\/\/www.visit-ulcinj.com\/blog\/wp-content\/uploads\/2013\/03\/Organizata-turistike-e-Ulqinit-ne-Panairin-Utazas-Budapest.2013.jpg#webpage","url":"https:\/\/www.visit-ulcinj.com\/blog\/wp-content\/uploads\/2013\/03\/Organizata-turistike-e-Ulqinit-ne-Panairin-Utazas-Budapest.2013.jpg","name":"Organizata turistike e Ulqinit ne Panairin Utazas Budapest.2013 - Lajme nga Ulqini","isPartOf":{"@id":"https:\/\/www.visit-ulcinj.com\/blog\/#website"},"datePublished":"2013-03-01T23:10:49+00:00","dateModified":"2013-03-01T23:10:49+00:00","breadcrumb":{"@id":"https:\/\/www.visit-ulcinj.com\/blog\/wp-content\/uploads\/2013\/03\/Organizata-turistike-e-Ulqinit-ne-Panairin-Utazas-Budapest.2013.jpg#breadcrumb"},"inLanguage":"en-US","potentialAction":[{"@type":"ReadAction","target":["https:\/\/www.visit-ulcinj.com\/blog\/wp-content\/uploads\/2013\/03\/Organizata-turistike-e-Ulqinit-ne-Panairin-Utazas-Budapest.2013.jpg"]}]},{"@type":"BreadcrumbList","@id":"https:\/\/www.visit-ulcinj.com\/blog\/wp-content\/uploads\/2013\/03\/Organizata-turistike-e-Ulqinit-ne-Panairin-Utazas-Budapest.2013.jpg#breadcrumb","itemListElement":[{"@type":"ListItem","position":1,"name":"OT e Ulqinit merr pjes n\u00eb panairin e turizmit n\u00eb Budapest \u201eUTAZAS\u201d 2013","item":"https:\/\/www.visit-ulcinj.com\/blog\/2013\/03\/02\/ot-e-ulqinit-merr-pjes-ne-panairin-e-turizmit-ne-budapest-utazas-2013\/"},{"@type":"ListItem","position":2,"name":"Organizata turistike e Ulqinit ne Panairin Utazas Budapest.2013"}]}]}},"jetpack_sharing_enabled":true,"jetpack_shortlink":"https:\/\/wp.me\/ae6lTn-i2X","description":{"rendered":"<p class=\"attachment\"><a href='https:\/\/www.visit-ulcinj.com\/blog\/wp-content\/uploads\/2013\/03\/Organizata-turistike-e-Ulqinit-ne-Panairin-Utazas-Budapest.2013.jpg'><img width=\"300\" height=\"225\" src=\"https:\/\/www.visit-ulcinj.com\/blog\/wp-content\/uploads\/2013\/03\/Organizata-turistike-e-Ulqinit-ne-Panairin-Utazas-Budapest.2013-300x225.jpg\" class=\"attachment-medium size-medium\" alt=\"\" loading=\"lazy\" srcset=\"https:\/\/www.visit-ulcinj.com\/blog\/wp-content\/uploads\/2013\/03\/Organizata-turistike-e-Ulqinit-ne-Panairin-Utazas-Budapest.2013-300x225.jpg 300w, https:\/\/www.visit-ulcinj.com\/blog\/wp-content\/uploads\/2013\/03\/Organizata-turistike-e-Ulqinit-ne-Panairin-Utazas-Budapest.2013.jpg 1000w\" sizes=\"(max-width: 300px) 100vw, 300px\" \/><\/a><\/p>\n<p>Budimpe\u0161ta &#8211; UTAZAS 2013<\/p>\n<p>Na 36. Me\u0111unarodnom sajmu turizma \u201eUTAZAS\u201c, koji se od 28.februara do 03. marta odr\u017eava u Budimpe\u0161ti, ucestvuje i Turisti\u010dka Organizacija Ulcinj. Na zajedni\u010dkom \u0161tandu nastupaju lokalne turisti\u010dke organizacije  Tivta, Kotora, Herceg Novog, Budve i Bara i Cetinja na kojem se predstavlja turisti\u010dka ponuda pomenutih gradova, a i cjelokupna ponuda Crne Gore kao turisti\u010dke destinacije.<\/p>\n<p>Zajedni\u010dko predstavljanje turisti\u010dkih organizacija Ulcinja, Tivta, Kotora,  Herceg Novog , Budve i Bara podr\u017eao je veliki broj privrednika,kako u\u010de\u0161\u0107em sa svojim promotivnim materijalom,tako i li\u010dnim prisustvom. Od privrednika na na\u0161em \u0161tandu, prisustvuju predstavnici hotela Mediteran iz Ulcinja, Budvanske rivijere i Hungest Sun Resort hotela iz Herceg Novog. Drugog dana sajma na na\u0161em \u0161tandu pridru\u017ei\u0107e se  i predstavnici LTO sa sjevera, iz Berana, Pljevalja i Kola\u0161ina.<\/p>\n<p>Ve\u0107 prvog dana sajma odr\u017eani su brojni poslovni susreti sa predstavnicima mnogih turisti\u010dkih agencija i turisti\u010dkih operatora: Haris Travel Club, Adria Tours Kft., Holiday-Egertourist Kft., Paradis Travel, Kiraly Tours, Delta T-Tours, Thomas Cook,Neckermann,Neverland Travel Kft. i drugi.<\/p>\n<p>Tako\u0111e prvog dana sajma na\u0161  \u0161tand posjetili su  Ambasador Crne Gore u Ma\u0111arskoj  g-din  Mirsad Bibovi\u0107  i sekretar Ambasade gospo\u0111a Borjanka Simi\u0107evi\u0107.<\/p>\n<p>Posjetiocima na\u0161eg \u0161tanda u okviru 36. UTAZAS-a ponu\u0111en je i raznovrstan propagandni materijal, i do kraja sajma o\u010dekuje se kontinuirano dobra posje\u0107enost i uspostavljanje kontakata i saradnje.<\/p>\n<p>Na 36. Me\u0111unarodnom sajmu turizma u Budimpe\u0161ti u\u010destvuje 500 izlaga\u010da iz 30 zemalja svijeta, \u0161to potvr\u0111uje \u010dinjenicu da ovaj sajam prati renomirane sajmove turizma u regionu.<\/p>\n<p>Strucna sluzba TO ULCINJBudimpe\u0161ta &#8211; UTAZAS 2013<\/p>\n<p>Na 36. Me\u0111unarodnom sajmu turizma \u201eUTAZAS\u201c, koji se od 28.februara do 03. marta odr\u017eava u Budimpe\u0161ti, ucestvuje i Turisti\u010dka Organizacija Ulcinj. Na zajedni\u010dkom \u0161tandu nastupaju lokalne turisti\u010dke organizacije  Tivta, Kotora, Herceg Novog, Budve i Bara i Cetinja na kojem se predstavlja turisti\u010dka ponuda pomenutih gradova, a i cjelokupna ponuda Crne Gore kao turisti\u010dke destinacije.<\/p>\n<p>Zajedni\u010dko predstavljanje turisti\u010dkih organizacija Ulcinja, Tivta, Kotora,  Herceg Novog , Budve i Bara podr\u017eao je veliki broj privrednika,kako u\u010de\u0161\u0107em sa svojim promotivnim materijalom,tako i li\u010dnim prisustvom. Od privrednika na na\u0161em \u0161tandu, prisustvuju predstavnici hotela Mediteran iz Ulcinja, Budvanske rivijere i Hungest Sun Resort hotela iz Herceg Novog. Drugog dana sajma na na\u0161em \u0161tandu pridru\u017ei\u0107e se  i predstavnici LTO sa sjevera, iz Berana, Pljevalja i Kola\u0161ina.<\/p>\n<p>Ve\u0107 prvog dana sajma odr\u017eani su brojni poslovni susreti sa predstavnicima mnogih turisti\u010dkih agencija i turisti\u010dkih operatora: Haris Travel Club, Adria Tours Kft., Holiday-Egertourist Kft., Paradis Travel, Kiraly Tours, Delta T-Tours, Thomas Cook,Neckermann,Neverland Travel Kft. i drugi.<\/p>\n<p>Tako\u0111e prvog dana sajma na\u0161  \u0161tand posjetili su  Ambasador Crne Gore u Ma\u0111arskoj  g-din  Mirsad Bibovi\u0107  i sekretar Ambasade gospo\u0111a Borjanka Simi\u0107evi\u0107.<\/p>\n<p>Posjetiocima na\u0161eg \u0161tanda u okviru 36. UTAZAS-a ponu\u0111en je i raznovrstan propagandni materijal, i do kraja sajma o\u010dekuje se kontinuirano dobra posje\u0107enost i uspostavljanje kontakata i saradnje.<\/p>\n<p>Na 36. Me\u0111unarodnom sajmu turizma u Budimpe\u0161ti u\u010destvuje 500 izlaga\u010da iz 30 zemalja svijeta, \u0161to potvr\u0111uje \u010dinjenicu da ovaj sajam prati renomirane sajmove turizma u regionu.<\/p>\n<p>Strucna sluzba TO ULCINJRaport nga Panairi i turizmit Budapest \u201eUTAZAS\u201c-prej ( 28.02. \u2013 03.mars 2013)<\/p>\n<p>N\u00eb panarin e 36 Nd\u00ebrkomb\u00ebtar UTAZAS i cili mbahet prej 28 shkurt deri me 3 mars n\u00eb Budapest n\u00eb banakun e perbashk\u00ebt jan\u00eb duke marr\u00eb pjes\u00eb Organizatat lokale turistike t\u00eb Ulqinit, Tivatit, Kotorrit, Herceg Novit, Budv\u00eb, Tivarit dhe Cetin\u00ebs, ku po prezentohet oferta turistike e qyteteve te lart\u00ebp\u00ebrmendura, si dhe oferta e Malit te Zi n\u00eb teresi si destinacion turistik.<\/p>\n<p>Prezentimin e p\u00ebrbashk\u00ebt t\u00eb organizatave turistike t\u00eb Ulqinit, Tivatit, Kotorrit, Herceg Novit, Budv\u00ebs dhe Tivarit e kan\u00eb p\u00ebrkrahur shum\u00eb afarist\u00eb si me prezenc\u00ebn e tyre ashtu edhe me an\u00eb t\u00eb materijaleve promovuese. Prej afaristeve q\u00eb jan\u00eb duke marre pjes\u00eb n\u00eb banakun ton\u00eb jan\u00eb hoteli Mediteran nga Ulqini, Rivijera e Budv\u00ebs dhe Hungest Sun Resort nga Herceg Novi. Dit\u00ebn e dyt\u00eb do ti bashk\u00ebngjiten edhe Organizatat lokale t\u00eb Beranes, Plevl\u00ebs dhe Kollashinit.<\/p>\n<p>Menj\u00ebher\u00eb dit\u00ebn e par\u00eb t\u00eb panairit jan\u00eb mbajtur disa takime pune me p\u00ebrfaqesuesit e agjensioneve turistike dhe turoperatereve: Haris Travel Club, Adria Tours KFT, Holiday Egertourist, Paradis Travel, Kiraly Tours, Delta T \u2013 Tours, Thomas Cook, Neckermann, Neverland Travel KFT etj.<\/p>\n<p>Poashtu dit\u00ebn e par\u00eb n\u00eb banakun e Malit te Zi ka qen\u00eb prezent edhe Ambasadori i Malit t\u00eb Zi n\u00eb Hungari z. Mirsad Biboviq I cili ka p\u00ebrshendetur me k\u00ebt\u00eb rast t\u00eb pranishmit q\u00eb kan\u00eb vendosur ta b\u00ebjn\u00eb prezentimin ne kuad\u00ebr t\u00eb nj\u00eb banaku t\u00eb p\u00ebrbashk\u00ebt, si dhe sekretarja e Ambasad\u00ebs zonja Borjanka Simiqeviq.<\/p>\n<p>Vizitor\u00ebve t\u00eb banakut ton\u00eb n\u00eb kuad\u00ebr t\u00eb panairit t\u00eb 36 Utazas \u00ebsht\u00eb ofruar nj\u00eb num\u00ebr i madh i materijaleve promovues dhe deri ne fund te panairit pritet nje numer i madh i vizitoreve si dhe nje bashkepunim me to.<\/p>\n<p>N\u00eb k\u00ebt\u00eb panair Nd\u00ebrkomb\u00ebtar jan\u00eb duke marr\u00eb pjes\u00eb rreth 500 ekspozues nga 30 vende te ndryshme, q\u00eb edhe nj\u00ebher konfimorn faktin q\u00eb ky panair ndjek hapat e panaireve t\u00eb njohur nga regioni.<\/p>\n"},"caption":{"rendered":"<p>Budimpe\u0161ta &#8211; UTAZAS 2013 Na 36. Me\u0111unarodnom sajmu turizma \u201eUTAZAS\u201c, koji se od 28.februara do 03. marta odr\u017eava u Budimpe\u0161ti, ucestvuje i Turisti\u010dka Organizacija Ulcinj. Na zajedni\u010dkom \u0161tandu nastupaju lokalne turisti\u010dke organizacije Tivta, Kotora, Herceg Novog, Budve i Bara i Cetinja na kojem se predstavlja turisti\u010dka ponuda pomenutih gradova, a i cjelokupna ponuda Crne Gore [&hellip;]<\/p>\n"},"alt_text":"","media_type":"image","mime_type":"image\/jpeg","media_details":{"width":1000,"height":750,"file":"2013\/03\/Organizata-turistike-e-Ulqinit-ne-Panairin-Utazas-Budapest.2013.jpg","sizes":{"thumbnail":{"file":"Organizata-turistike-e-Ulqinit-ne-Panairin-Utazas-Budapest.2013-150x150.jpg","width":150,"height":150,"mime_type":"image\/jpeg","source_url":"https:\/\/www.visit-ulcinj.com\/blog\/wp-content\/uploads\/2013\/03\/Organizata-turistike-e-Ulqinit-ne-Panairin-Utazas-Budapest.2013-150x150.jpg"},"medium":{"file":"Organizata-turistike-e-Ulqinit-ne-Panairin-Utazas-Budapest.2013-300x225.jpg","width":300,"height":225,"mime_type":"image\/jpeg","source_url":"https:\/\/www.visit-ulcinj.com\/blog\/wp-content\/uploads\/2013\/03\/Organizata-turistike-e-Ulqinit-ne-Panairin-Utazas-Budapest.2013-300x225.jpg"},"full":{"file":"Organizata-turistike-e-Ulqinit-ne-Panairin-Utazas-Budapest.2013.jpg","width":1000,"height":750,"mime_type":"image\/jpeg","source_url":"https:\/\/www.visit-ulcinj.com\/blog\/wp-content\/uploads\/2013\/03\/Organizata-turistike-e-Ulqinit-ne-Panairin-Utazas-Budapest.2013.jpg"}},"image_meta":{"aperture":0,"credit":"","camera":"","caption":"","created_timestamp":0,"copyright":"","focal_length":0,"iso":0,"shutter_speed":0,"title":""}},"post":69373,"source_url":"https:\/\/www.visit-ulcinj.com\/blog\/wp-content\/uploads\/2013\/03\/Organizata-turistike-e-Ulqinit-ne-Panairin-Utazas-Budapest.2013.jpg","_links":{"self":[{"href":"https:\/\/www.visit-ulcinj.com\/blog\/wp-json\/wp\/v2\/media\/69375"}],"collection":[{"href":"https:\/\/www.visit-ulcinj.com\/blog\/wp-json\/wp\/v2\/media"}],"about":[{"href":"https:\/\/www.visit-ulcinj.com\/blog\/wp-json\/wp\/v2\/types\/attachment"}],"author":[{"embeddable":true,"href":"https:\/\/www.visit-ulcinj.com\/blog\/wp-json\/wp\/v2\/users\/1"}],"replies":[{"embeddable":true,"href":"https:\/\/www.visit-ulcinj.com\/blog\/wp-json\/wp\/v2\/comments?post=69375"}]}}