{"id":69868,"date":"2013-03-21T12:46:17","date_gmt":"2013-03-21T11:46:17","guid":{"rendered":"http:\/\/www.visit-ulcinj.com\/blog\/wp-content\/uploads\/2013\/03\/Bahri-Brisku_Perurimi-i-librit-ne-Ulqin.1.jpg"},"modified":"2013-03-21T12:46:17","modified_gmt":"2013-03-21T11:46:17","slug":"bahri-brisku_perurimi-i-librit-ne-ulqin-1","status":"inherit","type":"attachment","link":"https:\/\/www.visit-ulcinj.com\/blog\/2013\/03\/21\/bahri-brisku-krijuesit-qe-sfiduan-koherat-1-foto\/bahri-brisku_perurimi-i-librit-ne-ulqin-1\/","title":{"rendered":"Bahri Brisku_Perurimi i librit ne Ulqin.1"},"author":1,"comment_status":"open","ping_status":"closed","template":"","meta":{"spay_email":""},"yoast_head":"<!-- This site is optimized with the Yoast SEO plugin v19.1 - https:\/\/yoast.com\/wordpress\/plugins\/seo\/ -->\n<title>Bahri Brisku_Perurimi i librit ne Ulqin.1 - Lajme nga Ulqini<\/title>\n<meta name=\"robots\" content=\"index, follow, max-snippet:-1, max-image-preview:large, max-video-preview:-1\" \/>\n<link rel=\"canonical\" href=\"https:\/\/www.visit-ulcinj.com\/blog\/wp-content\/uploads\/2013\/03\/Bahri-Brisku_Perurimi-i-librit-ne-Ulqin.1.jpg\" \/>\n<meta property=\"og:locale\" content=\"en_US\" \/>\n<meta property=\"og:type\" content=\"article\" \/>\n<meta property=\"og:title\" content=\"Bahri Brisku_Perurimi i librit ne Ulqin.1 - Lajme nga Ulqini\" \/>\n<meta property=\"og:description\" content=\"Bahri Brisku ka festuar t\u00eb ejten e kaluar 80 vjetorin e tij t\u00eb lindjes por t\u00eb njejten dit\u00eb u be dhe perurimi i librit \u201cK\u00ebng\u00eb popullore t\u00eb shqiptar\u00ebve n\u00eb Mal t\u00eb Zi\u201d. \u201cNderi i Kombit\u201d e festoi dit\u00eblindjen e tij tek sht\u00ebpia, nd\u00ebrkoh\u00eb q\u00eb urimet e shumta nga miqt\u00eb e koleg\u00eb i mori p\u00ebrmes telefonit. [&hellip;]\" \/>\n<meta property=\"og:url\" content=\"https:\/\/www.visit-ulcinj.com\/blog\/wp-content\/uploads\/2013\/03\/Bahri-Brisku_Perurimi-i-librit-ne-Ulqin.1.jpg\" \/>\n<meta property=\"og:site_name\" content=\"Lajme nga Ulqini\" \/>\n<meta property=\"og:image\" content=\"https:\/\/www.visit-ulcinj.com\/blog\/wp-content\/uploads\/2013\/03\/Bahri-Brisku_Perurimi-i-librit-ne-Ulqin.1.jpg\" \/>\n\t<meta property=\"og:image:width\" content=\"960\" \/>\n\t<meta property=\"og:image:height\" content=\"720\" \/>\n\t<meta property=\"og:image:type\" content=\"image\/jpeg\" \/>\n<meta name=\"twitter:label1\" content=\"Est. reading time\" \/>\n\t<meta name=\"twitter:data1\" content=\"4 minutes\" \/>\n<script type=\"application\/ld+json\" class=\"yoast-schema-graph\">{\"@context\":\"https:\/\/schema.org\",\"@graph\":[{\"@type\":\"WebSite\",\"@id\":\"https:\/\/www.visit-ulcinj.com\/blog\/#website\",\"url\":\"https:\/\/www.visit-ulcinj.com\/blog\/\",\"name\":\"Lajme nga Ulqini\",\"description\":\"Lajme,Vijesti,Ulqini,Ulqin,Crna Gora,Mali i Zi\",\"potentialAction\":[{\"@type\":\"SearchAction\",\"target\":{\"@type\":\"EntryPoint\",\"urlTemplate\":\"https:\/\/www.visit-ulcinj.com\/blog\/?s={search_term_string}\"},\"query-input\":\"required name=search_term_string\"}],\"inLanguage\":\"en-US\"},{\"@type\":\"WebPage\",\"@id\":\"https:\/\/www.visit-ulcinj.com\/blog\/wp-content\/uploads\/2013\/03\/Bahri-Brisku_Perurimi-i-librit-ne-Ulqin.1.jpg#webpage\",\"url\":\"https:\/\/www.visit-ulcinj.com\/blog\/wp-content\/uploads\/2013\/03\/Bahri-Brisku_Perurimi-i-librit-ne-Ulqin.1.jpg\",\"name\":\"Bahri Brisku_Perurimi i librit ne Ulqin.1 - Lajme nga Ulqini\",\"isPartOf\":{\"@id\":\"https:\/\/www.visit-ulcinj.com\/blog\/#website\"},\"datePublished\":\"2013-03-21T11:46:17+00:00\",\"dateModified\":\"2013-03-21T11:46:17+00:00\",\"breadcrumb\":{\"@id\":\"https:\/\/www.visit-ulcinj.com\/blog\/wp-content\/uploads\/2013\/03\/Bahri-Brisku_Perurimi-i-librit-ne-Ulqin.1.jpg#breadcrumb\"},\"inLanguage\":\"en-US\",\"potentialAction\":[{\"@type\":\"ReadAction\",\"target\":[\"https:\/\/www.visit-ulcinj.com\/blog\/wp-content\/uploads\/2013\/03\/Bahri-Brisku_Perurimi-i-librit-ne-Ulqin.1.jpg\"]}]},{\"@type\":\"BreadcrumbList\",\"@id\":\"https:\/\/www.visit-ulcinj.com\/blog\/wp-content\/uploads\/2013\/03\/Bahri-Brisku_Perurimi-i-librit-ne-Ulqin.1.jpg#breadcrumb\",\"itemListElement\":[{\"@type\":\"ListItem\",\"position\":1,\"name\":\"Bahri Brisku: Krijuesit q\u00eb sfiduan koh\u00ebrat (1) + Foto\",\"item\":\"https:\/\/www.visit-ulcinj.com\/blog\/2013\/03\/21\/bahri-brisku-krijuesit-qe-sfiduan-koherat-1-foto\/\"},{\"@type\":\"ListItem\",\"position\":2,\"name\":\"Bahri Brisku_Perurimi i librit ne Ulqin.1\"}]}]}<\/script>\n<!-- \/ Yoast SEO plugin. -->","yoast_head_json":{"title":"Bahri Brisku_Perurimi i librit ne Ulqin.1 - Lajme nga Ulqini","robots":{"index":"index","follow":"follow","max-snippet":"max-snippet:-1","max-image-preview":"max-image-preview:large","max-video-preview":"max-video-preview:-1"},"canonical":"https:\/\/www.visit-ulcinj.com\/blog\/wp-content\/uploads\/2013\/03\/Bahri-Brisku_Perurimi-i-librit-ne-Ulqin.1.jpg","og_locale":"en_US","og_type":"article","og_title":"Bahri Brisku_Perurimi i librit ne Ulqin.1 - Lajme nga Ulqini","og_description":"Bahri Brisku ka festuar t\u00eb ejten e kaluar 80 vjetorin e tij t\u00eb lindjes por t\u00eb njejten dit\u00eb u be dhe perurimi i librit \u201cK\u00ebng\u00eb popullore t\u00eb shqiptar\u00ebve n\u00eb Mal t\u00eb Zi\u201d. \u201cNderi i Kombit\u201d e festoi dit\u00eblindjen e tij tek sht\u00ebpia, nd\u00ebrkoh\u00eb q\u00eb urimet e shumta nga miqt\u00eb e koleg\u00eb i mori p\u00ebrmes telefonit. [&hellip;]","og_url":"https:\/\/www.visit-ulcinj.com\/blog\/wp-content\/uploads\/2013\/03\/Bahri-Brisku_Perurimi-i-librit-ne-Ulqin.1.jpg","og_site_name":"Lajme nga Ulqini","og_image":[{"width":960,"height":720,"url":"https:\/\/www.visit-ulcinj.com\/blog\/wp-content\/uploads\/2013\/03\/Bahri-Brisku_Perurimi-i-librit-ne-Ulqin.1.jpg","type":"image\/jpeg"}],"twitter_misc":{"Est. reading time":"4 minutes"},"schema":{"@context":"https:\/\/schema.org","@graph":[{"@type":"WebSite","@id":"https:\/\/www.visit-ulcinj.com\/blog\/#website","url":"https:\/\/www.visit-ulcinj.com\/blog\/","name":"Lajme nga Ulqini","description":"Lajme,Vijesti,Ulqini,Ulqin,Crna Gora,Mali i Zi","potentialAction":[{"@type":"SearchAction","target":{"@type":"EntryPoint","urlTemplate":"https:\/\/www.visit-ulcinj.com\/blog\/?s={search_term_string}"},"query-input":"required name=search_term_string"}],"inLanguage":"en-US"},{"@type":"WebPage","@id":"https:\/\/www.visit-ulcinj.com\/blog\/wp-content\/uploads\/2013\/03\/Bahri-Brisku_Perurimi-i-librit-ne-Ulqin.1.jpg#webpage","url":"https:\/\/www.visit-ulcinj.com\/blog\/wp-content\/uploads\/2013\/03\/Bahri-Brisku_Perurimi-i-librit-ne-Ulqin.1.jpg","name":"Bahri Brisku_Perurimi i librit ne Ulqin.1 - Lajme nga Ulqini","isPartOf":{"@id":"https:\/\/www.visit-ulcinj.com\/blog\/#website"},"datePublished":"2013-03-21T11:46:17+00:00","dateModified":"2013-03-21T11:46:17+00:00","breadcrumb":{"@id":"https:\/\/www.visit-ulcinj.com\/blog\/wp-content\/uploads\/2013\/03\/Bahri-Brisku_Perurimi-i-librit-ne-Ulqin.1.jpg#breadcrumb"},"inLanguage":"en-US","potentialAction":[{"@type":"ReadAction","target":["https:\/\/www.visit-ulcinj.com\/blog\/wp-content\/uploads\/2013\/03\/Bahri-Brisku_Perurimi-i-librit-ne-Ulqin.1.jpg"]}]},{"@type":"BreadcrumbList","@id":"https:\/\/www.visit-ulcinj.com\/blog\/wp-content\/uploads\/2013\/03\/Bahri-Brisku_Perurimi-i-librit-ne-Ulqin.1.jpg#breadcrumb","itemListElement":[{"@type":"ListItem","position":1,"name":"Bahri Brisku: Krijuesit q\u00eb sfiduan koh\u00ebrat (1) + Foto","item":"https:\/\/www.visit-ulcinj.com\/blog\/2013\/03\/21\/bahri-brisku-krijuesit-qe-sfiduan-koherat-1-foto\/"},{"@type":"ListItem","position":2,"name":"Bahri Brisku_Perurimi i librit ne Ulqin.1"}]}]}},"jetpack_sharing_enabled":true,"jetpack_shortlink":"https:\/\/wp.me\/ae6lTn-iaU","description":{"rendered":"<p class=\"attachment\"><a href='https:\/\/www.visit-ulcinj.com\/blog\/wp-content\/uploads\/2013\/03\/Bahri-Brisku_Perurimi-i-librit-ne-Ulqin.1.jpg'><img width=\"300\" height=\"225\" src=\"https:\/\/www.visit-ulcinj.com\/blog\/wp-content\/uploads\/2013\/03\/Bahri-Brisku_Perurimi-i-librit-ne-Ulqin.1-300x225.jpg\" class=\"attachment-medium size-medium\" alt=\"\" loading=\"lazy\" srcset=\"https:\/\/www.visit-ulcinj.com\/blog\/wp-content\/uploads\/2013\/03\/Bahri-Brisku_Perurimi-i-librit-ne-Ulqin.1-300x225.jpg 300w, https:\/\/www.visit-ulcinj.com\/blog\/wp-content\/uploads\/2013\/03\/Bahri-Brisku_Perurimi-i-librit-ne-Ulqin.1.jpg 960w\" sizes=\"(max-width: 300px) 100vw, 300px\" \/><\/a><\/p>\n<p>Bahri Brisku ka festuar t\u00eb ejten e kaluar 80 vjetorin e tij t\u00eb lindjes por t\u00eb njejten dit\u00eb u be dhe perurimi i librit \u201cK\u00ebng\u00eb popullore t\u00eb shqiptar\u00ebve n\u00eb Mal t\u00eb Zi\u201d. \u201cNderi i Kombit\u201d e festoi dit\u00eblindjen e tij tek sht\u00ebpia, nd\u00ebrkoh\u00eb q\u00eb urimet e shumta nga miqt\u00eb e koleg\u00eb i mori p\u00ebrmes telefonit.<\/p>\n<p>Bahri Brisku lindi m\u00eb 14.03.1933 n\u00eb Ulqin. Shkoll\u00ebn normale e kreu n\u00eb Shkup m\u00eb 1954, kurse shkoll\u00ebn e lart\u00eb pedagogjike (gjuh\u00eb dhe let\u00ebrsi shqipe) po ashtu n\u00eb Shkup, m\u00eb 1957. Studimet n\u00eb grupin e Let\u00ebtersis\u00eb Jugosllave dhe Bot\u00ebrore i kreu n\u00eb Fakultetin Filozofike t\u00eb Shkupit, m\u00eb 1961.<br \/>\nBahri Brisku Feston 80 vjetorin<br \/>\nN\u00eb Prishtin\u00eb ka kryer studimet pasuniversitare. Po k\u00ebtu ka mbrojtur tez\u00ebn e magjistratur\u00ebs (t\u00eb kandidatit t\u00eb shkencave n\u00eb tem\u00ebn &#8220;Lirika popullore n\u00eb trek\u00ebnshin&#8221; UIqin \u2011 shestan \u2011 Bregu i Bun\u00ebs&#8221;. Tez\u00ebn e doktoratur\u00ebs \u201cDeti dhe detar\u00ebt n\u00eb let\u00ebrsin\u00eb popullore shqiptare\u201d m\u00eb t\u00eb cil\u00ebn fiton grad\u00ebn shkencore Dr. i shkencave filologjike, e ka mbrojtur ne Universitetin e Kosov\u00ebs. P\u00ebr bindjet e tija politike komb\u00ebtare ka qen p\u00ebrher\u00eb i ndjekur dhe \u00ebsht\u00eb d\u00ebnuar disa her\u00eb nga ish pushteti bolshevik, i cili as nuk lejonte q\u00eb t\u00eb botoheshin punimet dhe studimet e tia. Ka punuar si pedagog dhe gazetar ne Kosov\u00eb e gjetiu. \u00cbsht\u00eb mbledh\u00ebs dhe studiues i folklorit. N\u00ebp\u00ebr revista dhe publikime t\u00eb tjera ka botuar af\u00ebr nj\u00eb qind studime nga l\u00ebmit e ndryshme shkencore. Ka botuar poezi dhe proza p\u00ebr f\u00ebmij\u00eb. Tani ka p\u00ebrgatitur p\u00ebr shtyp : &#8220;S\u2019ka liri pa bashkim komb\u00ebtar&#8221;, (Studime dhe intervista) dhe &#8220;Deti dhe detar\u00ebt n\u00eb historin\u00eb dhe n\u00eb let\u00ebrsine popullore shqiptare\u201d. Pjesa ma e madhe e studimeve q\u00eb po i publikon n\u00eb vepr\u00ebn \u201cGjurmime Shqiptare\u201d\u00ad kan\u00eb qen\u00eb botuar n\u00ebp\u00ebra revista shkencore.<\/p>\n<p>U Magjistrua n\u00eb Universitetin e Prishtin\u00ebs me tem\u00ebn: &#8220;Lirika popullore n\u00eb trek\u00ebnd\u00ebshin Ulqin-Shestan-Bregu i Bun\u00ebs&#8221;, m\u00eb 1986. Nd\u00ebrkaq, m\u00eb 1990 mbrojti tez\u00ebn e doktorat\u00ebs me tem\u00ebn: &#8220;Detin dhe detar\u00ebt n\u00eb let\u00ebrsin\u00eb popullore shqiptare&#8221;.<\/p>\n<p>Ka qen\u00eb gazetar shum\u00ebvjecar i Rilindjes dhe kryeredaktor i revist\u00ebs &#8220;Horizonti&#8221;. Ka botuar fejtonet: &#8220;Shkrimtari bot\u00ebror Servantesi rob n\u00eb Kalan\u00eb e Ulqinit&#8221;, &#8220;Mozaiku i mbret\u00ebresh\u00ebs Teuta n\u00eb Risan dhe ishulli i saj pran\u00eb Visit&#8221;, &#8220;Detar\u00ebt mbar\u00ebshqiptar n\u00eb legjenda dhe krijme popullore&#8221; etj.<\/p>\n<p>N\u00eb shum\u00eb mediume n\u00eb Kosov\u00eb, n\u00eb Maqendoni, n\u00eb Mal t\u00eb Zi dhe n\u00eb Shqip\u00ebri ka botuar mbi 200 artikuj e trajtesa shkencore t\u00eb fushave t\u00eb ndryshme, sidomos nga folklori dhe etnologjia.<\/p>\n<p>Ai ka marr\u00eb pjes\u00eb me kumtesa n\u00eb shum\u00eb tubime shkencore nd\u00ebrkomb\u00ebtare, ku jan\u00eb trajtuar \u00e7\u00ebshtjet e ndryshme t\u00eb folklorit.<\/p>\n<p>Dr. Bahri Brisku ka botuar deri tani veprat: \u201cRudina magjike\u201d, \u201cStudime shqiptare\u201d, \u201cLirika popullore n\u00eb trek\u00ebnd\u00ebshin: Ulqin \u2013 Shestan \u2013 Bregu i Bun\u00ebs\u201d, \u201cDeti dhe detar\u00ebt n\u00eb let\u00ebrsin\u00eb popullore shqiptare\u201d, \u201cKusar\u00ebt dhe detar\u00ebt shqiptar\u00eb dhe kontributi i tyre n\u00eb mbrojtjen e autoktonis\u00eb shqiptare\u201d, \u201cGjurm\u00eb dhe hije\u201d (roman), \u201cPolemik\u00eb lidhur me falsifikimet shkencore kundra shqiptar\u00ebve t\u00eb Kapllan Buroviqit\u201d.<\/p>\n<p>N\u00eb perurimin e libritDr. Bahri Brisku ka botuar librin \u201cK\u00ebng\u00eb popullore t\u00eb shqiptar\u00ebve n\u00eb Mal t\u00eb Zi\u201d.<\/p>\n<p>N\u00eb lib\u00ebr jan\u00eb p\u00ebrfshir\u00eb 475 k\u00ebng\u00eb, t\u00eb cilat autori i ka mbledhur nga k\u00ebng\u00ebtar\u00eb t\u00eb t\u00eb gjitha trevave ku jetojn\u00eb shqiptar\u00ebt n\u00eb Mal t\u00eb Zi. K\u00ebng\u00ebt jan\u00eb ndar\u00eb sipas tematik\u00ebs n\u00eb 14 kapituj: Ninulat, K\u00ebng\u00eb dhe lojra t\u00eb f\u00ebmij\u00ebve, K\u00ebng\u00eb satirike, K\u00ebng\u00eb pune, K\u00ebng\u00eb dashurie, K\u00ebng\u00eb dasme, K\u00ebng\u00ebt e Rilindjes Komb\u00ebtare, K\u00ebng\u00eb popullore p\u00ebr ngjarjet e Lidhjes Shqiptare t\u00eb Prizrenit, Vajtimet, K\u00ebng\u00eb t\u00eb ndryshme, K\u00ebng\u00eb t\u00eb m\u00ebrgimit, K\u00ebng\u00eb baladike (baladat), K\u00ebng\u00eb qytetare dhe Epika (K\u00ebng\u00ebt kreshnike).<\/p>\n<p>N\u00eb parath\u00ebnien e librit, autori thot\u00eb se krijimtaria artistike popullore, kjo pasuri e madhe shpirt\u00ebrore, ka mbajtur gjall\u00eb fantazin\u00eb krijuese komb\u00ebtare n\u00ebp\u00ebr shekuj. Ashtu si dhe krijimet e tjera t\u00eb shqiptar\u00ebve n\u00eb Mal t\u00eb Zi, ajo prezanton nj\u00eb begati t\u00eb konsiderueshme t\u00eb kultur\u00ebs son\u00eb gjith\u00ebkomb\u00ebtare. Megjith\u00ebse pjesa m\u00eb e madhe e k\u00ebsaj krijimtarie ngjan me krijimet e hap\u00ebsirave t\u00eb tjera shqiptare, n\u00eb thesarin e k\u00ebtyre prodhimeve poetike popullore t\u00eb shqiptar\u00ebve n\u00eb Mal t\u00eb Zi qartas hetohen edhe krijime individuale, origjinale, me t\u00eb cilat pa hamendje begatohet folkloristika mbar\u00ebkomb\u00ebtare dhe ajo universale.<\/p>\n"},"caption":{"rendered":"<p>Bahri Brisku ka festuar t\u00eb ejten e kaluar 80 vjetorin e tij t\u00eb lindjes por t\u00eb njejten dit\u00eb u be dhe perurimi i librit \u201cK\u00ebng\u00eb popullore t\u00eb shqiptar\u00ebve n\u00eb Mal t\u00eb Zi\u201d. \u201cNderi i Kombit\u201d e festoi dit\u00eblindjen e tij tek sht\u00ebpia, nd\u00ebrkoh\u00eb q\u00eb urimet e shumta nga miqt\u00eb e koleg\u00eb i mori p\u00ebrmes telefonit. [&hellip;]<\/p>\n"},"alt_text":"","media_type":"image","mime_type":"image\/jpeg","media_details":{"width":960,"height":720,"file":"2013\/03\/Bahri-Brisku_Perurimi-i-librit-ne-Ulqin.1.jpg","sizes":{"thumbnail":{"file":"Bahri-Brisku_Perurimi-i-librit-ne-Ulqin.1-150x150.jpg","width":150,"height":150,"mime_type":"image\/jpeg","source_url":"https:\/\/www.visit-ulcinj.com\/blog\/wp-content\/uploads\/2013\/03\/Bahri-Brisku_Perurimi-i-librit-ne-Ulqin.1-150x150.jpg"},"medium":{"file":"Bahri-Brisku_Perurimi-i-librit-ne-Ulqin.1-300x225.jpg","width":300,"height":225,"mime_type":"image\/jpeg","source_url":"https:\/\/www.visit-ulcinj.com\/blog\/wp-content\/uploads\/2013\/03\/Bahri-Brisku_Perurimi-i-librit-ne-Ulqin.1-300x225.jpg"},"full":{"file":"Bahri-Brisku_Perurimi-i-librit-ne-Ulqin.1.jpg","width":960,"height":720,"mime_type":"image\/jpeg","source_url":"https:\/\/www.visit-ulcinj.com\/blog\/wp-content\/uploads\/2013\/03\/Bahri-Brisku_Perurimi-i-librit-ne-Ulqin.1.jpg"}},"image_meta":{"aperture":0,"credit":"","camera":"","caption":"","created_timestamp":0,"copyright":"","focal_length":0,"iso":0,"shutter_speed":0,"title":""}},"post":69863,"source_url":"https:\/\/www.visit-ulcinj.com\/blog\/wp-content\/uploads\/2013\/03\/Bahri-Brisku_Perurimi-i-librit-ne-Ulqin.1.jpg","_links":{"self":[{"href":"https:\/\/www.visit-ulcinj.com\/blog\/wp-json\/wp\/v2\/media\/69868"}],"collection":[{"href":"https:\/\/www.visit-ulcinj.com\/blog\/wp-json\/wp\/v2\/media"}],"about":[{"href":"https:\/\/www.visit-ulcinj.com\/blog\/wp-json\/wp\/v2\/types\/attachment"}],"author":[{"embeddable":true,"href":"https:\/\/www.visit-ulcinj.com\/blog\/wp-json\/wp\/v2\/users\/1"}],"replies":[{"embeddable":true,"href":"https:\/\/www.visit-ulcinj.com\/blog\/wp-json\/wp\/v2\/comments?post=69868"}]}}