{"id":70242,"date":"2013-04-01T00:37:53","date_gmt":"2013-03-31T23:37:53","guid":{"rendered":"http:\/\/www.visit-ulcinj.com\/blog\/wp-content\/uploads\/2013\/04\/Homazh-per-viktimat-e-Tivarit-ne-Tivar.26.jpg"},"modified":"2013-04-01T00:37:53","modified_gmt":"2013-03-31T23:37:53","slug":"homazh-per-viktimat-e-tivarit-ne-tivar-26","status":"inherit","type":"attachment","link":"https:\/\/www.visit-ulcinj.com\/blog\/2013\/04\/01\/perkujtim-dhe-homazh-per-viktimat-e-tivarit-ne-tivar-31-03-2013\/homazh-per-viktimat-e-tivarit-ne-tivar-26\/","title":{"rendered":"Homazh per viktimat e Tivarit ne Tivar.26"},"author":1,"comment_status":"open","ping_status":"closed","template":"","meta":{"spay_email":""},"yoast_head":"<!-- This site is optimized with the Yoast SEO plugin v19.1 - https:\/\/yoast.com\/wordpress\/plugins\/seo\/ -->\n<title>Homazh per viktimat e Tivarit ne Tivar.26 - Lajme nga Ulqini<\/title>\n<meta name=\"robots\" content=\"index, follow, max-snippet:-1, max-image-preview:large, max-video-preview:-1\" \/>\n<link rel=\"canonical\" href=\"https:\/\/www.visit-ulcinj.com\/blog\/wp-content\/uploads\/2013\/04\/Homazh-per-viktimat-e-Tivarit-ne-Tivar.26.jpg\" \/>\n<meta property=\"og:locale\" content=\"en_US\" \/>\n<meta property=\"og:type\" content=\"article\" \/>\n<meta property=\"og:title\" content=\"Homazh per viktimat e Tivarit ne Tivar.26 - Lajme nga Ulqini\" \/>\n<meta property=\"og:description\" content=\"Konferenca i zhvilloi punimet n\u00eb dy seanca, ku mor\u00ebn pjes\u00eb shum\u00eb studiues t\u00eb njohur nga Shqip\u00ebria, Kosova, Maqedonia dhe Mali i Zi. U lexuan 16 kumtesa interesante n\u00eb lidhje me k\u00ebt\u00eb ngjarje t\u00eb r\u00ebnd\u00eb tragjike p\u00ebr shqiptar\u00ebt q\u00eb ndodhi 68 vite m\u00eb par\u00eb. Konferenca do t\u00eb vazhdoj\u00eb me punimet e veta edhe sot, m\u00eb 31 [&hellip;]\" \/>\n<meta property=\"og:url\" content=\"https:\/\/www.visit-ulcinj.com\/blog\/wp-content\/uploads\/2013\/04\/Homazh-per-viktimat-e-Tivarit-ne-Tivar.26.jpg\" \/>\n<meta property=\"og:site_name\" content=\"Lajme nga Ulqini\" \/>\n<meta property=\"og:image\" content=\"https:\/\/www.visit-ulcinj.com\/blog\/wp-content\/uploads\/2013\/04\/Homazh-per-viktimat-e-Tivarit-ne-Tivar.26.jpg\" \/>\n\t<meta property=\"og:image:width\" content=\"960\" \/>\n\t<meta property=\"og:image:height\" content=\"720\" \/>\n\t<meta property=\"og:image:type\" content=\"image\/jpeg\" \/>\n<meta name=\"twitter:label1\" content=\"Est. reading time\" \/>\n\t<meta name=\"twitter:data1\" content=\"1 minute\" \/>\n<script type=\"application\/ld+json\" class=\"yoast-schema-graph\">{\"@context\":\"https:\/\/schema.org\",\"@graph\":[{\"@type\":\"WebSite\",\"@id\":\"https:\/\/www.visit-ulcinj.com\/blog\/#website\",\"url\":\"https:\/\/www.visit-ulcinj.com\/blog\/\",\"name\":\"Lajme nga Ulqini\",\"description\":\"Lajme,Vijesti,Ulqini,Ulqin,Crna Gora,Mali i Zi\",\"potentialAction\":[{\"@type\":\"SearchAction\",\"target\":{\"@type\":\"EntryPoint\",\"urlTemplate\":\"https:\/\/www.visit-ulcinj.com\/blog\/?s={search_term_string}\"},\"query-input\":\"required name=search_term_string\"}],\"inLanguage\":\"en-US\"},{\"@type\":\"ImageObject\",\"inLanguage\":\"en-US\",\"@id\":\"https:\/\/www.visit-ulcinj.com\/blog\/wp-content\/uploads\/2013\/04\/Homazh-per-viktimat-e-Tivarit-ne-Tivar.26.jpg#primaryimage\",\"url\":\"https:\/\/www.visit-ulcinj.com\/blog\/wp-content\/uploads\/2013\/04\/Homazh-per-viktimat-e-Tivarit-ne-Tivar.jpg\",\"contentUrl\":\"https:\/\/www.visit-ulcinj.com\/blog\/wp-content\/uploads\/2013\/04\/Homazh-per-viktimat-e-Tivarit-ne-Tivar.jpg\",\"width\":960,\"height\":720},{\"@type\":\"WebPage\",\"@id\":\"https:\/\/www.visit-ulcinj.com\/blog\/wp-content\/uploads\/2013\/04\/Homazh-per-viktimat-e-Tivarit-ne-Tivar.26.jpg#webpage\",\"url\":\"https:\/\/www.visit-ulcinj.com\/blog\/wp-content\/uploads\/2013\/04\/Homazh-per-viktimat-e-Tivarit-ne-Tivar.26.jpg\",\"name\":\"Homazh per viktimat e Tivarit ne Tivar.26 - Lajme nga Ulqini\",\"isPartOf\":{\"@id\":\"https:\/\/www.visit-ulcinj.com\/blog\/#website\"},\"primaryImageOfPage\":{\"@id\":\"https:\/\/www.visit-ulcinj.com\/blog\/wp-content\/uploads\/2013\/04\/Homazh-per-viktimat-e-Tivarit-ne-Tivar.26.jpg#primaryimage\"},\"datePublished\":\"2013-03-31T23:37:53+00:00\",\"dateModified\":\"2013-03-31T23:37:53+00:00\",\"breadcrumb\":{\"@id\":\"https:\/\/www.visit-ulcinj.com\/blog\/wp-content\/uploads\/2013\/04\/Homazh-per-viktimat-e-Tivarit-ne-Tivar.26.jpg#breadcrumb\"},\"inLanguage\":\"en-US\",\"potentialAction\":[{\"@type\":\"ReadAction\",\"target\":[\"https:\/\/www.visit-ulcinj.com\/blog\/wp-content\/uploads\/2013\/04\/Homazh-per-viktimat-e-Tivarit-ne-Tivar.26.jpg\"]}]},{\"@type\":\"BreadcrumbList\",\"@id\":\"https:\/\/www.visit-ulcinj.com\/blog\/wp-content\/uploads\/2013\/04\/Homazh-per-viktimat-e-Tivarit-ne-Tivar.26.jpg#breadcrumb\",\"itemListElement\":[{\"@type\":\"ListItem\",\"position\":1,\"name\":\"P\u00ebrkujtim dhe homazh p\u00ebr viktimat e Tivarit n\u00eb Tivar 31.03.2013\",\"item\":\"https:\/\/www.visit-ulcinj.com\/blog\/2013\/04\/01\/perkujtim-dhe-homazh-per-viktimat-e-tivarit-ne-tivar-31-03-2013\/\"},{\"@type\":\"ListItem\",\"position\":2,\"name\":\"Homazh per viktimat e Tivarit ne Tivar.26\"}]}]}<\/script>\n<!-- \/ Yoast SEO plugin. -->","yoast_head_json":{"title":"Homazh per viktimat e Tivarit ne Tivar.26 - Lajme nga Ulqini","robots":{"index":"index","follow":"follow","max-snippet":"max-snippet:-1","max-image-preview":"max-image-preview:large","max-video-preview":"max-video-preview:-1"},"canonical":"https:\/\/www.visit-ulcinj.com\/blog\/wp-content\/uploads\/2013\/04\/Homazh-per-viktimat-e-Tivarit-ne-Tivar.26.jpg","og_locale":"en_US","og_type":"article","og_title":"Homazh per viktimat e Tivarit ne Tivar.26 - Lajme nga Ulqini","og_description":"Konferenca i zhvilloi punimet n\u00eb dy seanca, ku mor\u00ebn pjes\u00eb shum\u00eb studiues t\u00eb njohur nga Shqip\u00ebria, Kosova, Maqedonia dhe Mali i Zi. U lexuan 16 kumtesa interesante n\u00eb lidhje me k\u00ebt\u00eb ngjarje t\u00eb r\u00ebnd\u00eb tragjike p\u00ebr shqiptar\u00ebt q\u00eb ndodhi 68 vite m\u00eb par\u00eb. Konferenca do t\u00eb vazhdoj\u00eb me punimet e veta edhe sot, m\u00eb 31 [&hellip;]","og_url":"https:\/\/www.visit-ulcinj.com\/blog\/wp-content\/uploads\/2013\/04\/Homazh-per-viktimat-e-Tivarit-ne-Tivar.26.jpg","og_site_name":"Lajme nga Ulqini","og_image":[{"width":960,"height":720,"url":"https:\/\/www.visit-ulcinj.com\/blog\/wp-content\/uploads\/2013\/04\/Homazh-per-viktimat-e-Tivarit-ne-Tivar.26.jpg","type":"image\/jpeg"}],"twitter_misc":{"Est. reading time":"1 minute"},"schema":{"@context":"https:\/\/schema.org","@graph":[{"@type":"WebSite","@id":"https:\/\/www.visit-ulcinj.com\/blog\/#website","url":"https:\/\/www.visit-ulcinj.com\/blog\/","name":"Lajme nga Ulqini","description":"Lajme,Vijesti,Ulqini,Ulqin,Crna Gora,Mali i Zi","potentialAction":[{"@type":"SearchAction","target":{"@type":"EntryPoint","urlTemplate":"https:\/\/www.visit-ulcinj.com\/blog\/?s={search_term_string}"},"query-input":"required name=search_term_string"}],"inLanguage":"en-US"},{"@type":"ImageObject","inLanguage":"en-US","@id":"https:\/\/www.visit-ulcinj.com\/blog\/wp-content\/uploads\/2013\/04\/Homazh-per-viktimat-e-Tivarit-ne-Tivar.26.jpg#primaryimage","url":"https:\/\/www.visit-ulcinj.com\/blog\/wp-content\/uploads\/2013\/04\/Homazh-per-viktimat-e-Tivarit-ne-Tivar.jpg","contentUrl":"https:\/\/www.visit-ulcinj.com\/blog\/wp-content\/uploads\/2013\/04\/Homazh-per-viktimat-e-Tivarit-ne-Tivar.jpg","width":960,"height":720},{"@type":"WebPage","@id":"https:\/\/www.visit-ulcinj.com\/blog\/wp-content\/uploads\/2013\/04\/Homazh-per-viktimat-e-Tivarit-ne-Tivar.26.jpg#webpage","url":"https:\/\/www.visit-ulcinj.com\/blog\/wp-content\/uploads\/2013\/04\/Homazh-per-viktimat-e-Tivarit-ne-Tivar.26.jpg","name":"Homazh per viktimat e Tivarit ne Tivar.26 - Lajme nga Ulqini","isPartOf":{"@id":"https:\/\/www.visit-ulcinj.com\/blog\/#website"},"primaryImageOfPage":{"@id":"https:\/\/www.visit-ulcinj.com\/blog\/wp-content\/uploads\/2013\/04\/Homazh-per-viktimat-e-Tivarit-ne-Tivar.26.jpg#primaryimage"},"datePublished":"2013-03-31T23:37:53+00:00","dateModified":"2013-03-31T23:37:53+00:00","breadcrumb":{"@id":"https:\/\/www.visit-ulcinj.com\/blog\/wp-content\/uploads\/2013\/04\/Homazh-per-viktimat-e-Tivarit-ne-Tivar.26.jpg#breadcrumb"},"inLanguage":"en-US","potentialAction":[{"@type":"ReadAction","target":["https:\/\/www.visit-ulcinj.com\/blog\/wp-content\/uploads\/2013\/04\/Homazh-per-viktimat-e-Tivarit-ne-Tivar.26.jpg"]}]},{"@type":"BreadcrumbList","@id":"https:\/\/www.visit-ulcinj.com\/blog\/wp-content\/uploads\/2013\/04\/Homazh-per-viktimat-e-Tivarit-ne-Tivar.26.jpg#breadcrumb","itemListElement":[{"@type":"ListItem","position":1,"name":"P\u00ebrkujtim dhe homazh p\u00ebr viktimat e Tivarit n\u00eb Tivar 31.03.2013","item":"https:\/\/www.visit-ulcinj.com\/blog\/2013\/04\/01\/perkujtim-dhe-homazh-per-viktimat-e-tivarit-ne-tivar-31-03-2013\/"},{"@type":"ListItem","position":2,"name":"Homazh per viktimat e Tivarit ne Tivar.26"}]}]}},"jetpack_sharing_enabled":true,"jetpack_shortlink":"https:\/\/wp.me\/ae6lTn-igW","description":{"rendered":"<p class=\"attachment\"><a href='https:\/\/www.visit-ulcinj.com\/blog\/wp-content\/uploads\/2013\/04\/Homazh-per-viktimat-e-Tivarit-ne-Tivar.26.jpg'><img width=\"300\" height=\"225\" src=\"https:\/\/www.visit-ulcinj.com\/blog\/wp-content\/uploads\/2013\/04\/Homazh-per-viktimat-e-Tivarit-ne-Tivar.26-300x225.jpg\" class=\"attachment-medium size-medium\" alt=\"\" loading=\"lazy\" srcset=\"https:\/\/www.visit-ulcinj.com\/blog\/wp-content\/uploads\/2013\/04\/Homazh-per-viktimat-e-Tivarit-ne-Tivar.26-300x225.jpg 300w, https:\/\/www.visit-ulcinj.com\/blog\/wp-content\/uploads\/2013\/04\/Homazh-per-viktimat-e-Tivarit-ne-Tivar.26.jpg 960w\" sizes=\"(max-width: 300px) 100vw, 300px\" \/><\/a><\/p>\n<p><a href=\"http:\/\/www.visit-ulcinj.com\/blog\/wp-content\/uploads\/2013\/04\/Homazh-per-viktimat-e-Tivarit-ne-Tivar.jpg\"><img loading=\"lazy\" class=\"alignleft  wp-image-70217\" alt=\"Homazh per viktimat e Tivarit ne Tivar\" src=\"http:\/\/www.visit-ulcinj.com\/blog\/wp-content\/uploads\/2013\/04\/Homazh-per-viktimat-e-Tivarit-ne-Tivar.jpg\" width=\"508\" height=\"360\" \/><\/a>Konferenca i zhvilloi punimet n\u00eb dy seanca, ku mor\u00ebn pjes\u00eb shum\u00eb studiues t\u00eb njohur nga Shqip\u00ebria, Kosova, Maqedonia dhe Mali i Zi. U lexuan 16 kumtesa interesante n\u00eb lidhje me k\u00ebt\u00eb ngjarje t\u00eb r\u00ebnd\u00eb tragjike p\u00ebr shqiptar\u00ebt q\u00eb ndodhi 68 vite m\u00eb par\u00eb. Konferenca do t\u00eb vazhdoj\u00eb me punimet e veta edhe sot, m\u00eb 31 mars 2013.<br \/>\n<a href=\"http:\/\/www.visit-ulcinj.com\/blog\/wp-content\/uploads\/2013\/04\/fabrika-e-duvanit-Masakra-e-Tivarit.jpg\"><img loading=\"lazy\" src=\"http:\/\/www.visit-ulcinj.com\/blog\/wp-content\/uploads\/2013\/04\/fabrika-e-duvanit-Masakra-e-Tivarit.jpg\" alt=\"fabrika e duvanit-Masakra e Tivarit\" width=\"508\" height=\"300\" class=\"alignleft size-full wp-image-70247\" \/><\/a><br \/>\nPas p\u00ebrfundimit t\u00eb Konferenc\u00ebs Shkencore ,,Masakra e Tivarit 1945\u2033, sot m\u00eb 31 mars 2012 studiuesit t\u00eb njohur nga Shqip\u00ebria, Kosova, Maqedonia dhe Mali i Zi shkuan edhe n\u00eb Tivar, t\u00eb Monopoli i duhanit, n\u00eb Breg t\u00eb Tivarit, aty ku ndodhi kjo masak\u00ebr dhe do t\u00eb vendoset nj\u00eb kuror\u00eb me lule. Ishte kjo Konferenca e par\u00eb q\u00eb organizohet p\u00ebr k\u00ebt\u00eb ngjarje t\u00eb dhimbshme, p\u00ebr k\u00ebt\u00eb masak\u00ebr, p\u00ebr k\u00ebt\u00eb gjenocid t\u00eb papar\u00eb ndaj trimave kosovar\u00eb.<\/p>\n<p>Prandaj edhe kjo dit\u00eb k\u00ebtu n\u00eb Ulqin dhe Tivar mund t\u00eb cil\u00ebsohet si nj\u00eb vazhdim\u00ebsi e k\u00ebsaj veprimtarie n\u00eb trevat e tjera shqiptare p\u00ebr t\u00eb p\u00ebrkujtuar Masakr\u00ebn e Tivarit, k\u00ebt\u00eb ngjarje t\u00eb r\u00ebnd\u00eb tragjike p\u00ebr shqiptar\u00ebt q\u00eb ndodhi 68 vite m\u00eb par\u00eb. Jo m\u00eb kot \u00ebsht\u00eb zgjedhur 31 marsi p\u00ebr t\u00eb b\u00ebr\u00eb &#8221; P\u00ebrkujtim dhe homazh p\u00ebr viktimat e Tivarit &#8220;. Kjo dat\u00eb p\u00ebrkon me dit\u00ebn e kryerjes s\u00eb krimit ndaj t\u00eb rinjve shqiptar\u00eb nga Kosova, t\u00eb mobilizuar me dhun\u00eb nga Ushtria jugosllave.<\/p>\n"},"caption":{"rendered":"<p>Konferenca i zhvilloi punimet n\u00eb dy seanca, ku mor\u00ebn pjes\u00eb shum\u00eb studiues t\u00eb njohur nga Shqip\u00ebria, Kosova, Maqedonia dhe Mali i Zi. U lexuan 16 kumtesa interesante n\u00eb lidhje me k\u00ebt\u00eb ngjarje t\u00eb r\u00ebnd\u00eb tragjike p\u00ebr shqiptar\u00ebt q\u00eb ndodhi 68 vite m\u00eb par\u00eb. Konferenca do t\u00eb vazhdoj\u00eb me punimet e veta edhe sot, m\u00eb 31 [&hellip;]<\/p>\n"},"alt_text":"","media_type":"image","mime_type":"image\/jpeg","media_details":{"width":960,"height":720,"file":"2013\/04\/Homazh-per-viktimat-e-Tivarit-ne-Tivar.26.jpg","sizes":{"thumbnail":{"file":"Homazh-per-viktimat-e-Tivarit-ne-Tivar.26-150x150.jpg","width":150,"height":150,"mime_type":"image\/jpeg","source_url":"https:\/\/www.visit-ulcinj.com\/blog\/wp-content\/uploads\/2013\/04\/Homazh-per-viktimat-e-Tivarit-ne-Tivar.26-150x150.jpg"},"medium":{"file":"Homazh-per-viktimat-e-Tivarit-ne-Tivar.26-300x225.jpg","width":300,"height":225,"mime_type":"image\/jpeg","source_url":"https:\/\/www.visit-ulcinj.com\/blog\/wp-content\/uploads\/2013\/04\/Homazh-per-viktimat-e-Tivarit-ne-Tivar.26-300x225.jpg"},"full":{"file":"Homazh-per-viktimat-e-Tivarit-ne-Tivar.26.jpg","width":960,"height":720,"mime_type":"image\/jpeg","source_url":"https:\/\/www.visit-ulcinj.com\/blog\/wp-content\/uploads\/2013\/04\/Homazh-per-viktimat-e-Tivarit-ne-Tivar.26.jpg"}},"image_meta":{"aperture":0,"credit":"","camera":"","caption":"","created_timestamp":0,"copyright":"","focal_length":0,"iso":0,"shutter_speed":0,"title":""}},"post":70216,"source_url":"https:\/\/www.visit-ulcinj.com\/blog\/wp-content\/uploads\/2013\/04\/Homazh-per-viktimat-e-Tivarit-ne-Tivar.26.jpg","_links":{"self":[{"href":"https:\/\/www.visit-ulcinj.com\/blog\/wp-json\/wp\/v2\/media\/70242"}],"collection":[{"href":"https:\/\/www.visit-ulcinj.com\/blog\/wp-json\/wp\/v2\/media"}],"about":[{"href":"https:\/\/www.visit-ulcinj.com\/blog\/wp-json\/wp\/v2\/types\/attachment"}],"author":[{"embeddable":true,"href":"https:\/\/www.visit-ulcinj.com\/blog\/wp-json\/wp\/v2\/users\/1"}],"replies":[{"embeddable":true,"href":"https:\/\/www.visit-ulcinj.com\/blog\/wp-json\/wp\/v2\/comments?post=70242"}]}}