{"id":70497,"date":"2013-04-11T17:09:21","date_gmt":"2013-04-11T16:09:21","guid":{"rendered":"http:\/\/www.visit-ulcinj.com\/blog\/wp-content\/uploads\/2013\/04\/Qendra-per-te-Rinje-me-pengesa-ne-zhvillim-Sirena-Ulqin.jpg"},"modified":"2013-04-11T17:09:21","modified_gmt":"2013-04-11T16:09:21","slug":"qendra-per-te-rinje-me-pengesa-ne-zhvillim-sirena-ulqin","status":"inherit","type":"attachment","link":"https:\/\/www.visit-ulcinj.com\/blog\/2013\/04\/11\/qendra-per-te-rinje-me-pengesa-ne-zhvillim-sirena-kerkese-per-ndihme\/qendra-per-te-rinje-me-pengesa-ne-zhvillim-sirena-ulqin\/","title":{"rendered":"Qendra per te Rinje me pengesa ne zhvillim Sirena Ulqin"},"author":1,"comment_status":"open","ping_status":"closed","template":"","meta":{"spay_email":""},"yoast_head":"<!-- This site is optimized with the Yoast SEO plugin v19.1 - https:\/\/yoast.com\/wordpress\/plugins\/seo\/ -->\n<title>Qendra per te Rinje me pengesa ne zhvillim Sirena Ulqin - Lajme nga Ulqini<\/title>\n<meta name=\"robots\" content=\"index, follow, max-snippet:-1, max-image-preview:large, max-video-preview:-1\" \/>\n<link rel=\"canonical\" href=\"https:\/\/www.visit-ulcinj.com\/blog\/wp-content\/uploads\/2013\/04\/Qendra-per-te-Rinje-me-pengesa-ne-zhvillim-Sirena-Ulqin.jpg\" \/>\n<meta property=\"og:locale\" content=\"en_US\" \/>\n<meta property=\"og:type\" content=\"article\" \/>\n<meta property=\"og:title\" content=\"Qendra per te Rinje me pengesa ne zhvillim Sirena Ulqin - Lajme nga Ulqini\" \/>\n<meta property=\"og:description\" content=\"T\u00eb nderuar miq, Ju drejtohem me nj\u00eb respekt t\u00eb ve\u00e7ant\u00eb dhe k\u00ebrkes\u00eb p\u00ebr ndihm\u00eb materiale apo p\u00ebr ndihm\u00eb tjet\u00ebr, q\u00eb t\u00eb ndihmoni k\u00ebt\u00eb institucion, n\u00ebse keni mund\u00ebsi. N\u00eb Qendr\u00ebn ton\u00eb t\u00eb f\u00ebmij\u00ebve jan\u00eb t\u00eb regjistruar f\u00ebmij\u00eb, q\u00eb kan\u00eb nevoja t\u00eb ve\u00e7anta nd\u00ebrsa n\u00eb periudh\u00ebn q\u00eb vjen (me keqardhje) pritet q\u00eb t\u00eb paraqiten p\u00ebr regjistrim edhe [&hellip;]\" \/>\n<meta property=\"og:url\" content=\"https:\/\/www.visit-ulcinj.com\/blog\/wp-content\/uploads\/2013\/04\/Qendra-per-te-Rinje-me-pengesa-ne-zhvillim-Sirena-Ulqin.jpg\" \/>\n<meta property=\"og:site_name\" content=\"Lajme nga Ulqini\" \/>\n<meta property=\"og:image\" content=\"https:\/\/www.visit-ulcinj.com\/blog\/wp-content\/uploads\/2013\/04\/Qendra-per-te-Rinje-me-pengesa-ne-zhvillim-Sirena-Ulqin.jpg\" \/>\n\t<meta property=\"og:image:width\" content=\"800\" \/>\n\t<meta property=\"og:image:height\" content=\"467\" \/>\n\t<meta property=\"og:image:type\" content=\"image\/jpeg\" \/>\n<meta name=\"twitter:label1\" content=\"Est. reading time\" \/>\n\t<meta name=\"twitter:data1\" content=\"2 minutes\" \/>\n<script type=\"application\/ld+json\" class=\"yoast-schema-graph\">{\"@context\":\"https:\/\/schema.org\",\"@graph\":[{\"@type\":\"WebSite\",\"@id\":\"https:\/\/www.visit-ulcinj.com\/blog\/#website\",\"url\":\"https:\/\/www.visit-ulcinj.com\/blog\/\",\"name\":\"Lajme nga Ulqini\",\"description\":\"Lajme,Vijesti,Ulqini,Ulqin,Crna Gora,Mali i Zi\",\"potentialAction\":[{\"@type\":\"SearchAction\",\"target\":{\"@type\":\"EntryPoint\",\"urlTemplate\":\"https:\/\/www.visit-ulcinj.com\/blog\/?s={search_term_string}\"},\"query-input\":\"required name=search_term_string\"}],\"inLanguage\":\"en-US\"},{\"@type\":\"WebPage\",\"@id\":\"https:\/\/www.visit-ulcinj.com\/blog\/wp-content\/uploads\/2013\/04\/Qendra-per-te-Rinje-me-pengesa-ne-zhvillim-Sirena-Ulqin.jpg#webpage\",\"url\":\"https:\/\/www.visit-ulcinj.com\/blog\/wp-content\/uploads\/2013\/04\/Qendra-per-te-Rinje-me-pengesa-ne-zhvillim-Sirena-Ulqin.jpg\",\"name\":\"Qendra per te Rinje me pengesa ne zhvillim Sirena Ulqin - Lajme nga Ulqini\",\"isPartOf\":{\"@id\":\"https:\/\/www.visit-ulcinj.com\/blog\/#website\"},\"datePublished\":\"2013-04-11T16:09:21+00:00\",\"dateModified\":\"2013-04-11T16:09:21+00:00\",\"breadcrumb\":{\"@id\":\"https:\/\/www.visit-ulcinj.com\/blog\/wp-content\/uploads\/2013\/04\/Qendra-per-te-Rinje-me-pengesa-ne-zhvillim-Sirena-Ulqin.jpg#breadcrumb\"},\"inLanguage\":\"en-US\",\"potentialAction\":[{\"@type\":\"ReadAction\",\"target\":[\"https:\/\/www.visit-ulcinj.com\/blog\/wp-content\/uploads\/2013\/04\/Qendra-per-te-Rinje-me-pengesa-ne-zhvillim-Sirena-Ulqin.jpg\"]}]},{\"@type\":\"BreadcrumbList\",\"@id\":\"https:\/\/www.visit-ulcinj.com\/blog\/wp-content\/uploads\/2013\/04\/Qendra-per-te-Rinje-me-pengesa-ne-zhvillim-Sirena-Ulqin.jpg#breadcrumb\",\"itemListElement\":[{\"@type\":\"ListItem\",\"position\":1,\"name\":\"Qendra per te Rinje me pengesa ne zhvillim Sirena k\u00ebrkes\u00eb p\u00ebr ndihm\u00eb\",\"item\":\"https:\/\/www.visit-ulcinj.com\/blog\/2013\/04\/11\/qendra-per-te-rinje-me-pengesa-ne-zhvillim-sirena-kerkese-per-ndihme\/\"},{\"@type\":\"ListItem\",\"position\":2,\"name\":\"Qendra per te Rinje me pengesa ne zhvillim Sirena Ulqin\"}]}]}<\/script>\n<!-- \/ Yoast SEO plugin. -->","yoast_head_json":{"title":"Qendra per te Rinje me pengesa ne zhvillim Sirena Ulqin - Lajme nga Ulqini","robots":{"index":"index","follow":"follow","max-snippet":"max-snippet:-1","max-image-preview":"max-image-preview:large","max-video-preview":"max-video-preview:-1"},"canonical":"https:\/\/www.visit-ulcinj.com\/blog\/wp-content\/uploads\/2013\/04\/Qendra-per-te-Rinje-me-pengesa-ne-zhvillim-Sirena-Ulqin.jpg","og_locale":"en_US","og_type":"article","og_title":"Qendra per te Rinje me pengesa ne zhvillim Sirena Ulqin - Lajme nga Ulqini","og_description":"T\u00eb nderuar miq, Ju drejtohem me nj\u00eb respekt t\u00eb ve\u00e7ant\u00eb dhe k\u00ebrkes\u00eb p\u00ebr ndihm\u00eb materiale apo p\u00ebr ndihm\u00eb tjet\u00ebr, q\u00eb t\u00eb ndihmoni k\u00ebt\u00eb institucion, n\u00ebse keni mund\u00ebsi. N\u00eb Qendr\u00ebn ton\u00eb t\u00eb f\u00ebmij\u00ebve jan\u00eb t\u00eb regjistruar f\u00ebmij\u00eb, q\u00eb kan\u00eb nevoja t\u00eb ve\u00e7anta nd\u00ebrsa n\u00eb periudh\u00ebn q\u00eb vjen (me keqardhje) pritet q\u00eb t\u00eb paraqiten p\u00ebr regjistrim edhe [&hellip;]","og_url":"https:\/\/www.visit-ulcinj.com\/blog\/wp-content\/uploads\/2013\/04\/Qendra-per-te-Rinje-me-pengesa-ne-zhvillim-Sirena-Ulqin.jpg","og_site_name":"Lajme nga Ulqini","og_image":[{"width":800,"height":467,"url":"https:\/\/www.visit-ulcinj.com\/blog\/wp-content\/uploads\/2013\/04\/Qendra-per-te-Rinje-me-pengesa-ne-zhvillim-Sirena-Ulqin.jpg","type":"image\/jpeg"}],"twitter_misc":{"Est. reading time":"2 minutes"},"schema":{"@context":"https:\/\/schema.org","@graph":[{"@type":"WebSite","@id":"https:\/\/www.visit-ulcinj.com\/blog\/#website","url":"https:\/\/www.visit-ulcinj.com\/blog\/","name":"Lajme nga Ulqini","description":"Lajme,Vijesti,Ulqini,Ulqin,Crna Gora,Mali i Zi","potentialAction":[{"@type":"SearchAction","target":{"@type":"EntryPoint","urlTemplate":"https:\/\/www.visit-ulcinj.com\/blog\/?s={search_term_string}"},"query-input":"required name=search_term_string"}],"inLanguage":"en-US"},{"@type":"WebPage","@id":"https:\/\/www.visit-ulcinj.com\/blog\/wp-content\/uploads\/2013\/04\/Qendra-per-te-Rinje-me-pengesa-ne-zhvillim-Sirena-Ulqin.jpg#webpage","url":"https:\/\/www.visit-ulcinj.com\/blog\/wp-content\/uploads\/2013\/04\/Qendra-per-te-Rinje-me-pengesa-ne-zhvillim-Sirena-Ulqin.jpg","name":"Qendra per te Rinje me pengesa ne zhvillim Sirena Ulqin - Lajme nga Ulqini","isPartOf":{"@id":"https:\/\/www.visit-ulcinj.com\/blog\/#website"},"datePublished":"2013-04-11T16:09:21+00:00","dateModified":"2013-04-11T16:09:21+00:00","breadcrumb":{"@id":"https:\/\/www.visit-ulcinj.com\/blog\/wp-content\/uploads\/2013\/04\/Qendra-per-te-Rinje-me-pengesa-ne-zhvillim-Sirena-Ulqin.jpg#breadcrumb"},"inLanguage":"en-US","potentialAction":[{"@type":"ReadAction","target":["https:\/\/www.visit-ulcinj.com\/blog\/wp-content\/uploads\/2013\/04\/Qendra-per-te-Rinje-me-pengesa-ne-zhvillim-Sirena-Ulqin.jpg"]}]},{"@type":"BreadcrumbList","@id":"https:\/\/www.visit-ulcinj.com\/blog\/wp-content\/uploads\/2013\/04\/Qendra-per-te-Rinje-me-pengesa-ne-zhvillim-Sirena-Ulqin.jpg#breadcrumb","itemListElement":[{"@type":"ListItem","position":1,"name":"Qendra per te Rinje me pengesa ne zhvillim Sirena k\u00ebrkes\u00eb p\u00ebr ndihm\u00eb","item":"https:\/\/www.visit-ulcinj.com\/blog\/2013\/04\/11\/qendra-per-te-rinje-me-pengesa-ne-zhvillim-sirena-kerkese-per-ndihme\/"},{"@type":"ListItem","position":2,"name":"Qendra per te Rinje me pengesa ne zhvillim Sirena Ulqin"}]}]}},"jetpack_sharing_enabled":true,"jetpack_shortlink":"https:\/\/wp.me\/ae6lTn-il3","description":{"rendered":"<p class=\"attachment\"><a href='https:\/\/www.visit-ulcinj.com\/blog\/wp-content\/uploads\/2013\/04\/Qendra-per-te-Rinje-me-pengesa-ne-zhvillim-Sirena-Ulqin.jpg'><img width=\"300\" height=\"175\" src=\"https:\/\/www.visit-ulcinj.com\/blog\/wp-content\/uploads\/2013\/04\/Qendra-per-te-Rinje-me-pengesa-ne-zhvillim-Sirena-Ulqin-300x175.jpg\" class=\"attachment-medium size-medium\" alt=\"\" loading=\"lazy\" srcset=\"https:\/\/www.visit-ulcinj.com\/blog\/wp-content\/uploads\/2013\/04\/Qendra-per-te-Rinje-me-pengesa-ne-zhvillim-Sirena-Ulqin-300x175.jpg 300w, https:\/\/www.visit-ulcinj.com\/blog\/wp-content\/uploads\/2013\/04\/Qendra-per-te-Rinje-me-pengesa-ne-zhvillim-Sirena-Ulqin.jpg 800w\" sizes=\"(max-width: 300px) 100vw, 300px\" \/><\/a><\/p>\n<p>T\u00eb nderuar miq,<\/p>\n<p>Ju drejtohem me nj\u00eb respekt t\u00eb ve\u00e7ant\u00eb dhe k\u00ebrkes\u00eb p\u00ebr ndihm\u00eb materiale apo p\u00ebr ndihm\u00eb tjet\u00ebr, q\u00eb t\u00eb ndihmoni k\u00ebt\u00eb institucion, n\u00ebse keni mund\u00ebsi.<br \/>\nN\u00eb Qendr\u00ebn ton\u00eb t\u00eb f\u00ebmij\u00ebve jan\u00eb t\u00eb regjistruar f\u00ebmij\u00eb, q\u00eb kan\u00eb nevoja t\u00eb ve\u00e7anta nd\u00ebrsa n\u00eb periudh\u00ebn q\u00eb vjen (me keqardhje) pritet q\u00eb t\u00eb paraqiten p\u00ebr regjistrim edhe ata q\u00eb ende nuk jan\u00eb regjistruar n\u00eb institucionin ton\u00eb.<br \/>\nP\u00ebr k\u00ebt\u00eb arsye Qendra, ka nd\u00ebrmarr\u00eb nj\u00eb aksion humanitar, ne m\u00ebnyr\u00eb q\u00eb t\u00eb p\u00ebrgatitet sa m\u00eb mir\u00eb p\u00ebr periudh\u00ebn q\u00eb pason, me \u00e7\u2019rast pritet angazhimi i personalitetit t\u00eb nevojsh\u00ebm profesional si : Logoped, Psikolog, Fizioterapeut, si dhe sigurimi i pajisjeve t\u00eb domosdoshme p\u00ebr rehabilitimin e f\u00ebmij\u00ebve.<br \/>\nSi humanist\u00eb t\u00eb dalluar, q\u00eb gjithher\u00eb pa kursyer, na keni ndihmuar neve si Qend\u00ebr dhe f\u00ebmij\u00ebve tan\u00eb, shpresojm\u00eb q\u00eb do t\u00eb gjeni m\u00ebnyr\u00ebn se si t\u00eb na dilni n\u00eb ndihm\u00eb edhe k\u00ebsaj here, n\u00eb m\u00ebnyr\u00eb q\u00eb sadopak t\u2019u leht\u00ebsoni brengat e p\u00ebrditshme vog\u00eblush\u00ebve tan\u00eb.<br \/>\nDo t\u00eb ishte e mir\u00ebseardhur, cfar\u00ebdo lloj ndihme e d\u00ebrguar, sepse mjetet e parapara me buxhet t\u00eb Komun\u00ebs ton\u00eb t\u00eb Ulqinit nuk pritet t\u00eb jen\u00eb t\u00eb mjaftushme q\u00eb me nj\u00eb tretman kualitativ t\u2019i mbulojm\u00eb nevojat e f\u00ebmij\u00ebve me t\u00eb meta t\u00eb ve\u00e7anta.<br \/>\nStruktura e re drejtuese e institucionit, aktivitetin e vet do t\u2019a b\u00ebj n\u00eb m\u00ebnyr\u00eb tejet transparente dhe profesionale, me q\u00ebllim q\u00eb p\u00ebrkujdesja p\u00ebr f\u00ebmij\u00ebt n\u00eb Qend\u00ebr t\u00eb b\u00ebhet n\u00eb form\u00ebn sa m\u00eb t\u00eb p\u00eblqyeshme.<br \/>\nN\u00ebse keni vendosur q\u00eb financiarisht t\u00eb na ndihmoni Qendr\u00ebn ton\u00eb, ju lutemi q\u00eb k\u00ebt\u00eb ta b\u00ebni p\u00ebrmes xhirollogaris\u00eb 520-18072-82 tek Banka Hipotekare.<br \/>\nMe shpres\u00eb q\u00eb do t\u00eb dini t\u00eb dalloni aksionin humanitar tonin dhe t\u2019u ndihmoni f\u00ebmij\u00ebve t\u00eb qytetit t\u00eb Ulqinit, q\u00eb kan\u00eb nevoj\u00eb t\u00eb p\u00ebrkujdesjes me t\u00eb madh q\u00eb n\u00eb fillim ju fal\u00ebnderojm\u00eb.<br \/>\nN\u00eb k\u00ebt\u00eb m\u00ebnyr\u00eb nj\u00ebkoh\u00ebsisht jeni t\u00eb ftuar q\u00eb kurdo t\u00eb gjeni koh\u00eb t\u00eb lir\u00eb t\u00eb vizitoni Qendr\u00ebn ton\u00eb, t\u00eb bindeni n\u00eb kushtet e pun\u00ebs si dhe t\u00eb shikoni mund\u00ebsin\u00eb e bashk\u00ebpunimit t\u00eb m\u00ebtutjesh\u00ebm me institucionin ton\u00eb.<\/p>\n<p>Me respekt dhe fal\u00ebnderim t\u00eb ve\u00e7ant\u00eb !<\/p>\n<p>DREJTORI<br \/>\nBilal Alaj<\/p>\n"},"caption":{"rendered":"<p>T\u00eb nderuar miq, Ju drejtohem me nj\u00eb respekt t\u00eb ve\u00e7ant\u00eb dhe k\u00ebrkes\u00eb p\u00ebr ndihm\u00eb materiale apo p\u00ebr ndihm\u00eb tjet\u00ebr, q\u00eb t\u00eb ndihmoni k\u00ebt\u00eb institucion, n\u00ebse keni mund\u00ebsi. N\u00eb Qendr\u00ebn ton\u00eb t\u00eb f\u00ebmij\u00ebve jan\u00eb t\u00eb regjistruar f\u00ebmij\u00eb, q\u00eb kan\u00eb nevoja t\u00eb ve\u00e7anta nd\u00ebrsa n\u00eb periudh\u00ebn q\u00eb vjen (me keqardhje) pritet q\u00eb t\u00eb paraqiten p\u00ebr regjistrim edhe [&hellip;]<\/p>\n"},"alt_text":"","media_type":"image","mime_type":"image\/jpeg","media_details":{"width":800,"height":467,"file":"2013\/04\/Qendra-per-te-Rinje-me-pengesa-ne-zhvillim-Sirena-Ulqin.jpg","sizes":{"thumbnail":{"file":"Qendra-per-te-Rinje-me-pengesa-ne-zhvillim-Sirena-Ulqin-150x150.jpg","width":150,"height":150,"mime_type":"image\/jpeg","source_url":"https:\/\/www.visit-ulcinj.com\/blog\/wp-content\/uploads\/2013\/04\/Qendra-per-te-Rinje-me-pengesa-ne-zhvillim-Sirena-Ulqin-150x150.jpg"},"medium":{"file":"Qendra-per-te-Rinje-me-pengesa-ne-zhvillim-Sirena-Ulqin-300x175.jpg","width":300,"height":175,"mime_type":"image\/jpeg","source_url":"https:\/\/www.visit-ulcinj.com\/blog\/wp-content\/uploads\/2013\/04\/Qendra-per-te-Rinje-me-pengesa-ne-zhvillim-Sirena-Ulqin-300x175.jpg"},"full":{"file":"Qendra-per-te-Rinje-me-pengesa-ne-zhvillim-Sirena-Ulqin.jpg","width":800,"height":467,"mime_type":"image\/jpeg","source_url":"https:\/\/www.visit-ulcinj.com\/blog\/wp-content\/uploads\/2013\/04\/Qendra-per-te-Rinje-me-pengesa-ne-zhvillim-Sirena-Ulqin.jpg"}},"image_meta":{"aperture":0,"credit":"","camera":"","caption":"","created_timestamp":0,"copyright":"","focal_length":0,"iso":0,"shutter_speed":0,"title":""}},"post":70496,"source_url":"https:\/\/www.visit-ulcinj.com\/blog\/wp-content\/uploads\/2013\/04\/Qendra-per-te-Rinje-me-pengesa-ne-zhvillim-Sirena-Ulqin.jpg","_links":{"self":[{"href":"https:\/\/www.visit-ulcinj.com\/blog\/wp-json\/wp\/v2\/media\/70497"}],"collection":[{"href":"https:\/\/www.visit-ulcinj.com\/blog\/wp-json\/wp\/v2\/media"}],"about":[{"href":"https:\/\/www.visit-ulcinj.com\/blog\/wp-json\/wp\/v2\/types\/attachment"}],"author":[{"embeddable":true,"href":"https:\/\/www.visit-ulcinj.com\/blog\/wp-json\/wp\/v2\/users\/1"}],"replies":[{"embeddable":true,"href":"https:\/\/www.visit-ulcinj.com\/blog\/wp-json\/wp\/v2\/comments?post=70497"}]}}