{"id":70778,"date":"2013-04-24T22:54:14","date_gmt":"2013-04-24T21:54:14","guid":{"rendered":"http:\/\/www.visit-ulcinj.com\/blog\/wp-content\/uploads\/2013\/04\/VANDALIZMI-ME-KONTEJNERET-E-ULQINIT.3.jpg"},"modified":"2013-04-24T22:54:14","modified_gmt":"2013-04-24T21:54:14","slug":"vandalizmi-me-kontejneret-e-ulqinit-3","status":"inherit","type":"attachment","link":"https:\/\/www.visit-ulcinj.com\/blog\/2013\/04\/24\/vandalistet-demtojne-rruget-e-qytetit-te-ulqinit\/vandalizmi-me-kontejneret-e-ulqinit-3\/","title":{"rendered":"VANDALIZMI ME KONTEJNERET E ULQINIT.3"},"author":1,"comment_status":"open","ping_status":"closed","template":"","meta":{"spay_email":""},"yoast_head":"<!-- This site is optimized with the Yoast SEO plugin v19.1 - https:\/\/yoast.com\/wordpress\/plugins\/seo\/ -->\n<title>VANDALIZMI ME KONTEJNERET E ULQINIT.3 - Lajme nga Ulqini<\/title>\n<meta name=\"robots\" content=\"index, follow, max-snippet:-1, max-image-preview:large, max-video-preview:-1\" \/>\n<link rel=\"canonical\" href=\"https:\/\/www.visit-ulcinj.com\/blog\/wp-content\/uploads\/2013\/04\/VANDALIZMI-ME-KONTEJNERET-E-ULQINIT.3.jpg\" \/>\n<meta property=\"og:locale\" content=\"en_US\" \/>\n<meta property=\"og:type\" content=\"article\" \/>\n<meta property=\"og:title\" content=\"VANDALIZMI ME KONTEJNERET E ULQINIT.3 - Lajme nga Ulqini\" \/>\n<meta property=\"og:description\" content=\"Pas denoncimeve t\u00eb shumta nga qytetar\u00eb t\u00eb cil\u00ebt ia don\u00eb t\u00eb mir\u00ebn qytetit dhe pas ndjekjes s\u00eb situat\u00ebs sidomos n\u00eb dy jav\u00ebt e fundit, Komuna e Ulqinit vendosi t\u00eb b\u00ebj\u00eb publike tentativat e vandalist\u00ebve t\u00eb cil\u00ebt nuk dihen motivet q\u00eb d\u00ebmtojn\u00eb rrug\u00ebt e qytetit. B\u00ebjm\u00eb apel deri te t\u00eb gjith\u00eb qytetar\u00ebt q\u00eb n\u00ebse v\u00ebrejn\u00eb se [&hellip;]\" \/>\n<meta property=\"og:url\" content=\"https:\/\/www.visit-ulcinj.com\/blog\/wp-content\/uploads\/2013\/04\/VANDALIZMI-ME-KONTEJNERET-E-ULQINIT.3.jpg\" \/>\n<meta property=\"og:site_name\" content=\"Lajme nga Ulqini\" \/>\n<meta property=\"og:image\" content=\"https:\/\/www.visit-ulcinj.com\/blog\/wp-content\/uploads\/2013\/04\/VANDALIZMI-ME-KONTEJNERET-E-ULQINIT.3.jpg\" \/>\n\t<meta property=\"og:image:width\" content=\"960\" \/>\n\t<meta property=\"og:image:height\" content=\"720\" \/>\n\t<meta property=\"og:image:type\" content=\"image\/jpeg\" \/>\n<meta name=\"twitter:label1\" content=\"Est. reading time\" \/>\n\t<meta name=\"twitter:data1\" content=\"2 minutes\" \/>\n<script type=\"application\/ld+json\" class=\"yoast-schema-graph\">{\"@context\":\"https:\/\/schema.org\",\"@graph\":[{\"@type\":\"WebSite\",\"@id\":\"https:\/\/www.visit-ulcinj.com\/blog\/#website\",\"url\":\"https:\/\/www.visit-ulcinj.com\/blog\/\",\"name\":\"Lajme nga Ulqini\",\"description\":\"Lajme,Vijesti,Ulqini,Ulqin,Crna Gora,Mali i Zi\",\"potentialAction\":[{\"@type\":\"SearchAction\",\"target\":{\"@type\":\"EntryPoint\",\"urlTemplate\":\"https:\/\/www.visit-ulcinj.com\/blog\/?s={search_term_string}\"},\"query-input\":\"required name=search_term_string\"}],\"inLanguage\":\"en-US\"},{\"@type\":\"WebPage\",\"@id\":\"https:\/\/www.visit-ulcinj.com\/blog\/wp-content\/uploads\/2013\/04\/VANDALIZMI-ME-KONTEJNERET-E-ULQINIT.3.jpg#webpage\",\"url\":\"https:\/\/www.visit-ulcinj.com\/blog\/wp-content\/uploads\/2013\/04\/VANDALIZMI-ME-KONTEJNERET-E-ULQINIT.3.jpg\",\"name\":\"VANDALIZMI ME KONTEJNERET E ULQINIT.3 - Lajme nga Ulqini\",\"isPartOf\":{\"@id\":\"https:\/\/www.visit-ulcinj.com\/blog\/#website\"},\"datePublished\":\"2013-04-24T21:54:14+00:00\",\"dateModified\":\"2013-04-24T21:54:14+00:00\",\"breadcrumb\":{\"@id\":\"https:\/\/www.visit-ulcinj.com\/blog\/wp-content\/uploads\/2013\/04\/VANDALIZMI-ME-KONTEJNERET-E-ULQINIT.3.jpg#breadcrumb\"},\"inLanguage\":\"en-US\",\"potentialAction\":[{\"@type\":\"ReadAction\",\"target\":[\"https:\/\/www.visit-ulcinj.com\/blog\/wp-content\/uploads\/2013\/04\/VANDALIZMI-ME-KONTEJNERET-E-ULQINIT.3.jpg\"]}]},{\"@type\":\"BreadcrumbList\",\"@id\":\"https:\/\/www.visit-ulcinj.com\/blog\/wp-content\/uploads\/2013\/04\/VANDALIZMI-ME-KONTEJNERET-E-ULQINIT.3.jpg#breadcrumb\",\"itemListElement\":[{\"@type\":\"ListItem\",\"position\":1,\"name\":\"Vandalist\u00ebt d\u00ebmtojn\u00eb rrug\u00ebt e qytetit t\u00eb Ulqinit\",\"item\":\"https:\/\/www.visit-ulcinj.com\/blog\/2013\/04\/24\/vandalistet-demtojne-rruget-e-qytetit-te-ulqinit\/\"},{\"@type\":\"ListItem\",\"position\":2,\"name\":\"VANDALIZMI ME KONTEJNERET E ULQINIT.3\"}]}]}<\/script>\n<!-- \/ Yoast SEO plugin. -->","yoast_head_json":{"title":"VANDALIZMI ME KONTEJNERET E ULQINIT.3 - Lajme nga Ulqini","robots":{"index":"index","follow":"follow","max-snippet":"max-snippet:-1","max-image-preview":"max-image-preview:large","max-video-preview":"max-video-preview:-1"},"canonical":"https:\/\/www.visit-ulcinj.com\/blog\/wp-content\/uploads\/2013\/04\/VANDALIZMI-ME-KONTEJNERET-E-ULQINIT.3.jpg","og_locale":"en_US","og_type":"article","og_title":"VANDALIZMI ME KONTEJNERET E ULQINIT.3 - Lajme nga Ulqini","og_description":"Pas denoncimeve t\u00eb shumta nga qytetar\u00eb t\u00eb cil\u00ebt ia don\u00eb t\u00eb mir\u00ebn qytetit dhe pas ndjekjes s\u00eb situat\u00ebs sidomos n\u00eb dy jav\u00ebt e fundit, Komuna e Ulqinit vendosi t\u00eb b\u00ebj\u00eb publike tentativat e vandalist\u00ebve t\u00eb cil\u00ebt nuk dihen motivet q\u00eb d\u00ebmtojn\u00eb rrug\u00ebt e qytetit. B\u00ebjm\u00eb apel deri te t\u00eb gjith\u00eb qytetar\u00ebt q\u00eb n\u00ebse v\u00ebrejn\u00eb se [&hellip;]","og_url":"https:\/\/www.visit-ulcinj.com\/blog\/wp-content\/uploads\/2013\/04\/VANDALIZMI-ME-KONTEJNERET-E-ULQINIT.3.jpg","og_site_name":"Lajme nga Ulqini","og_image":[{"width":960,"height":720,"url":"https:\/\/www.visit-ulcinj.com\/blog\/wp-content\/uploads\/2013\/04\/VANDALIZMI-ME-KONTEJNERET-E-ULQINIT.3.jpg","type":"image\/jpeg"}],"twitter_misc":{"Est. reading time":"2 minutes"},"schema":{"@context":"https:\/\/schema.org","@graph":[{"@type":"WebSite","@id":"https:\/\/www.visit-ulcinj.com\/blog\/#website","url":"https:\/\/www.visit-ulcinj.com\/blog\/","name":"Lajme nga Ulqini","description":"Lajme,Vijesti,Ulqini,Ulqin,Crna Gora,Mali i Zi","potentialAction":[{"@type":"SearchAction","target":{"@type":"EntryPoint","urlTemplate":"https:\/\/www.visit-ulcinj.com\/blog\/?s={search_term_string}"},"query-input":"required name=search_term_string"}],"inLanguage":"en-US"},{"@type":"WebPage","@id":"https:\/\/www.visit-ulcinj.com\/blog\/wp-content\/uploads\/2013\/04\/VANDALIZMI-ME-KONTEJNERET-E-ULQINIT.3.jpg#webpage","url":"https:\/\/www.visit-ulcinj.com\/blog\/wp-content\/uploads\/2013\/04\/VANDALIZMI-ME-KONTEJNERET-E-ULQINIT.3.jpg","name":"VANDALIZMI ME KONTEJNERET E ULQINIT.3 - Lajme nga Ulqini","isPartOf":{"@id":"https:\/\/www.visit-ulcinj.com\/blog\/#website"},"datePublished":"2013-04-24T21:54:14+00:00","dateModified":"2013-04-24T21:54:14+00:00","breadcrumb":{"@id":"https:\/\/www.visit-ulcinj.com\/blog\/wp-content\/uploads\/2013\/04\/VANDALIZMI-ME-KONTEJNERET-E-ULQINIT.3.jpg#breadcrumb"},"inLanguage":"en-US","potentialAction":[{"@type":"ReadAction","target":["https:\/\/www.visit-ulcinj.com\/blog\/wp-content\/uploads\/2013\/04\/VANDALIZMI-ME-KONTEJNERET-E-ULQINIT.3.jpg"]}]},{"@type":"BreadcrumbList","@id":"https:\/\/www.visit-ulcinj.com\/blog\/wp-content\/uploads\/2013\/04\/VANDALIZMI-ME-KONTEJNERET-E-ULQINIT.3.jpg#breadcrumb","itemListElement":[{"@type":"ListItem","position":1,"name":"Vandalist\u00ebt d\u00ebmtojn\u00eb rrug\u00ebt e qytetit t\u00eb Ulqinit","item":"https:\/\/www.visit-ulcinj.com\/blog\/2013\/04\/24\/vandalistet-demtojne-rruget-e-qytetit-te-ulqinit\/"},{"@type":"ListItem","position":2,"name":"VANDALIZMI ME KONTEJNERET E ULQINIT.3"}]}]}},"jetpack_sharing_enabled":true,"jetpack_shortlink":"https:\/\/wp.me\/ae6lTn-ipA","description":{"rendered":"<p class=\"attachment\"><a href='https:\/\/www.visit-ulcinj.com\/blog\/wp-content\/uploads\/2013\/04\/VANDALIZMI-ME-KONTEJNERET-E-ULQINIT.3.jpg'><img width=\"300\" height=\"225\" src=\"https:\/\/www.visit-ulcinj.com\/blog\/wp-content\/uploads\/2013\/04\/VANDALIZMI-ME-KONTEJNERET-E-ULQINIT.3-300x225.jpg\" class=\"attachment-medium size-medium\" alt=\"\" loading=\"lazy\" srcset=\"https:\/\/www.visit-ulcinj.com\/blog\/wp-content\/uploads\/2013\/04\/VANDALIZMI-ME-KONTEJNERET-E-ULQINIT.3-300x225.jpg 300w, https:\/\/www.visit-ulcinj.com\/blog\/wp-content\/uploads\/2013\/04\/VANDALIZMI-ME-KONTEJNERET-E-ULQINIT.3.jpg 960w\" sizes=\"(max-width: 300px) 100vw, 300px\" \/><\/a><\/p>\n<p>Pas denoncimeve t\u00eb shumta nga qytetar\u00eb t\u00eb cil\u00ebt ia don\u00eb t\u00eb mir\u00ebn qytetit dhe pas ndjekjes s\u00eb situat\u00ebs sidomos n\u00eb dy jav\u00ebt e fundit, Komuna e Ulqinit vendosi t\u00eb b\u00ebj\u00eb publike tentativat e vandalist\u00ebve t\u00eb cil\u00ebt nuk dihen motivet q\u00eb d\u00ebmtojn\u00eb rrug\u00ebt e qytetit.<\/p>\n<p>B\u00ebjm\u00eb apel deri te t\u00eb gjith\u00eb qytetar\u00ebt q\u00eb n\u00ebse v\u00ebrejn\u00eb se dikush shkakton \u00e7far\u00ebdo d\u00ebmi n\u00eb rrug\u00ebt publike apo t\u00eb mirat tjera materiale, menj\u00ebher\u00eb t\u00eb lajm\u00ebroj\u00eb organet e rendit dhe personat kompetent n\u00eb Komun\u00ebn e Ulqinit q\u00eb sa m\u00eb shpejt\u00eb t\u00eb kapen keqb\u00ebr\u00ebsit dhe t\u00eb marrin d\u00ebnimin e merituar.<\/p>\n<p>Gjithashtu, u b\u00ebjm\u00eb apel autor\u00ebve t\u00eb k\u00ebtij akti vandal dhe porosit\u00ebsve t\u00eb tyre, q\u00eb t\u00eb vet\u00ebdijesohen, duke i paralajm\u00ebruar se kurdo qoft\u00eb do t\u2019ju vij\u00eb d\u00ebnimi edhe nga shteti edhe nga populli.<\/p>\n<p>N\u00eb faqen e Facebookut jan dhe reagimet e para q\u00eb vijn\u00eb nga qytetar\u00ebt e Ulqinit.<\/p>\n<p>    Agron Mehmedi Per qytetin tend gjithmone ja vlen qe te mundohesh &#8230;edhe te luftosh.<br \/>\n    il y a 13 heures \u00b7 J\u2019aime \u00b7 1<br \/>\n    Agron Shabani Ndoshta ky akt vandal tregon dhe pasyron me mire gjendjen e rende,ne shume aspekte te qytetareve tone.Por nje veprim i tille nuk duhet te behet shkak per te mos vazhduar permiresimin e jetes se qytetareve te Ulqinit.Ata qe jane zgjedhur per te drejtuar Ulqinin,duhet te vazhdojne punen,e ndoshta duhet ti kishin parashikuar edhe veshtiresite e tilla.E keqja behet shpejt, e mira vjen ngadale.Lufta ndaj dukurive negative eshte sfide ne vete. Kete veprim te shemtuar e kane bere maksimumi 2-3 persona,dhe Ulqini nuk duhet te ndikohet vetem nga nje grup i vogel,qe mundohet te prish rehatine e njerezeve te tjere.Per qytetin e Ulqinit dhe per qytetaret e ndereshem te tije,gjithmone ja vlen te behet shume e me shume,sepse dikur do ta dijne per nder&#8230;<br \/>\n    il y a 4 heures \u00b7 Modifi\u00e9 \u00b7 Je n\u2019aime plus \u00b7 2<br \/>\n    Naki Ujkashi zana vertet per qytetin ton duhet te kujdesemi por mos nenvlersoni poziten e puntoreve pa paga ndoshta kjo eshte revolte qytetare dhe jo pasqyre e qytetit tone turistik dhe te dashur per te gjithe neve prandaj po te lutem te mos biesh ne demoralizim pershendetjet e mija<br \/>\n    il y a 3 heures \u00b7 J\u2019aime<\/p>\n"},"caption":{"rendered":"<p>Pas denoncimeve t\u00eb shumta nga qytetar\u00eb t\u00eb cil\u00ebt ia don\u00eb t\u00eb mir\u00ebn qytetit dhe pas ndjekjes s\u00eb situat\u00ebs sidomos n\u00eb dy jav\u00ebt e fundit, Komuna e Ulqinit vendosi t\u00eb b\u00ebj\u00eb publike tentativat e vandalist\u00ebve t\u00eb cil\u00ebt nuk dihen motivet q\u00eb d\u00ebmtojn\u00eb rrug\u00ebt e qytetit. B\u00ebjm\u00eb apel deri te t\u00eb gjith\u00eb qytetar\u00ebt q\u00eb n\u00ebse v\u00ebrejn\u00eb se [&hellip;]<\/p>\n"},"alt_text":"","media_type":"image","mime_type":"image\/jpeg","media_details":{"width":960,"height":720,"file":"2013\/04\/VANDALIZMI-ME-KONTEJNERET-E-ULQINIT.3.jpg","sizes":{"thumbnail":{"file":"VANDALIZMI-ME-KONTEJNERET-E-ULQINIT.3-150x150.jpg","width":150,"height":150,"mime_type":"image\/jpeg","source_url":"https:\/\/www.visit-ulcinj.com\/blog\/wp-content\/uploads\/2013\/04\/VANDALIZMI-ME-KONTEJNERET-E-ULQINIT.3-150x150.jpg"},"medium":{"file":"VANDALIZMI-ME-KONTEJNERET-E-ULQINIT.3-300x225.jpg","width":300,"height":225,"mime_type":"image\/jpeg","source_url":"https:\/\/www.visit-ulcinj.com\/blog\/wp-content\/uploads\/2013\/04\/VANDALIZMI-ME-KONTEJNERET-E-ULQINIT.3-300x225.jpg"},"full":{"file":"VANDALIZMI-ME-KONTEJNERET-E-ULQINIT.3.jpg","width":960,"height":720,"mime_type":"image\/jpeg","source_url":"https:\/\/www.visit-ulcinj.com\/blog\/wp-content\/uploads\/2013\/04\/VANDALIZMI-ME-KONTEJNERET-E-ULQINIT.3.jpg"}},"image_meta":{"aperture":0,"credit":"","camera":"","caption":"","created_timestamp":0,"copyright":"","focal_length":0,"iso":0,"shutter_speed":0,"title":""}},"post":70774,"source_url":"https:\/\/www.visit-ulcinj.com\/blog\/wp-content\/uploads\/2013\/04\/VANDALIZMI-ME-KONTEJNERET-E-ULQINIT.3.jpg","_links":{"self":[{"href":"https:\/\/www.visit-ulcinj.com\/blog\/wp-json\/wp\/v2\/media\/70778"}],"collection":[{"href":"https:\/\/www.visit-ulcinj.com\/blog\/wp-json\/wp\/v2\/media"}],"about":[{"href":"https:\/\/www.visit-ulcinj.com\/blog\/wp-json\/wp\/v2\/types\/attachment"}],"author":[{"embeddable":true,"href":"https:\/\/www.visit-ulcinj.com\/blog\/wp-json\/wp\/v2\/users\/1"}],"replies":[{"embeddable":true,"href":"https:\/\/www.visit-ulcinj.com\/blog\/wp-json\/wp\/v2\/comments?post=70778"}]}}